{"id":5771,"date":"2025-01-31T20:45:36","date_gmt":"2025-01-31T19:45:58","guid":{"rendered":"https:\/\/giardinohotels.ch\/ascona-2\/zimmer-und-suiten\/junior-suite-morgensonne\/"},"modified":"2026-04-13T09:33:06","modified_gmt":"2026-04-13T07:33:06","slug":"suite","status":"publish","type":"page","link":"https:\/\/giardinohotels.ch\/de\/mountain\/zimmer-und-suiten\/suite\/","title":{"rendered":"Suite"},"content":{"rendered":"\t\t<div data-elementor-type=\"wp-page\" data-elementor-id=\"5771\" class=\"elementor elementor-5771\" data-elementor-post-type=\"page\">\n\t\t\t\t<div class=\"elementor-element elementor-element-d5e8a7d e-con-full e-flex e-con e-parent\" data-id=\"d5e8a7d\" data-element_type=\"container\" data-e-type=\"container\" data-settings=\"{&quot;ekit_has_onepagescroll_dot&quot;:&quot;yes&quot;}\">\n\t\t\t\t<div class=\"elementor-element elementor-element-68593f8 roomslider elementor-widget elementor-widget-image-carousel\" data-id=\"68593f8\" data-element_type=\"widget\" data-e-type=\"widget\" data-settings=\"{&quot;navigation&quot;:&quot;none&quot;,&quot;image_spacing_custom&quot;:{&quot;unit&quot;:&quot;px&quot;,&quot;size&quot;:5,&quot;sizes&quot;:[]},&quot;autoplay&quot;:&quot;yes&quot;,&quot;pause_on_hover&quot;:&quot;yes&quot;,&quot;pause_on_interaction&quot;:&quot;yes&quot;,&quot;autoplay_speed&quot;:5000,&quot;infinite&quot;:&quot;yes&quot;,&quot;speed&quot;:500,&quot;image_spacing_custom_tablet&quot;:{&quot;unit&quot;:&quot;px&quot;,&quot;size&quot;:&quot;&quot;,&quot;sizes&quot;:[]},&quot;image_spacing_custom_mobile&quot;:{&quot;unit&quot;:&quot;px&quot;,&quot;size&quot;:&quot;&quot;,&quot;sizes&quot;:[]},&quot;ekit_we_effect_on&quot;:&quot;none&quot;}\" data-widget_type=\"image-carousel.default\">\n\t\t\t\t<div class=\"elementor-widget-container\">\n\t\t\t\t\t\t\t<div class=\"elementor-image-carousel-wrapper swiper\" role=\"region\" aria-roledescription=\"carousel\" aria-label=\"Bild Karussell\" dir=\"ltr\">\n\t\t\t<div class=\"elementor-image-carousel swiper-wrapper swiper-image-stretch\" aria-live=\"off\">\n\t\t\t\t\t\t\t\t<div class=\"swiper-slide\" role=\"group\" aria-roledescription=\"slide\" aria-label=\"1 von 6\"><figure class=\"swiper-slide-inner\"><img decoding=\"async\" class=\"swiper-slide-image\" src=\"https:\/\/giardinohotels.ch\/wp-content\/uploads\/2025\/02\/GM_Rooms-Detail_RGB_High_SAR_04-SH-Filter-1536x1024.jpg\" alt=\"GM_Rooms Detail_RGB_High_SAR_04-SH-Filter\" title=\"\"><\/figure><\/div><div class=\"swiper-slide\" role=\"group\" aria-roledescription=\"slide\" aria-label=\"2 von 6\"><figure class=\"swiper-slide-inner\"><img decoding=\"async\" class=\"swiper-slide-image\" src=\"https:\/\/giardinohotels.ch\/wp-content\/uploads\/2025\/02\/GM_Double-Room_RGB_High_HAB_10-SH-Filter-1536x939.jpg\" alt=\"GM_Double Room_RGB_High_HAB_10-SH-Filter\" title=\"\"><\/figure><\/div><div class=\"swiper-slide\" role=\"group\" aria-roledescription=\"slide\" aria-label=\"3 von 6\"><figure class=\"swiper-slide-inner\"><img decoding=\"async\" class=\"swiper-slide-image\" src=\"https:\/\/giardinohotels.ch\/wp-content\/uploads\/2025\/02\/GM_Suite_RGB_High_HAB_03-SH-Filter-1536x912.jpg\" alt=\"GM_Suite_RGB_High_HAB_03-SH-Filter\" title=\"\"><\/figure><\/div><div class=\"swiper-slide\" role=\"group\" aria-roledescription=\"slide\" aria-label=\"4 von 6\"><figure class=\"swiper-slide-inner\"><img decoding=\"async\" class=\"swiper-slide-image\" src=\"https:\/\/giardinohotels.ch\/wp-content\/uploads\/2025\/02\/GM_Suite_RGB_High_HAB_02-SH-Filter-1056x1536.jpg\" alt=\"GM_Suite_RGB_High_HAB_02-SH-Filter\" title=\"\"><\/figure><\/div><div class=\"swiper-slide\" role=\"group\" aria-roledescription=\"slide\" aria-label=\"5 von 6\"><figure class=\"swiper-slide-inner\"><img decoding=\"async\" class=\"swiper-slide-image\" src=\"https:\/\/giardinohotels.ch\/wp-content\/uploads\/2025\/01\/GM_Suite-Small-South_RGB_High_HAB_01-med-1536x912.jpg\" alt=\"GM_Suite Small South_RGB_High_HAB_01-med\" title=\"\"><\/figure><\/div><div class=\"swiper-slide\" role=\"group\" aria-roledescription=\"slide\" aria-label=\"6 von 6\"><figure class=\"swiper-slide-inner\"><img decoding=\"async\" class=\"swiper-slide-image\" src=\"https:\/\/giardinohotels.ch\/wp-content\/uploads\/2025\/01\/GM_Suite-Small-South_RGB_High_HAB_02-med-1056x1536.jpg\" alt=\"GM_Suite Small South_RGB_High_HAB_02-med\" title=\"\"><\/figure><\/div>\t\t\t<\/div>\n\t\t\t\t\t\t\t\n\t\t\t\t\t\t\t\t\t<\/div>\n\t\t\t\t\t\t<\/div>\n\t\t\t\t<\/div>\n\t\t\t\t<\/div>\n\t\t<div class=\"elementor-element elementor-element-a89faf8 e-flex e-con-boxed e-con e-parent\" data-id=\"a89faf8\" data-element_type=\"container\" data-e-type=\"container\" data-settings=\"{&quot;ekit_has_onepagescroll_dot&quot;:&quot;yes&quot;}\">\n\t\t\t\t\t<div class=\"e-con-inner\">\n\t\t\t\t<div class=\"elementor-element elementor-element-af772cc elementor-widget elementor-widget-global elementor-global-6235 elementor-widget-heading\" data-id=\"af772cc\" data-element_type=\"widget\" data-e-type=\"widget\" data-settings=\"{&quot;ekit_we_effect_on&quot;:&quot;none&quot;}\" data-widget_type=\"heading.default\">\n\t\t\t\t<div class=\"elementor-widget-container\">\n\t\t\t\t\t<h6 class=\"elementor-heading-title elementor-size-default\"><a href=\"https:\/\/giardinohotels.ch\/de\/mountain\/zimmer-und-suiten\/\"><small>&lt;<\/small> Alle Zimmer und Suiten<\/a><\/h6>\t\t\t\t<\/div>\n\t\t\t\t<\/div>\n\t\t\t\t\t<\/div>\n\t\t\t\t<\/div>\n\t\t<div class=\"elementor-element elementor-element-d9d6016 e-flex e-con-boxed e-con e-parent\" data-id=\"d9d6016\" data-element_type=\"container\" data-e-type=\"container\" data-settings=\"{&quot;ekit_has_onepagescroll_dot&quot;:&quot;yes&quot;}\">\n\t\t\t\t\t<div class=\"e-con-inner\">\n\t\t<div class=\"elementor-element elementor-element-436377b e-con-full e-flex e-con e-child\" data-id=\"436377b\" data-element_type=\"container\" data-e-type=\"container\" data-settings=\"{&quot;ekit_has_onepagescroll_dot&quot;:&quot;yes&quot;}\">\n\t\t<div class=\"elementor-element elementor-element-193fecf e-con-full e-flex e-con e-child\" data-id=\"193fecf\" data-element_type=\"container\" data-e-type=\"container\" data-settings=\"{&quot;ekit_has_onepagescroll_dot&quot;:&quot;yes&quot;}\">\n\t\t\t\t<div class=\"elementor-element elementor-element-c320546 elementor-widget elementor-widget-global elementor-global-6291 elementor-widget-heading\" data-id=\"c320546\" data-element_type=\"widget\" data-e-type=\"widget\" data-settings=\"{&quot;ekit_we_effect_on&quot;:&quot;none&quot;}\" data-widget_type=\"heading.default\">\n\t\t\t\t<div class=\"elementor-widget-container\">\n\t\t\t\t\t<h1 class=\"elementor-heading-title elementor-size-default\">Suite <\/h1>\t\t\t\t<\/div>\n\t\t\t\t<\/div>\n\t\t\t\t<div class=\"elementor-element elementor-element-269fb2c lagocopy elementor-widget elementor-widget-global elementor-global-6294 elementor-widget-text-editor\" data-id=\"269fb2c\" data-element_type=\"widget\" data-e-type=\"widget\" data-settings=\"{&quot;ekit_we_effect_on&quot;:&quot;none&quot;}\" data-widget_type=\"text-editor.default\">\n\t\t\t\t<div class=\"elementor-widget-container\">\n\t\t\t\t\t\t\t\t\t<p style=\"font-weight: 400;\">Mit den Suiten schwebt man \u00fcber den Dingen. Sie erstrecken sich mit <strong>getrenntem Schlaf- und Wohnbereich<\/strong> auf durchschnittlich 50 noble Quadratmeter. Auf dem Balkon oder der Terrasse l\u00e4sst sich die Bergwelt privat bestaunen. Innen warten hochwertige Stoffe und ausgew\u00e4hlte Naturmaterialien. Die kleinere Suite Small South hat nur 32 Quadratmeter, ist daf\u00fcr aber g\u00fcnstiger (mit oder ohne Balkon).<\/p>\t\t\t\t\t\t\t\t<\/div>\n\t\t\t\t<\/div>\n\t\t\t\t<div class=\"elementor-element elementor-element-b83fc17 elementor-widget__width-auto elementor-widget elementor-widget-global elementor-global-6207 elementor-widget-button\" data-id=\"b83fc17\" data-element_type=\"widget\" data-e-type=\"widget\" data-settings=\"{&quot;ekit_we_effect_on&quot;:&quot;none&quot;}\" data-widget_type=\"button.default\">\n\t\t\t\t<div class=\"elementor-widget-container\">\n\t\t\t\t\t\t\t\t\t<div class=\"elementor-button-wrapper\">\n\t\t\t\t\t<a class=\"elementor-button elementor-button-link elementor-size-sm\" href=\"https:\/\/be.synxis.com\/?_ga=2.104449024.1061988142.1738256911-1716906712.1738256911&#038;_gac=1.120552954.1738360723.Cj0KCQiAhvK8BhDfARIsABsPy4gGYmSbWRfcrrWp1aUQ2gZqdSE862pXPAcJo0wMHGHBJKYf3P11aCMaAqb6EALw_wcB&#038;_gl=1*lesi04*_gcl_aw*R0NMLjE3MzgzNjA3MjQuQ2owS0NRaUFodks4QmhEZkFSSXNBQnNQeTRnR1ltU2JXUmZjcnJXcDFhVVEyZ1pxZFNFODYycFhQQWNKbzB3TUhHSEJKS1lmM1AxMWFDTWFBcWI2RUFMd193Y0I.*_gcl_au*MTcyMzI0NjUzMy4xNzM4MjU2OTEx*_ga*MTcxNjkwNjcxMi4xNzM4MjU2OTEx*_ga_DNER1WVJE3*MTczODM1NDMxMi42LjEuMTczODM2MDcyNS4zMi4wLjA.*_ga_G3LMWCH0ZV*MTczODM1NTc0My4xLjEuMTczODM2MDcyNC4wLjAuMA..&#038;adult=2&#038;arrive=2025-01-31&#038;chain=5154&#038;child=0&#038;config=SBE_Mountain_V1&#038;currency=CHF&#038;depart=2025-02-01&#038;hotel=58545&#038;level=hotel&#038;locale=de-DE&#038;productcurrency=CHF&#038;rooms=1&#038;theme=SBE_Mountain_V1\" target=\"_blank\" rel=\"noopener noreferrer nofollow\">\n\t\t\t\t\t\t<span class=\"elementor-button-content-wrapper\">\n\t\t\t\t\t\t\t\t\t<span class=\"elementor-button-text\">buchen<\/span>\n\t\t\t\t\t<\/span>\n\t\t\t\t\t<\/a>\n\t\t\t\t<\/div>\n\t\t\t\t\t\t\t\t<\/div>\n\t\t\t\t<\/div>\n\t\t<div class=\"elementor-element elementor-element-3077c1a e-con-full e-flex e-con e-child\" data-id=\"3077c1a\" data-element_type=\"container\" data-e-type=\"container\" data-settings=\"{&quot;ekit_has_onepagescroll_dot&quot;:&quot;yes&quot;}\">\n\t\t\t\t<\/div>\n\t\t\t\t<\/div>\n\t\t\t\t<\/div>\n\t\t<div class=\"elementor-element elementor-element-4825a26 e-con-full e-flex e-con e-child\" data-id=\"4825a26\" data-element_type=\"container\" data-e-type=\"container\" data-settings=\"{&quot;ekit_has_onepagescroll_dot&quot;:&quot;yes&quot;}\">\n\t\t<div class=\"elementor-element elementor-element-f9498ae e-con-full e-flex e-con e-child\" data-id=\"f9498ae\" data-element_type=\"container\" data-e-type=\"container\" data-settings=\"{&quot;ekit_has_onepagescroll_dot&quot;:&quot;yes&quot;}\">\n\t\t<div class=\"elementor-element elementor-element-b7eb4d9 e-con-full e-flex e-con e-child\" data-id=\"b7eb4d9\" data-element_type=\"container\" data-e-type=\"container\" data-settings=\"{&quot;ekit_has_onepagescroll_dot&quot;:&quot;yes&quot;}\">\n\t\t\t\t<div class=\"elementor-element elementor-element-844e970 elementor-widget elementor-widget-heading\" data-id=\"844e970\" data-element_type=\"widget\" data-e-type=\"widget\" data-settings=\"{&quot;ekit_we_effect_on&quot;:&quot;none&quot;}\" data-widget_type=\"heading.default\">\n\t\t\t\t<div class=\"elementor-widget-container\">\n\t\t\t\t\t<h5 class=\"elementor-heading-title elementor-size-default\">Details<\/h5>\t\t\t\t<\/div>\n\t\t\t\t<\/div>\n\t\t\t\t<div class=\"elementor-element elementor-element-059ab1b elementor-widget elementor-widget-shortcode\" data-id=\"059ab1b\" data-element_type=\"widget\" data-e-type=\"widget\" data-settings=\"{&quot;ekit_we_effect_on&quot;:&quot;none&quot;}\" data-widget_type=\"shortcode.default\">\n\t\t\t\t<div class=\"elementor-widget-container\">\n\t\t\t\t\t\t\t<div class=\"elementor-shortcode\"><div class=\"room-details\"><div class=\"room-detail-item\"><img decoding=\"async\" src=\"https:\/\/giardinohotels.ch\/wp-content\/uploads\/2025\/08\/GM_Icon-Zimmer-Webseite_250710_Check-in-out.svg\" alt=\"\" class=\"room-detail-icon\" title=\"\"><span class=\"room-detail-text\">Check-in ab 15 Uhr \/ Check-out bis 11 Uhr<\/span><\/div><div class=\"room-detail-item\"><img decoding=\"async\" src=\"https:\/\/giardinohotels.ch\/wp-content\/uploads\/2025\/08\/GM_Icon-Zimmer-Webseite_250710_Sicht-Berge.svg\" alt=\"\" class=\"room-detail-icon\" title=\"\"><span class=\"room-detail-text\">Meistens mit Blick auf die Berge<\/span><\/div><div class=\"room-detail-item\"><img decoding=\"async\" src=\"https:\/\/giardinohotels.ch\/wp-content\/uploads\/2025\/08\/GM_Icon-Zimmer-Webseite_250710_Dusche.svg\" alt=\"\" class=\"room-detail-icon\" title=\"\"><span class=\"room-detail-text\">Badezimmer mit Dusche (und teilweise Badewanne)<\/span><\/div><div class=\"room-detail-item\"><img decoding=\"async\" src=\"https:\/\/giardinohotels.ch\/wp-content\/uploads\/2025\/08\/GM_Icon-Zimmer-Webseite_250710_Pflegeprodukte.svg\" alt=\"\" class=\"room-detail-icon\" title=\"\"><span class=\"room-detail-text\">Pflegeprodukte der hauseigenen Linie dipi\u00f9 mit nat\u00fcrlichen Inhaltsstoffen aus dem Tessin<\/span><\/div><div class=\"room-detail-item\"><img decoding=\"async\" src=\"https:\/\/giardinohotels.ch\/wp-content\/uploads\/2025\/08\/GM_Icon-Zimmer-Webseite_250710_Minibar.svg\" alt=\"\" class=\"room-detail-icon\" title=\"\"><span class=\"room-detail-text\">Minibar (kostenpflichtig)<\/span><\/div><\/div><\/div>\n\t\t\t\t\t\t<\/div>\n\t\t\t\t<\/div>\n\t\t\t\t<div class=\"elementor-element elementor-element-39aff98 elementor-icon-list--layout-traditional elementor-list-item-link-full_width elementor-widget elementor-widget-global elementor-global-6219 elementor-widget-icon-list\" data-id=\"39aff98\" data-element_type=\"widget\" data-e-type=\"widget\" data-settings=\"{&quot;ekit_we_effect_on&quot;:&quot;none&quot;}\" data-widget_type=\"icon-list.default\">\n\t\t\t\t<div class=\"elementor-widget-container\">\n\t\t\t\t\t\t\t<ul class=\"elementor-icon-list-items\">\n\t\t\t\t\t\t\t<li class=\"elementor-icon-list-item\">\n\t\t\t\t\t\t\t\t\t\t\t<span class=\"elementor-icon-list-icon\">\n\t\t\t\t\t\t\t<i aria-hidden=\"true\" class=\"fas fa-circle\"><\/i>\t\t\t\t\t\t<\/span>\n\t\t\t\t\t\t\t\t\t\t<span class=\"elementor-icon-list-text\">Kinder im Alter von 0-12: kostenfrei im Zimmer der Eltern<\/span>\n\t\t\t\t\t\t\t\t\t<\/li>\n\t\t\t\t\t\t\t\t<li class=\"elementor-icon-list-item\">\n\t\t\t\t\t\t\t\t\t\t\t<span class=\"elementor-icon-list-icon\">\n\t\t\t\t\t\t\t<i aria-hidden=\"true\" class=\"fas fa-circle\"><\/i>\t\t\t\t\t\t<\/span>\n\t\t\t\t\t\t\t\t\t\t<span class=\"elementor-icon-list-text\">Kinder ab 13 Jahren: ab CHF 170\/Kind im Zimmer der Eltern inkl. Fr\u00fchst\u00fcck<\/span>\n\t\t\t\t\t\t\t\t\t<\/li>\n\t\t\t\t\t\t\t\t<li class=\"elementor-icon-list-item\">\n\t\t\t\t\t\t\t\t\t\t\t<span class=\"elementor-icon-list-icon\">\n\t\t\t\t\t\t\t<i aria-hidden=\"true\" class=\"fas fa-circle\"><\/i>\t\t\t\t\t\t<\/span>\n\t\t\t\t\t\t\t\t\t\t<span class=\"elementor-icon-list-text\">In dieser Kategorie sind keine Zustellbetten m\u00f6glich. Zustellbetten sind erst ab der Kategorie Doppelzimmer auf Anfrage verf\u00fcgbar.<\/span>\n\t\t\t\t\t\t\t\t\t<\/li>\n\t\t\t\t\t\t<\/ul>\n\t\t\t\t\t\t<\/div>\n\t\t\t\t<\/div>\n\t\t\t\t<\/div>\n\t\t\t\t<\/div>\n\t\t\t\t<\/div>\n\t\t\t\t\t<\/div>\n\t\t\t\t<\/div>\n\t\t<div class=\"elementor-element elementor-element-df24623 e-con-full e-flex e-con e-parent\" data-id=\"df24623\" data-element_type=\"container\" data-e-type=\"container\" data-settings=\"{&quot;ekit_has_onepagescroll_dot&quot;:&quot;yes&quot;}\">\n\t\t\t\t<div class=\"elementor-element elementor-element-8ceda8d elementor-widget elementor-widget-template\" data-id=\"8ceda8d\" data-element_type=\"widget\" data-e-type=\"widget\" data-settings=\"{&quot;ekit_we_effect_on&quot;:&quot;none&quot;}\" data-widget_type=\"template.default\">\n\t\t\t\t<div class=\"elementor-widget-container\">\n\t\t\t\t\t\t\t<div class=\"elementor-template\">\n\t\t\t\t\t<div data-elementor-type=\"container\" data-elementor-id=\"6688\" class=\"elementor elementor-6688\" data-elementor-post-type=\"elementor_library\">\n\t\t\t\t<div class=\"elementor-element elementor-element-76a33b99 e-flex e-con-boxed e-con e-parent\" data-id=\"76a33b99\" data-element_type=\"container\" data-e-type=\"container\" data-settings=\"{&quot;background_background&quot;:&quot;classic&quot;,&quot;ekit_has_onepagescroll_dot&quot;:&quot;yes&quot;}\">\n\t\t\t\t\t<div class=\"e-con-inner\">\n\t\t\t\t<div class=\"elementor-element elementor-element-3c883a7d elementor-widget__width-auto elementor-widget elementor-widget-image\" data-id=\"3c883a7d\" data-element_type=\"widget\" data-e-type=\"widget\" data-settings=\"{&quot;ekit_we_effect_on&quot;:&quot;none&quot;}\" data-widget_type=\"image.default\">\n\t\t\t\t<div class=\"elementor-widget-container\">\n\t\t\t\t\t\t\t\t\t\t\t\t\t\t\t\t<a href=\"https:\/\/giardinohotels.ch\/de\/mountain\/\">\n\t\t\t\t\t\t\t<img fetchpriority=\"high\" decoding=\"async\" width=\"1024\" height=\"350\" src=\"https:\/\/giardinohotels.ch\/wp-content\/uploads\/2025\/02\/GM_Logo_RGB_10cm_300dpi-1024x350.png\" class=\"attachment-large size-large wp-image-6647\" alt=\"\" srcset=\"https:\/\/giardinohotels.ch\/wp-content\/uploads\/2025\/02\/GM_Logo_RGB_10cm_300dpi-1024x350.png 1024w, https:\/\/giardinohotels.ch\/wp-content\/uploads\/2025\/02\/GM_Logo_RGB_10cm_300dpi-300x103.png 300w, https:\/\/giardinohotels.ch\/wp-content\/uploads\/2025\/02\/GM_Logo_RGB_10cm_300dpi-768x263.png 768w, https:\/\/giardinohotels.ch\/wp-content\/uploads\/2025\/02\/GM_Logo_RGB_10cm_300dpi.png 1181w\" sizes=\"(max-width: 1024px) 100vw, 1024px\" title=\"\">\t\t\t\t\t\t\t\t<\/a>\n\t\t\t\t\t\t\t\t\t\t\t\t\t\t\t<\/div>\n\t\t\t\t<\/div>\n\t\t\t\t<div class=\"elementor-element elementor-element-a1e45ae adresse, fusszeile elementor-widget elementor-widget-text-editor\" data-id=\"a1e45ae\" data-element_type=\"widget\" data-e-type=\"widget\" data-settings=\"{&quot;ekit_we_effect_on&quot;:&quot;none&quot;}\" data-widget_type=\"text-editor.default\">\n\t\t\t\t<div class=\"elementor-widget-container\">\n\t\t\t\t\t\t\t\t\t<p>Giardino Mountain<br \/><a href=\"https:\/\/maps.app.goo.gl\/5rK73dFWXWAsATHM8\" target=\"_blank\" rel=\"noopener noreferrer nofollow\">Via Maistra 3<\/a><br \/>7512 Champf\u00e8r-St. Moritz<br \/>Telefon <a href=\"tel:+41818366300\">+41 81 836 63 00<\/a><\/p>\t\t\t\t\t\t\t\t<\/div>\n\t\t\t\t<\/div>\n\t\t\t\t<div class=\"elementor-element elementor-element-6eeeded6 elementor-widget elementor-widget-elementskit-social-media\" data-id=\"6eeeded6\" data-element_type=\"widget\" data-e-type=\"widget\" data-settings=\"{&quot;ekit_we_effect_on&quot;:&quot;none&quot;}\" data-widget_type=\"elementskit-social-media.default\">\n\t\t\t\t<div class=\"elementor-widget-container\">\n\t\t\t\t\t<div class=\"ekit-wid-con\" >\t\t\t <ul class=\"ekit_social_media\">\n\t\t\t\t\t\t\t\t\t\t\t\t\t\t<li class=\"elementor-repeater-item-0b64897\">\n\t\t\t\t\t    <a href=\"https:\/\/www.facebook.com\/giardino.mountain\" aria-label=\"Facebook\" class=\"facebook\" target=\"_blank\" rel=\"noopener noreferrer nofollow\">\n\t\t\t\t\t\t\t\n\t\t\t\t\t\t\t<i aria-hidden=\"true\" class=\"icon icon-facebook\"><\/i>\n                                                                                                            <\/a>\n                    <\/li>\n                    \t\t\t\t\t\t\t\t\t\t\t\t\t\t<li class=\"elementor-repeater-item-ccbd3bb\">\n\t\t\t\t\t    <a href=\"https:\/\/www.instagram.com\/giardino.mountain\/\" aria-label=\"Instagram\" class=\"instagram\" target=\"_blank\" rel=\"noopener noreferrer nofollow\">\n\t\t\t\t\t\t\t\n\t\t\t\t\t\t\t<i aria-hidden=\"true\" class=\"fab fa-instagram\"><\/i>\n                                                                                                            <\/a>\n                    <\/li>\n                    \t\t\t\t\t\t\t<\/ul>\n\t\t<\/div>\t\t\t\t<\/div>\n\t\t\t\t<\/div>\n\t\t\t\t<div class=\"elementor-element elementor-element-581d2a28 elementor-widget__width-auto elementor-widget elementor-widget-button\" data-id=\"581d2a28\" data-element_type=\"widget\" data-e-type=\"widget\" data-settings=\"{&quot;ekit_we_effect_on&quot;:&quot;none&quot;}\" data-widget_type=\"button.default\">\n\t\t\t\t<div class=\"elementor-widget-container\">\n\t\t\t\t\t\t\t\t\t<div class=\"elementor-button-wrapper\">\n\t\t\t\t\t<a class=\"elementor-button elementor-button-link elementor-size-sm\" href=\"https:\/\/giardinohotels.us7.list-manage.com\/subscribe?u=3f2fbc1098648a410ef17138d&#038;id=50a2d279a7\" target=\"_blank\" rel=\"noopener noreferrer nofollow\">\n\t\t\t\t\t\t<span class=\"elementor-button-content-wrapper\">\n\t\t\t\t\t\t\t\t\t<span class=\"elementor-button-text\">Newsletter abonnieren<\/span>\n\t\t\t\t\t<\/span>\n\t\t\t\t\t<\/a>\n\t\t\t\t<\/div>\n\t\t\t\t\t\t\t\t<\/div>\n\t\t\t\t<\/div>\n\t\t\t\t\t<\/div>\n\t\t\t\t<\/div>\n\t\t\t\t<\/div>\n\t\t\t\t<\/div>\n\t\t\t\t\t\t<\/div>\n\t\t\t\t<\/div>\n\t\t\t\t<\/div>\n\t\t\t\t<\/div>\n\t\t","protected":false},"excerpt":{"rendered":"<p>&lt; Alle Zimmer und Suiten Suite Mit den Suiten schwebt man \u00fcber den Dingen. Sie erstrecken sich mit getrenntem Schlaf- und Wohnbereich auf durchschnittlich 50 noble Quadratmeter. Auf dem Balkon oder der Terrasse l\u00e4sst sich die Bergwelt privat bestaunen. Innen warten hochwertige Stoffe und ausgew\u00e4hlte Naturmaterialien. Die kleinere Suite Small South hat nur 32 Quadratmeter, [&hellip;]<\/p>\n","protected":false},"author":1,"featured_media":0,"parent":5769,"menu_order":4,"comment_status":"closed","ping_status":"closed","template":"elementor_header_footer","meta":{"_acf_changed":false,"site-sidebar-layout":"no-sidebar","site-content-layout":"page-builder","ast-site-content-layout":"full-width-container","site-content-style":"default","site-sidebar-style":"default","ast-global-header-display":"","ast-banner-title-visibility":"","ast-main-header-display":"","ast-hfb-above-header-display":"","ast-hfb-below-header-display":"","ast-hfb-mobile-header-display":"","site-post-title":"disabled","ast-breadcrumbs-content":"","ast-featured-img":"disabled","footer-sml-layout":"","ast-disable-related-posts":"","theme-transparent-header-meta":"","adv-header-id-meta":"","stick-header-meta":"","header-above-stick-meta":"","header-main-stick-meta":"","header-below-stick-meta":"","astra-migrate-meta-layouts":"set","ast-page-background-enabled":"default","ast-page-background-meta":{"desktop":{"background-color":"","background-image":"","background-repeat":"repeat","background-position":"center center","background-size":"auto","background-attachment":"scroll","background-type":"","background-media":"","overlay-type":"","overlay-color":"","overlay-opacity":"","overlay-gradient":""},"tablet":{"background-color":"","background-image":"","background-repeat":"repeat","background-position":"center center","background-size":"auto","background-attachment":"scroll","background-type":"","background-media":"","overlay-type":"","overlay-color":"","overlay-opacity":"","overlay-gradient":""},"mobile":{"background-color":"","background-image":"","background-repeat":"repeat","background-position":"center center","background-size":"auto","background-attachment":"scroll","background-type":"","background-media":"","overlay-type":"","overlay-color":"","overlay-opacity":"","overlay-gradient":""}},"ast-content-background-meta":{"desktop":{"background-color":"var(--ast-global-color-5)","background-image":"","background-repeat":"repeat","background-position":"center center","background-size":"auto","background-attachment":"scroll","background-type":"","background-media":"","overlay-type":"","overlay-color":"","overlay-opacity":"","overlay-gradient":""},"tablet":{"background-color":"var(--ast-global-color-5)","background-image":"","background-repeat":"repeat","background-position":"center center","background-size":"auto","background-attachment":"scroll","background-type":"","background-media":"","overlay-type":"","overlay-color":"","overlay-opacity":"","overlay-gradient":""},"mobile":{"background-color":"var(--ast-global-color-5)","background-image":"","background-repeat":"repeat","background-position":"center center","background-size":"auto","background-attachment":"scroll","background-type":"","background-media":"","overlay-type":"","overlay-color":"","overlay-opacity":"","overlay-gradient":""}},"footnotes":""},"class_list":["post-5771","page","type-page","status-publish","hentry"],"acf":[],"publishpress_future_action":{"enabled":false,"date":"2026-05-09 13:37:16","action":"change-status","newStatus":"draft","terms":[],"taxonomy":"translation_priority","extraData":[]},"publishpress_future_workflow_manual_trigger":{"enabledWorkflows":[]},"ase":null,"_links":{"self":[{"href":"https:\/\/giardinohotels.ch\/de\/wp-json\/wp\/v2\/pages\/5771","targetHints":{"allow":["GET"]}}],"collection":[{"href":"https:\/\/giardinohotels.ch\/de\/wp-json\/wp\/v2\/pages"}],"about":[{"href":"https:\/\/giardinohotels.ch\/de\/wp-json\/wp\/v2\/types\/page"}],"author":[{"embeddable":true,"href":"https:\/\/giardinohotels.ch\/de\/wp-json\/wp\/v2\/users\/1"}],"replies":[{"embeddable":true,"href":"https:\/\/giardinohotels.ch\/de\/wp-json\/wp\/v2\/comments?post=5771"}],"version-history":[{"count":8,"href":"https:\/\/giardinohotels.ch\/de\/wp-json\/wp\/v2\/pages\/5771\/revisions"}],"predecessor-version":[{"id":32736,"href":"https:\/\/giardinohotels.ch\/de\/wp-json\/wp\/v2\/pages\/5771\/revisions\/32736"}],"up":[{"embeddable":true,"href":"https:\/\/giardinohotels.ch\/de\/wp-json\/wp\/v2\/pages\/5769"}],"wp:attachment":[{"href":"https:\/\/giardinohotels.ch\/de\/wp-json\/wp\/v2\/media?parent=5771"}],"curies":[{"name":"wp","href":"https:\/\/api.w.org\/{rel}","templated":true}]}}