{"id":5344,"date":"2025-01-31T17:09:36","date_gmt":"2025-01-31T16:09:36","guid":{"rendered":"https:\/\/giardinohotels.ch\/ascona-2\/faq\/"},"modified":"2026-04-19T18:21:38","modified_gmt":"2026-04-19T16:21:38","slug":"faq","status":"publish","type":"page","link":"https:\/\/giardinohotels.ch\/de\/lago\/faq\/","title":{"rendered":"FAQ"},"content":{"rendered":"\t\t<div data-elementor-type=\"wp-page\" data-elementor-id=\"5344\" class=\"elementor elementor-5344\" data-elementor-post-type=\"page\">\n\t\t\t\t<div class=\"elementor-element elementor-element-e751262 e-con-full e-flex e-con e-parent\" data-id=\"e751262\" data-element_type=\"container\" data-e-type=\"container\" data-settings=\"{&quot;ekit_has_onepagescroll_dot&quot;:&quot;yes&quot;}\">\n\t\t\t\t<div class=\"elementor-element elementor-element-a9ce44b slider elementor-widget elementor-widget-image-carousel\" data-id=\"a9ce44b\" data-element_type=\"widget\" data-e-type=\"widget\" data-settings=\"{&quot;navigation&quot;:&quot;none&quot;,&quot;image_spacing_custom&quot;:{&quot;unit&quot;:&quot;px&quot;,&quot;size&quot;:5,&quot;sizes&quot;:[]},&quot;autoplay&quot;:&quot;yes&quot;,&quot;autoplay_speed&quot;:5000,&quot;infinite&quot;:&quot;yes&quot;,&quot;speed&quot;:500,&quot;image_spacing_custom_tablet&quot;:{&quot;unit&quot;:&quot;px&quot;,&quot;size&quot;:&quot;&quot;,&quot;sizes&quot;:[]},&quot;image_spacing_custom_mobile&quot;:{&quot;unit&quot;:&quot;px&quot;,&quot;size&quot;:&quot;&quot;,&quot;sizes&quot;:[]},&quot;ekit_we_effect_on&quot;:&quot;none&quot;}\" data-widget_type=\"image-carousel.default\">\n\t\t\t\t<div class=\"elementor-widget-container\">\n\t\t\t\t\t\t\t<div class=\"elementor-image-carousel-wrapper swiper\" role=\"region\" aria-roledescription=\"carousel\" aria-label=\"Bild Karussell\" dir=\"ltr\">\n\t\t\t<div class=\"elementor-image-carousel swiper-wrapper swiper-image-stretch\" aria-live=\"off\">\n\t\t\t\t\t\t\t\t<div class=\"swiper-slide\" role=\"group\" aria-roledescription=\"slide\" aria-label=\"1 von 8\"><figure class=\"swiper-slide-inner\"><img decoding=\"async\" class=\"swiper-slide-image\" src=\"https:\/\/giardinohotels.ch\/wp-content\/uploads\/2025\/08\/GL_Building_RGB_Low_GUPF_01_h.jpg\" alt=\"GL_Building_RGB_Low_GUPF_01_h\" title=\"\"><\/figure><\/div><div class=\"swiper-slide\" role=\"group\" aria-roledescription=\"slide\" aria-label=\"2 von 8\"><figure class=\"swiper-slide-inner\"><img decoding=\"async\" class=\"swiper-slide-image\" src=\"https:\/\/giardinohotels.ch\/wp-content\/uploads\/2025\/08\/GL_Terrace_RGB_Low_GUPF_04_h.jpg\" alt=\"GL_Terrace_RGB_Low_GUPF_04_h\" title=\"\"><\/figure><\/div><div class=\"swiper-slide\" role=\"group\" aria-roledescription=\"slide\" aria-label=\"3 von 8\"><figure class=\"swiper-slide-inner\"><img decoding=\"async\" class=\"swiper-slide-image\" src=\"https:\/\/giardinohotels.ch\/wp-content\/uploads\/2025\/08\/GL_Building_RGB_Low_GUPF_01a_h.jpg\" alt=\"GL_Building_RGB_Low_GUPF_01a_h\" title=\"\"><\/figure><\/div><div class=\"swiper-slide\" role=\"group\" aria-roledescription=\"slide\" aria-label=\"4 von 8\"><figure class=\"swiper-slide-inner\"><img decoding=\"async\" class=\"swiper-slide-image\" src=\"https:\/\/giardinohotels.ch\/wp-content\/uploads\/2025\/08\/GL_Building_RGB_Low_GUPF_03_h.jpg\" alt=\"GL_Building_RGB_Low_GUPF_03_h\" title=\"\"><\/figure><\/div><div class=\"swiper-slide\" role=\"group\" aria-roledescription=\"slide\" aria-label=\"5 von 8\"><figure class=\"swiper-slide-inner\"><img decoding=\"async\" class=\"swiper-slide-image\" src=\"https:\/\/giardinohotels.ch\/wp-content\/uploads\/2025\/08\/GL_Restaurant_RGB_Low_GUPF_01_h2.jpg\" alt=\"GL_Restaurant_RGB_Low_GUPF_01_h2\" title=\"\"><\/figure><\/div><div class=\"swiper-slide\" role=\"group\" aria-roledescription=\"slide\" aria-label=\"6 von 8\"><figure class=\"swiper-slide-inner\"><img decoding=\"async\" class=\"swiper-slide-image\" src=\"https:\/\/giardinohotels.ch\/wp-content\/uploads\/2025\/08\/GL_Roof-Lounge_RGB_Low_GUPF_02_h.jpg\" alt=\"GL_Roof Lounge_RGB_Low_GUPF_02_h\" title=\"\"><\/figure><\/div><div class=\"swiper-slide\" role=\"group\" aria-roledescription=\"slide\" aria-label=\"7 von 8\"><figure class=\"swiper-slide-inner\"><img decoding=\"async\" class=\"swiper-slide-image\" src=\"https:\/\/giardinohotels.ch\/wp-content\/uploads\/2025\/08\/GL_Terrace_RGB_Low_GUPF_07_h.jpg\" alt=\"GL_Terrace_RGB_Low_GUPF_07_h\" title=\"\"><\/figure><\/div><div class=\"swiper-slide\" role=\"group\" aria-roledescription=\"slide\" aria-label=\"8 von 8\"><figure class=\"swiper-slide-inner\"><img decoding=\"async\" class=\"swiper-slide-image\" src=\"https:\/\/giardinohotels.ch\/wp-content\/uploads\/2025\/08\/GL_Roof-Lounge_RGB_Low_GUPF_07_h.jpg\" alt=\"GL_Roof Lounge_RGB_Low_GUPF_07_h\" title=\"\"><\/figure><\/div>\t\t\t<\/div>\n\t\t\t\t\t\t\t\n\t\t\t\t\t\t\t\t\t<\/div>\n\t\t\t\t\t\t<\/div>\n\t\t\t\t<\/div>\n\t\t\t\t<\/div>\n\t\t<div class=\"elementor-element elementor-element-1ec3c2c bbts nospacerP e-flex e-con-boxed e-con e-parent\" data-id=\"1ec3c2c\" data-element_type=\"container\" data-e-type=\"container\" data-settings=\"{&quot;ekit_has_onepagescroll_dot&quot;:&quot;yes&quot;}\">\n\t\t\t\t\t<div class=\"e-con-inner\">\n\t\t<div class=\"elementor-element elementor-element-6dcd0d4 e-con-full e-flex e-con e-child\" data-id=\"6dcd0d4\" data-element_type=\"container\" data-e-type=\"container\" data-settings=\"{&quot;ekit_has_onepagescroll_dot&quot;:&quot;yes&quot;}\">\n\t\t<div class=\"elementor-element elementor-element-ada9742 e-con-full elementor-hidden-mobile e-flex e-con e-child\" data-id=\"ada9742\" data-element_type=\"container\" data-e-type=\"container\" data-settings=\"{&quot;ekit_has_onepagescroll_dot&quot;:&quot;yes&quot;}\">\n\t\t\t\t<\/div>\n\t\t<div class=\"elementor-element elementor-element-6d73275 e-con-full e-flex e-con e-child\" data-id=\"6d73275\" data-element_type=\"container\" data-e-type=\"container\" data-settings=\"{&quot;ekit_has_onepagescroll_dot&quot;:&quot;yes&quot;}\">\n\t\t\t\t<div class=\"elementor-element elementor-element-ad3e2c5 elementor-widget elementor-widget-heading\" data-id=\"ad3e2c5\" data-element_type=\"widget\" data-e-type=\"widget\" data-settings=\"{&quot;ekit_we_effect_on&quot;:&quot;none&quot;}\" data-widget_type=\"heading.default\">\n\t\t\t\t<div class=\"elementor-widget-container\">\n\t\t\t\t\t<h1 class=\"elementor-heading-title elementor-size-default\">Gut zu Wissen<\/h1>\t\t\t\t<\/div>\n\t\t\t\t<\/div>\n\t\t\t\t<div class=\"elementor-element elementor-element-b5248a5 elementor-widget elementor-widget-text-editor\" data-id=\"b5248a5\" data-element_type=\"widget\" data-e-type=\"widget\" data-settings=\"{&quot;ekit_we_effect_on&quot;:&quot;none&quot;}\" data-widget_type=\"text-editor.default\">\n\t\t\t\t<div class=\"elementor-widget-container\">\n\t\t\t\t\t\t\t\t\t<p style=\"font-weight: 400;\">Ein Wochenende voller Abenteuer, ein Sommer, der Geschichten schreibt, oder einfach eine Pause vom Alltag &#8211; im Giardino Ascona gibt es alles ausser Langeweile. Unsere exklusiven Angebote locken nicht nur mit Entspannung, sondern auch mit unschlagbaren Extras: Fr\u00fchbucher-Rabatte, Specials f\u00fcr l\u00e4ngere Aufenthalte und jede Menge \u00dcberraschungen.<\/p>\t\t\t\t\t\t\t\t<\/div>\n\t\t\t\t<\/div>\n\t\t\t\t<\/div>\n\t\t<div class=\"elementor-element elementor-element-29b5521 e-con-full e-flex e-con e-child\" data-id=\"29b5521\" data-element_type=\"container\" data-e-type=\"container\" data-settings=\"{&quot;ekit_has_onepagescroll_dot&quot;:&quot;yes&quot;}\">\n\t\t\t\t<\/div>\n\t\t\t\t<\/div>\n\t\t\t\t\t<\/div>\n\t\t\t\t<\/div>\n\t\t<div class=\"elementor-element elementor-element-a9b7e07 bbts e-flex e-con-boxed e-con e-parent\" data-id=\"a9b7e07\" data-element_type=\"container\" data-e-type=\"container\" data-settings=\"{&quot;ekit_has_onepagescroll_dot&quot;:&quot;yes&quot;}\">\n\t\t\t\t\t<div class=\"e-con-inner\">\n\t\t<div class=\"elementor-element elementor-element-7bd968d e-con-full e-flex e-con e-child\" data-id=\"7bd968d\" data-element_type=\"container\" data-e-type=\"container\" data-settings=\"{&quot;ekit_has_onepagescroll_dot&quot;:&quot;yes&quot;}\">\n\t\t<div class=\"elementor-element elementor-element-3b5abb0 e-con-full e-flex e-con e-child\" data-id=\"3b5abb0\" data-element_type=\"container\" data-e-type=\"container\" data-settings=\"{&quot;ekit_has_onepagescroll_dot&quot;:&quot;yes&quot;}\">\n\t\t\t\t<div class=\"elementor-element elementor-element-e017661 elementor-widget elementor-widget-heading\" data-id=\"e017661\" data-element_type=\"widget\" data-e-type=\"widget\" data-settings=\"{&quot;ekit_we_effect_on&quot;:&quot;none&quot;}\" data-widget_type=\"heading.default\">\n\t\t\t\t<div class=\"elementor-widget-container\">\n\t\t\t\t\t<h3 class=\"elementor-heading-title elementor-size-default\">Vor Ihrem Aufenthalt<\/h3>\t\t\t\t<\/div>\n\t\t\t\t<\/div>\n\t\t\t\t<div class=\"elementor-element elementor-element-0a11fb1 faq elementor-widget elementor-widget-text-editor\" data-id=\"0a11fb1\" data-element_type=\"widget\" data-e-type=\"widget\" data-settings=\"{&quot;ekit_we_effect_on&quot;:&quot;none&quot;}\" data-widget_type=\"text-editor.default\">\n\t\t\t\t<div class=\"elementor-widget-container\">\n\t\t\t\t\t\t\t\t\t<h5>Kurtaxen<\/h5><p>Die Kurtaxe von CHF 4.65 pro Person und Tag wird separat verrechnet.<br \/>Check-In \/ Check-Out Anreise ab 15 Uhr Abreise bis 11 Uhr<\/p><h5>Zus\u00e4tzliche Schlafgelegenheit<\/h5><p>Im Doppelzimmer Medium sowie in der Suite kann ein Babybett f\u00fcr Kinder im Alter von 0 bis 2 Jahren, inklusive Fr\u00fchst\u00fcck, bereitgestellt werden. In der Suite ist das Zustellbett f\u00fcr Kinder im Alter von 3 bis 12 Jahren kostenfrei, inklusive Fr\u00fchst\u00fcck. F\u00fcr Kinder und Erwachsene ab 13 Jahren betr\u00e4gt der Preis f\u00fcr das Zustellbett CHF 60 pro Person und Nacht, inklusive Fr\u00fchst\u00fcck.<\/p><h5>Fr\u00fchst\u00fcck<\/h5><p>Das Fr\u00fchst\u00fcck wird im Restaurant Lago von 08.00 bis 10.30 Uhr serviert.<\/p><h5>Hunde<\/h5><p>F\u00fcr Hunde werden CHF 30 pro Nacht und Hund, ohne Futter berechnet. Hunde sind in allen Bereichen gestattet.<\/p>\t\t\t\t\t\t\t\t<\/div>\n\t\t\t\t<\/div>\n\t\t\t\t<div class=\"elementor-element elementor-element-8ae38de elementor-widget elementor-widget-spacer\" data-id=\"8ae38de\" data-element_type=\"widget\" data-e-type=\"widget\" data-settings=\"{&quot;ekit_we_effect_on&quot;:&quot;none&quot;}\" data-widget_type=\"spacer.default\">\n\t\t\t\t<div class=\"elementor-widget-container\">\n\t\t\t\t\t\t\t<div class=\"elementor-spacer\">\n\t\t\t<div class=\"elementor-spacer-inner\"><\/div>\n\t\t<\/div>\n\t\t\t\t\t\t<\/div>\n\t\t\t\t<\/div>\n\t\t\t\t<\/div>\n\t\t<div class=\"elementor-element elementor-element-785385c e-con-full e-flex e-con e-child\" data-id=\"785385c\" data-element_type=\"container\" data-e-type=\"container\" data-settings=\"{&quot;ekit_has_onepagescroll_dot&quot;:&quot;yes&quot;}\">\n\t\t\t\t<div class=\"elementor-element elementor-element-9957020 quadratbild elementor-widget elementor-widget-image\" data-id=\"9957020\" data-element_type=\"widget\" data-e-type=\"widget\" data-settings=\"{&quot;ekit_we_effect_on&quot;:&quot;none&quot;}\" data-widget_type=\"image.default\">\n\t\t\t\t<div class=\"elementor-widget-container\">\n\t\t\t\t\t\t\t\t\t\t\t\t<figure class=\"wp-caption\">\n\t\t\t\t\t\t\t\t\t\t<img fetchpriority=\"high\" decoding=\"async\" width=\"1024\" height=\"683\" src=\"https:\/\/giardinohotels.ch\/wp-content\/uploads\/2025\/02\/Vor-Ihrem-Aufenthalt_GL_Terrace-Detail_RGB_High_SAR_01_bis-GD-Filter_Low-1024x683.jpg\" class=\"attachment-large size-large wp-image-15689\" alt=\"\" srcset=\"https:\/\/giardinohotels.ch\/wp-content\/uploads\/2025\/02\/Vor-Ihrem-Aufenthalt_GL_Terrace-Detail_RGB_High_SAR_01_bis-GD-Filter_Low-1024x683.jpg 1024w, https:\/\/giardinohotels.ch\/wp-content\/uploads\/2025\/02\/Vor-Ihrem-Aufenthalt_GL_Terrace-Detail_RGB_High_SAR_01_bis-GD-Filter_Low-300x200.jpg 300w, https:\/\/giardinohotels.ch\/wp-content\/uploads\/2025\/02\/Vor-Ihrem-Aufenthalt_GL_Terrace-Detail_RGB_High_SAR_01_bis-GD-Filter_Low-768x512.jpg 768w, https:\/\/giardinohotels.ch\/wp-content\/uploads\/2025\/02\/Vor-Ihrem-Aufenthalt_GL_Terrace-Detail_RGB_High_SAR_01_bis-GD-Filter_Low-1536x1024.jpg 1536w, https:\/\/giardinohotels.ch\/wp-content\/uploads\/2025\/02\/Vor-Ihrem-Aufenthalt_GL_Terrace-Detail_RGB_High_SAR_01_bis-GD-Filter_Low.jpg 1980w\" sizes=\"(max-width: 1024px) 100vw, 1024px\" title=\"\">\t\t\t\t\t\t\t\t\t\t\t<figcaption class=\"widget-image-caption wp-caption-text\"><\/figcaption>\n\t\t\t\t\t\t\t\t\t\t<\/figure>\n\t\t\t\t\t\t\t\t\t<\/div>\n\t\t\t\t<\/div>\n\t\t\t\t<\/div>\n\t\t\t\t<\/div>\n\t\t\t\t\t<\/div>\n\t\t\t\t<\/div>\n\t\t<div class=\"elementor-element elementor-element-1613f59 bbts e-flex e-con-boxed e-con e-parent\" data-id=\"1613f59\" data-element_type=\"container\" data-e-type=\"container\" data-settings=\"{&quot;ekit_has_onepagescroll_dot&quot;:&quot;yes&quot;}\">\n\t\t\t\t\t<div class=\"e-con-inner\">\n\t\t<div class=\"elementor-element elementor-element-081b702 e-con-full e-flex e-con e-child\" data-id=\"081b702\" data-element_type=\"container\" data-e-type=\"container\" data-settings=\"{&quot;ekit_has_onepagescroll_dot&quot;:&quot;yes&quot;}\">\n\t\t<div class=\"elementor-element elementor-element-7e1aa64 e-con-full e-flex e-con e-child\" data-id=\"7e1aa64\" data-element_type=\"container\" data-e-type=\"container\" data-settings=\"{&quot;ekit_has_onepagescroll_dot&quot;:&quot;yes&quot;}\">\n\t\t\t\t<div class=\"elementor-element elementor-element-d3f9959 quadratbild elementor-widget elementor-widget-image\" data-id=\"d3f9959\" data-element_type=\"widget\" data-e-type=\"widget\" data-settings=\"{&quot;ekit_we_effect_on&quot;:&quot;none&quot;}\" data-widget_type=\"image.default\">\n\t\t\t\t<div class=\"elementor-widget-container\">\n\t\t\t\t\t\t\t\t\t\t\t\t<figure class=\"wp-caption\">\n\t\t\t\t\t\t\t\t\t\t<img decoding=\"async\" width=\"683\" height=\"1024\" src=\"https:\/\/giardinohotels.ch\/wp-content\/uploads\/2025\/02\/Stornierungsfrist_GL_Terrace-Detail_RGB_High_GMA_01-GD-Filter_Low-683x1024.jpg\" class=\"attachment-large size-large wp-image-15691\" alt=\"\" srcset=\"https:\/\/giardinohotels.ch\/wp-content\/uploads\/2025\/02\/Stornierungsfrist_GL_Terrace-Detail_RGB_High_GMA_01-GD-Filter_Low-683x1024.jpg 683w, https:\/\/giardinohotels.ch\/wp-content\/uploads\/2025\/02\/Stornierungsfrist_GL_Terrace-Detail_RGB_High_GMA_01-GD-Filter_Low-200x300.jpg 200w, https:\/\/giardinohotels.ch\/wp-content\/uploads\/2025\/02\/Stornierungsfrist_GL_Terrace-Detail_RGB_High_GMA_01-GD-Filter_Low-768x1152.jpg 768w, https:\/\/giardinohotels.ch\/wp-content\/uploads\/2025\/02\/Stornierungsfrist_GL_Terrace-Detail_RGB_High_GMA_01-GD-Filter_Low-1024x1536.jpg 1024w, https:\/\/giardinohotels.ch\/wp-content\/uploads\/2025\/02\/Stornierungsfrist_GL_Terrace-Detail_RGB_High_GMA_01-GD-Filter_Low.jpg 1320w\" sizes=\"(max-width: 683px) 100vw, 683px\" title=\"\">\t\t\t\t\t\t\t\t\t\t\t<figcaption class=\"widget-image-caption wp-caption-text\"><\/figcaption>\n\t\t\t\t\t\t\t\t\t\t<\/figure>\n\t\t\t\t\t\t\t\t\t<\/div>\n\t\t\t\t<\/div>\n\t\t\t\t<\/div>\n\t\t<div class=\"elementor-element elementor-element-6de076e e-con-full e-flex e-con e-child\" data-id=\"6de076e\" data-element_type=\"container\" data-e-type=\"container\" data-settings=\"{&quot;ekit_has_onepagescroll_dot&quot;:&quot;yes&quot;}\">\n\t\t\t\t<div class=\"elementor-element elementor-element-db5ae03 elementor-widget elementor-widget-heading\" data-id=\"db5ae03\" data-element_type=\"widget\" data-e-type=\"widget\" data-settings=\"{&quot;ekit_we_effect_on&quot;:&quot;none&quot;}\" data-widget_type=\"heading.default\">\n\t\t\t\t<div class=\"elementor-widget-container\">\n\t\t\t\t\t<h3 class=\"elementor-heading-title elementor-size-default\">Stornierungsfristen<\/h3>\t\t\t\t<\/div>\n\t\t\t\t<\/div>\n\t\t\t\t<div class=\"elementor-element elementor-element-390a50c faq elementor-widget elementor-widget-text-editor\" data-id=\"390a50c\" data-element_type=\"widget\" data-e-type=\"widget\" data-settings=\"{&quot;ekit_we_effect_on&quot;:&quot;none&quot;}\" data-widget_type=\"text-editor.default\">\n\t\t\t\t<div class=\"elementor-widget-container\">\n\t\t\t\t\t\t\t\t\t<h5>Giardino-Garantie<\/h5><p>Die Reservierung kann bis 7 Tage vor Anreise kostenfrei storniert werden. Bei sp\u00e4terer Absage wird der gebuchte Zimmerpreis bis zu drei N\u00e4chten berechnet. Die gleiche Regelung gilt f\u00fcr versp\u00e4tete Ferienantritte oder vorzeitige Abreisen auf die nicht bezogenen N\u00e4chte.<\/p><h5>Buchen ohne Risiko<\/h5><p>Dank unserem Partner Allianz kann der Service einer Reiser\u00fccktrittsversicherung genutzt werden. Es gilt zu beachten, dass diese Versicherung ihre G\u00fcltigkeit nur dann bekommt, wenn sie sp\u00e4testens vor Antritt der Reise abgeschlossen wurde.<\/p>\t\t\t\t\t\t\t\t<\/div>\n\t\t\t\t<\/div>\n\t\t\t\t<div class=\"elementor-element elementor-element-638cb4d elementor-widget elementor-widget-spacer\" data-id=\"638cb4d\" data-element_type=\"widget\" data-e-type=\"widget\" data-settings=\"{&quot;ekit_we_effect_on&quot;:&quot;none&quot;}\" data-widget_type=\"spacer.default\">\n\t\t\t\t<div class=\"elementor-widget-container\">\n\t\t\t\t\t\t\t<div class=\"elementor-spacer\">\n\t\t\t<div class=\"elementor-spacer-inner\"><\/div>\n\t\t<\/div>\n\t\t\t\t\t\t<\/div>\n\t\t\t\t<\/div>\n\t\t\t\t<\/div>\n\t\t\t\t<\/div>\n\t\t\t\t\t<\/div>\n\t\t\t\t<\/div>\n\t\t<div class=\"elementor-element elementor-element-def9d8d bbts e-flex e-con-boxed e-con e-parent\" data-id=\"def9d8d\" data-element_type=\"container\" data-e-type=\"container\" data-settings=\"{&quot;ekit_has_onepagescroll_dot&quot;:&quot;yes&quot;}\">\n\t\t\t\t\t<div class=\"e-con-inner\">\n\t\t<div class=\"elementor-element elementor-element-1a197ca e-con-full e-flex e-con e-child\" data-id=\"1a197ca\" data-element_type=\"container\" data-e-type=\"container\" data-settings=\"{&quot;ekit_has_onepagescroll_dot&quot;:&quot;yes&quot;}\">\n\t\t<div class=\"elementor-element elementor-element-9b1fb4b e-con-full e-flex e-con e-child\" data-id=\"9b1fb4b\" data-element_type=\"container\" data-e-type=\"container\" data-settings=\"{&quot;ekit_has_onepagescroll_dot&quot;:&quot;yes&quot;}\">\n\t\t\t\t<div class=\"elementor-element elementor-element-3ef4b77 elementor-widget elementor-widget-heading\" data-id=\"3ef4b77\" data-element_type=\"widget\" data-e-type=\"widget\" data-settings=\"{&quot;ekit_we_effect_on&quot;:&quot;none&quot;}\" data-widget_type=\"heading.default\">\n\t\t\t\t<div class=\"elementor-widget-container\">\n\t\t\t\t\t<h3 class=\"elementor-heading-title elementor-size-default\">An und Abreise<\/h3>\t\t\t\t<\/div>\n\t\t\t\t<\/div>\n\t\t\t\t<div class=\"elementor-element elementor-element-b0c8842 faq elementor-widget elementor-widget-text-editor\" data-id=\"b0c8842\" data-element_type=\"widget\" data-e-type=\"widget\" data-settings=\"{&quot;ekit_we_effect_on&quot;:&quot;none&quot;}\" data-widget_type=\"text-editor.default\">\n\t\t\t\t<div class=\"elementor-widget-container\">\n\t\t\t\t\t\t\t\t\t<h5>Anreise mit dem Auto<\/h5><p>Adresse f\u00fcr Navigationssystem: <br \/>Via alla Riva 83a, 6648 Minusio<\/p><h5>Parkplatz<\/h5><p>Es stehen 12 kostenfreie Parkpl\u00e4tze vom Hotel zur Verf\u00fcgung. Diese k\u00f6nnen nicht reserviert werden. Ein weiterer grosser \u00f6ffentlicher Parkplatz steht direkt neben dem Hotel zur Verf\u00fcgung (max. CHF 5 \/ pro Tag).<\/p><h5>Auto E-Ladestationen<\/h5><p>Die Universal-Ladestation f\u00fcr Elektro oder Hybridautos kann kostenfrei von \u00dcbernachtungsg\u00e4sten genutzt werden. Die E-Ladestation ist f\u00fcr die g\u00e4ngigsten Automarken passend. Es handelt sich bei der Station nicht um eine Schnellladestation.<\/p><h5>\u00d6ffentliche Verkehrsmittel<\/h5><p>Bahn bis Bahnhof Locarno + Bus: Linie 1 bis Minusio, Ponte Navegna<\/p>\t\t\t\t\t\t\t\t<\/div>\n\t\t\t\t<\/div>\n\t\t\t\t<\/div>\n\t\t<div class=\"elementor-element elementor-element-bf0710d e-con-full e-flex e-con e-child\" data-id=\"bf0710d\" data-element_type=\"container\" data-e-type=\"container\" data-settings=\"{&quot;ekit_has_onepagescroll_dot&quot;:&quot;yes&quot;}\">\n\t\t\t\t<div class=\"elementor-element elementor-element-e04f547 quadratbild elementor-widget elementor-widget-image\" data-id=\"e04f547\" data-element_type=\"widget\" data-e-type=\"widget\" data-settings=\"{&quot;ekit_we_effect_on&quot;:&quot;none&quot;}\" data-widget_type=\"image.default\">\n\t\t\t\t<div class=\"elementor-widget-container\">\n\t\t\t\t\t\t\t\t\t\t\t\t<figure class=\"wp-caption\">\n\t\t\t\t\t\t\t\t\t\t<img decoding=\"async\" width=\"683\" height=\"1024\" src=\"https:\/\/giardinohotels.ch\/wp-content\/uploads\/2025\/02\/An-und-Abreise_GL_Terrace-Detail_RGB_High_GMA_05-GD-Filter_Low-683x1024.jpg\" class=\"attachment-large size-large wp-image-15695\" alt=\"\" srcset=\"https:\/\/giardinohotels.ch\/wp-content\/uploads\/2025\/02\/An-und-Abreise_GL_Terrace-Detail_RGB_High_GMA_05-GD-Filter_Low-683x1024.jpg 683w, https:\/\/giardinohotels.ch\/wp-content\/uploads\/2025\/02\/An-und-Abreise_GL_Terrace-Detail_RGB_High_GMA_05-GD-Filter_Low-200x300.jpg 200w, https:\/\/giardinohotels.ch\/wp-content\/uploads\/2025\/02\/An-und-Abreise_GL_Terrace-Detail_RGB_High_GMA_05-GD-Filter_Low-768x1152.jpg 768w, https:\/\/giardinohotels.ch\/wp-content\/uploads\/2025\/02\/An-und-Abreise_GL_Terrace-Detail_RGB_High_GMA_05-GD-Filter_Low-1024x1536.jpg 1024w, https:\/\/giardinohotels.ch\/wp-content\/uploads\/2025\/02\/An-und-Abreise_GL_Terrace-Detail_RGB_High_GMA_05-GD-Filter_Low.jpg 1320w\" sizes=\"(max-width: 683px) 100vw, 683px\" title=\"\">\t\t\t\t\t\t\t\t\t\t\t<figcaption class=\"widget-image-caption wp-caption-text\"><\/figcaption>\n\t\t\t\t\t\t\t\t\t\t<\/figure>\n\t\t\t\t\t\t\t\t\t<\/div>\n\t\t\t\t<\/div>\n\t\t\t\t<\/div>\n\t\t\t\t<\/div>\n\t\t\t\t\t<\/div>\n\t\t\t\t<\/div>\n\t\t<div class=\"elementor-element elementor-element-df24623 e-con-full e-flex e-con e-parent\" data-id=\"df24623\" data-element_type=\"container\" data-e-type=\"container\" data-settings=\"{&quot;ekit_has_onepagescroll_dot&quot;:&quot;yes&quot;}\">\n\t\t\t\t<div class=\"elementor-element elementor-element-8ceda8d elementor-widget elementor-widget-template\" data-id=\"8ceda8d\" data-element_type=\"widget\" data-e-type=\"widget\" data-settings=\"{&quot;ekit_we_effect_on&quot;:&quot;none&quot;}\" data-widget_type=\"template.default\">\n\t\t\t\t<div class=\"elementor-widget-container\">\n\t\t\t\t\t\t\t<div class=\"elementor-template\">\n\t\t\t\t\t<div data-elementor-type=\"container\" data-elementor-id=\"5732\" class=\"elementor elementor-5732\" data-elementor-post-type=\"elementor_library\">\n\t\t\t\t<div class=\"elementor-element elementor-element-4a6bb598 e-flex e-con-boxed e-con e-parent\" data-id=\"4a6bb598\" data-element_type=\"container\" data-e-type=\"container\" data-settings=\"{&quot;background_background&quot;:&quot;classic&quot;,&quot;ekit_has_onepagescroll_dot&quot;:&quot;yes&quot;}\">\n\t\t\t\t\t<div class=\"e-con-inner\">\n\t\t\t\t<div class=\"elementor-element elementor-element-7591e3dd elementor-widget__width-auto elementor-widget elementor-widget-image\" data-id=\"7591e3dd\" data-element_type=\"widget\" data-e-type=\"widget\" data-settings=\"{&quot;ekit_we_effect_on&quot;:&quot;none&quot;}\" data-widget_type=\"image.default\">\n\t\t\t\t<div class=\"elementor-widget-container\">\n\t\t\t\t\t\t\t\t\t\t\t\t\t\t\t\t<a href=\"https:\/\/giardinohotels.ch\/de\/lago\/\">\n\t\t\t\t\t\t\t<img loading=\"lazy\" decoding=\"async\" width=\"1024\" height=\"350\" src=\"https:\/\/giardinohotels.ch\/wp-content\/uploads\/2025\/01\/GL_Logo_RGB_10cm_300dpi-1024x350.png\" class=\"attachment-large size-large wp-image-5726\" alt=\"\" srcset=\"https:\/\/giardinohotels.ch\/wp-content\/uploads\/2025\/01\/GL_Logo_RGB_10cm_300dpi-1024x350.png 1024w, https:\/\/giardinohotels.ch\/wp-content\/uploads\/2025\/01\/GL_Logo_RGB_10cm_300dpi-300x103.png 300w, https:\/\/giardinohotels.ch\/wp-content\/uploads\/2025\/01\/GL_Logo_RGB_10cm_300dpi-768x263.png 768w, https:\/\/giardinohotels.ch\/wp-content\/uploads\/2025\/01\/GL_Logo_RGB_10cm_300dpi.png 1181w\" sizes=\"(max-width: 1024px) 100vw, 1024px\" title=\"\">\t\t\t\t\t\t\t\t<\/a>\n\t\t\t\t\t\t\t\t\t\t\t\t\t\t\t<\/div>\n\t\t\t\t<\/div>\n\t\t\t\t<div class=\"elementor-element elementor-element-5634e610 adresse, fusszeile elementor-widget elementor-widget-text-editor\" data-id=\"5634e610\" data-element_type=\"widget\" data-e-type=\"widget\" data-settings=\"{&quot;ekit_we_effect_on&quot;:&quot;none&quot;}\" data-widget_type=\"text-editor.default\">\n\t\t\t\t<div class=\"elementor-widget-container\">\n\t\t\t\t\t\t\t\t\t<p>Giardino Lago<br \/><a href=\"https:\/\/maps.app.goo.gl\/YNc55xVyRHiRMPdLA\" target=\"_blank\" rel=\"noopener noreferrer nofollow\">Via alla Riva 83a<\/a><br \/>6648 Minusio-Locarno<br \/>Telefon <a href=\"tel:+41917858888\">+41 91 786 95 95<\/a><\/p>\t\t\t\t\t\t\t\t<\/div>\n\t\t\t\t<\/div>\n\t\t\t\t<div class=\"elementor-element elementor-element-5df356da elementor-widget elementor-widget-elementskit-social-media\" data-id=\"5df356da\" data-element_type=\"widget\" data-e-type=\"widget\" data-settings=\"{&quot;ekit_we_effect_on&quot;:&quot;none&quot;}\" data-widget_type=\"elementskit-social-media.default\">\n\t\t\t\t<div class=\"elementor-widget-container\">\n\t\t\t\t\t<div class=\"ekit-wid-con\" >\t\t\t <ul class=\"ekit_social_media\">\n\t\t\t\t\t\t\t\t\t\t\t\t\t\t<li class=\"elementor-repeater-item-0b64897\">\n\t\t\t\t\t    <a href=\"https:\/\/www.facebook.com\/giardino.lago\" aria-label=\"Facebook\" class=\"facebook\" target=\"_blank\" rel=\"noopener noreferrer nofollow\">\n\t\t\t\t\t\t\t\n\t\t\t\t\t\t\t<i aria-hidden=\"true\" class=\"icon icon-facebook\"><\/i>\n                                                                                                            <\/a>\n                    <\/li>\n                    \t\t\t\t\t\t\t\t\t\t\t\t\t\t<li class=\"elementor-repeater-item-ccbd3bb\">\n\t\t\t\t\t    <a href=\"https:\/\/www.instagram.com\/giardino.lago\" aria-label=\"Instagram\" class=\"instagram\" target=\"_blank\" rel=\"noopener noreferrer nofollow\">\n\t\t\t\t\t\t\t\n\t\t\t\t\t\t\t<i aria-hidden=\"true\" class=\"fab fa-instagram\"><\/i>\n                                                                                                            <\/a>\n                    <\/li>\n                    \t\t\t\t\t\t\t<\/ul>\n\t\t<\/div>\t\t\t\t<\/div>\n\t\t\t\t<\/div>\n\t\t\t\t<div class=\"elementor-element elementor-element-43413ec9 elementor-widget__width-auto elementor-widget elementor-widget-button\" data-id=\"43413ec9\" data-element_type=\"widget\" data-e-type=\"widget\" data-settings=\"{&quot;ekit_we_effect_on&quot;:&quot;none&quot;}\" data-widget_type=\"button.default\">\n\t\t\t\t<div class=\"elementor-widget-container\">\n\t\t\t\t\t\t\t\t\t<div class=\"elementor-button-wrapper\">\n\t\t\t\t\t<a class=\"elementor-button elementor-button-link elementor-size-sm\" href=\"https:\/\/giardinohotels.us7.list-manage.com\/subscribe?u=3f2fbc1098648a410ef17138d&#038;id=50a2d279a7\" target=\"_blank\" rel=\"noopener noreferrer nofollow\">\n\t\t\t\t\t\t<span class=\"elementor-button-content-wrapper\">\n\t\t\t\t\t\t\t\t\t<span class=\"elementor-button-text\">Newsletter abonnieren<\/span>\n\t\t\t\t\t<\/span>\n\t\t\t\t\t<\/a>\n\t\t\t\t<\/div>\n\t\t\t\t\t\t\t\t<\/div>\n\t\t\t\t<\/div>\n\t\t\t\t\t<\/div>\n\t\t\t\t<\/div>\n\t\t\t\t<\/div>\n\t\t\t\t<\/div>\n\t\t\t\t\t\t<\/div>\n\t\t\t\t<\/div>\n\t\t\t\t<\/div>\n\t\t\t\t<\/div>\n\t\t","protected":false},"excerpt":{"rendered":"<p>Gut zu Wissen Ein Wochenende voller Abenteuer, ein Sommer, der Geschichten schreibt, oder einfach eine Pause vom Alltag &#8211; im Giardino Ascona gibt es alles ausser Langeweile. Unsere exklusiven Angebote locken nicht nur mit Entspannung, sondern auch mit unschlagbaren Extras: Fr\u00fchbucher-Rabatte, Specials f\u00fcr l\u00e4ngere Aufenthalte und jede Menge \u00dcberraschungen. Vor Ihrem Aufenthalt Kurtaxen Die Kurtaxe [&hellip;]<\/p>\n","protected":false},"author":1,"featured_media":0,"parent":5343,"menu_order":5,"comment_status":"closed","ping_status":"closed","template":"","meta":{"_acf_changed":false,"site-sidebar-layout":"no-sidebar","site-content-layout":"page-builder","ast-site-content-layout":"full-width-container","site-content-style":"default","site-sidebar-style":"default","ast-global-header-display":"","ast-banner-title-visibility":"","ast-main-header-display":"","ast-hfb-above-header-display":"","ast-hfb-below-header-display":"","ast-hfb-mobile-header-display":"","site-post-title":"disabled","ast-breadcrumbs-content":"","ast-featured-img":"disabled","footer-sml-layout":"","ast-disable-related-posts":"","theme-transparent-header-meta":"","adv-header-id-meta":"","stick-header-meta":"","header-above-stick-meta":"","header-main-stick-meta":"","header-below-stick-meta":"","astra-migrate-meta-layouts":"set","ast-page-background-enabled":"default","ast-page-background-meta":{"desktop":{"background-color":"","background-image":"","background-repeat":"repeat","background-position":"center center","background-size":"auto","background-attachment":"scroll","background-type":"","background-media":"","overlay-type":"","overlay-color":"","overlay-opacity":"","overlay-gradient":""},"tablet":{"background-color":"","background-image":"","background-repeat":"repeat","background-position":"center center","background-size":"auto","background-attachment":"scroll","background-type":"","background-media":"","overlay-type":"","overlay-color":"","overlay-opacity":"","overlay-gradient":""},"mobile":{"background-color":"","background-image":"","background-repeat":"repeat","background-position":"center center","background-size":"auto","background-attachment":"scroll","background-type":"","background-media":"","overlay-type":"","overlay-color":"","overlay-opacity":"","overlay-gradient":""}},"ast-content-background-meta":{"desktop":{"background-color":"var(--ast-global-color-5)","background-image":"","background-repeat":"repeat","background-position":"center center","background-size":"auto","background-attachment":"scroll","background-type":"","background-media":"","overlay-type":"","overlay-color":"","overlay-opacity":"","overlay-gradient":""},"tablet":{"background-color":"var(--ast-global-color-5)","background-image":"","background-repeat":"repeat","background-position":"center center","background-size":"auto","background-attachment":"scroll","background-type":"","background-media":"","overlay-type":"","overlay-color":"","overlay-opacity":"","overlay-gradient":""},"mobile":{"background-color":"var(--ast-global-color-5)","background-image":"","background-repeat":"repeat","background-position":"center center","background-size":"auto","background-attachment":"scroll","background-type":"","background-media":"","overlay-type":"","overlay-color":"","overlay-opacity":"","overlay-gradient":""}},"footnotes":""},"class_list":["post-5344","page","type-page","status-publish","hentry"],"acf":[],"publishpress_future_action":{"enabled":false,"date":"2026-05-07 18:35:36","action":"change-status","newStatus":"draft","terms":[],"taxonomy":"translation_priority","extraData":[]},"publishpress_future_workflow_manual_trigger":{"enabledWorkflows":[]},"ase":null,"_links":{"self":[{"href":"https:\/\/giardinohotels.ch\/de\/wp-json\/wp\/v2\/pages\/5344","targetHints":{"allow":["GET"]}}],"collection":[{"href":"https:\/\/giardinohotels.ch\/de\/wp-json\/wp\/v2\/pages"}],"about":[{"href":"https:\/\/giardinohotels.ch\/de\/wp-json\/wp\/v2\/types\/page"}],"author":[{"embeddable":true,"href":"https:\/\/giardinohotels.ch\/de\/wp-json\/wp\/v2\/users\/1"}],"replies":[{"embeddable":true,"href":"https:\/\/giardinohotels.ch\/de\/wp-json\/wp\/v2\/comments?post=5344"}],"version-history":[{"count":7,"href":"https:\/\/giardinohotels.ch\/de\/wp-json\/wp\/v2\/pages\/5344\/revisions"}],"predecessor-version":[{"id":32994,"href":"https:\/\/giardinohotels.ch\/de\/wp-json\/wp\/v2\/pages\/5344\/revisions\/32994"}],"up":[{"embeddable":true,"href":"https:\/\/giardinohotels.ch\/de\/wp-json\/wp\/v2\/pages\/5343"}],"wp:attachment":[{"href":"https:\/\/giardinohotels.ch\/de\/wp-json\/wp\/v2\/media?parent=5344"}],"curies":[{"name":"wp","href":"https:\/\/api.w.org\/{rel}","templated":true}]}}