{"id":2706,"date":"2025-01-25T18:02:35","date_gmt":"2025-01-25T17:02:06","guid":{"rendered":"https:\/\/giardinohotels.ch\/ascona\/zimmer-und-suiten\/doppelzimmer-casa-rosa\/"},"modified":"2026-04-13T09:21:32","modified_gmt":"2026-04-13T07:21:32","slug":"doppelzimmer-morgensonne","status":"publish","type":"page","link":"https:\/\/giardinohotels.ch\/de\/ascona\/zimmer-und-suiten\/doppelzimmer-morgensonne\/","title":{"rendered":"Doppelzimmer Morgensonne"},"content":{"rendered":"\t\t<div data-elementor-type=\"wp-page\" data-elementor-id=\"2706\" class=\"elementor elementor-2706\" data-elementor-post-type=\"page\">\n\t\t\t\t<div class=\"elementor-element elementor-element-d5e8a7d e-con-full e-flex e-con e-parent\" data-id=\"d5e8a7d\" data-element_type=\"container\" data-e-type=\"container\" data-settings=\"{&quot;ekit_has_onepagescroll_dot&quot;:&quot;yes&quot;}\">\n\t\t\t\t<div class=\"elementor-element elementor-element-68593f8 roomslider elementor-widget elementor-widget-image-carousel\" data-id=\"68593f8\" data-element_type=\"widget\" data-e-type=\"widget\" data-settings=\"{&quot;navigation&quot;:&quot;none&quot;,&quot;image_spacing_custom&quot;:{&quot;unit&quot;:&quot;px&quot;,&quot;size&quot;:5,&quot;sizes&quot;:[]},&quot;autoplay&quot;:&quot;yes&quot;,&quot;pause_on_hover&quot;:&quot;yes&quot;,&quot;pause_on_interaction&quot;:&quot;yes&quot;,&quot;autoplay_speed&quot;:5000,&quot;infinite&quot;:&quot;yes&quot;,&quot;speed&quot;:500,&quot;image_spacing_custom_tablet&quot;:{&quot;unit&quot;:&quot;px&quot;,&quot;size&quot;:&quot;&quot;,&quot;sizes&quot;:[]},&quot;image_spacing_custom_mobile&quot;:{&quot;unit&quot;:&quot;px&quot;,&quot;size&quot;:&quot;&quot;,&quot;sizes&quot;:[]},&quot;ekit_we_effect_on&quot;:&quot;none&quot;}\" data-widget_type=\"image-carousel.default\">\n\t\t\t\t<div class=\"elementor-widget-container\">\n\t\t\t\t\t\t\t<div class=\"elementor-image-carousel-wrapper swiper\" role=\"region\" aria-roledescription=\"carousel\" aria-label=\"Bild Karussell\" dir=\"ltr\">\n\t\t\t<div class=\"elementor-image-carousel swiper-wrapper swiper-image-stretch\" aria-live=\"off\">\n\t\t\t\t\t\t\t\t<div class=\"swiper-slide\" role=\"group\" aria-roledescription=\"slide\" aria-label=\"1 von 5\"><figure class=\"swiper-slide-inner\"><img decoding=\"async\" class=\"swiper-slide-image\" src=\"https:\/\/giardinohotels.ch\/wp-content\/uploads\/2025\/02\/GA_Double-Room_Morning_RGB_High_HAB_02-GD-Filter-1536x913.jpg\" alt=\"GA_Double Room_Morning_RGB_High_HAB_02-GD-Filter\" title=\"\"><\/figure><\/div><div class=\"swiper-slide\" role=\"group\" aria-roledescription=\"slide\" aria-label=\"2 von 5\"><figure class=\"swiper-slide-inner\"><img decoding=\"async\" class=\"swiper-slide-image\" src=\"https:\/\/giardinohotels.ch\/wp-content\/uploads\/2025\/08\/GA_Double-Room_Sud_RGB_Low_GUPF_03_h-1-1536x1152.jpg\" alt=\"GA_Double Room_Sud_RGB_Low_GUPF_03_h\" title=\"\"><\/figure><\/div><div class=\"swiper-slide\" role=\"group\" aria-roledescription=\"slide\" aria-label=\"3 von 5\"><figure class=\"swiper-slide-inner\"><img decoding=\"async\" class=\"swiper-slide-image\" src=\"https:\/\/giardinohotels.ch\/wp-content\/uploads\/2026\/02\/02_Double-Room-Morning-Sun_RGB_Low_GMA_01-GD-Filter-1536x956.jpg\" alt=\"02_Double Room Morning Sun_RGB_Low_GMA_01-GD-Filter\" title=\"\"><\/figure><\/div><div class=\"swiper-slide\" role=\"group\" aria-roledescription=\"slide\" aria-label=\"4 von 5\"><figure class=\"swiper-slide-inner\"><img decoding=\"async\" class=\"swiper-slide-image\" src=\"https:\/\/giardinohotels.ch\/wp-content\/uploads\/2026\/02\/02_Double-Room-Morning-Sun_RGB_Low_PARM_03-GD-Filter-1536x1025.jpg\" alt=\"02_Double Room Morning Sun_RGB_Low_PARM_03-GD-Filter\" title=\"\"><\/figure><\/div><div class=\"swiper-slide\" role=\"group\" aria-roledescription=\"slide\" aria-label=\"5 von 5\"><figure class=\"swiper-slide-inner\"><img decoding=\"async\" class=\"swiper-slide-image\" src=\"https:\/\/giardinohotels.ch\/wp-content\/uploads\/2026\/02\/02_Double-Room-Morning-Sun_RGB_Low_PARM_05-GD-Filter-1536x1025.jpg\" alt=\"02_Double Room Morning Sun_RGB_Low_PARM_05-GD-Filter\" title=\"\"><\/figure><\/div>\t\t\t<\/div>\n\t\t\t\t\t\t\t\n\t\t\t\t\t\t\t\t\t<\/div>\n\t\t\t\t\t\t<\/div>\n\t\t\t\t<\/div>\n\t\t\t\t<\/div>\n\t\t<div class=\"elementor-element elementor-element-a89faf8 e-flex e-con-boxed e-con e-parent\" data-id=\"a89faf8\" data-element_type=\"container\" data-e-type=\"container\" data-settings=\"{&quot;ekit_has_onepagescroll_dot&quot;:&quot;yes&quot;}\">\n\t\t\t\t\t<div class=\"e-con-inner\">\n\t\t\t\t<div class=\"elementor-element elementor-element-4e8c388 elementor-widget elementor-widget-heading\" data-id=\"4e8c388\" data-element_type=\"widget\" data-e-type=\"widget\" data-settings=\"{&quot;ekit_we_effect_on&quot;:&quot;none&quot;}\" data-widget_type=\"heading.default\">\n\t\t\t\t<div class=\"elementor-widget-container\">\n\t\t\t\t\t<h6 class=\"elementor-heading-title elementor-size-default\"><a href=\"https:\/\/giardinohotels.ch\/ascona\/zimmer-und-suiten\/\"><small>&lt;<\/small> Alle Zimmer und Suiten<\/a><\/h6>\t\t\t\t<\/div>\n\t\t\t\t<\/div>\n\t\t\t\t\t<\/div>\n\t\t\t\t<\/div>\n\t\t<div class=\"elementor-element elementor-element-d9d6016 e-flex e-con-boxed e-con e-parent\" data-id=\"d9d6016\" data-element_type=\"container\" data-e-type=\"container\" data-settings=\"{&quot;ekit_has_onepagescroll_dot&quot;:&quot;yes&quot;}\">\n\t\t\t\t\t<div class=\"e-con-inner\">\n\t\t<div class=\"elementor-element elementor-element-436377b e-con-full e-flex e-con e-child\" data-id=\"436377b\" data-element_type=\"container\" data-e-type=\"container\" data-settings=\"{&quot;ekit_has_onepagescroll_dot&quot;:&quot;yes&quot;}\">\n\t\t<div class=\"elementor-element elementor-element-193fecf e-con-full e-flex e-con e-child\" data-id=\"193fecf\" data-element_type=\"container\" data-e-type=\"container\" data-settings=\"{&quot;ekit_has_onepagescroll_dot&quot;:&quot;yes&quot;}\">\n\t\t\t\t<div class=\"elementor-element elementor-element-7bf5bae elementor-widget elementor-widget-global elementor-global-2488 elementor-widget-heading\" data-id=\"7bf5bae\" data-element_type=\"widget\" data-e-type=\"widget\" data-settings=\"{&quot;ekit_we_effect_on&quot;:&quot;none&quot;}\" data-widget_type=\"heading.default\">\n\t\t\t\t<div class=\"elementor-widget-container\">\n\t\t\t\t\t<h1 class=\"elementor-heading-title elementor-size-default\">Doppelzimmer <br>Morgensonne<\/h1>\t\t\t\t<\/div>\n\t\t\t\t<\/div>\n\t\t\t\t<div class=\"elementor-element elementor-element-617b158 hotelcopy elementor-widget elementor-widget-text-editor\" data-id=\"617b158\" data-element_type=\"widget\" data-e-type=\"widget\" data-settings=\"{&quot;ekit_we_effect_on&quot;:&quot;none&quot;}\" data-widget_type=\"text-editor.default\">\n\t\t\t\t<div class=\"elementor-widget-container\">\n\t\t\t\t\t\t\t\t\t<p><span style=\"font-weight: 400;\">Mit der Morgensonne auf dem Kissen erwachen, den Blick \u00fcber die Tessiner Berge schweifen lassen und ganz entspannt in den Tag starten. Frische Luft, sanftes Licht und Ihr ganz pers\u00f6nlicher Moment, der dazu einl\u00e4dt, einfach noch ein wenig zu verweilen.<\/span><\/p><p><span style=\"font-weight: 400;\">Luxuri\u00f6ses Doppelbett, Matratzengr\u00f6sse 90 x 200 cm, auf Wunsch Kingsize oder Twin.<\/span><\/p><p style=\"font-weight: 400;\"><br style=\"font-weight: 400;\" \/><br \/><\/p>\t\t\t\t\t\t\t\t<\/div>\n\t\t\t\t<\/div>\n\t\t<div class=\"elementor-element elementor-element-3077c1a e-con-full e-flex e-con e-child\" data-id=\"3077c1a\" data-element_type=\"container\" data-e-type=\"container\" data-settings=\"{&quot;ekit_has_onepagescroll_dot&quot;:&quot;yes&quot;}\">\n\t\t\t\t<div class=\"elementor-element elementor-element-2d15f8c elementor-widget__width-auto elementor-widget elementor-widget-global elementor-global-2669 elementor-widget-button\" data-id=\"2d15f8c\" data-element_type=\"widget\" data-e-type=\"widget\" data-settings=\"{&quot;ekit_we_effect_on&quot;:&quot;none&quot;}\" data-widget_type=\"button.default\">\n\t\t\t\t<div class=\"elementor-widget-container\">\n\t\t\t\t\t\t\t\t\t<div class=\"elementor-button-wrapper\">\n\t\t\t\t\t<a class=\"elementor-button elementor-button-link elementor-size-sm\" href=\"https:\/\/be.synxis.com\/?_ga=2.264618191.1946620487.1737823753-945747624.1737823753&#038;_gac=1.189891033.1737823753.CjwKCAiAtNK8BhBBEiwA8wVt9w6uVHD8PtXiYgyXS7an3kEesNtOBl64lLkEShAyk8ZbeDh3dUyyHRoCsBIQAvD_BwE&#038;_gl=1*ftjhm3*_ga*MTI3NjQ0NTgwLjE3NDY1OTk1NDY.*_ga_MCVXMZHT1W*czE3NDczMTYyMjQkbzUyJGcxJHQxNzQ3MzE4Mzg0JGowJGwwJGgw*_gcl_aw*R0NMLjE3NDU0OTk4NDIuQ2p3S0NBand3cWZBQmhCY0Vpd0FaSmpDM2lMd3RaOGNtWnpHMmNaa0VRV2w2NGYzMFpiclJxYjYxX0JtdTV3Ull1RTRmcWYtMlo0NVVob0NfVU1RQXZEX0J3RQ..*_gcl_au*MTk5ODIyNzc0MC4xNzQ2MDg1NDk0&#038;adult=2&#038;arrive=2025-05-15&#038;chain=5154&#038;child=0&#038;config=SBE_Ascona_V1&#038;currency=CHF&#038;depart=2025-05-16&#038;hotel=58544&#038;level=hotel&#038;locale=de-DE&#038;productcurrency=CHF&#038;rooms=1&#038;theme=SBE_Ascona_V1\" target=\"_blank\" rel=\"noopener noreferrer nofollow\">\n\t\t\t\t\t\t<span class=\"elementor-button-content-wrapper\">\n\t\t\t\t\t\t\t\t\t<span class=\"elementor-button-text\">buchen<\/span>\n\t\t\t\t\t<\/span>\n\t\t\t\t\t<\/a>\n\t\t\t\t<\/div>\n\t\t\t\t\t\t\t\t<\/div>\n\t\t\t\t<\/div>\n\t\t\t\t<\/div>\n\t\t\t\t<\/div>\n\t\t\t\t<\/div>\n\t\t<div class=\"elementor-element elementor-element-4825a26 e-con-full e-flex e-con e-child\" data-id=\"4825a26\" data-element_type=\"container\" data-e-type=\"container\" data-settings=\"{&quot;ekit_has_onepagescroll_dot&quot;:&quot;yes&quot;}\">\n\t\t<div class=\"elementor-element elementor-element-f9498ae e-con-full e-flex e-con e-child\" data-id=\"f9498ae\" data-element_type=\"container\" data-e-type=\"container\" data-settings=\"{&quot;ekit_has_onepagescroll_dot&quot;:&quot;yes&quot;}\">\n\t\t<div class=\"elementor-element elementor-element-b7eb4d9 e-con-full e-flex e-con e-child\" data-id=\"b7eb4d9\" data-element_type=\"container\" data-e-type=\"container\" data-settings=\"{&quot;ekit_has_onepagescroll_dot&quot;:&quot;yes&quot;}\">\n\t\t\t\t<div class=\"elementor-element elementor-element-844e970 elementor-widget elementor-widget-heading\" data-id=\"844e970\" data-element_type=\"widget\" data-e-type=\"widget\" data-settings=\"{&quot;ekit_we_effect_on&quot;:&quot;none&quot;}\" data-widget_type=\"heading.default\">\n\t\t\t\t<div class=\"elementor-widget-container\">\n\t\t\t\t\t<h5 class=\"elementor-heading-title elementor-size-default\">Details<\/h5>\t\t\t\t<\/div>\n\t\t\t\t<\/div>\n\t\t\t\t<div class=\"elementor-element elementor-element-f60eb84 elementor-widget elementor-widget-shortcode\" data-id=\"f60eb84\" data-element_type=\"widget\" data-e-type=\"widget\" data-settings=\"{&quot;ekit_we_effect_on&quot;:&quot;none&quot;}\" data-widget_type=\"shortcode.default\">\n\t\t\t\t<div class=\"elementor-widget-container\">\n\t\t\t\t\t\t\t<div class=\"elementor-shortcode\"><div class=\"room-details\"><div class=\"room-detail-item\"><img decoding=\"async\" src=\"https:\/\/giardinohotels.ch\/wp-content\/uploads\/2025\/08\/GA_Icon-Zimmer-Webseite_250710_Zimmer-Groesse.svg\" alt=\"\" class=\"room-detail-icon\" title=\"\"><span class=\"room-detail-text\">ca. 34 m2<\/span><\/div><div class=\"room-detail-item\"><img decoding=\"async\" src=\"https:\/\/giardinohotels.ch\/wp-content\/uploads\/2025\/09\/GA_Icon-Zimmer-Webseite_250903_Loggia.svg\" alt=\"Lodga Icon\" class=\"room-detail-icon\" title=\"\"><span class=\"room-detail-text\">Loggia ca. 6 m2<\/span><\/div><div class=\"room-detail-item\"><img decoding=\"async\" src=\"https:\/\/giardinohotels.ch\/wp-content\/uploads\/2025\/08\/GA_Icon-Zimmer-Webseite_250710_Check-in-out.svg\" alt=\"\" class=\"room-detail-icon\" title=\"\"><span class=\"room-detail-text\">Check-in ab 15 Uhr \/ Check-out bis 11 Uhr<\/span><\/div><div class=\"room-detail-item\"><img decoding=\"async\" src=\"https:\/\/giardinohotels.ch\/wp-content\/uploads\/2025\/08\/GA_Icon-Zimmer-Webseite_250710_Sicht-Berge.svg\" alt=\"\" class=\"room-detail-icon\" title=\"\"><span class=\"room-detail-text\">Balkon mit Sicht auf die Berge<\/span><\/div><div class=\"room-detail-item\"><img decoding=\"async\" src=\"https:\/\/giardinohotels.ch\/wp-content\/uploads\/2025\/08\/GA_Icon-Zimmer-Webseite_250710_Dusche.svg\" alt=\"\" class=\"room-detail-icon\" title=\"\"><span class=\"room-detail-text\">Badezimmer mit Dusche<\/span><\/div><div class=\"room-detail-item\"><img decoding=\"async\" src=\"https:\/\/giardinohotels.ch\/wp-content\/uploads\/2025\/08\/GA_Icon-Zimmer-Webseite_250710_Badewanne.svg\" alt=\"\" class=\"room-detail-icon\" title=\"\"><span class=\"room-detail-text\">Badewanne<\/span><\/div><div class=\"room-detail-item\"><img decoding=\"async\" src=\"https:\/\/giardinohotels.ch\/wp-content\/uploads\/2025\/08\/GA_Icon-Zimmer-Webseite_250710_Spa-und-Fitness.svg\" alt=\"\" class=\"room-detail-icon\" title=\"\"><span class=\"room-detail-text\">Kostenfreier Zugang zum Spa und Fitnessstudio<\/span><\/div><div class=\"room-detail-item\"><img decoding=\"async\" src=\"https:\/\/giardinohotels.ch\/wp-content\/uploads\/2025\/08\/GA_Icon-Zimmer-Webseite_250710_Pflegeprodukte.svg\" alt=\"\" class=\"room-detail-icon\" title=\"\"><span class=\"room-detail-text\">Pflegeprodukte der hauseigenen Linie dipi\u00f9 mit nat\u00fcrlichen Inhaltsstoffen aus dem Tessin<\/span><\/div><div class=\"room-detail-item\"><img decoding=\"async\" src=\"https:\/\/giardinohotels.ch\/wp-content\/uploads\/2025\/08\/GA_Icon-Zimmer-Webseite_250710_Kaffeemaschine.svg\" alt=\"\" class=\"room-detail-icon\" title=\"\"><span class=\"room-detail-text\">Nespresso Kaffeemaschine<\/span><\/div><div class=\"room-detail-item\"><img decoding=\"async\" src=\"https:\/\/giardinohotels.ch\/wp-content\/uploads\/2025\/08\/GA_Icon-Zimmer-Webseite_250710_Minibar.svg\" alt=\"\" class=\"room-detail-icon\" title=\"\"><span class=\"room-detail-text\">Minibar<\/span><\/div><div class=\"room-detail-item\"><img decoding=\"async\" src=\"https:\/\/giardinohotels.ch\/wp-content\/uploads\/2025\/09\/GA_Icon-Zimmer-Webseite_250903_Zimmersafe.svg\" alt=\"Zimmersafe Icon\" class=\"room-detail-icon\" title=\"\"><span class=\"room-detail-text\">Zimmersafe<\/span><\/div><\/div><\/div>\n\t\t\t\t\t\t<\/div>\n\t\t\t\t<\/div>\n\t\t\t\t<div class=\"elementor-element elementor-element-c8ffd73 elementor-icon-list--layout-traditional elementor-list-item-link-full_width elementor-widget elementor-widget-global elementor-global-2545 elementor-widget-icon-list\" data-id=\"c8ffd73\" data-element_type=\"widget\" data-e-type=\"widget\" data-settings=\"{&quot;ekit_we_effect_on&quot;:&quot;none&quot;}\" data-widget_type=\"icon-list.default\">\n\t\t\t\t<div class=\"elementor-widget-container\">\n\t\t\t\t\t\t\t<ul class=\"elementor-icon-list-items\">\n\t\t\t\t\t\t\t<li class=\"elementor-icon-list-item\">\n\t\t\t\t\t\t\t\t\t\t\t<span class=\"elementor-icon-list-icon\">\n\t\t\t\t\t\t\t<i aria-hidden=\"true\" class=\"fas fa-circle\"><\/i>\t\t\t\t\t\t<\/span>\n\t\t\t\t\t\t\t\t\t\t<span class=\"elementor-icon-list-text\">Kinder im Alter von 0-12: kostenfrei<\/span>\n\t\t\t\t\t\t\t\t\t<\/li>\n\t\t\t\t\t\t\t\t<li class=\"elementor-icon-list-item\">\n\t\t\t\t\t\t\t\t\t\t\t<span class=\"elementor-icon-list-icon\">\n\t\t\t\t\t\t\t<i aria-hidden=\"true\" class=\"fas fa-circle\"><\/i>\t\t\t\t\t\t<\/span>\n\t\t\t\t\t\t\t\t\t\t<span class=\"elementor-icon-list-text\">Kinder ab 13 Jahren: CHF 170\/Kind <br>im Zimmer der Eltern inkl. Fr\u00fchst\u00fcck<\/span>\n\t\t\t\t\t\t\t\t\t<\/li>\n\t\t\t\t\t\t<\/ul>\n\t\t\t\t\t\t<\/div>\n\t\t\t\t<\/div>\n\t\t\t\t<\/div>\n\t\t\t\t<\/div>\n\t\t\t\t<\/div>\n\t\t\t\t\t<\/div>\n\t\t\t\t<\/div>\n\t\t<div class=\"elementor-element elementor-element-df24623 e-con-full e-flex e-con e-parent\" data-id=\"df24623\" data-element_type=\"container\" data-e-type=\"container\" data-settings=\"{&quot;ekit_has_onepagescroll_dot&quot;:&quot;yes&quot;}\">\n\t\t\t\t<div class=\"elementor-element elementor-element-8ceda8d elementor-widget elementor-widget-template\" data-id=\"8ceda8d\" data-element_type=\"widget\" data-e-type=\"widget\" data-settings=\"{&quot;ekit_we_effect_on&quot;:&quot;none&quot;}\" data-widget_type=\"template.default\">\n\t\t\t\t<div class=\"elementor-widget-container\">\n\t\t\t\t\t\t\t<div class=\"elementor-template\">\n\t\t\t\t\t<div data-elementor-type=\"container\" data-elementor-id=\"2572\" class=\"elementor elementor-2572\" data-elementor-post-type=\"elementor_library\">\n\t\t\t\t<div class=\"elementor-element elementor-element-34b71dfa e-flex e-con-boxed e-con e-parent\" data-id=\"34b71dfa\" data-element_type=\"container\" data-e-type=\"container\" data-settings=\"{&quot;background_background&quot;:&quot;classic&quot;,&quot;ekit_has_onepagescroll_dot&quot;:&quot;yes&quot;}\">\n\t\t\t\t\t<div class=\"e-con-inner\">\n\t\t\t\t<div class=\"elementor-element elementor-element-65049da7 elementor-widget__width-auto elementor-widget elementor-widget-image\" data-id=\"65049da7\" data-element_type=\"widget\" data-e-type=\"widget\" data-settings=\"{&quot;ekit_we_effect_on&quot;:&quot;none&quot;}\" data-widget_type=\"image.default\">\n\t\t\t\t<div class=\"elementor-widget-container\">\n\t\t\t\t\t\t\t\t\t\t\t\t\t\t\t\t<a href=\"https:\/\/giardinohotels.ch\/de\/ascona\/\">\n\t\t\t\t\t\t\t<img fetchpriority=\"high\" decoding=\"async\" width=\"1024\" height=\"350\" src=\"https:\/\/giardinohotels.ch\/wp-content\/uploads\/2024\/12\/GA_Logo_RGB_10cm_300dpi-1024x350.png\" class=\"attachment-large size-large wp-image-661\" alt=\"\" srcset=\"https:\/\/giardinohotels.ch\/wp-content\/uploads\/2024\/12\/GA_Logo_RGB_10cm_300dpi-1024x350.png 1024w, https:\/\/giardinohotels.ch\/wp-content\/uploads\/2024\/12\/GA_Logo_RGB_10cm_300dpi-300x103.png 300w, https:\/\/giardinohotels.ch\/wp-content\/uploads\/2024\/12\/GA_Logo_RGB_10cm_300dpi-768x263.png 768w, https:\/\/giardinohotels.ch\/wp-content\/uploads\/2024\/12\/GA_Logo_RGB_10cm_300dpi.png 1181w\" sizes=\"(max-width: 1024px) 100vw, 1024px\" title=\"\">\t\t\t\t\t\t\t\t<\/a>\n\t\t\t\t\t\t\t\t\t\t\t\t\t\t\t<\/div>\n\t\t\t\t<\/div>\n\t\t\t\t<div class=\"elementor-element elementor-element-5c526d82 adresse, fusszeile elementor-widget elementor-widget-text-editor\" data-id=\"5c526d82\" data-element_type=\"widget\" data-e-type=\"widget\" data-settings=\"{&quot;ekit_we_effect_on&quot;:&quot;none&quot;}\" data-widget_type=\"text-editor.default\">\n\t\t\t\t<div class=\"elementor-widget-container\">\n\t\t\t\t\t\t\t\t\t<p>Giardino Ascona<br \/><a href=\"https:\/\/maps.app.goo.gl\/jZDgPvY9mqTxzN7w7\" target=\"_blank\" rel=\"noopener noreferrer nofollow\">Via del Segnale 10<\/a><br \/>6612 Ascona<br \/>Telefon <a href=\"tel:+41917858888\">+41 91 785 88 88<\/a><\/p>\t\t\t\t\t\t\t\t<\/div>\n\t\t\t\t<\/div>\n\t\t\t\t<div class=\"elementor-element elementor-element-3def4ea7 elementor-widget elementor-widget-elementskit-social-media\" data-id=\"3def4ea7\" data-element_type=\"widget\" data-e-type=\"widget\" data-settings=\"{&quot;ekit_we_effect_on&quot;:&quot;none&quot;}\" data-widget_type=\"elementskit-social-media.default\">\n\t\t\t\t<div class=\"elementor-widget-container\">\n\t\t\t\t\t<div class=\"ekit-wid-con\" >\t\t\t <ul class=\"ekit_social_media\">\n\t\t\t\t\t\t\t\t\t\t\t\t\t\t<li class=\"elementor-repeater-item-0b64897\">\n\t\t\t\t\t    <a href=\"https:\/\/www.facebook.com\/giardino.ascona\/\" aria-label=\"Facebook\" class=\"facebook\" target=\"_blank\" rel=\"noopener noreferrer nofollow\">\n\t\t\t\t\t\t\t\n\t\t\t\t\t\t\t<i aria-hidden=\"true\" class=\"icon icon-facebook\"><\/i>\n                                                                                                            <\/a>\n                    <\/li>\n                    \t\t\t\t\t\t\t\t\t\t\t\t\t\t<li class=\"elementor-repeater-item-ccbd3bb\">\n\t\t\t\t\t    <a href=\"https:\/\/www.instagram.com\/giardino.ascona\/\" aria-label=\"Instagram\" class=\"instagram\" target=\"_blank\" rel=\"noopener noreferrer nofollow\">\n\t\t\t\t\t\t\t\n\t\t\t\t\t\t\t<i aria-hidden=\"true\" class=\"fab fa-instagram\"><\/i>\n                                                                                                            <\/a>\n                    <\/li>\n                    \t\t\t\t\t\t\t\t\t\t\t\t\t\t<li class=\"elementor-repeater-item-c13392f\">\n\t\t\t\t\t    <a href=\"https:\/\/www.linkedin.com\/company\/giardino-hotels\/\" aria-label=\"Linked-in\" class=\"linkedin\" target=\"_blank\" rel=\"noopener noreferrer nofollow\">\n\t\t\t\t\t\t\t\n\t\t\t\t\t\t\t<i aria-hidden=\"true\" class=\"icon icon-linkedin\"><\/i>\n                                                                                                            <\/a>\n                    <\/li>\n                    \t\t\t\t\t\t\t<\/ul>\n\t\t<\/div>\t\t\t\t<\/div>\n\t\t\t\t<\/div>\n\t\t\t\t<div class=\"elementor-element elementor-element-31b16978 elementor-widget__width-auto elementor-widget elementor-widget-button\" data-id=\"31b16978\" data-element_type=\"widget\" data-e-type=\"widget\" data-settings=\"{&quot;ekit_we_effect_on&quot;:&quot;none&quot;}\" data-widget_type=\"button.default\">\n\t\t\t\t<div class=\"elementor-widget-container\">\n\t\t\t\t\t\t\t\t\t<div class=\"elementor-button-wrapper\">\n\t\t\t\t\t<a class=\"elementor-button elementor-button-link elementor-size-sm\" href=\"https:\/\/giardinohotels.us7.list-manage.com\/subscribe?u=3f2fbc1098648a410ef17138d&#038;id=50a2d279a7\" target=\"_blank\" rel=\"noopener noreferrer nofollow\">\n\t\t\t\t\t\t<span class=\"elementor-button-content-wrapper\">\n\t\t\t\t\t\t\t\t\t<span class=\"elementor-button-text\">Newsletter abonnieren<\/span>\n\t\t\t\t\t<\/span>\n\t\t\t\t\t<\/a>\n\t\t\t\t<\/div>\n\t\t\t\t\t\t\t\t<\/div>\n\t\t\t\t<\/div>\n\t\t\t\t\t<\/div>\n\t\t\t\t<\/div>\n\t\t\t\t<\/div>\n\t\t\t\t<\/div>\n\t\t\t\t\t\t<\/div>\n\t\t\t\t<\/div>\n\t\t\t\t<\/div>\n\t\t\t\t<\/div>\n\t\t","protected":false},"excerpt":{"rendered":"<p>&lt; Alle Zimmer und Suiten Doppelzimmer Morgensonne Mit der Morgensonne auf dem Kissen erwachen, den Blick \u00fcber die Tessiner Berge schweifen lassen und ganz entspannt in den Tag starten. Frische Luft, sanftes Licht und Ihr ganz pers\u00f6nlicher Moment, der dazu einl\u00e4dt, einfach noch ein wenig zu verweilen. Luxuri\u00f6ses Doppelbett, Matratzengr\u00f6sse 90 x 200 cm, auf [&hellip;]<\/p>\n","protected":false},"author":1,"featured_media":0,"parent":2647,"menu_order":2,"comment_status":"closed","ping_status":"closed","template":"","meta":{"_acf_changed":false,"site-sidebar-layout":"no-sidebar","site-content-layout":"page-builder","ast-site-content-layout":"full-width-container","site-content-style":"default","site-sidebar-style":"default","ast-global-header-display":"","ast-banner-title-visibility":"","ast-main-header-display":"","ast-hfb-above-header-display":"","ast-hfb-below-header-display":"","ast-hfb-mobile-header-display":"","site-post-title":"disabled","ast-breadcrumbs-content":"","ast-featured-img":"disabled","footer-sml-layout":"","ast-disable-related-posts":"","theme-transparent-header-meta":"","adv-header-id-meta":"","stick-header-meta":"","header-above-stick-meta":"","header-main-stick-meta":"","header-below-stick-meta":"","astra-migrate-meta-layouts":"set","ast-page-background-enabled":"default","ast-page-background-meta":{"desktop":{"background-color":"","background-image":"","background-repeat":"repeat","background-position":"center center","background-size":"auto","background-attachment":"scroll","background-type":"","background-media":"","overlay-type":"","overlay-color":"","overlay-opacity":"","overlay-gradient":""},"tablet":{"background-color":"","background-image":"","background-repeat":"repeat","background-position":"center center","background-size":"auto","background-attachment":"scroll","background-type":"","background-media":"","overlay-type":"","overlay-color":"","overlay-opacity":"","overlay-gradient":""},"mobile":{"background-color":"","background-image":"","background-repeat":"repeat","background-position":"center center","background-size":"auto","background-attachment":"scroll","background-type":"","background-media":"","overlay-type":"","overlay-color":"","overlay-opacity":"","overlay-gradient":""}},"ast-content-background-meta":{"desktop":{"background-color":"var(--ast-global-color-5)","background-image":"","background-repeat":"repeat","background-position":"center center","background-size":"auto","background-attachment":"scroll","background-type":"","background-media":"","overlay-type":"","overlay-color":"","overlay-opacity":"","overlay-gradient":""},"tablet":{"background-color":"var(--ast-global-color-5)","background-image":"","background-repeat":"repeat","background-position":"center center","background-size":"auto","background-attachment":"scroll","background-type":"","background-media":"","overlay-type":"","overlay-color":"","overlay-opacity":"","overlay-gradient":""},"mobile":{"background-color":"var(--ast-global-color-5)","background-image":"","background-repeat":"repeat","background-position":"center center","background-size":"auto","background-attachment":"scroll","background-type":"","background-media":"","overlay-type":"","overlay-color":"","overlay-opacity":"","overlay-gradient":""}},"footnotes":""},"class_list":["post-2706","page","type-page","status-publish","hentry"],"acf":[],"publishpress_future_action":{"enabled":false,"date":"2026-05-06 21:32:59","action":"change-status","newStatus":"draft","terms":[],"taxonomy":"translation_priority","extraData":[]},"publishpress_future_workflow_manual_trigger":{"enabledWorkflows":[]},"ase":null,"_links":{"self":[{"href":"https:\/\/giardinohotels.ch\/de\/wp-json\/wp\/v2\/pages\/2706","targetHints":{"allow":["GET"]}}],"collection":[{"href":"https:\/\/giardinohotels.ch\/de\/wp-json\/wp\/v2\/pages"}],"about":[{"href":"https:\/\/giardinohotels.ch\/de\/wp-json\/wp\/v2\/types\/page"}],"author":[{"embeddable":true,"href":"https:\/\/giardinohotels.ch\/de\/wp-json\/wp\/v2\/users\/1"}],"replies":[{"embeddable":true,"href":"https:\/\/giardinohotels.ch\/de\/wp-json\/wp\/v2\/comments?post=2706"}],"version-history":[{"count":30,"href":"https:\/\/giardinohotels.ch\/de\/wp-json\/wp\/v2\/pages\/2706\/revisions"}],"predecessor-version":[{"id":32700,"href":"https:\/\/giardinohotels.ch\/de\/wp-json\/wp\/v2\/pages\/2706\/revisions\/32700"}],"up":[{"embeddable":true,"href":"https:\/\/giardinohotels.ch\/de\/wp-json\/wp\/v2\/pages\/2647"}],"wp:attachment":[{"href":"https:\/\/giardinohotels.ch\/de\/wp-json\/wp\/v2\/media?parent=2706"}],"curies":[{"name":"wp","href":"https:\/\/api.w.org\/{rel}","templated":true}]}}