{"id":2647,"date":"2025-01-25T17:19:43","date_gmt":"2025-01-25T16:19:43","guid":{"rendered":"https:\/\/giardinohotels.ch\/ascona\/zimmer-und-suiten\/"},"modified":"2026-03-30T22:10:26","modified_gmt":"2026-03-30T20:10:26","slug":"zimmer-und-suiten","status":"publish","type":"page","link":"https:\/\/giardinohotels.ch\/de\/ascona\/zimmer-und-suiten\/","title":{"rendered":"Zimmer und Suiten"},"content":{"rendered":"\t\t<div data-elementor-type=\"wp-page\" data-elementor-id=\"2647\" class=\"elementor elementor-2647\" data-elementor-post-type=\"page\">\n\t\t\t\t<div class=\"elementor-element elementor-element-e751262 e-con-full e-flex e-con e-parent\" data-id=\"e751262\" data-element_type=\"container\" data-e-type=\"container\" data-settings=\"{&quot;ekit_has_onepagescroll_dot&quot;:&quot;yes&quot;}\">\n\t\t\t\t<div class=\"elementor-element elementor-element-a9ce44b slider elementor-widget elementor-widget-image-carousel\" data-id=\"a9ce44b\" data-element_type=\"widget\" data-e-type=\"widget\" data-settings=\"{&quot;navigation&quot;:&quot;none&quot;,&quot;image_spacing_custom&quot;:{&quot;unit&quot;:&quot;px&quot;,&quot;size&quot;:5,&quot;sizes&quot;:[]},&quot;autoplay&quot;:&quot;yes&quot;,&quot;autoplay_speed&quot;:5000,&quot;infinite&quot;:&quot;yes&quot;,&quot;speed&quot;:500,&quot;image_spacing_custom_tablet&quot;:{&quot;unit&quot;:&quot;px&quot;,&quot;size&quot;:&quot;&quot;,&quot;sizes&quot;:[]},&quot;image_spacing_custom_mobile&quot;:{&quot;unit&quot;:&quot;px&quot;,&quot;size&quot;:&quot;&quot;,&quot;sizes&quot;:[]},&quot;ekit_we_effect_on&quot;:&quot;none&quot;}\" data-widget_type=\"image-carousel.default\">\n\t\t\t\t<div class=\"elementor-widget-container\">\n\t\t\t\t\t\t\t<div class=\"elementor-image-carousel-wrapper swiper\" role=\"region\" aria-roledescription=\"carousel\" aria-label=\"Bild Karussell\" dir=\"ltr\">\n\t\t\t<div class=\"elementor-image-carousel swiper-wrapper swiper-image-stretch\" aria-live=\"off\">\n\t\t\t\t\t\t\t\t<div class=\"swiper-slide\" role=\"group\" aria-roledescription=\"slide\" aria-label=\"1 von 7\"><figure class=\"swiper-slide-inner\"><img decoding=\"async\" class=\"swiper-slide-image\" src=\"https:\/\/giardinohotels.ch\/wp-content\/uploads\/2026\/02\/03_Double-Room-South_RGB_Low_PARM_01-GD-Filter-1.jpg\" alt=\"03_Double Room South_RGB_Low_PARM_01-GD-Filter\" title=\"\"><\/figure><\/div><div class=\"swiper-slide\" role=\"group\" aria-roledescription=\"slide\" aria-label=\"2 von 7\"><figure class=\"swiper-slide-inner\"><img decoding=\"async\" class=\"swiper-slide-image\" src=\"https:\/\/giardinohotels.ch\/wp-content\/uploads\/2025\/08\/GA_Room_Models-Breakfast_RGB_Low_DTS_07-3.jpg\" alt=\"GA_Room_Models Breakfast_RGB_Low_DTS_07\" title=\"\"><\/figure><\/div><div class=\"swiper-slide\" role=\"group\" aria-roledescription=\"slide\" aria-label=\"3 von 7\"><figure class=\"swiper-slide-inner\"><img decoding=\"async\" class=\"swiper-slide-image\" src=\"https:\/\/giardinohotels.ch\/wp-content\/uploads\/2025\/08\/GA_Double-Room_Casa-Rosa_RGB_Low_GUPF_03.jpg\" alt=\"GA_Double Room_Casa Rosa_RGB_Low_GUPF_03\" title=\"\"><\/figure><\/div><div class=\"swiper-slide\" role=\"group\" aria-roledescription=\"slide\" aria-label=\"4 von 7\"><figure class=\"swiper-slide-inner\"><img decoding=\"async\" class=\"swiper-slide-image\" src=\"https:\/\/giardinohotels.ch\/wp-content\/uploads\/2025\/08\/GA_Suite_Sud_RGB_Low_GUPF_01_h.jpg\" alt=\"GA_Suite_Sud_RGB_Low_GUPF_01_h\" title=\"\"><\/figure><\/div><div class=\"swiper-slide\" role=\"group\" aria-roledescription=\"slide\" aria-label=\"5 von 7\"><figure class=\"swiper-slide-inner\"><img decoding=\"async\" class=\"swiper-slide-image\" src=\"https:\/\/giardinohotels.ch\/wp-content\/uploads\/2026\/02\/06_Suite-Morning-Sun_Low_PARM_03-GD-Filter-1.jpg\" alt=\"06_Suite Morning Sun_Low_PARM_03-GD-Filter\" title=\"\"><\/figure><\/div><div class=\"swiper-slide\" role=\"group\" aria-roledescription=\"slide\" aria-label=\"6 von 7\"><figure class=\"swiper-slide-inner\"><img decoding=\"async\" class=\"swiper-slide-image\" src=\"https:\/\/giardinohotels.ch\/wp-content\/uploads\/2026\/02\/02_Double-Room-Morning-Sun_RGB_Low_GMA_05bis-GD-Filter-1.jpg\" alt=\"02_Double Room Morning Sun_RGB_Low_GMA_05bis-GD-Filter\" title=\"\"><\/figure><\/div><div class=\"swiper-slide\" role=\"group\" aria-roledescription=\"slide\" aria-label=\"7 von 7\"><figure class=\"swiper-slide-inner\"><img decoding=\"async\" class=\"swiper-slide-image\" src=\"https:\/\/giardinohotels.ch\/wp-content\/uploads\/2025\/08\/GA_Double-Room_Sud_RGB_Low_GUPF_03_h.jpg\" alt=\"GA_Double Room_Sud_RGB_Low_GUPF_03_h\" title=\"\"><\/figure><\/div>\t\t\t<\/div>\n\t\t\t\t\t\t\t\n\t\t\t\t\t\t\t\t\t<\/div>\n\t\t\t\t\t\t<\/div>\n\t\t\t\t<\/div>\n\t\t\t\t<div class=\"elementor-element elementor-element-23c591d slider elementor-hidden-mobile elementor-widget elementor-widget-image-carousel\" data-id=\"23c591d\" data-element_type=\"widget\" data-e-type=\"widget\" data-settings=\"{&quot;navigation&quot;:&quot;none&quot;,&quot;image_spacing_custom&quot;:{&quot;unit&quot;:&quot;px&quot;,&quot;size&quot;:5,&quot;sizes&quot;:[]},&quot;autoplay&quot;:&quot;yes&quot;,&quot;autoplay_speed&quot;:5000,&quot;infinite&quot;:&quot;yes&quot;,&quot;speed&quot;:500,&quot;image_spacing_custom_tablet&quot;:{&quot;unit&quot;:&quot;px&quot;,&quot;size&quot;:&quot;&quot;,&quot;sizes&quot;:[]},&quot;image_spacing_custom_mobile&quot;:{&quot;unit&quot;:&quot;px&quot;,&quot;size&quot;:&quot;&quot;,&quot;sizes&quot;:[]},&quot;ekit_we_effect_on&quot;:&quot;none&quot;}\" data-widget_type=\"image-carousel.default\">\n\t\t\t\t<div class=\"elementor-widget-container\">\n\t\t\t\t\t\t\t<div class=\"elementor-image-carousel-wrapper swiper\" role=\"region\" aria-roledescription=\"carousel\" aria-label=\"Bild Karussell\" dir=\"ltr\">\n\t\t\t<div class=\"elementor-image-carousel swiper-wrapper swiper-image-stretch\" aria-live=\"off\">\n\t\t\t\t\t\t\t\t<div class=\"swiper-slide\" role=\"group\" aria-roledescription=\"slide\" aria-label=\"1 von 7\"><figure class=\"swiper-slide-inner\"><img decoding=\"async\" class=\"swiper-slide-image\" src=\"https:\/\/giardinohotels.ch\/wp-content\/uploads\/2025\/08\/GA_Room_Models-Breakfast_RGB_Low_DTS_01.jpg\" alt=\"GA_Room_Models Breakfast_RGB_Low_DTS_01\" title=\"\"><\/figure><\/div><div class=\"swiper-slide\" role=\"group\" aria-roledescription=\"slide\" aria-label=\"2 von 7\"><figure class=\"swiper-slide-inner\"><img decoding=\"async\" class=\"swiper-slide-image\" src=\"https:\/\/giardinohotels.ch\/wp-content\/uploads\/2026\/02\/07_Suite-South_RGB_Low_PARM_01-GD-Filter-1.jpg\" alt=\"07_Suite South_RGB_Low_PARM_01-GD-Filter\" title=\"\"><\/figure><\/div><div class=\"swiper-slide\" role=\"group\" aria-roledescription=\"slide\" aria-label=\"3 von 7\"><figure class=\"swiper-slide-inner\"><img decoding=\"async\" class=\"swiper-slide-image\" src=\"https:\/\/giardinohotels.ch\/wp-content\/uploads\/2026\/02\/03_Double-Room-South_RGB_Low_PARM_10-GD-Filter-1.jpg\" alt=\"03_Double Room South_RGB_Low_PARM_10-GD-Filter\" title=\"\"><\/figure><\/div><div class=\"swiper-slide\" role=\"group\" aria-roledescription=\"slide\" aria-label=\"4 von 7\"><figure class=\"swiper-slide-inner\"><img decoding=\"async\" class=\"swiper-slide-image\" src=\"https:\/\/giardinohotels.ch\/wp-content\/uploads\/2025\/08\/GA_Room_Models-Breakfast_RGB_Low_DTS_09.jpg\" alt=\"GA_Room_Models Breakfast_RGB_Low_DTS_09\" title=\"\"><\/figure><\/div><div class=\"swiper-slide\" role=\"group\" aria-roledescription=\"slide\" aria-label=\"5 von 7\"><figure class=\"swiper-slide-inner\"><img decoding=\"async\" class=\"swiper-slide-image\" src=\"https:\/\/giardinohotels.ch\/wp-content\/uploads\/2026\/02\/GA_Junior-Suite_South_RGB_Low_PARM_01-GD-Filter.jpg\" alt=\"GA_Junior Suite_South_RGB_Low_PARM_01-GD-Filter\" title=\"\"><\/figure><\/div><div class=\"swiper-slide\" role=\"group\" aria-roledescription=\"slide\" aria-label=\"6 von 7\"><figure class=\"swiper-slide-inner\"><img decoding=\"async\" class=\"swiper-slide-image\" src=\"https:\/\/giardinohotels.ch\/wp-content\/uploads\/2026\/02\/03_Double-Room-South_RGB_Low_PARM_02-GD-Filter-1.jpg\" alt=\"03_Double Room South_RGB_Low_PARM_02-GD-Filter\" title=\"\"><\/figure><\/div><div class=\"swiper-slide\" role=\"group\" aria-roledescription=\"slide\" aria-label=\"7 von 7\"><figure class=\"swiper-slide-inner\"><img decoding=\"async\" class=\"swiper-slide-image\" src=\"https:\/\/giardinohotels.ch\/wp-content\/uploads\/2026\/02\/07_Suite-South_RGB_Low_PARM_05-GD-Filter-1.jpg\" alt=\"07_Suite South_RGB_Low_PARM_05-GD-Filter\" title=\"\"><\/figure><\/div>\t\t\t<\/div>\n\t\t\t\t\t\t\t\n\t\t\t\t\t\t\t\t\t<\/div>\n\t\t\t\t\t\t<\/div>\n\t\t\t\t<\/div>\n\t\t\t\t<\/div>\n\t\t<div class=\"elementor-element elementor-element-311f3d8 bbts nospaceP e-flex e-con-boxed e-con e-parent\" data-id=\"311f3d8\" data-element_type=\"container\" data-e-type=\"container\" data-settings=\"{&quot;ekit_has_onepagescroll_dot&quot;:&quot;yes&quot;}\">\n\t\t\t\t\t<div class=\"e-con-inner\">\n\t\t<div class=\"elementor-element elementor-element-d2bf411 e-con-full e-flex e-con e-child\" data-id=\"d2bf411\" data-element_type=\"container\" data-e-type=\"container\" data-settings=\"{&quot;ekit_has_onepagescroll_dot&quot;:&quot;yes&quot;}\">\n\t\t\t\t<div class=\"elementor-element elementor-element-0708f66 elementor-widget elementor-widget-heading\" data-id=\"0708f66\" data-element_type=\"widget\" data-e-type=\"widget\" data-settings=\"{&quot;ekit_we_effect_on&quot;:&quot;none&quot;}\" data-widget_type=\"heading.default\">\n\t\t\t\t<div class=\"elementor-widget-container\">\n\t\t\t\t\t<h1 class=\"elementor-heading-title elementor-size-default\">Zimmer &amp; Suiten<\/h1>\t\t\t\t<\/div>\n\t\t\t\t<\/div>\n\t\t\t\t<\/div>\n\t\t\t\t\t<\/div>\n\t\t\t\t<\/div>\n\t\t<div class=\"elementor-element elementor-element-2f3cf2f nospaceP e-flex e-con-boxed e-con e-parent\" data-id=\"2f3cf2f\" data-element_type=\"container\" data-e-type=\"container\" data-settings=\"{&quot;ekit_has_onepagescroll_dot&quot;:&quot;yes&quot;}\">\n\t\t\t\t\t<div class=\"e-con-inner\">\n\t\t<div class=\"elementor-element elementor-element-f93d3d1 e-con-full e-flex e-con e-child\" data-id=\"f93d3d1\" data-element_type=\"container\" data-e-type=\"container\" data-settings=\"{&quot;ekit_has_onepagescroll_dot&quot;:&quot;yes&quot;}\">\n\t\t<div class=\"elementor-element elementor-element-af9dae3 e-con-full e-flex e-con e-child\" data-id=\"af9dae3\" data-element_type=\"container\" data-e-type=\"container\" data-settings=\"{&quot;ekit_has_onepagescroll_dot&quot;:&quot;yes&quot;}\">\n\t\t\t\t<div class=\"elementor-element elementor-element-036b33a linkspacer elementor-widget elementor-widget-text-editor\" data-id=\"036b33a\" data-element_type=\"widget\" data-e-type=\"widget\" data-settings=\"{&quot;ekit_we_effect_on&quot;:&quot;none&quot;}\" data-widget_type=\"text-editor.default\">\n\t\t\t\t<div class=\"elementor-widget-container\">\n\t\t\t\t\t\t\t\t\t<p>Das Hotel Giardino Ascona bietet sieben Zimmerkategorien, von Doppelzimmern mit Blick auf den Golfplatz (Casa Rosa) oder Seerosenteich (S\u00fcdseite) bis hin zu Suiten mit Panoramablick auf die Tessiner Berge. Alle Zimmer sind klimatisiert, verf\u00fcgen \u00fcber einen Balkon oder Terrasse, kostenfreien Spa-Zugang und exklusive Pflegeprodukte der Eigenmarke dipi\u00f9.<\/p>\t\t\t\t\t\t\t\t<\/div>\n\t\t\t\t<\/div>\n\t\t\t\t<\/div>\n\t\t\t\t<\/div>\n\t\t\t\t\t<\/div>\n\t\t\t\t<\/div>\n\t\t<div class=\"elementor-element elementor-element-d9d6016 sbts nospaceP e-flex e-con-boxed e-con e-parent\" data-id=\"d9d6016\" data-element_type=\"container\" data-e-type=\"container\" data-settings=\"{&quot;ekit_has_onepagescroll_dot&quot;:&quot;yes&quot;}\">\n\t\t\t\t\t<div class=\"e-con-inner\">\n\t\t<div class=\"elementor-element elementor-element-436377b e-con-full e-flex e-con e-child\" data-id=\"436377b\" data-element_type=\"container\" data-e-type=\"container\" data-settings=\"{&quot;ekit_has_onepagescroll_dot&quot;:&quot;yes&quot;}\">\n\t\t<div class=\"elementor-element elementor-element-193fecf e-con-full e-flex e-con e-child\" data-id=\"193fecf\" data-element_type=\"container\" data-e-type=\"container\" data-settings=\"{&quot;ekit_has_onepagescroll_dot&quot;:&quot;yes&quot;}\">\n\t\t<div data-wrapper-link=\"{&quot;url&quot;:&quot;https:\\\/\\\/giardinohotels.ch\\\/de\\\/ascona\\\/zimmer-und-suiten\\\/doppelzimmer-casa-rosa\\\/&quot;,&quot;is_external&quot;:&quot;&quot;,&quot;nofollow&quot;:&quot;&quot;,&quot;custom_attributes&quot;:&quot;&quot;}\" style=\"cursor: pointer\" class=\"elementor-element elementor-element-2705e87 e-con-full e-flex e-con e-child\" data-id=\"2705e87\" data-element_type=\"container\" data-e-type=\"container\" data-settings=\"{&quot;ekit_has_onepagescroll_dot&quot;:&quot;yes&quot;}\">\n\t\t\t\t<div class=\"elementor-element elementor-element-e81b630 quadratbild elementor-widget elementor-widget-image\" data-id=\"e81b630\" data-element_type=\"widget\" data-e-type=\"widget\" data-settings=\"{&quot;ekit_we_effect_on&quot;:&quot;none&quot;}\" data-widget_type=\"image.default\">\n\t\t\t\t<div class=\"elementor-widget-container\">\n\t\t\t\t\t\t\t\t\t\t\t\t\t\t\t\t<a href=\"https:\/\/giardinohotels.ch\/de\/ascona\/zimmer-und-suiten\/doppelzimmer-casa-rosa\/\">\n\t\t\t\t\t\t\t<img fetchpriority=\"high\" decoding=\"async\" width=\"1024\" height=\"1024\" src=\"https:\/\/giardinohotels.ch\/wp-content\/uploads\/2026\/02\/01_Double-Room-Casa-Rosa_RGB_Low_JEVI_02-GD-Filter-1024x1024.jpg\" class=\"attachment-large size-large wp-image-28166\" alt=\"\" srcset=\"https:\/\/giardinohotels.ch\/wp-content\/uploads\/2026\/02\/01_Double-Room-Casa-Rosa_RGB_Low_JEVI_02-GD-Filter-1024x1024.jpg 1024w, https:\/\/giardinohotels.ch\/wp-content\/uploads\/2026\/02\/01_Double-Room-Casa-Rosa_RGB_Low_JEVI_02-GD-Filter-300x300.jpg 300w, https:\/\/giardinohotels.ch\/wp-content\/uploads\/2026\/02\/01_Double-Room-Casa-Rosa_RGB_Low_JEVI_02-GD-Filter-150x150.jpg 150w, https:\/\/giardinohotels.ch\/wp-content\/uploads\/2026\/02\/01_Double-Room-Casa-Rosa_RGB_Low_JEVI_02-GD-Filter-768x768.jpg 768w, https:\/\/giardinohotels.ch\/wp-content\/uploads\/2026\/02\/01_Double-Room-Casa-Rosa_RGB_Low_JEVI_02-GD-Filter-1536x1536.jpg 1536w, https:\/\/giardinohotels.ch\/wp-content\/uploads\/2026\/02\/01_Double-Room-Casa-Rosa_RGB_Low_JEVI_02-GD-Filter.jpg 2000w\" sizes=\"(max-width: 1024px) 100vw, 1024px\" title=\"\">\t\t\t\t\t\t\t\t<\/a>\n\t\t\t\t\t\t\t\t\t\t\t\t\t\t\t<\/div>\n\t\t\t\t<\/div>\n\t\t\t\t<\/div>\n\t\t\t\t<div class=\"elementor-element elementor-element-422dfea elementor-widget elementor-widget-global elementor-global-2479 elementor-widget-heading\" data-id=\"422dfea\" data-element_type=\"widget\" data-e-type=\"widget\" data-settings=\"{&quot;ekit_we_effect_on&quot;:&quot;none&quot;}\" data-widget_type=\"heading.default\">\n\t\t\t\t<div class=\"elementor-widget-container\">\n\t\t\t\t\t<h1 class=\"elementor-heading-title elementor-size-default\">Doppelzimmer <br>Casa Rosa<\/h1>\t\t\t\t<\/div>\n\t\t\t\t<\/div>\n\t\t\t\t<div class=\"elementor-element elementor-element-e80757d hotelcopy elementor-widget elementor-widget-global elementor-global-2482 elementor-widget-text-editor\" data-id=\"e80757d\" data-element_type=\"widget\" data-e-type=\"widget\" data-settings=\"{&quot;ekit_we_effect_on&quot;:&quot;none&quot;}\" data-widget_type=\"text-editor.default\">\n\t\t\t\t<div class=\"elementor-widget-container\">\n\t\t\t\t\t\t\t\t\t<p style=\"font-weight: 400;\">Jeder Tag beginnt hier mit einem sanften Blick auf das gr\u00fcne Paradies des Golfplatzes &#8211; sei es von der eigenen Loggia oder der grossz\u00fcgigen Terrasse. Der Raum selbst ist ein harmonisches Zusammenspiel aus warmen Farben und nat\u00fcrlichen Materialien.<\/p>\t\t\t\t\t\t\t\t<\/div>\n\t\t\t\t<\/div>\n\t\t<div class=\"elementor-element elementor-element-3077c1a e-con-full e-flex e-con e-child\" data-id=\"3077c1a\" data-element_type=\"container\" data-e-type=\"container\" data-settings=\"{&quot;ekit_has_onepagescroll_dot&quot;:&quot;yes&quot;}\">\n\t\t\t\t<div class=\"elementor-element elementor-element-fe24ddb elementor-widget__width-auto elementor-widget elementor-widget-button\" data-id=\"fe24ddb\" data-element_type=\"widget\" data-e-type=\"widget\" data-settings=\"{&quot;ekit_we_effect_on&quot;:&quot;none&quot;}\" data-widget_type=\"button.default\">\n\t\t\t\t<div class=\"elementor-widget-container\">\n\t\t\t\t\t\t\t\t\t<div class=\"elementor-button-wrapper\">\n\t\t\t\t\t<a class=\"elementor-button elementor-button-link elementor-size-sm\" href=\"https:\/\/giardinohotels.ch\/ascona\/zimmer-und-suiten\/doppelzimmer-casa-rosa\/\">\n\t\t\t\t\t\t<span class=\"elementor-button-content-wrapper\">\n\t\t\t\t\t\t\t\t\t<span class=\"elementor-button-text\">Mehr erfahren<\/span>\n\t\t\t\t\t<\/span>\n\t\t\t\t\t<\/a>\n\t\t\t\t<\/div>\n\t\t\t\t\t\t\t\t<\/div>\n\t\t\t\t<\/div>\n\t\t\t\t<div class=\"elementor-element elementor-element-c4fbe39 elementor-widget__width-auto elementor-widget elementor-widget-global elementor-global-2669 elementor-widget-button\" data-id=\"c4fbe39\" data-element_type=\"widget\" data-e-type=\"widget\" data-settings=\"{&quot;ekit_we_effect_on&quot;:&quot;none&quot;}\" data-widget_type=\"button.default\">\n\t\t\t\t<div class=\"elementor-widget-container\">\n\t\t\t\t\t\t\t\t\t<div class=\"elementor-button-wrapper\">\n\t\t\t\t\t<a class=\"elementor-button elementor-button-link elementor-size-sm\" href=\"https:\/\/be.synxis.com\/?_ga=2.264618191.1946620487.1737823753-945747624.1737823753&#038;_gac=1.189891033.1737823753.CjwKCAiAtNK8BhBBEiwA8wVt9w6uVHD8PtXiYgyXS7an3kEesNtOBl64lLkEShAyk8ZbeDh3dUyyHRoCsBIQAvD_BwE&#038;_gl=1*ftjhm3*_ga*MTI3NjQ0NTgwLjE3NDY1OTk1NDY.*_ga_MCVXMZHT1W*czE3NDczMTYyMjQkbzUyJGcxJHQxNzQ3MzE4Mzg0JGowJGwwJGgw*_gcl_aw*R0NMLjE3NDU0OTk4NDIuQ2p3S0NBand3cWZBQmhCY0Vpd0FaSmpDM2lMd3RaOGNtWnpHMmNaa0VRV2w2NGYzMFpiclJxYjYxX0JtdTV3Ull1RTRmcWYtMlo0NVVob0NfVU1RQXZEX0J3RQ..*_gcl_au*MTk5ODIyNzc0MC4xNzQ2MDg1NDk0&#038;adult=2&#038;arrive=2025-05-15&#038;chain=5154&#038;child=0&#038;config=SBE_Ascona_V1&#038;currency=CHF&#038;depart=2025-05-16&#038;hotel=58544&#038;level=hotel&#038;locale=de-DE&#038;productcurrency=CHF&#038;rooms=1&#038;theme=SBE_Ascona_V1\" target=\"_blank\" rel=\"noopener noreferrer nofollow\">\n\t\t\t\t\t\t<span class=\"elementor-button-content-wrapper\">\n\t\t\t\t\t\t\t\t\t<span class=\"elementor-button-text\">buchen<\/span>\n\t\t\t\t\t<\/span>\n\t\t\t\t\t<\/a>\n\t\t\t\t<\/div>\n\t\t\t\t\t\t\t\t<\/div>\n\t\t\t\t<\/div>\n\t\t\t\t<\/div>\n\t\t\t\t<\/div>\n\t\t\t\t<\/div>\n\t\t<div class=\"elementor-element elementor-element-4825a26 e-con-full e-flex e-con e-child\" data-id=\"4825a26\" data-element_type=\"container\" data-e-type=\"container\" data-settings=\"{&quot;ekit_has_onepagescroll_dot&quot;:&quot;yes&quot;}\">\n\t\t<div class=\"elementor-element elementor-element-f9498ae e-con-full e-flex e-con e-child\" data-id=\"f9498ae\" data-element_type=\"container\" data-e-type=\"container\" data-settings=\"{&quot;ekit_has_onepagescroll_dot&quot;:&quot;yes&quot;}\">\n\t\t<div class=\"elementor-element elementor-element-d6ee19c e-con-full e-flex e-con e-child\" data-id=\"d6ee19c\" data-element_type=\"container\" data-e-type=\"container\" data-settings=\"{&quot;ekit_has_onepagescroll_dot&quot;:&quot;yes&quot;}\">\n\t\t\t\t<div class=\"elementor-element elementor-element-44ec6ae quadratbild elementor-widget elementor-widget-image\" data-id=\"44ec6ae\" data-element_type=\"widget\" data-e-type=\"widget\" data-settings=\"{&quot;ekit_we_effect_on&quot;:&quot;none&quot;}\" data-widget_type=\"image.default\">\n\t\t\t\t<div class=\"elementor-widget-container\">\n\t\t\t\t\t\t\t\t\t\t\t\t\t\t\t\t<a href=\"https:\/\/giardinohotels.ch\/ascona\/zimmer-und-suiten\/doppelzimmer-morgensonne\/\">\n\t\t\t\t\t\t\t<img decoding=\"async\" width=\"1024\" height=\"684\" src=\"https:\/\/giardinohotels.ch\/wp-content\/uploads\/2026\/02\/02_Double-Room-Morning-Sun_RGB_Low_PARM_03-GD-Filter-1024x684.jpg\" class=\"attachment-large size-large wp-image-28098\" alt=\"\" srcset=\"https:\/\/giardinohotels.ch\/wp-content\/uploads\/2026\/02\/02_Double-Room-Morning-Sun_RGB_Low_PARM_03-GD-Filter-1024x684.jpg 1024w, https:\/\/giardinohotels.ch\/wp-content\/uploads\/2026\/02\/02_Double-Room-Morning-Sun_RGB_Low_PARM_03-GD-Filter-300x200.jpg 300w, https:\/\/giardinohotels.ch\/wp-content\/uploads\/2026\/02\/02_Double-Room-Morning-Sun_RGB_Low_PARM_03-GD-Filter-768x513.jpg 768w, https:\/\/giardinohotels.ch\/wp-content\/uploads\/2026\/02\/02_Double-Room-Morning-Sun_RGB_Low_PARM_03-GD-Filter-1536x1025.jpg 1536w, https:\/\/giardinohotels.ch\/wp-content\/uploads\/2026\/02\/02_Double-Room-Morning-Sun_RGB_Low_PARM_03-GD-Filter.jpg 2000w\" sizes=\"(max-width: 1024px) 100vw, 1024px\" title=\"\">\t\t\t\t\t\t\t\t<\/a>\n\t\t\t\t\t\t\t\t\t\t\t\t\t\t\t<\/div>\n\t\t\t\t<\/div>\n\t\t\t\t<\/div>\n\t\t\t\t<div class=\"elementor-element elementor-element-0e26e00 elementor-widget elementor-widget-global elementor-global-2488 elementor-widget-heading\" data-id=\"0e26e00\" data-element_type=\"widget\" data-e-type=\"widget\" data-settings=\"{&quot;ekit_we_effect_on&quot;:&quot;none&quot;}\" data-widget_type=\"heading.default\">\n\t\t\t\t<div class=\"elementor-widget-container\">\n\t\t\t\t\t<h1 class=\"elementor-heading-title elementor-size-default\">Doppelzimmer <br>Morgensonne<\/h1>\t\t\t\t<\/div>\n\t\t\t\t<\/div>\n\t\t\t\t<div class=\"elementor-element elementor-element-3d31207 hotelcopy elementor-widget elementor-widget-global elementor-global-2491 elementor-widget-text-editor\" data-id=\"3d31207\" data-element_type=\"widget\" data-e-type=\"widget\" data-settings=\"{&quot;ekit_we_effect_on&quot;:&quot;none&quot;}\" data-widget_type=\"text-editor.default\">\n\t\t\t\t<div class=\"elementor-widget-container\">\n\t\t\t\t\t\t\t\t\t<p style=\"font-weight: 400;\">Mit der Morgensonne auf dem Kissen erwachen, den Blick \u00fcber die Tessiner Berge schweifen lassen und ganz entspannt in den Tag starten. Frische Luft, sanftes Licht und Ihr ganz pers\u00f6nlicher Moment, der dazu einl\u00e4dt, einfach noch ein wenig zu verweilen.<\/p>\t\t\t\t\t\t\t\t<\/div>\n\t\t\t\t<\/div>\n\t\t<div class=\"elementor-element elementor-element-a289086 e-con-full e-flex e-con e-child\" data-id=\"a289086\" data-element_type=\"container\" data-e-type=\"container\" data-settings=\"{&quot;ekit_has_onepagescroll_dot&quot;:&quot;yes&quot;}\">\n\t\t\t\t<div class=\"elementor-element elementor-element-eeafce9 elementor-widget__width-auto elementor-widget elementor-widget-button\" data-id=\"eeafce9\" data-element_type=\"widget\" data-e-type=\"widget\" data-settings=\"{&quot;ekit_we_effect_on&quot;:&quot;none&quot;}\" data-widget_type=\"button.default\">\n\t\t\t\t<div class=\"elementor-widget-container\">\n\t\t\t\t\t\t\t\t\t<div class=\"elementor-button-wrapper\">\n\t\t\t\t\t<a class=\"elementor-button elementor-button-link elementor-size-sm\" href=\"https:\/\/giardinohotels.ch\/ascona\/zimmer-und-suiten\/doppelzimmer-morgensonne\/\">\n\t\t\t\t\t\t<span class=\"elementor-button-content-wrapper\">\n\t\t\t\t\t\t\t\t\t<span class=\"elementor-button-text\">Mehr erfahren<\/span>\n\t\t\t\t\t<\/span>\n\t\t\t\t\t<\/a>\n\t\t\t\t<\/div>\n\t\t\t\t\t\t\t\t<\/div>\n\t\t\t\t<\/div>\n\t\t\t\t<div class=\"elementor-element elementor-element-a68ad8e elementor-widget__width-auto elementor-widget elementor-widget-global elementor-global-2669 elementor-widget-button\" data-id=\"a68ad8e\" data-element_type=\"widget\" data-e-type=\"widget\" data-settings=\"{&quot;ekit_we_effect_on&quot;:&quot;none&quot;}\" data-widget_type=\"button.default\">\n\t\t\t\t<div class=\"elementor-widget-container\">\n\t\t\t\t\t\t\t\t\t<div class=\"elementor-button-wrapper\">\n\t\t\t\t\t<a class=\"elementor-button elementor-button-link elementor-size-sm\" href=\"https:\/\/be.synxis.com\/?_ga=2.264618191.1946620487.1737823753-945747624.1737823753&#038;_gac=1.189891033.1737823753.CjwKCAiAtNK8BhBBEiwA8wVt9w6uVHD8PtXiYgyXS7an3kEesNtOBl64lLkEShAyk8ZbeDh3dUyyHRoCsBIQAvD_BwE&#038;_gl=1*ftjhm3*_ga*MTI3NjQ0NTgwLjE3NDY1OTk1NDY.*_ga_MCVXMZHT1W*czE3NDczMTYyMjQkbzUyJGcxJHQxNzQ3MzE4Mzg0JGowJGwwJGgw*_gcl_aw*R0NMLjE3NDU0OTk4NDIuQ2p3S0NBand3cWZBQmhCY0Vpd0FaSmpDM2lMd3RaOGNtWnpHMmNaa0VRV2w2NGYzMFpiclJxYjYxX0JtdTV3Ull1RTRmcWYtMlo0NVVob0NfVU1RQXZEX0J3RQ..*_gcl_au*MTk5ODIyNzc0MC4xNzQ2MDg1NDk0&#038;adult=2&#038;arrive=2025-05-15&#038;chain=5154&#038;child=0&#038;config=SBE_Ascona_V1&#038;currency=CHF&#038;depart=2025-05-16&#038;hotel=58544&#038;level=hotel&#038;locale=de-DE&#038;productcurrency=CHF&#038;rooms=1&#038;theme=SBE_Ascona_V1\" target=\"_blank\" rel=\"noopener noreferrer nofollow\">\n\t\t\t\t\t\t<span class=\"elementor-button-content-wrapper\">\n\t\t\t\t\t\t\t\t\t<span class=\"elementor-button-text\">buchen<\/span>\n\t\t\t\t\t<\/span>\n\t\t\t\t\t<\/a>\n\t\t\t\t<\/div>\n\t\t\t\t\t\t\t\t<\/div>\n\t\t\t\t<\/div>\n\t\t\t\t<\/div>\n\t\t\t\t<\/div>\n\t\t\t\t<\/div>\n\t\t\t\t\t<\/div>\n\t\t\t\t<\/div>\n\t\t<div class=\"elementor-element elementor-element-1aedc05 sbs nospaceP e-flex e-con-boxed e-con e-parent\" data-id=\"1aedc05\" data-element_type=\"container\" data-e-type=\"container\" data-settings=\"{&quot;ekit_has_onepagescroll_dot&quot;:&quot;yes&quot;}\">\n\t\t\t\t\t<div class=\"e-con-inner\">\n\t\t<div class=\"elementor-element elementor-element-3196066 e-con-full e-flex e-con e-child\" data-id=\"3196066\" data-element_type=\"container\" data-e-type=\"container\" data-settings=\"{&quot;ekit_has_onepagescroll_dot&quot;:&quot;yes&quot;}\">\n\t\t<div class=\"elementor-element elementor-element-baf71f1 e-con-full e-flex e-con e-child\" data-id=\"baf71f1\" data-element_type=\"container\" data-e-type=\"container\" data-settings=\"{&quot;ekit_has_onepagescroll_dot&quot;:&quot;yes&quot;}\">\n\t\t<div class=\"elementor-element elementor-element-bc37350 e-con-full e-flex e-con e-child\" data-id=\"bc37350\" data-element_type=\"container\" data-e-type=\"container\" data-settings=\"{&quot;ekit_has_onepagescroll_dot&quot;:&quot;yes&quot;}\">\n\t\t\t\t<div class=\"elementor-element elementor-element-527a268 quadratbild elementor-widget elementor-widget-image\" data-id=\"527a268\" data-element_type=\"widget\" data-e-type=\"widget\" data-settings=\"{&quot;ekit_we_effect_on&quot;:&quot;none&quot;}\" data-widget_type=\"image.default\">\n\t\t\t\t<div class=\"elementor-widget-container\">\n\t\t\t\t\t\t\t\t\t\t\t\t\t\t\t\t<a href=\"https:\/\/giardinohotels.ch\/ascona\/zimmer-und-suiten\/doppelzimmer-suedseite\/\">\n\t\t\t\t\t\t\t<img decoding=\"async\" width=\"1024\" height=\"684\" src=\"https:\/\/giardinohotels.ch\/wp-content\/uploads\/2026\/02\/03_Double-Room-South_RGB_Low_PARM_01-GD-Filter-1-1024x684.jpg\" class=\"attachment-large size-large wp-image-28148\" alt=\"\" srcset=\"https:\/\/giardinohotels.ch\/wp-content\/uploads\/2026\/02\/03_Double-Room-South_RGB_Low_PARM_01-GD-Filter-1-1024x684.jpg 1024w, https:\/\/giardinohotels.ch\/wp-content\/uploads\/2026\/02\/03_Double-Room-South_RGB_Low_PARM_01-GD-Filter-1-300x200.jpg 300w, https:\/\/giardinohotels.ch\/wp-content\/uploads\/2026\/02\/03_Double-Room-South_RGB_Low_PARM_01-GD-Filter-1-768x513.jpg 768w, https:\/\/giardinohotels.ch\/wp-content\/uploads\/2026\/02\/03_Double-Room-South_RGB_Low_PARM_01-GD-Filter-1-1536x1025.jpg 1536w, https:\/\/giardinohotels.ch\/wp-content\/uploads\/2026\/02\/03_Double-Room-South_RGB_Low_PARM_01-GD-Filter-1.jpg 2000w\" sizes=\"(max-width: 1024px) 100vw, 1024px\" title=\"\">\t\t\t\t\t\t\t\t<\/a>\n\t\t\t\t\t\t\t\t\t\t\t\t\t\t\t<\/div>\n\t\t\t\t<\/div>\n\t\t\t\t<\/div>\n\t\t\t\t<div class=\"elementor-element elementor-element-41b9fcb elementor-widget elementor-widget-global elementor-global-2497 elementor-widget-heading\" data-id=\"41b9fcb\" data-element_type=\"widget\" data-e-type=\"widget\" data-settings=\"{&quot;ekit_we_effect_on&quot;:&quot;none&quot;}\" data-widget_type=\"heading.default\">\n\t\t\t\t<div class=\"elementor-widget-container\">\n\t\t\t\t\t<h1 class=\"elementor-heading-title elementor-size-default\">Doppelzimmer <br>S\u00fcdseite<\/h1>\t\t\t\t<\/div>\n\t\t\t\t<\/div>\n\t\t\t\t<div class=\"elementor-element elementor-element-5cb2f9b lagocopy elementor-widget elementor-widget-global elementor-global-2500 elementor-widget-text-editor\" data-id=\"5cb2f9b\" data-element_type=\"widget\" data-e-type=\"widget\" data-settings=\"{&quot;ekit_we_effect_on&quot;:&quot;none&quot;}\" data-widget_type=\"text-editor.default\">\n\t\t\t\t<div class=\"elementor-widget-container\">\n\t\t\t\t\t\t\t\t\t<p style=\"font-weight: 400;\">Diese sonnigen Zimmer bieten eine herrliche Aussicht auf den idyllischen Seerosenteich und den mediterranen Garten \u2013 der ideale Ort f\u00fcr erholsame Auszeiten. Licht und Natur schaffen eine wohltuende Atmosph\u00e4re, die zum Entspannen und Geniessen einl\u00e4dt.<\/p>\t\t\t\t\t\t\t\t<\/div>\n\t\t\t\t<\/div>\n\t\t<div class=\"elementor-element elementor-element-e4b70b7 e-con-full e-flex e-con e-child\" data-id=\"e4b70b7\" data-element_type=\"container\" data-e-type=\"container\" data-settings=\"{&quot;ekit_has_onepagescroll_dot&quot;:&quot;yes&quot;}\">\n\t\t\t\t<div class=\"elementor-element elementor-element-c20bf8d elementor-widget__width-auto elementor-widget elementor-widget-button\" data-id=\"c20bf8d\" data-element_type=\"widget\" data-e-type=\"widget\" data-settings=\"{&quot;ekit_we_effect_on&quot;:&quot;none&quot;}\" data-widget_type=\"button.default\">\n\t\t\t\t<div class=\"elementor-widget-container\">\n\t\t\t\t\t\t\t\t\t<div class=\"elementor-button-wrapper\">\n\t\t\t\t\t<a class=\"elementor-button elementor-button-link elementor-size-sm\" href=\"https:\/\/giardinohotels.ch\/ascona\/zimmer-und-suiten\/doppelzimmer-suedseite\/\">\n\t\t\t\t\t\t<span class=\"elementor-button-content-wrapper\">\n\t\t\t\t\t\t\t\t\t<span class=\"elementor-button-text\">Mehr erfahren<\/span>\n\t\t\t\t\t<\/span>\n\t\t\t\t\t<\/a>\n\t\t\t\t<\/div>\n\t\t\t\t\t\t\t\t<\/div>\n\t\t\t\t<\/div>\n\t\t\t\t<div class=\"elementor-element elementor-element-e3f4e8a elementor-widget__width-auto elementor-widget elementor-widget-global elementor-global-2669 elementor-widget-button\" data-id=\"e3f4e8a\" data-element_type=\"widget\" data-e-type=\"widget\" data-settings=\"{&quot;ekit_we_effect_on&quot;:&quot;none&quot;}\" data-widget_type=\"button.default\">\n\t\t\t\t<div class=\"elementor-widget-container\">\n\t\t\t\t\t\t\t\t\t<div class=\"elementor-button-wrapper\">\n\t\t\t\t\t<a class=\"elementor-button elementor-button-link elementor-size-sm\" href=\"https:\/\/be.synxis.com\/?_ga=2.264618191.1946620487.1737823753-945747624.1737823753&#038;_gac=1.189891033.1737823753.CjwKCAiAtNK8BhBBEiwA8wVt9w6uVHD8PtXiYgyXS7an3kEesNtOBl64lLkEShAyk8ZbeDh3dUyyHRoCsBIQAvD_BwE&#038;_gl=1*ftjhm3*_ga*MTI3NjQ0NTgwLjE3NDY1OTk1NDY.*_ga_MCVXMZHT1W*czE3NDczMTYyMjQkbzUyJGcxJHQxNzQ3MzE4Mzg0JGowJGwwJGgw*_gcl_aw*R0NMLjE3NDU0OTk4NDIuQ2p3S0NBand3cWZBQmhCY0Vpd0FaSmpDM2lMd3RaOGNtWnpHMmNaa0VRV2w2NGYzMFpiclJxYjYxX0JtdTV3Ull1RTRmcWYtMlo0NVVob0NfVU1RQXZEX0J3RQ..*_gcl_au*MTk5ODIyNzc0MC4xNzQ2MDg1NDk0&#038;adult=2&#038;arrive=2025-05-15&#038;chain=5154&#038;child=0&#038;config=SBE_Ascona_V1&#038;currency=CHF&#038;depart=2025-05-16&#038;hotel=58544&#038;level=hotel&#038;locale=de-DE&#038;productcurrency=CHF&#038;rooms=1&#038;theme=SBE_Ascona_V1\" target=\"_blank\" rel=\"noopener noreferrer nofollow\">\n\t\t\t\t\t\t<span class=\"elementor-button-content-wrapper\">\n\t\t\t\t\t\t\t\t\t<span class=\"elementor-button-text\">buchen<\/span>\n\t\t\t\t\t<\/span>\n\t\t\t\t\t<\/a>\n\t\t\t\t<\/div>\n\t\t\t\t\t\t\t\t<\/div>\n\t\t\t\t<\/div>\n\t\t\t\t<\/div>\n\t\t\t\t<\/div>\n\t\t\t\t<\/div>\n\t\t<div class=\"elementor-element elementor-element-dcc09ea e-con-full e-flex e-con e-child\" data-id=\"dcc09ea\" data-element_type=\"container\" data-e-type=\"container\" data-settings=\"{&quot;ekit_has_onepagescroll_dot&quot;:&quot;yes&quot;}\">\n\t\t<div class=\"elementor-element elementor-element-e930396 e-con-full e-flex e-con e-child\" data-id=\"e930396\" data-element_type=\"container\" data-e-type=\"container\" data-settings=\"{&quot;ekit_has_onepagescroll_dot&quot;:&quot;yes&quot;}\">\n\t\t<div class=\"elementor-element elementor-element-5c013a1 e-con-full e-flex e-con e-child\" data-id=\"5c013a1\" data-element_type=\"container\" data-e-type=\"container\" data-settings=\"{&quot;ekit_has_onepagescroll_dot&quot;:&quot;yes&quot;}\">\n\t\t\t\t<div class=\"elementor-element elementor-element-867931c quadratbild elementor-widget elementor-widget-image\" data-id=\"867931c\" data-element_type=\"widget\" data-e-type=\"widget\" data-settings=\"{&quot;ekit_we_effect_on&quot;:&quot;none&quot;}\" data-widget_type=\"image.default\">\n\t\t\t\t<div class=\"elementor-widget-container\">\n\t\t\t\t\t\t\t\t\t\t\t\t\t\t\t\t<a href=\"https:\/\/giardinohotels.ch\/ascona\/zimmer-und-suiten\/junior-suite-morgensonne\/\">\n\t\t\t\t\t\t\t<img loading=\"lazy\" decoding=\"async\" width=\"1024\" height=\"685\" src=\"https:\/\/giardinohotels.ch\/wp-content\/uploads\/2026\/02\/04_Junior-Suite-Morning-Sun_RGB_Low_GMA_04-GD-Filter-1-1024x685.jpg\" class=\"attachment-large size-large wp-image-28121\" alt=\"\" srcset=\"https:\/\/giardinohotels.ch\/wp-content\/uploads\/2026\/02\/04_Junior-Suite-Morning-Sun_RGB_Low_GMA_04-GD-Filter-1-1024x685.jpg 1024w, https:\/\/giardinohotels.ch\/wp-content\/uploads\/2026\/02\/04_Junior-Suite-Morning-Sun_RGB_Low_GMA_04-GD-Filter-1-300x201.jpg 300w, https:\/\/giardinohotels.ch\/wp-content\/uploads\/2026\/02\/04_Junior-Suite-Morning-Sun_RGB_Low_GMA_04-GD-Filter-1-768x513.jpg 768w, https:\/\/giardinohotels.ch\/wp-content\/uploads\/2026\/02\/04_Junior-Suite-Morning-Sun_RGB_Low_GMA_04-GD-Filter-1-1536x1027.jpg 1536w, https:\/\/giardinohotels.ch\/wp-content\/uploads\/2026\/02\/04_Junior-Suite-Morning-Sun_RGB_Low_GMA_04-GD-Filter-1.jpg 2000w\" sizes=\"(max-width: 1024px) 100vw, 1024px\" title=\"\">\t\t\t\t\t\t\t\t<\/a>\n\t\t\t\t\t\t\t\t\t\t\t\t\t\t\t<\/div>\n\t\t\t\t<\/div>\n\t\t\t\t<\/div>\n\t\t\t\t<div class=\"elementor-element elementor-element-d9e8849 elementor-widget elementor-widget-global elementor-global-2506 elementor-widget-heading\" data-id=\"d9e8849\" data-element_type=\"widget\" data-e-type=\"widget\" data-settings=\"{&quot;ekit_we_effect_on&quot;:&quot;none&quot;}\" data-widget_type=\"heading.default\">\n\t\t\t\t<div class=\"elementor-widget-container\">\n\t\t\t\t\t<h1 class=\"elementor-heading-title elementor-size-default\">Junior Suite <br>Morgensonne<\/h1>\t\t\t\t<\/div>\n\t\t\t\t<\/div>\n\t\t\t\t<div class=\"elementor-element elementor-element-373984b lagocopy elementor-widget elementor-widget-global elementor-global-2509 elementor-widget-text-editor\" data-id=\"373984b\" data-element_type=\"widget\" data-e-type=\"widget\" data-settings=\"{&quot;ekit_we_effect_on&quot;:&quot;none&quot;}\" data-widget_type=\"text-editor.default\">\n\t\t\t\t<div class=\"elementor-widget-container\">\n\t\t\t\t\t\t\t\t\t<p style=\"font-weight: 400;\">Mehr Raum f\u00fcr Dolce Vita. Die Junior Suite kombiniert mediterranen Charme mit lebhaften Farben und einem offenen, einladenden Design. Der Mix aus italienischer Eleganz und gem\u00fctlicher W\u00e4rme schafft eine einzigartige Atmosph\u00e4re. Besonders sch\u00f6n ist der eigene Garten mit Terrasse, der am Morgen in sanftem Licht erstrahlt und die perfekte Kulisse f\u00fcr einen entspannten Start in den Tag bietet.<\/p>\t\t\t\t\t\t\t\t<\/div>\n\t\t\t\t<\/div>\n\t\t<div class=\"elementor-element elementor-element-c91efc7 e-con-full e-flex e-con e-child\" data-id=\"c91efc7\" data-element_type=\"container\" data-e-type=\"container\" data-settings=\"{&quot;ekit_has_onepagescroll_dot&quot;:&quot;yes&quot;}\">\n\t\t\t\t<div class=\"elementor-element elementor-element-f908338 elementor-widget__width-auto elementor-widget elementor-widget-button\" data-id=\"f908338\" data-element_type=\"widget\" data-e-type=\"widget\" data-settings=\"{&quot;ekit_we_effect_on&quot;:&quot;none&quot;}\" data-widget_type=\"button.default\">\n\t\t\t\t<div class=\"elementor-widget-container\">\n\t\t\t\t\t\t\t\t\t<div class=\"elementor-button-wrapper\">\n\t\t\t\t\t<a class=\"elementor-button elementor-button-link elementor-size-sm\" href=\"https:\/\/giardinohotels.ch\/ascona\/zimmer-und-suiten\/junior-suite-morgensonne\/\">\n\t\t\t\t\t\t<span class=\"elementor-button-content-wrapper\">\n\t\t\t\t\t\t\t\t\t<span class=\"elementor-button-text\">Mehr erfahren<\/span>\n\t\t\t\t\t<\/span>\n\t\t\t\t\t<\/a>\n\t\t\t\t<\/div>\n\t\t\t\t\t\t\t\t<\/div>\n\t\t\t\t<\/div>\n\t\t\t\t<div class=\"elementor-element elementor-element-01beca4 elementor-widget__width-auto elementor-widget elementor-widget-global elementor-global-2669 elementor-widget-button\" data-id=\"01beca4\" data-element_type=\"widget\" data-e-type=\"widget\" data-settings=\"{&quot;ekit_we_effect_on&quot;:&quot;none&quot;}\" data-widget_type=\"button.default\">\n\t\t\t\t<div class=\"elementor-widget-container\">\n\t\t\t\t\t\t\t\t\t<div class=\"elementor-button-wrapper\">\n\t\t\t\t\t<a class=\"elementor-button elementor-button-link elementor-size-sm\" href=\"https:\/\/be.synxis.com\/?_ga=2.264618191.1946620487.1737823753-945747624.1737823753&#038;_gac=1.189891033.1737823753.CjwKCAiAtNK8BhBBEiwA8wVt9w6uVHD8PtXiYgyXS7an3kEesNtOBl64lLkEShAyk8ZbeDh3dUyyHRoCsBIQAvD_BwE&#038;_gl=1*ftjhm3*_ga*MTI3NjQ0NTgwLjE3NDY1OTk1NDY.*_ga_MCVXMZHT1W*czE3NDczMTYyMjQkbzUyJGcxJHQxNzQ3MzE4Mzg0JGowJGwwJGgw*_gcl_aw*R0NMLjE3NDU0OTk4NDIuQ2p3S0NBand3cWZBQmhCY0Vpd0FaSmpDM2lMd3RaOGNtWnpHMmNaa0VRV2w2NGYzMFpiclJxYjYxX0JtdTV3Ull1RTRmcWYtMlo0NVVob0NfVU1RQXZEX0J3RQ..*_gcl_au*MTk5ODIyNzc0MC4xNzQ2MDg1NDk0&#038;adult=2&#038;arrive=2025-05-15&#038;chain=5154&#038;child=0&#038;config=SBE_Ascona_V1&#038;currency=CHF&#038;depart=2025-05-16&#038;hotel=58544&#038;level=hotel&#038;locale=de-DE&#038;productcurrency=CHF&#038;rooms=1&#038;theme=SBE_Ascona_V1\" target=\"_blank\" rel=\"noopener noreferrer nofollow\">\n\t\t\t\t\t\t<span class=\"elementor-button-content-wrapper\">\n\t\t\t\t\t\t\t\t\t<span class=\"elementor-button-text\">buchen<\/span>\n\t\t\t\t\t<\/span>\n\t\t\t\t\t<\/a>\n\t\t\t\t<\/div>\n\t\t\t\t\t\t\t\t<\/div>\n\t\t\t\t<\/div>\n\t\t\t\t<\/div>\n\t\t\t\t<\/div>\n\t\t\t\t<\/div>\n\t\t\t\t\t<\/div>\n\t\t\t\t<\/div>\n\t\t<div class=\"elementor-element elementor-element-d8e80c8 sbs nospaceP e-flex e-con-boxed e-con e-parent\" data-id=\"d8e80c8\" data-element_type=\"container\" data-e-type=\"container\" data-settings=\"{&quot;ekit_has_onepagescroll_dot&quot;:&quot;yes&quot;}\">\n\t\t\t\t\t<div class=\"e-con-inner\">\n\t\t<div class=\"elementor-element elementor-element-3d4cdcd e-con-full e-flex e-con e-child\" data-id=\"3d4cdcd\" data-element_type=\"container\" data-e-type=\"container\" data-settings=\"{&quot;ekit_has_onepagescroll_dot&quot;:&quot;yes&quot;}\">\n\t\t<div class=\"elementor-element elementor-element-22426bb e-con-full e-flex e-con e-child\" data-id=\"22426bb\" data-element_type=\"container\" data-e-type=\"container\" data-settings=\"{&quot;ekit_has_onepagescroll_dot&quot;:&quot;yes&quot;}\">\n\t\t<div class=\"elementor-element elementor-element-a8407d8 e-con-full e-flex e-con e-child\" data-id=\"a8407d8\" data-element_type=\"container\" data-e-type=\"container\" data-settings=\"{&quot;ekit_has_onepagescroll_dot&quot;:&quot;yes&quot;}\">\n\t\t\t\t<div class=\"elementor-element elementor-element-b08c49a quadratbild elementor-widget elementor-widget-image\" data-id=\"b08c49a\" data-element_type=\"widget\" data-e-type=\"widget\" data-settings=\"{&quot;ekit_we_effect_on&quot;:&quot;none&quot;}\" data-widget_type=\"image.default\">\n\t\t\t\t<div class=\"elementor-widget-container\">\n\t\t\t\t\t\t\t\t\t\t\t\t\t\t\t\t<a href=\"https:\/\/giardinohotels.ch\/ascona\/zimmer-und-suiten\/junior-suite-suedseite\/\">\n\t\t\t\t\t\t\t<img loading=\"lazy\" decoding=\"async\" width=\"1024\" height=\"684\" src=\"https:\/\/giardinohotels.ch\/wp-content\/uploads\/2026\/02\/GA_Junior-Suite_South_RGB_Low_PARM_01-GD-Filter-1024x684.jpg\" class=\"attachment-large size-large wp-image-28156\" alt=\"\" srcset=\"https:\/\/giardinohotels.ch\/wp-content\/uploads\/2026\/02\/GA_Junior-Suite_South_RGB_Low_PARM_01-GD-Filter-1024x684.jpg 1024w, https:\/\/giardinohotels.ch\/wp-content\/uploads\/2026\/02\/GA_Junior-Suite_South_RGB_Low_PARM_01-GD-Filter-300x200.jpg 300w, https:\/\/giardinohotels.ch\/wp-content\/uploads\/2026\/02\/GA_Junior-Suite_South_RGB_Low_PARM_01-GD-Filter-768x513.jpg 768w, https:\/\/giardinohotels.ch\/wp-content\/uploads\/2026\/02\/GA_Junior-Suite_South_RGB_Low_PARM_01-GD-Filter-1536x1025.jpg 1536w, https:\/\/giardinohotels.ch\/wp-content\/uploads\/2026\/02\/GA_Junior-Suite_South_RGB_Low_PARM_01-GD-Filter.jpg 2000w\" sizes=\"(max-width: 1024px) 100vw, 1024px\" title=\"\">\t\t\t\t\t\t\t\t<\/a>\n\t\t\t\t\t\t\t\t\t\t\t\t\t\t\t<\/div>\n\t\t\t\t<\/div>\n\t\t\t\t<\/div>\n\t\t\t\t<div class=\"elementor-element elementor-element-58ec68b elementor-widget elementor-widget-global elementor-global-2515 elementor-widget-heading\" data-id=\"58ec68b\" data-element_type=\"widget\" data-e-type=\"widget\" data-settings=\"{&quot;ekit_we_effect_on&quot;:&quot;none&quot;}\" data-widget_type=\"heading.default\">\n\t\t\t\t<div class=\"elementor-widget-container\">\n\t\t\t\t\t<h1 class=\"elementor-heading-title elementor-size-default\">Junior Suite <br>S\u00fcdseite<\/h1>\t\t\t\t<\/div>\n\t\t\t\t<\/div>\n\t\t\t\t<div class=\"elementor-element elementor-element-b332e57 hotelcopy elementor-widget elementor-widget-global elementor-global-2518 elementor-widget-text-editor\" data-id=\"b332e57\" data-element_type=\"widget\" data-e-type=\"widget\" data-settings=\"{&quot;ekit_we_effect_on&quot;:&quot;none&quot;}\" data-widget_type=\"text-editor.default\">\n\t\t\t\t<div class=\"elementor-widget-container\">\n\t\t\t\t\t\t\t\t\t<p style=\"font-weight: 400;\">Das sonnige Pendant zur Variante Morgensonne: Die private nach S\u00fcden ausgerichtete Gartenterrasse l\u00e4dt mit gem\u00fctlichen Liegen zu entspannten Momenten in privater Atmosph\u00e4re ein. Sanftes Licht durchflutet den Raum und schafft eine harmonische Oase der Ruhe.<\/p>\t\t\t\t\t\t\t\t<\/div>\n\t\t\t\t<\/div>\n\t\t<div class=\"elementor-element elementor-element-d873562 e-con-full e-flex e-con e-child\" data-id=\"d873562\" data-element_type=\"container\" data-e-type=\"container\" data-settings=\"{&quot;ekit_has_onepagescroll_dot&quot;:&quot;yes&quot;}\">\n\t\t\t\t<div class=\"elementor-element elementor-element-4df64fe elementor-widget__width-auto elementor-widget elementor-widget-button\" data-id=\"4df64fe\" data-element_type=\"widget\" data-e-type=\"widget\" data-settings=\"{&quot;ekit_we_effect_on&quot;:&quot;none&quot;}\" data-widget_type=\"button.default\">\n\t\t\t\t<div class=\"elementor-widget-container\">\n\t\t\t\t\t\t\t\t\t<div class=\"elementor-button-wrapper\">\n\t\t\t\t\t<a class=\"elementor-button elementor-button-link elementor-size-sm\" href=\"https:\/\/giardinohotels.ch\/ascona\/zimmer-und-suiten\/junior-suite-suedseite\/\">\n\t\t\t\t\t\t<span class=\"elementor-button-content-wrapper\">\n\t\t\t\t\t\t\t\t\t<span class=\"elementor-button-text\">Mehr erfahren<\/span>\n\t\t\t\t\t<\/span>\n\t\t\t\t\t<\/a>\n\t\t\t\t<\/div>\n\t\t\t\t\t\t\t\t<\/div>\n\t\t\t\t<\/div>\n\t\t\t\t<div class=\"elementor-element elementor-element-75d944c elementor-widget__width-auto elementor-widget elementor-widget-global elementor-global-2669 elementor-widget-button\" data-id=\"75d944c\" data-element_type=\"widget\" data-e-type=\"widget\" data-settings=\"{&quot;ekit_we_effect_on&quot;:&quot;none&quot;}\" data-widget_type=\"button.default\">\n\t\t\t\t<div class=\"elementor-widget-container\">\n\t\t\t\t\t\t\t\t\t<div class=\"elementor-button-wrapper\">\n\t\t\t\t\t<a class=\"elementor-button elementor-button-link elementor-size-sm\" href=\"https:\/\/be.synxis.com\/?_ga=2.264618191.1946620487.1737823753-945747624.1737823753&#038;_gac=1.189891033.1737823753.CjwKCAiAtNK8BhBBEiwA8wVt9w6uVHD8PtXiYgyXS7an3kEesNtOBl64lLkEShAyk8ZbeDh3dUyyHRoCsBIQAvD_BwE&#038;_gl=1*ftjhm3*_ga*MTI3NjQ0NTgwLjE3NDY1OTk1NDY.*_ga_MCVXMZHT1W*czE3NDczMTYyMjQkbzUyJGcxJHQxNzQ3MzE4Mzg0JGowJGwwJGgw*_gcl_aw*R0NMLjE3NDU0OTk4NDIuQ2p3S0NBand3cWZBQmhCY0Vpd0FaSmpDM2lMd3RaOGNtWnpHMmNaa0VRV2w2NGYzMFpiclJxYjYxX0JtdTV3Ull1RTRmcWYtMlo0NVVob0NfVU1RQXZEX0J3RQ..*_gcl_au*MTk5ODIyNzc0MC4xNzQ2MDg1NDk0&#038;adult=2&#038;arrive=2025-05-15&#038;chain=5154&#038;child=0&#038;config=SBE_Ascona_V1&#038;currency=CHF&#038;depart=2025-05-16&#038;hotel=58544&#038;level=hotel&#038;locale=de-DE&#038;productcurrency=CHF&#038;rooms=1&#038;theme=SBE_Ascona_V1\" target=\"_blank\" rel=\"noopener noreferrer nofollow\">\n\t\t\t\t\t\t<span class=\"elementor-button-content-wrapper\">\n\t\t\t\t\t\t\t\t\t<span class=\"elementor-button-text\">buchen<\/span>\n\t\t\t\t\t<\/span>\n\t\t\t\t\t<\/a>\n\t\t\t\t<\/div>\n\t\t\t\t\t\t\t\t<\/div>\n\t\t\t\t<\/div>\n\t\t\t\t<\/div>\n\t\t\t\t<\/div>\n\t\t\t\t<\/div>\n\t\t<div class=\"elementor-element elementor-element-8534c18 e-con-full e-flex e-con e-child\" data-id=\"8534c18\" data-element_type=\"container\" data-e-type=\"container\" data-settings=\"{&quot;ekit_has_onepagescroll_dot&quot;:&quot;yes&quot;}\">\n\t\t<div class=\"elementor-element elementor-element-f177d14 e-con-full e-flex e-con e-child\" data-id=\"f177d14\" data-element_type=\"container\" data-e-type=\"container\" data-settings=\"{&quot;ekit_has_onepagescroll_dot&quot;:&quot;yes&quot;}\">\n\t\t<div class=\"elementor-element elementor-element-adbccd1 e-con-full e-flex e-con e-child\" data-id=\"adbccd1\" data-element_type=\"container\" data-e-type=\"container\" data-settings=\"{&quot;ekit_has_onepagescroll_dot&quot;:&quot;yes&quot;}\">\n\t\t\t\t<div class=\"elementor-element elementor-element-1caeb98 quadratbild elementor-widget elementor-widget-image\" data-id=\"1caeb98\" data-element_type=\"widget\" data-e-type=\"widget\" data-settings=\"{&quot;ekit_we_effect_on&quot;:&quot;none&quot;}\" data-widget_type=\"image.default\">\n\t\t\t\t<div class=\"elementor-widget-container\">\n\t\t\t\t\t\t\t\t\t\t\t\t\t\t\t\t<a href=\"https:\/\/giardinohotels.ch\/ascona\/zimmer-und-suiten\/suite-morgensonne\/\">\n\t\t\t\t\t\t\t<img loading=\"lazy\" decoding=\"async\" width=\"1024\" height=\"608\" src=\"https:\/\/giardinohotels.ch\/wp-content\/uploads\/2025\/02\/GA_Suite_Morning_RGB_High_HAB_02-GD-Filter-1024x608.jpg\" class=\"attachment-large size-large wp-image-16987\" alt=\"\" srcset=\"https:\/\/giardinohotels.ch\/wp-content\/uploads\/2025\/02\/GA_Suite_Morning_RGB_High_HAB_02-GD-Filter-1024x608.jpg 1024w, https:\/\/giardinohotels.ch\/wp-content\/uploads\/2025\/02\/GA_Suite_Morning_RGB_High_HAB_02-GD-Filter-300x178.jpg 300w, https:\/\/giardinohotels.ch\/wp-content\/uploads\/2025\/02\/GA_Suite_Morning_RGB_High_HAB_02-GD-Filter-768x456.jpg 768w, https:\/\/giardinohotels.ch\/wp-content\/uploads\/2025\/02\/GA_Suite_Morning_RGB_High_HAB_02-GD-Filter-1536x912.jpg 1536w, https:\/\/giardinohotels.ch\/wp-content\/uploads\/2025\/02\/GA_Suite_Morning_RGB_High_HAB_02-GD-Filter.jpg 1980w\" sizes=\"(max-width: 1024px) 100vw, 1024px\" title=\"\">\t\t\t\t\t\t\t\t<\/a>\n\t\t\t\t\t\t\t\t\t\t\t\t\t\t\t<\/div>\n\t\t\t\t<\/div>\n\t\t\t\t<\/div>\n\t\t\t\t<div class=\"elementor-element elementor-element-896b3a6 elementor-widget elementor-widget-global elementor-global-2524 elementor-widget-heading\" data-id=\"896b3a6\" data-element_type=\"widget\" data-e-type=\"widget\" data-settings=\"{&quot;ekit_we_effect_on&quot;:&quot;none&quot;}\" data-widget_type=\"heading.default\">\n\t\t\t\t<div class=\"elementor-widget-container\">\n\t\t\t\t\t<h1 class=\"elementor-heading-title elementor-size-default\">Suite <br>Morgensonne<\/h1>\t\t\t\t<\/div>\n\t\t\t\t<\/div>\n\t\t\t\t<div class=\"elementor-element elementor-element-cb7d5bb hotelcopy elementor-widget elementor-widget-global elementor-global-2527 elementor-widget-text-editor\" data-id=\"cb7d5bb\" data-element_type=\"widget\" data-e-type=\"widget\" data-settings=\"{&quot;ekit_we_effect_on&quot;:&quot;none&quot;}\" data-widget_type=\"text-editor.default\">\n\t\t\t\t<div class=\"elementor-widget-container\">\n\t\t\t\t\t\t\t\t\t<p style=\"font-weight: 400;\">Diese Suite verzaubert mit einem Panorama auf die markante Tessiner Bergwelt. Lichtdurchflutete R\u00e4ume schaffen einen Ort, andem die Morgensonne Sie sanft weckt und der Alltag in weite Ferne r\u00fcckt. Hier wird der wahre Charme des Dolce Vita zu einem greifbaren Erlebnis &#8211; unbeschwert, genussvoll und voller Lebensfreude.<\/p>\t\t\t\t\t\t\t\t<\/div>\n\t\t\t\t<\/div>\n\t\t<div class=\"elementor-element elementor-element-d4f2689 e-con-full e-flex e-con e-child\" data-id=\"d4f2689\" data-element_type=\"container\" data-e-type=\"container\" data-settings=\"{&quot;ekit_has_onepagescroll_dot&quot;:&quot;yes&quot;}\">\n\t\t\t\t<div class=\"elementor-element elementor-element-fcd996c elementor-widget__width-auto elementor-widget elementor-widget-button\" data-id=\"fcd996c\" data-element_type=\"widget\" data-e-type=\"widget\" data-settings=\"{&quot;ekit_we_effect_on&quot;:&quot;none&quot;}\" data-widget_type=\"button.default\">\n\t\t\t\t<div class=\"elementor-widget-container\">\n\t\t\t\t\t\t\t\t\t<div class=\"elementor-button-wrapper\">\n\t\t\t\t\t<a class=\"elementor-button elementor-button-link elementor-size-sm\" href=\"https:\/\/giardinohotels.ch\/ascona\/zimmer-und-suiten\/suite-morgensonne\/\">\n\t\t\t\t\t\t<span class=\"elementor-button-content-wrapper\">\n\t\t\t\t\t\t\t\t\t<span class=\"elementor-button-text\">Mehr erfahren<\/span>\n\t\t\t\t\t<\/span>\n\t\t\t\t\t<\/a>\n\t\t\t\t<\/div>\n\t\t\t\t\t\t\t\t<\/div>\n\t\t\t\t<\/div>\n\t\t\t\t<div class=\"elementor-element elementor-element-3de5dbc elementor-widget__width-auto elementor-widget elementor-widget-global elementor-global-2669 elementor-widget-button\" data-id=\"3de5dbc\" data-element_type=\"widget\" data-e-type=\"widget\" data-settings=\"{&quot;ekit_we_effect_on&quot;:&quot;none&quot;}\" data-widget_type=\"button.default\">\n\t\t\t\t<div class=\"elementor-widget-container\">\n\t\t\t\t\t\t\t\t\t<div class=\"elementor-button-wrapper\">\n\t\t\t\t\t<a class=\"elementor-button elementor-button-link elementor-size-sm\" href=\"https:\/\/be.synxis.com\/?_ga=2.264618191.1946620487.1737823753-945747624.1737823753&#038;_gac=1.189891033.1737823753.CjwKCAiAtNK8BhBBEiwA8wVt9w6uVHD8PtXiYgyXS7an3kEesNtOBl64lLkEShAyk8ZbeDh3dUyyHRoCsBIQAvD_BwE&#038;_gl=1*ftjhm3*_ga*MTI3NjQ0NTgwLjE3NDY1OTk1NDY.*_ga_MCVXMZHT1W*czE3NDczMTYyMjQkbzUyJGcxJHQxNzQ3MzE4Mzg0JGowJGwwJGgw*_gcl_aw*R0NMLjE3NDU0OTk4NDIuQ2p3S0NBand3cWZBQmhCY0Vpd0FaSmpDM2lMd3RaOGNtWnpHMmNaa0VRV2w2NGYzMFpiclJxYjYxX0JtdTV3Ull1RTRmcWYtMlo0NVVob0NfVU1RQXZEX0J3RQ..*_gcl_au*MTk5ODIyNzc0MC4xNzQ2MDg1NDk0&#038;adult=2&#038;arrive=2025-05-15&#038;chain=5154&#038;child=0&#038;config=SBE_Ascona_V1&#038;currency=CHF&#038;depart=2025-05-16&#038;hotel=58544&#038;level=hotel&#038;locale=de-DE&#038;productcurrency=CHF&#038;rooms=1&#038;theme=SBE_Ascona_V1\" target=\"_blank\" rel=\"noopener noreferrer nofollow\">\n\t\t\t\t\t\t<span class=\"elementor-button-content-wrapper\">\n\t\t\t\t\t\t\t\t\t<span class=\"elementor-button-text\">buchen<\/span>\n\t\t\t\t\t<\/span>\n\t\t\t\t\t<\/a>\n\t\t\t\t<\/div>\n\t\t\t\t\t\t\t\t<\/div>\n\t\t\t\t<\/div>\n\t\t\t\t<\/div>\n\t\t\t\t<\/div>\n\t\t\t\t<\/div>\n\t\t\t\t\t<\/div>\n\t\t\t\t<\/div>\n\t\t<div class=\"elementor-element elementor-element-32ee870 nospaceP e-flex e-con-boxed e-con e-parent\" data-id=\"32ee870\" data-element_type=\"container\" data-e-type=\"container\" data-settings=\"{&quot;ekit_has_onepagescroll_dot&quot;:&quot;yes&quot;}\">\n\t\t\t\t\t<div class=\"e-con-inner\">\n\t\t<div class=\"elementor-element elementor-element-d642b45 e-con-full e-flex e-con e-child\" data-id=\"d642b45\" data-element_type=\"container\" data-e-type=\"container\" data-settings=\"{&quot;ekit_has_onepagescroll_dot&quot;:&quot;yes&quot;}\">\n\t\t<div class=\"elementor-element elementor-element-237fb4e e-con-full e-flex e-con e-child\" data-id=\"237fb4e\" data-element_type=\"container\" data-e-type=\"container\" data-settings=\"{&quot;ekit_has_onepagescroll_dot&quot;:&quot;yes&quot;}\">\n\t\t<div class=\"elementor-element elementor-element-65ceba5 e-con-full e-flex e-con e-child\" data-id=\"65ceba5\" data-element_type=\"container\" data-e-type=\"container\" data-settings=\"{&quot;ekit_has_onepagescroll_dot&quot;:&quot;yes&quot;}\">\n\t\t\t\t<div class=\"elementor-element elementor-element-a02d009 quadratbild elementor-widget elementor-widget-image\" data-id=\"a02d009\" data-element_type=\"widget\" data-e-type=\"widget\" data-settings=\"{&quot;ekit_we_effect_on&quot;:&quot;none&quot;}\" data-widget_type=\"image.default\">\n\t\t\t\t<div class=\"elementor-widget-container\">\n\t\t\t\t\t\t\t\t\t\t\t\t\t\t\t\t<a href=\"https:\/\/giardinohotels.ch\/ascona\/zimmer-und-suiten\/suite-suedseite\/\">\n\t\t\t\t\t\t\t<img loading=\"lazy\" decoding=\"async\" width=\"1024\" height=\"684\" src=\"https:\/\/giardinohotels.ch\/wp-content\/uploads\/2026\/02\/07_Suite-South_RGB_Low_PARM_01-GD-Filter-1-1024x684.jpg\" class=\"attachment-large size-large wp-image-28154\" alt=\"\" srcset=\"https:\/\/giardinohotels.ch\/wp-content\/uploads\/2026\/02\/07_Suite-South_RGB_Low_PARM_01-GD-Filter-1-1024x684.jpg 1024w, https:\/\/giardinohotels.ch\/wp-content\/uploads\/2026\/02\/07_Suite-South_RGB_Low_PARM_01-GD-Filter-1-300x200.jpg 300w, https:\/\/giardinohotels.ch\/wp-content\/uploads\/2026\/02\/07_Suite-South_RGB_Low_PARM_01-GD-Filter-1-768x513.jpg 768w, https:\/\/giardinohotels.ch\/wp-content\/uploads\/2026\/02\/07_Suite-South_RGB_Low_PARM_01-GD-Filter-1-1536x1025.jpg 1536w, https:\/\/giardinohotels.ch\/wp-content\/uploads\/2026\/02\/07_Suite-South_RGB_Low_PARM_01-GD-Filter-1.jpg 2000w\" sizes=\"(max-width: 1024px) 100vw, 1024px\" title=\"\">\t\t\t\t\t\t\t\t<\/a>\n\t\t\t\t\t\t\t\t\t\t\t\t\t\t\t<\/div>\n\t\t\t\t<\/div>\n\t\t\t\t<\/div>\n\t\t\t\t<div class=\"elementor-element elementor-element-c12b6a8 elementor-widget elementor-widget-global elementor-global-2533 elementor-widget-heading\" data-id=\"c12b6a8\" data-element_type=\"widget\" data-e-type=\"widget\" data-settings=\"{&quot;ekit_we_effect_on&quot;:&quot;none&quot;}\" data-widget_type=\"heading.default\">\n\t\t\t\t<div class=\"elementor-widget-container\">\n\t\t\t\t\t<h1 class=\"elementor-heading-title elementor-size-default\">Suite <br>S\u00fcdseite<\/h1>\t\t\t\t<\/div>\n\t\t\t\t<\/div>\n\t\t\t\t<div class=\"elementor-element elementor-element-76abcba linkspacer elementor-widget elementor-widget-global elementor-global-2536 elementor-widget-text-editor\" data-id=\"76abcba\" data-element_type=\"widget\" data-e-type=\"widget\" data-settings=\"{&quot;ekit_we_effect_on&quot;:&quot;none&quot;}\" data-widget_type=\"text-editor.default\">\n\t\t\t\t<div class=\"elementor-widget-container\">\n\t\t\t\t\t\t\t\t\t<p style=\"font-weight: 400;\">Der Blick auf den weiten Garten oder den Golfplatz weckt pure Lebensfreude. Diese grossz\u00fcgigen Suiten verbinden mediterranes Design mit moderner Eleganz und bieten alles, was man f\u00fcr die perfekte Auszeit braucht: viel Platz, viel Licht und eine Atmosph\u00e4re, die zum Abschalten, Tr\u00e4umen und Geniessen einl\u00e4dt.<\/p>\t\t\t\t\t\t\t\t<\/div>\n\t\t\t\t<\/div>\n\t\t<div class=\"elementor-element elementor-element-875497e e-con-full e-flex e-con e-child\" data-id=\"875497e\" data-element_type=\"container\" data-e-type=\"container\" data-settings=\"{&quot;ekit_has_onepagescroll_dot&quot;:&quot;yes&quot;}\">\n\t\t\t\t<div class=\"elementor-element elementor-element-4ca78f2 elementor-widget__width-auto elementor-widget elementor-widget-button\" data-id=\"4ca78f2\" data-element_type=\"widget\" data-e-type=\"widget\" data-settings=\"{&quot;ekit_we_effect_on&quot;:&quot;none&quot;}\" data-widget_type=\"button.default\">\n\t\t\t\t<div class=\"elementor-widget-container\">\n\t\t\t\t\t\t\t\t\t<div class=\"elementor-button-wrapper\">\n\t\t\t\t\t<a class=\"elementor-button elementor-button-link elementor-size-sm\" href=\"https:\/\/giardinohotels.ch\/ascona\/zimmer-und-suiten\/suite-suedseite\/\">\n\t\t\t\t\t\t<span class=\"elementor-button-content-wrapper\">\n\t\t\t\t\t\t\t\t\t<span class=\"elementor-button-text\">Mehr erfahren<\/span>\n\t\t\t\t\t<\/span>\n\t\t\t\t\t<\/a>\n\t\t\t\t<\/div>\n\t\t\t\t\t\t\t\t<\/div>\n\t\t\t\t<\/div>\n\t\t\t\t<div class=\"elementor-element elementor-element-9cda96a elementor-widget__width-auto elementor-widget elementor-widget-global elementor-global-2669 elementor-widget-button\" data-id=\"9cda96a\" data-element_type=\"widget\" data-e-type=\"widget\" data-settings=\"{&quot;ekit_we_effect_on&quot;:&quot;none&quot;}\" data-widget_type=\"button.default\">\n\t\t\t\t<div class=\"elementor-widget-container\">\n\t\t\t\t\t\t\t\t\t<div class=\"elementor-button-wrapper\">\n\t\t\t\t\t<a class=\"elementor-button elementor-button-link elementor-size-sm\" href=\"https:\/\/be.synxis.com\/?_ga=2.264618191.1946620487.1737823753-945747624.1737823753&#038;_gac=1.189891033.1737823753.CjwKCAiAtNK8BhBBEiwA8wVt9w6uVHD8PtXiYgyXS7an3kEesNtOBl64lLkEShAyk8ZbeDh3dUyyHRoCsBIQAvD_BwE&#038;_gl=1*ftjhm3*_ga*MTI3NjQ0NTgwLjE3NDY1OTk1NDY.*_ga_MCVXMZHT1W*czE3NDczMTYyMjQkbzUyJGcxJHQxNzQ3MzE4Mzg0JGowJGwwJGgw*_gcl_aw*R0NMLjE3NDU0OTk4NDIuQ2p3S0NBand3cWZBQmhCY0Vpd0FaSmpDM2lMd3RaOGNtWnpHMmNaa0VRV2w2NGYzMFpiclJxYjYxX0JtdTV3Ull1RTRmcWYtMlo0NVVob0NfVU1RQXZEX0J3RQ..*_gcl_au*MTk5ODIyNzc0MC4xNzQ2MDg1NDk0&#038;adult=2&#038;arrive=2025-05-15&#038;chain=5154&#038;child=0&#038;config=SBE_Ascona_V1&#038;currency=CHF&#038;depart=2025-05-16&#038;hotel=58544&#038;level=hotel&#038;locale=de-DE&#038;productcurrency=CHF&#038;rooms=1&#038;theme=SBE_Ascona_V1\" target=\"_blank\" rel=\"noopener noreferrer nofollow\">\n\t\t\t\t\t\t<span class=\"elementor-button-content-wrapper\">\n\t\t\t\t\t\t\t\t\t<span class=\"elementor-button-text\">buchen<\/span>\n\t\t\t\t\t<\/span>\n\t\t\t\t\t<\/a>\n\t\t\t\t<\/div>\n\t\t\t\t\t\t\t\t<\/div>\n\t\t\t\t<\/div>\n\t\t\t\t<\/div>\n\t\t\t\t<div class=\"elementor-element elementor-element-1084bff elementor-widget elementor-widget-heading\" data-id=\"1084bff\" data-element_type=\"widget\" data-e-type=\"widget\" data-settings=\"{&quot;ekit_we_effect_on&quot;:&quot;none&quot;}\" data-widget_type=\"heading.default\">\n\t\t\t\t<div class=\"elementor-widget-container\">\n\t\t\t\t\t<h2 class=\"elementor-heading-title elementor-size-default\">H\u00e4ufige Fragen zu Zimmern im Giardino Ascona<\/h2>\t\t\t\t<\/div>\n\t\t\t\t<\/div>\n\t\t\t\t<div class=\"elementor-element elementor-element-d6c3748 elementor-widget elementor-widget-elementskit-accordion\" data-id=\"d6c3748\" data-element_type=\"widget\" data-e-type=\"widget\" data-settings=\"{&quot;ekit_we_effect_on&quot;:&quot;none&quot;}\" data-widget_type=\"elementskit-accordion.default\">\n\t\t\t\t<div class=\"elementor-widget-container\">\n\t\t\t\t\t<div class=\"ekit-wid-con\" >\n        <div class=\"elementskit-accordion accoedion-primary\" id=\"accordion-69f3e7f98cbbe\">\n\n            \n                <div class=\"elementskit-card active\">\n                    <div class=\"elementskit-card-header\" id=\"primaryHeading-0-d6c3748\">\n                        <a href=\"#collapse-ea7d7b169f3e7f98cbbe\" class=\"ekit-accordion--toggler elementskit-btn-link collapsed\" data-ekit-toggle=\"collapse\" data-target=\"#Collapse-ea7d7b169f3e7f98cbbe\" aria-expanded=\"true\" aria-controls=\"Collapse-ea7d7b169f3e7f98cbbe\">\n                            \n                            <span class=\"ekit-accordion-title\">Welche Zimmertypen gibt es im Hotel Giardino Ascona?<\/span>\n\n                            \n                                <div class=\"ekit_accordion_icon_group\">\n                                    <div class=\"ekit_accordion_normal_icon\">\n                                        <!-- Normal Icon -->\n\t\t\t\t\t\t\t\t\t\t                                    <\/div>\n\n                                    <div class=\"ekit_accordion_active_icon\">\n                                        <!-- Active Icon -->\n\t\t\t\t\t\t\t\t\t\t                                    <\/div>\n                                <\/div>\n\n                            \n                                                    <\/a>\n                    <\/div>\n\n                    <div id=\"Collapse-ea7d7b169f3e7f98cbbe\" class=\" show collapse\" aria-labelledby=\"primaryHeading-0-d6c3748\" data-parent=\"#accordion-69f3e7f98cbbe\">\n\n                        <div class=\"elementskit-card-body ekit-accordion--content\">\n                            <p>Das Hotel bietet sieben Kategorien: Doppelzimmer Casa Rosa (Golfblick), Doppelzimmer Morgensonne (Blick auf Tessiner Berge), Doppelzimmer S\u00fcdseite (Seerosenteich\/Garten), Junior Suite Morgensonne (mit eigenem Garten), Junior Suite S\u00fcdseite, Suite Morgensonne und Suite S\u00fcdseite.<\/p>                        <\/div>\n\n                    <\/div>\n\n                <\/div><!-- .elementskit-card END -->\n\n                \n                <div class=\"elementskit-card active\">\n                    <div class=\"elementskit-card-header\" id=\"primaryHeading-1-d6c3748\">\n                        <a href=\"#collapse-862190d69f3e7f98cbbe\" class=\"ekit-accordion--toggler elementskit-btn-link collapsed\" data-ekit-toggle=\"collapse\" data-target=\"#Collapse-862190d69f3e7f98cbbe\" aria-expanded=\"true\" aria-controls=\"Collapse-862190d69f3e7f98cbbe\">\n                            \n                            <span class=\"ekit-accordion-title\">Haben alle Zimmer im Giardino Ascona einen Balkon?<\/span>\n\n                            \n                                <div class=\"ekit_accordion_icon_group\">\n                                    <div class=\"ekit_accordion_normal_icon\">\n                                        <!-- Normal Icon -->\n\t\t\t\t\t\t\t\t\t\t                                    <\/div>\n\n                                    <div class=\"ekit_accordion_active_icon\">\n                                        <!-- Active Icon -->\n\t\t\t\t\t\t\t\t\t\t                                    <\/div>\n                                <\/div>\n\n                            \n                                                    <\/a>\n                    <\/div>\n\n                    <div id=\"Collapse-862190d69f3e7f98cbbe\" class=\" show collapse\" aria-labelledby=\"primaryHeading-1-d6c3748\" data-parent=\"#accordion-69f3e7f98cbbe\">\n\n                        <div class=\"elementskit-card-body ekit-accordion--content\">\n                            <p>Ja. Alle Zimmer und Suiten verf\u00fcgen \u00fcber einen Balkon oder eine private Terrasse, je nach Kategorie mit Blick auf den Golfplatz, den Garten, den Seerosenteich oder die Tessiner Berge.<\/p>                        <\/div>\n\n                    <\/div>\n\n                <\/div><!-- .elementskit-card END -->\n\n                \n                <div class=\"elementskit-card active\">\n                    <div class=\"elementskit-card-header\" id=\"primaryHeading-2-d6c3748\">\n                        <a href=\"#collapse-850c76169f3e7f98cbbe\" class=\"ekit-accordion--toggler elementskit-btn-link collapsed\" data-ekit-toggle=\"collapse\" data-target=\"#Collapse-850c76169f3e7f98cbbe\" aria-expanded=\"true\" aria-controls=\"Collapse-850c76169f3e7f98cbbe\">\n                            \n                            <span class=\"ekit-accordion-title\">Ist der Spa f\u00fcr alle Hotelg\u00e4ste kostenlos?<\/span>\n\n                            \n                                <div class=\"ekit_accordion_icon_group\">\n                                    <div class=\"ekit_accordion_normal_icon\">\n                                        <!-- Normal Icon -->\n\t\t\t\t\t\t\t\t\t\t                                    <\/div>\n\n                                    <div class=\"ekit_accordion_active_icon\">\n                                        <!-- Active Icon -->\n\t\t\t\t\t\t\t\t\t\t                                    <\/div>\n                                <\/div>\n\n                            \n                                                    <\/a>\n                    <\/div>\n\n                    <div id=\"Collapse-850c76169f3e7f98cbbe\" class=\" show collapse\" aria-labelledby=\"primaryHeading-2-d6c3748\" data-parent=\"#accordion-69f3e7f98cbbe\">\n\n                        <div class=\"elementskit-card-body ekit-accordion--content\">\n                            <p>Ja. Der Zugang zum dipi\u00f9 Spa inklusive Innen- und Aussenpool sowie Fitnessraum ist f\u00fcr alle Hotelg\u00e4ste kostenlos inbegriffen. Treatments und Massagen sind kostenpflichtig und k\u00f6nnen gebucht werden.<\/p>                        <\/div>\n\n                    <\/div>\n\n                <\/div><!-- .elementskit-card END -->\n\n                \n                <div class=\"elementskit-card active\">\n                    <div class=\"elementskit-card-header\" id=\"primaryHeading-3-d6c3748\">\n                        <a href=\"#collapse-72eb58b69f3e7f98cbbe\" class=\"ekit-accordion--toggler elementskit-btn-link collapsed\" data-ekit-toggle=\"collapse\" data-target=\"#Collapse-72eb58b69f3e7f98cbbe\" aria-expanded=\"true\" aria-controls=\"Collapse-72eb58b69f3e7f98cbbe\">\n                            \n                            <span class=\"ekit-accordion-title\">Sind Kinder im Giardino Ascona willkommen?<\/span>\n\n                            \n                                <div class=\"ekit_accordion_icon_group\">\n                                    <div class=\"ekit_accordion_normal_icon\">\n                                        <!-- Normal Icon -->\n\t\t\t\t\t\t\t\t\t\t                                    <\/div>\n\n                                    <div class=\"ekit_accordion_active_icon\">\n                                        <!-- Active Icon -->\n\t\t\t\t\t\t\t\t\t\t                                    <\/div>\n                                <\/div>\n\n                            \n                                                    <\/a>\n                    <\/div>\n\n                    <div id=\"Collapse-72eb58b69f3e7f98cbbe\" class=\" show collapse\" aria-labelledby=\"primaryHeading-3-d6c3748\" data-parent=\"#accordion-69f3e7f98cbbe\">\n\n                        <div class=\"elementskit-card-body ekit-accordion--content\">\n                            <p>Ja. Kinder bis 12 Jahre \u00fcbernachten im Zimmer der Eltern kostenfrei. F\u00fcr Kinder ab 13 Jahren berechnet das Hotel CHF 170 pro Kind und Nacht, inklusive Fr\u00fchst\u00fcck.<\/p>                        <\/div>\n\n                    <\/div>\n\n                <\/div><!-- .elementskit-card END -->\n\n                \n                <div class=\"elementskit-card active\">\n                    <div class=\"elementskit-card-header\" id=\"primaryHeading-4-d6c3748\">\n                        <a href=\"#collapse-2b329d469f3e7f98cbbe\" class=\"ekit-accordion--toggler elementskit-btn-link collapsed\" data-ekit-toggle=\"collapse\" data-target=\"#Collapse-2b329d469f3e7f98cbbe\" aria-expanded=\"true\" aria-controls=\"Collapse-2b329d469f3e7f98cbbe\">\n                            \n                            <span class=\"ekit-accordion-title\">Was ist im Zimmerpreis inklusive?<\/span>\n\n                            \n                                <div class=\"ekit_accordion_icon_group\">\n                                    <div class=\"ekit_accordion_normal_icon\">\n                                        <!-- Normal Icon -->\n\t\t\t\t\t\t\t\t\t\t                                    <\/div>\n\n                                    <div class=\"ekit_accordion_active_icon\">\n                                        <!-- Active Icon -->\n\t\t\t\t\t\t\t\t\t\t                                    <\/div>\n                                <\/div>\n\n                            \n                                                    <\/a>\n                    <\/div>\n\n                    <div id=\"Collapse-2b329d469f3e7f98cbbe\" class=\" show collapse\" aria-labelledby=\"primaryHeading-4-d6c3748\" data-parent=\"#accordion-69f3e7f98cbbe\">\n\n                        <div class=\"elementskit-card-body ekit-accordion--content\">\n                            <p>Im Zimmerpreis enthalten sind Spa- und Fitnessnutzung, kostenfreies WLAN, Mineralwasser, Fr\u00fcchte, Kaffeemaschine, Bademantel und Slipper sowie die Nutzung der Giardino Bikes.<\/p>                        <\/div>\n\n                    <\/div>\n\n                <\/div><!-- .elementskit-card END -->\n\n                                                        <script type=\"application\/ld+json\">{\"@context\":\"https:\/\/schema.org\",\"@type\":\"FAQPage\",\"mainEntity\":[{\"@type\":\"Question\",\"name\":\"Welche Zimmertypen gibt es im Hotel Giardino Ascona?\",\"acceptedAnswer\":{\"@type\":\"Answer\",\"text\":\"<p>Das Hotel bietet sieben Kategorien: Doppelzimmer Casa Rosa (Golfblick), Doppelzimmer Morgensonne (Blick auf Tessiner Berge), Doppelzimmer S\u00fcdseite (Seerosenteich\/Garten), Junior Suite Morgensonne (mit eigenem Garten), Junior Suite S\u00fcdseite, Suite Morgensonne und Suite S\u00fcdseite.<\/p>\"}},{\"@type\":\"Question\",\"name\":\"Haben alle Zimmer im Giardino Ascona einen Balkon?\",\"acceptedAnswer\":{\"@type\":\"Answer\",\"text\":\"<p>Ja. Alle Zimmer und Suiten verf\u00fcgen \u00fcber einen Balkon oder eine private Terrasse, je nach Kategorie mit Blick auf den Golfplatz, den Garten, den Seerosenteich oder die Tessiner Berge.<\/p>\"}},{\"@type\":\"Question\",\"name\":\"Ist der Spa f\u00fcr alle Hotelg\u00e4ste kostenlos?\",\"acceptedAnswer\":{\"@type\":\"Answer\",\"text\":\"<p>Ja. Der Zugang zum dipi\u00f9 Spa inklusive Innen- und Aussenpool sowie Fitnessraum ist f\u00fcr alle Hotelg\u00e4ste kostenlos inbegriffen. Treatments und Massagen sind kostenpflichtig und k\u00f6nnen gebucht werden.<\/p>\"}},{\"@type\":\"Question\",\"name\":\"Sind Kinder im Giardino Ascona willkommen?\",\"acceptedAnswer\":{\"@type\":\"Answer\",\"text\":\"<p>Ja. Kinder bis 12 Jahre \u00fcbernachten im Zimmer der Eltern kostenfrei. F\u00fcr Kinder ab 13 Jahren berechnet das Hotel CHF 170 pro Kind und Nacht, inklusive Fr\u00fchst\u00fcck.<\/p>\"}},{\"@type\":\"Question\",\"name\":\"Was ist im Zimmerpreis inklusive?\",\"acceptedAnswer\":{\"@type\":\"Answer\",\"text\":\"<p>Im Zimmerpreis enthalten sind Spa- und Fitnessnutzung, kostenfreies WLAN, Mineralwasser, Fr\u00fcchte, Kaffeemaschine, Bademantel und Slipper sowie die Nutzung der Giardino Bikes.<\/p>\"}}]}<\/script>\n                                <\/div>\n    <\/div>\t\t\t\t<\/div>\n\t\t\t\t<\/div>\n\t\t\t\t<\/div>\n\t\t\t\t<\/div>\n\t\t\t\t\t<\/div>\n\t\t\t\t<\/div>\n\t\t<div class=\"elementor-element elementor-element-a545e99 bbts nospaceP e-flex e-con-boxed e-con e-parent\" data-id=\"a545e99\" data-element_type=\"container\" data-e-type=\"container\" data-settings=\"{&quot;background_background&quot;:&quot;classic&quot;,&quot;ekit_has_onepagescroll_dot&quot;:&quot;yes&quot;}\">\n\t\t\t\t\t<div class=\"e-con-inner\">\n\t\t<div class=\"elementor-element elementor-element-91b8876 e-con-full e-flex e-con e-child\" data-id=\"91b8876\" data-element_type=\"container\" data-e-type=\"container\" data-settings=\"{&quot;ekit_has_onepagescroll_dot&quot;:&quot;yes&quot;}\">\n\t\t<div class=\"elementor-element elementor-element-a901945 e-con-full e-flex e-con e-child\" data-id=\"a901945\" data-element_type=\"container\" data-e-type=\"container\" data-settings=\"{&quot;ekit_has_onepagescroll_dot&quot;:&quot;yes&quot;}\">\n\t\t\t\t<div class=\"elementor-element elementor-element-2553e3d elementor-widget elementor-widget-menu-anchor\" data-id=\"2553e3d\" data-element_type=\"widget\" data-e-type=\"widget\" data-settings=\"{&quot;ekit_we_effect_on&quot;:&quot;none&quot;}\" data-widget_type=\"menu-anchor.default\">\n\t\t\t\t<div class=\"elementor-widget-container\">\n\t\t\t\t\t\t\t<div class=\"elementor-menu-anchor\" id=\"grundausstattung\"><\/div>\n\t\t\t\t\t\t<\/div>\n\t\t\t\t<\/div>\n\t\t\t\t<div class=\"elementor-element elementor-element-7d342c1 elementor-widget elementor-widget-heading\" data-id=\"7d342c1\" data-element_type=\"widget\" data-e-type=\"widget\" data-settings=\"{&quot;ekit_we_effect_on&quot;:&quot;none&quot;}\" data-widget_type=\"heading.default\">\n\t\t\t\t<div class=\"elementor-widget-container\">\n\t\t\t\t\t<h3 class=\"elementor-heading-title elementor-size-default\">Zimmer und Suiten <br>Grundausstattung<\/h3>\t\t\t\t<\/div>\n\t\t\t\t<\/div>\n\t\t\t\t<div class=\"elementor-element elementor-element-b1e6cfa elementor-icon-list--layout-traditional elementor-list-item-link-full_width elementor-widget elementor-widget-global elementor-global-2542 elementor-widget-icon-list\" data-id=\"b1e6cfa\" data-element_type=\"widget\" data-e-type=\"widget\" data-settings=\"{&quot;ekit_we_effect_on&quot;:&quot;none&quot;}\" data-widget_type=\"icon-list.default\">\n\t\t\t\t<div class=\"elementor-widget-container\">\n\t\t\t\t\t\t\t<ul class=\"elementor-icon-list-items\">\n\t\t\t\t\t\t\t<li class=\"elementor-icon-list-item\">\n\t\t\t\t\t\t\t\t\t\t\t<span class=\"elementor-icon-list-icon\">\n\t\t\t\t\t\t\t<i aria-hidden=\"true\" class=\"fas fa-circle\"><\/i>\t\t\t\t\t\t<\/span>\n\t\t\t\t\t\t\t\t\t\t<span class=\"elementor-icon-list-text\">Check-in ab 15 Uhr \/ Check-out bis 11 Uhr<\/span>\n\t\t\t\t\t\t\t\t\t<\/li>\n\t\t\t\t\t\t\t\t<li class=\"elementor-icon-list-item\">\n\t\t\t\t\t\t\t\t\t\t\t<span class=\"elementor-icon-list-icon\">\n\t\t\t\t\t\t\t<i aria-hidden=\"true\" class=\"fas fa-circle\"><\/i>\t\t\t\t\t\t<\/span>\n\t\t\t\t\t\t\t\t\t\t<span class=\"elementor-icon-list-text\">Balkon mit Sicht auf Berge oder Garten<\/span>\n\t\t\t\t\t\t\t\t\t<\/li>\n\t\t\t\t\t\t\t\t<li class=\"elementor-icon-list-item\">\n\t\t\t\t\t\t\t\t\t\t\t<span class=\"elementor-icon-list-icon\">\n\t\t\t\t\t\t\t<i aria-hidden=\"true\" class=\"fas fa-circle\"><\/i>\t\t\t\t\t\t<\/span>\n\t\t\t\t\t\t\t\t\t\t<span class=\"elementor-icon-list-text\">Badezimmer mit Dusche<\/span>\n\t\t\t\t\t\t\t\t\t<\/li>\n\t\t\t\t\t\t\t\t<li class=\"elementor-icon-list-item\">\n\t\t\t\t\t\t\t\t\t\t\t<span class=\"elementor-icon-list-icon\">\n\t\t\t\t\t\t\t<i aria-hidden=\"true\" class=\"fas fa-circle\"><\/i>\t\t\t\t\t\t<\/span>\n\t\t\t\t\t\t\t\t\t\t<span class=\"elementor-icon-list-text\">Badewanne <\/span>\n\t\t\t\t\t\t\t\t\t<\/li>\n\t\t\t\t\t\t\t\t<li class=\"elementor-icon-list-item\">\n\t\t\t\t\t\t\t\t\t\t\t<span class=\"elementor-icon-list-icon\">\n\t\t\t\t\t\t\t<i aria-hidden=\"true\" class=\"fas fa-circle\"><\/i>\t\t\t\t\t\t<\/span>\n\t\t\t\t\t\t\t\t\t\t<span class=\"elementor-icon-list-text\">Kostenfreier Zugang zum Spa und Fitnessstudio<\/span>\n\t\t\t\t\t\t\t\t\t<\/li>\n\t\t\t\t\t\t\t\t<li class=\"elementor-icon-list-item\">\n\t\t\t\t\t\t\t\t\t\t\t<span class=\"elementor-icon-list-icon\">\n\t\t\t\t\t\t\t<i aria-hidden=\"true\" class=\"fas fa-circle\"><\/i>\t\t\t\t\t\t<\/span>\n\t\t\t\t\t\t\t\t\t\t<span class=\"elementor-icon-list-text\">Kostenfreie Nutzung der Giardino Bikes<\/span>\n\t\t\t\t\t\t\t\t\t<\/li>\n\t\t\t\t\t\t\t\t<li class=\"elementor-icon-list-item\">\n\t\t\t\t\t\t\t\t\t\t\t<span class=\"elementor-icon-list-icon\">\n\t\t\t\t\t\t\t<i aria-hidden=\"true\" class=\"fas fa-circle\"><\/i>\t\t\t\t\t\t<\/span>\n\t\t\t\t\t\t\t\t\t\t<span class=\"elementor-icon-list-text\">Kostenfreies WLAN<\/span>\n\t\t\t\t\t\t\t\t\t<\/li>\n\t\t\t\t\t\t\t\t<li class=\"elementor-icon-list-item\">\n\t\t\t\t\t\t\t\t\t\t\t<span class=\"elementor-icon-list-icon\">\n\t\t\t\t\t\t\t<i aria-hidden=\"true\" class=\"fas fa-circle\"><\/i>\t\t\t\t\t\t<\/span>\n\t\t\t\t\t\t\t\t\t\t<span class=\"elementor-icon-list-text\">Klimaanlage und Zimmersafe<\/span>\n\t\t\t\t\t\t\t\t\t<\/li>\n\t\t\t\t\t\t\t\t<li class=\"elementor-icon-list-item\">\n\t\t\t\t\t\t\t\t\t\t\t<span class=\"elementor-icon-list-icon\">\n\t\t\t\t\t\t\t<i aria-hidden=\"true\" class=\"fas fa-circle\"><\/i>\t\t\t\t\t\t<\/span>\n\t\t\t\t\t\t\t\t\t\t<span class=\"elementor-icon-list-text\">Flatscreen-TV, DVD-Player und Radio<\/span>\n\t\t\t\t\t\t\t\t\t<\/li>\n\t\t\t\t\t\t\t\t<li class=\"elementor-icon-list-item\">\n\t\t\t\t\t\t\t\t\t\t\t<span class=\"elementor-icon-list-icon\">\n\t\t\t\t\t\t\t<i aria-hidden=\"true\" class=\"fas fa-circle\"><\/i>\t\t\t\t\t\t<\/span>\n\t\t\t\t\t\t\t\t\t\t<span class=\"elementor-icon-list-text\">Exklusive Pflegeprodukte<\/span>\n\t\t\t\t\t\t\t\t\t<\/li>\n\t\t\t\t\t\t\t\t<li class=\"elementor-icon-list-item\">\n\t\t\t\t\t\t\t\t\t\t\t<span class=\"elementor-icon-list-icon\">\n\t\t\t\t\t\t\t<i aria-hidden=\"true\" class=\"fas fa-circle\"><\/i>\t\t\t\t\t\t<\/span>\n\t\t\t\t\t\t\t\t\t\t<span class=\"elementor-icon-list-text\">Bademantel und Slipper<\/span>\n\t\t\t\t\t\t\t\t\t<\/li>\n\t\t\t\t\t\t\t\t<li class=\"elementor-icon-list-item\">\n\t\t\t\t\t\t\t\t\t\t\t<span class=\"elementor-icon-list-icon\">\n\t\t\t\t\t\t\t<i aria-hidden=\"true\" class=\"fas fa-circle\"><\/i>\t\t\t\t\t\t<\/span>\n\t\t\t\t\t\t\t\t\t\t<span class=\"elementor-icon-list-text\">Mineralwasser und Fr\u00fcchte<\/span>\n\t\t\t\t\t\t\t\t\t<\/li>\n\t\t\t\t\t\t\t\t<li class=\"elementor-icon-list-item\">\n\t\t\t\t\t\t\t\t\t\t\t<span class=\"elementor-icon-list-icon\">\n\t\t\t\t\t\t\t<i aria-hidden=\"true\" class=\"fas fa-circle\"><\/i>\t\t\t\t\t\t<\/span>\n\t\t\t\t\t\t\t\t\t\t<span class=\"elementor-icon-list-text\">Kaffeemaschine<\/span>\n\t\t\t\t\t\t\t\t\t<\/li>\n\t\t\t\t\t\t\t\t<li class=\"elementor-icon-list-item\">\n\t\t\t\t\t\t\t\t\t\t\t<span class=\"elementor-icon-list-icon\">\n\t\t\t\t\t\t\t<i aria-hidden=\"true\" class=\"fas fa-circle\"><\/i>\t\t\t\t\t\t<\/span>\n\t\t\t\t\t\t\t\t\t\t<span class=\"elementor-icon-list-text\">Minibar<\/span>\n\t\t\t\t\t\t\t\t\t<\/li>\n\t\t\t\t\t\t<\/ul>\n\t\t\t\t\t\t<\/div>\n\t\t\t\t<\/div>\n\t\t\t\t<div class=\"elementor-element elementor-element-cce85cb elementor-icon-list--layout-traditional elementor-list-item-link-full_width elementor-widget elementor-widget-global elementor-global-2545 elementor-widget-icon-list\" data-id=\"cce85cb\" data-element_type=\"widget\" data-e-type=\"widget\" data-settings=\"{&quot;ekit_we_effect_on&quot;:&quot;none&quot;}\" data-widget_type=\"icon-list.default\">\n\t\t\t\t<div class=\"elementor-widget-container\">\n\t\t\t\t\t\t\t<ul class=\"elementor-icon-list-items\">\n\t\t\t\t\t\t\t<li class=\"elementor-icon-list-item\">\n\t\t\t\t\t\t\t\t\t\t\t<span class=\"elementor-icon-list-icon\">\n\t\t\t\t\t\t\t<i aria-hidden=\"true\" class=\"fas fa-circle\"><\/i>\t\t\t\t\t\t<\/span>\n\t\t\t\t\t\t\t\t\t\t<span class=\"elementor-icon-list-text\">Kinder im Alter von 0-12: kostenfrei<\/span>\n\t\t\t\t\t\t\t\t\t<\/li>\n\t\t\t\t\t\t\t\t<li class=\"elementor-icon-list-item\">\n\t\t\t\t\t\t\t\t\t\t\t<span class=\"elementor-icon-list-icon\">\n\t\t\t\t\t\t\t<i aria-hidden=\"true\" class=\"fas fa-circle\"><\/i>\t\t\t\t\t\t<\/span>\n\t\t\t\t\t\t\t\t\t\t<span class=\"elementor-icon-list-text\">Kinder ab 13 Jahren: CHF 170\/Kind <br>im Zimmer der Eltern inkl. Fr\u00fchst\u00fcck<\/span>\n\t\t\t\t\t\t\t\t\t<\/li>\n\t\t\t\t\t\t<\/ul>\n\t\t\t\t\t\t<\/div>\n\t\t\t\t<\/div>\n\t\t\t\t<\/div>\n\t\t\t\t<\/div>\n\t\t\t\t\t<\/div>\n\t\t\t\t<\/div>\n\t\t<div class=\"elementor-element elementor-element-226f98c e-flex e-con-boxed e-con e-parent\" data-id=\"226f98c\" data-element_type=\"container\" data-e-type=\"container\" data-settings=\"{&quot;ekit_has_onepagescroll_dot&quot;:&quot;yes&quot;}\">\n\t\t\t\t\t<div class=\"e-con-inner\">\n\t\t<div class=\"elementor-element elementor-element-17abe13 bbts nospaceP e-con-full e-flex e-con e-child\" data-id=\"17abe13\" data-element_type=\"container\" data-e-type=\"container\" data-settings=\"{&quot;ekit_has_onepagescroll_dot&quot;:&quot;yes&quot;}\">\n\t\t<div class=\"elementor-element elementor-element-2bbb742 e-con-full e-flex e-con e-child\" data-id=\"2bbb742\" data-element_type=\"container\" data-e-type=\"container\" data-settings=\"{&quot;ekit_has_onepagescroll_dot&quot;:&quot;yes&quot;}\">\n\t\t\t\t<div class=\"elementor-element elementor-element-24260c1 elementor-widget elementor-widget-heading\" data-id=\"24260c1\" data-element_type=\"widget\" data-e-type=\"widget\" data-settings=\"{&quot;ekit_we_effect_on&quot;:&quot;none&quot;}\" data-widget_type=\"heading.default\">\n\t\t\t\t<div class=\"elementor-widget-container\">\n\t\t\t\t\t<h3 class=\"elementor-heading-title elementor-size-default\">Angebote<\/h3>\t\t\t\t<\/div>\n\t\t\t\t<\/div>\n\t\t<div class=\"elementor-element elementor-element-5e7e8d3 e-con-full e-flex e-con e-child\" data-id=\"5e7e8d3\" data-element_type=\"container\" data-e-type=\"container\" data-settings=\"{&quot;ekit_has_onepagescroll_dot&quot;:&quot;yes&quot;}\">\n\t\t<div class=\"elementor-element elementor-element-3133ae1 e-con-full elementor-hidden-mobile e-flex e-con e-child\" data-id=\"3133ae1\" data-element_type=\"container\" data-e-type=\"container\" data-settings=\"{&quot;ekit_has_onepagescroll_dot&quot;:&quot;yes&quot;}\">\n\t\t\t\t<\/div>\n\t\t\t\t<div class=\"elementor-element elementor-element-b32e8c4 elementor-widget elementor-widget-menu-anchor\" data-id=\"b32e8c4\" data-element_type=\"widget\" data-e-type=\"widget\" data-settings=\"{&quot;ekit_we_effect_on&quot;:&quot;none&quot;}\" data-widget_type=\"menu-anchor.default\">\n\t\t\t\t<div class=\"elementor-widget-container\">\n\t\t\t\t\t\t\t<div class=\"elementor-menu-anchor\" id=\"meetthenewchef-package\"><\/div>\n\t\t\t\t\t\t<\/div>\n\t\t\t\t<\/div>\n\t\t<div class=\"elementor-element elementor-element-6f0cd1e e-con-full e-flex e-con e-child\" data-id=\"6f0cd1e\" data-element_type=\"container\" data-e-type=\"container\" data-settings=\"{&quot;ekit_has_onepagescroll_dot&quot;:&quot;yes&quot;}\">\n\t\t\t\t<div class=\"elementor-element elementor-element-5e742ac elementor-widget elementor-widget-text-editor\" data-id=\"5e742ac\" data-element_type=\"widget\" data-e-type=\"widget\" data-settings=\"{&quot;ekit_we_effect_on&quot;:&quot;none&quot;}\" data-widget_type=\"text-editor.default\">\n\t\t\t\t<div class=\"elementor-widget-container\">\n\t\t\t\t\t\t\t\t\t<p style=\"font-weight: 400;\"><strong>40 Jahre Giardino Ascona \u2013 Ein Jubil\u00e4um voller Lebensfreude<\/strong><\/p><p style=\"font-weight: 400;\">Giardino wird 40 \u2013 und das feiern wir mit Ihnen.<\/p><p style=\"font-weight: 400;\">Seit vier Jahrzehnten steht das Giardino Ascona f\u00fcr mediterrane Leichtigkeit, genussvolle Momente und besondere Begegnungen. Dieses Jubil\u00e4um ist f\u00fcr uns ein Anlass, Danke zu sagen \u2013 und gemeinsam mit Ihnen unvergessliche Augenblicke zu erleben.<\/p><p style=\"font-weight: 400;\">Mit der <strong>Sommersaison-Er\u00f6ffnung am 1. April 2026<\/strong> lancieren wir bereits unser erstes Jubil\u00e4ums-Special. Weitere \u00dcberraschungen und exklusive Highlights folgen in den kommenden Wochen und begleiten Sie durch eine ganz besondere Saison.<\/p><p style=\"font-weight: 400;\">Freuen Sie sich auf inspirierende Erlebnisse, genussvolle Akzente und kleine wie grosse Momente, die das Giardino-Gef\u00fchl seit 40 Jahren ausmachen.<\/p><p style=\"font-weight: 400;\"><strong>Feiern Sie mit uns 40 Jahre Giardino Ascona.<\/strong><br \/>Wir freuen uns darauf, dieses Jubil\u00e4um gemeinsam mit Ihnen zu zelebrieren \u2013 bei einem der folgenden Jubil\u00e4umsangebote oder mit einem unserer besonderen <a href=\"https:\/\/giardinohotels.ch\/de\/ascona\/angebote\/anlaesse-im-giardino-ascona\/\">Anl\u00e4sse<\/a>.<\/p><p style=\"font-weight: 400;\">\u00a0<\/p>\t\t\t\t\t\t\t\t<\/div>\n\t\t\t\t<\/div>\n\t\t\t\t<div class=\"elementor-element elementor-element-38c658f elementor-widget elementor-widget-menu-anchor\" data-id=\"38c658f\" data-element_type=\"widget\" data-e-type=\"widget\" data-settings=\"{&quot;ekit_we_effect_on&quot;:&quot;none&quot;}\" data-widget_type=\"menu-anchor.default\">\n\t\t\t\t<div class=\"elementor-widget-container\">\n\t\t\t\t\t\t\t<div class=\"elementor-menu-anchor\" id=\"ems\"><\/div>\n\t\t\t\t\t\t<\/div>\n\t\t\t\t<\/div>\n\t\t\t\t<div class=\"elementor-element elementor-element-b8e1d34 elementor-widget elementor-widget-menu-anchor\" data-id=\"b8e1d34\" data-element_type=\"widget\" data-e-type=\"widget\" data-settings=\"{&quot;ekit_we_effect_on&quot;:&quot;none&quot;}\" data-widget_type=\"menu-anchor.default\">\n\t\t\t\t<div class=\"elementor-widget-container\">\n\t\t\t\t\t\t\t<div class=\"elementor-menu-anchor\" id=\"angebot1986\"><\/div>\n\t\t\t\t\t\t<\/div>\n\t\t\t\t<\/div>\n\t\t\t\t<\/div>\n\t\t<div class=\"elementor-element elementor-element-9fda26c e-con-full elementor-hidden-mobile e-flex e-con e-child\" data-id=\"9fda26c\" data-element_type=\"container\" data-e-type=\"container\" data-settings=\"{&quot;ekit_has_onepagescroll_dot&quot;:&quot;yes&quot;}\">\n\t\t\t\t<\/div>\n\t\t\t\t<\/div>\n\t\t\t\t<\/div>\n\t\t\t\t<\/div>\n\t\t\t\t\t<\/div>\n\t\t\t\t<\/div>\n\t\t<div class=\"elementor-element elementor-element-ac1d683 e-flex e-con-boxed e-con e-parent\" data-id=\"ac1d683\" data-element_type=\"container\" data-e-type=\"container\" data-settings=\"{&quot;ekit_has_onepagescroll_dot&quot;:&quot;yes&quot;}\">\n\t\t\t\t\t<div class=\"e-con-inner\">\n\t\t<div class=\"elementor-element elementor-element-860d5df e-con-full e-flex e-con e-child\" data-id=\"860d5df\" data-element_type=\"container\" data-e-type=\"container\" data-settings=\"{&quot;ekit_has_onepagescroll_dot&quot;:&quot;yes&quot;}\">\n\t\t\t\t<div class=\"elementor-element elementor-element-b207e14 elementor-grid-2 elementor-grid-tablet-2 elementor-grid-mobile-1 elementor-widget elementor-widget-pp-posts\" data-id=\"b207e14\" data-element_type=\"widget\" data-e-type=\"widget\" data-settings=\"{&quot;ekit_we_effect_on&quot;:&quot;none&quot;}\" data-widget_type=\"pp-posts.template\">\n\t\t\t\t<div class=\"elementor-widget-container\">\n\t\t\t\t\t\t\t<div class=\"pp-posts-container pp-posts-infinite-scroll\">\n\t\t\t\n\t\t\t\t\t\t\t\t\t\t\n\t\t\t<div class=\"pp-posts pp-posts-skin-template elementor-grid pp-posts-grid\" data-query-type=\"custom\" data-layout=\"grid\" data-page=\"2647\" data-skin=\"template\">\n\t\t\t\t\t\t\t\t\t\t\t<div class=\"pp-post-wrap pp-grid-item-wrap elementor-grid-item post-28844 angebote type-angebote status-publish has-post-thumbnail hentry category-angebot-40 category-angebot-ga category-angebot-ga-test category-angebote\">\n\t\t\t\t\t\t<div class=\"pp-post pp-grid-item\">\n\t\t\t\t<div class=\"elementor-template\"><style>.elementor-29315 .elementor-element.elementor-element-2e4ef9c4{--display:flex;--flex-direction:column;--container-widget-width:100%;--container-widget-height:initial;--container-widget-flex-grow:0;--container-widget-align-self:initial;--flex-wrap-mobile:wrap;--padding-top:0px;--padding-bottom:0px;--padding-left:0px;--padding-right:0px;overflow:visible;}.elementor-29315 .elementor-element.elementor-element-533d5516{--display:flex;--padding-top:0px;--padding-bottom:0px;--padding-left:25px;--padding-right:25px;overflow:visible;}.elementor-29315 .elementor-element.elementor-element-823b30f{--display:flex;--flex-direction:column;--container-widget-width:100%;--container-widget-height:initial;--container-widget-flex-grow:0;--container-widget-align-self:initial;--flex-wrap-mobile:wrap;--gap:0px 0px;--row-gap:0px;--column-gap:0px;--overflow:hidden;--padding-top:0px;--padding-bottom:0px;--padding-left:0px;--padding-right:0px;overflow:visible;}.elementor-29315 .elementor-element.elementor-element-1e20859c > .elementor-widget-container{padding:0px 0px 0px 0px;}.elementor-29315 .elementor-element.elementor-element-7ff390a4 > .elementor-widget-container{margin:20px 0px 0px 0px;}.elementor-29315 .elementor-element.elementor-element-40cbf979 .elementor-heading-title{line-height:21px;}.elementor-29315 .elementor-element.elementor-element-40cbf979 > .elementor-widget-container{margin:10px 0px 0px 0px;}.elementor-29315 .elementor-element.elementor-element-45896eda .dce-content{margin-bottom:0px;}.elementor-29315 .elementor-element.elementor-element-45896eda > .elementor-widget-container{margin:-20px 0px 0px 0px;}.elementor-29315 .elementor-element.elementor-element-5e3b2b16{font-size:13px;line-height:20px;}.elementor-29315 .elementor-element.elementor-element-5e3b2b16 > .elementor-widget-container{margin:-10px 0px 20px 0px;}.elementor-29315 .elementor-element.elementor-element-79e27243 .elementor-button{fill:var( --e-global-color-secondary );color:var( --e-global-color-secondary );}.elementor-29315 .elementor-element.elementor-element-79e27243 .elementor-button:hover, .elementor-29315 .elementor-element.elementor-element-79e27243 .elementor-button:focus{color:var( --e-global-color-accent );background-color:var( --e-global-color-41a27ae );}.elementor-29315 .elementor-element.elementor-element-79e27243 .elementor-button:hover svg, .elementor-29315 .elementor-element.elementor-element-79e27243 .elementor-button:focus svg{fill:var( --e-global-color-accent );}.elementor-29315 .elementor-element.elementor-element-79e27243 > .elementor-widget-container{margin:0px 0px 0px 0px;}.elementor-29315 .elementor-element.elementor-element-79e27243{width:auto;max-width:auto;}.elementor-29315 .elementor-element.elementor-element-355fc4bb .elementor-button{fill:var( --e-global-color-secondary );color:var( --e-global-color-secondary );}.elementor-29315 .elementor-element.elementor-element-355fc4bb .elementor-button:hover, .elementor-29315 .elementor-element.elementor-element-355fc4bb .elementor-button:focus{color:var( --e-global-color-accent );background-color:var( --e-global-color-41a27ae );}.elementor-29315 .elementor-element.elementor-element-355fc4bb .elementor-button:hover svg, .elementor-29315 .elementor-element.elementor-element-355fc4bb .elementor-button:focus svg{fill:var( --e-global-color-accent );}.elementor-29315 .elementor-element.elementor-element-355fc4bb > .elementor-widget-container{margin:0px 0px 0px 0px;}.elementor-29315 .elementor-element.elementor-element-355fc4bb{width:auto;max-width:auto;}.elementor-29315 .elementor-element.elementor-element-433560bc .elementor-button{fill:var( --e-global-color-secondary );color:var( --e-global-color-secondary );}.elementor-29315 .elementor-element.elementor-element-433560bc .elementor-button:hover, .elementor-29315 .elementor-element.elementor-element-433560bc .elementor-button:focus{color:var( --e-global-color-accent );background-color:var( --e-global-color-41a27ae );}.elementor-29315 .elementor-element.elementor-element-433560bc .elementor-button:hover svg, .elementor-29315 .elementor-element.elementor-element-433560bc .elementor-button:focus svg{fill:var( --e-global-color-accent );}.elementor-29315 .elementor-element.elementor-element-433560bc > .elementor-widget-container{margin:022px 0px 0px 0px;}.elementor-29315 .elementor-element.elementor-element-433560bc{width:auto;max-width:auto;}.elementor-29315 .elementor-element.elementor-element-f4295d9{--display:flex;--padding-top:0px;--padding-bottom:0px;--padding-left:0px;--padding-right:0px;overflow:visible;}.elementor-29315 .elementor-element.elementor-element-55a3bed6 .elementor-button{fill:var( --e-global-color-secondary );color:var( --e-global-color-secondary );}.elementor-29315 .elementor-element.elementor-element-55a3bed6 .elementor-button:hover, .elementor-29315 .elementor-element.elementor-element-55a3bed6 .elementor-button:focus{color:var( --e-global-color-accent );background-color:var( --e-global-color-41a27ae );}.elementor-29315 .elementor-element.elementor-element-55a3bed6 .elementor-button:hover svg, .elementor-29315 .elementor-element.elementor-element-55a3bed6 .elementor-button:focus svg{fill:var( --e-global-color-accent );}.elementor-29315 .elementor-element.elementor-element-55a3bed6 > .elementor-widget-container{margin:022px 0px 0px 0px;}.elementor-29315 .elementor-element.elementor-element-55a3bed6{width:auto;max-width:auto;}.elementor-29315 .elementor-element.elementor-element-1dfd3973{--spacer-size:50px;}@media(max-width:767px){.elementor-29315 .elementor-element.elementor-element-823b30f{--padding-top:0px;--padding-bottom:0px;--padding-left:0px;--padding-right:0px;}}@media(min-width:768px){.elementor-29315 .elementor-element.elementor-element-2e4ef9c4{--width:100%;}.elementor-29315 .elementor-element.elementor-element-823b30f{--width:100%;}}\/* Start custom CSS for heading, class: .elementor-element-40cbf979 *\/.hotelhl2 h3 {margin-top:-20px !important;}\/* End custom CSS *\/\n\/* Start custom CSS for dyncontel-content, class: .elementor-element-45896eda *\/.knappeliste li {margin-top:-20px;}\/* End custom CSS *\/<\/style>\t\t<div data-elementor-type=\"container\" data-elementor-id=\"29315\" class=\"elementor elementor-29315\" data-elementor-post-type=\"elementor_library\">\n\t\t\t\t<div data-pp-template-widget-id=\"2e4ef9c4-29162\" class=\"elementor-pp-element-2e4ef9c4-29162 elementor-element elementor-element-2e4ef9c4 e-con-full e-flex e-con e-child\" data-id=\"2e4ef9c4\" data-element_type=\"container\" data-e-type=\"container\" data-settings=\"{&quot;ekit_has_onepagescroll_dot&quot;:&quot;yes&quot;}\">\n\t\t<div data-pp-template-widget-id=\"533d5516-29162\" class=\"elementor-pp-element-533d5516-29162 elementor-element elementor-element-533d5516 e-con-full e-flex e-con e-child\" data-id=\"533d5516\" data-element_type=\"container\" data-e-type=\"container\" data-settings=\"{&quot;ekit_has_onepagescroll_dot&quot;:&quot;yes&quot;}\">\n\t\t<div data-pp-template-widget-id=\"823b30f-29162\" class=\"elementor-pp-element-823b30f-29162 elementor-element elementor-element-823b30f e-con-full e-flex e-con e-child\" data-id=\"823b30f\" data-element_type=\"container\" data-e-type=\"container\" data-settings=\"{&quot;ekit_has_onepagescroll_dot&quot;:&quot;yes&quot;}\">\n\t\t\t\t<div data-pp-template-widget-id=\"1e20859c-28844\" class=\"elementor-pp-element-1e20859c-28844 elementor-element elementor-element-1e20859c quadratbild elementor-widget elementor-widget-image\" data-id=\"1e20859c\" data-element_type=\"widget\" data-e-type=\"widget\" data-settings=\"{&quot;ekit_we_effect_on&quot;:&quot;none&quot;}\" data-widget_type=\"image.default\">\n\t\t\t\t<div class=\"elementor-widget-container\">\n\t\t\t\t\t\t\t\t\t\t\t\t<figure class=\"wp-caption\">\n\t\t\t\t\t\t\t\t\t\t<img loading=\"lazy\" decoding=\"async\" width=\"1024\" height=\"575\" src=\"https:\/\/giardinohotels.ch\/wp-content\/uploads\/2025\/02\/GA_Building_RGB_High_ANI_02b-GD-Filter-4-1024x575.jpg\" class=\"attachment-large size-large wp-image-17072\" alt=\"\" srcset=\"https:\/\/giardinohotels.ch\/wp-content\/uploads\/2025\/02\/GA_Building_RGB_High_ANI_02b-GD-Filter-4-1024x575.jpg 1024w, https:\/\/giardinohotels.ch\/wp-content\/uploads\/2025\/02\/GA_Building_RGB_High_ANI_02b-GD-Filter-4-300x168.jpg 300w, https:\/\/giardinohotels.ch\/wp-content\/uploads\/2025\/02\/GA_Building_RGB_High_ANI_02b-GD-Filter-4-768x431.jpg 768w, https:\/\/giardinohotels.ch\/wp-content\/uploads\/2025\/02\/GA_Building_RGB_High_ANI_02b-GD-Filter-4-1536x863.jpg 1536w, https:\/\/giardinohotels.ch\/wp-content\/uploads\/2025\/02\/GA_Building_RGB_High_ANI_02b-GD-Filter-4.jpg 1980w\" sizes=\"(max-width: 1024px) 100vw, 1024px\" title=\"\">\t\t\t\t\t\t\t\t\t\t\t<figcaption class=\"widget-image-caption wp-caption-text\"><\/figcaption>\n\t\t\t\t\t\t\t\t\t\t<\/figure>\n\t\t\t\t\t\t\t\t\t<\/div>\n\t\t\t\t<\/div>\n\t\t\t\t<div data-pp-template-widget-id=\"7ff390a4-28844\" class=\"elementor-pp-element-7ff390a4-28844 elementor-element elementor-element-7ff390a4 hotelhl elementor-widget elementor-widget-heading\" data-id=\"7ff390a4\" data-element_type=\"widget\" data-e-type=\"widget\" data-settings=\"{&quot;enabled_visibility&quot;:&quot;yes&quot;,&quot;dce_visibility_selected&quot;:&quot;hide&quot;,&quot;ekit_we_effect_on&quot;:&quot;none&quot;}\" data-widget_type=\"heading.default\">\n\t\t\t\t<div class=\"elementor-widget-container\">\n\t\t\t\t\t<h3 class=\"elementor-heading-title elementor-size-default\">40 Jahre Giardino: 1986-Package<\/h3>\t\t\t\t<\/div>\n\t\t\t\t<\/div>\n\t\t<!-- dce invisible element 40cbf979 -->\t\t<div data-pp-template-widget-id=\"45896eda-28844\" class=\"elementor-pp-element-45896eda-28844 elementor-element elementor-element-45896eda knappeliste elementor-widget elementor-widget-dyncontel-content\" data-id=\"45896eda\" data-element_type=\"widget\" data-e-type=\"widget\" data-settings=\"{&quot;ekit_we_effect_on&quot;:&quot;none&quot;}\" data-widget_type=\"dyncontel-content.default\">\n\t\t\t\t<div class=\"elementor-widget-container\">\n\t\t\t\t\t<div class=\"dce-content \"><div class=\"dce-content-wrapper\"><p><\/p>\n<p>Im Jubil\u00e4umsjahr 40 Jahre Giardino Ascona starten wir mit einem Blick auf unser Er\u00f6ffnungsjahr 1986 \u2013 und einem exklusiven Package f\u00fcr genussvolle Tage in Ascona:<\/p>\n<p><\/p>\n<p><\/p>\n<ul class=\"wp-block-list\"><\/p>\n<li>3 \u00dcbernachtungen im Doppelzimmer Morgensonne<\/li>\n<p><\/p>\n<p><\/p>\n<li>Kulinarische Freiheit im Hide &amp; Seek Ascona<\/li>\n<p><\/p>\n<p><\/p>\n<li>45 Minuten Spa Treatment pro Person<\/li>\n<p><\/p>\n<p><\/p>\n<li>Ap\u00e9ritif Bounty Messicano by Edi Castelletti&nbsp;<\/li>\n<p><\/p>\n<p><\/p>\n<li>Exklusives Geschenk<\/li>\n<p><\/ul>\n<p><\/p>\n<\/div><\/div>\t\t\t\t<\/div>\n\t\t\t\t<\/div>\n\t\t\t\t<div data-pp-template-widget-id=\"5e3b2b16-28844\" class=\"elementor-pp-element-5e3b2b16-28844 elementor-element elementor-element-5e3b2b16 elementor-widget elementor-widget-text-editor\" data-id=\"5e3b2b16\" data-element_type=\"widget\" data-e-type=\"widget\" data-settings=\"{&quot;ekit_we_effect_on&quot;:&quot;none&quot;}\" data-widget_type=\"text-editor.default\">\n\t\t\t\t<div class=\"elementor-widget-container\">\n\t\t\t\t\t\t\t\t\tPackage-Preis CHF 1\u2019986 pro Zimmer (2 Personen)<br>\r\nBuchbar nach Verf\u00fcgbarkeit ausserhalb von Hochsaison, Feiertagen und Ferienzeiten.\r\nNicht kumulierbar mit anderen Spezialangeboten. \t\t\t\t\t\t\t\t<\/div>\n\t\t\t\t<\/div>\n\t\t\t\t<div data-pp-template-widget-id=\"79e27243-28844\" class=\"elementor-pp-element-79e27243-28844 elementor-element elementor-element-79e27243 elementor-widget__width-auto elementor-widget elementor-widget-button\" data-id=\"79e27243\" data-element_type=\"widget\" data-e-type=\"widget\" data-settings=\"{&quot;enabled_visibility&quot;:&quot;yes&quot;,&quot;ekit_we_effect_on&quot;:&quot;none&quot;,&quot;dce_visibility_selected&quot;:&quot;yes&quot;}\" data-widget_type=\"button.default\">\n\t\t\t\t<div class=\"elementor-widget-container\">\n\t\t\t\t\t\t\t\t\t<div class=\"elementor-button-wrapper\">\n\t\t\t\t\t<a class=\"elementor-button elementor-button-link elementor-size-sm\" href=\"mailto:reservation@giardino.ch\">\n\t\t\t\t\t\t<span class=\"elementor-button-content-wrapper\">\n\t\t\t\t\t\t\t\t\t<span class=\"elementor-button-text\">buchen<\/span>\n\t\t\t\t\t<\/span>\n\t\t\t\t\t<\/a>\n\t\t\t\t<\/div>\n\t\t\t\t\t\t\t\t<\/div>\n\t\t\t\t<\/div>\n\t\t<!-- dce invisible element 355fc4bb --><!-- dce invisible element 433560bc --><div data-pp-template-widget-id=\"f4295d9-28844\" class=\"elementor-pp-element-f4295d9-28844 elementor-element elementor-element-f4295d9 e-con-full e-flex e-con e-child\" data-id=\"f4295d9\" data-element_type=\"container\" data-e-type=\"container\" data-settings=\"{&quot;enabled_visibility&quot;:&quot;yes&quot;,&quot;dce_visibility_selected&quot;:&quot;hide&quot;,&quot;ekit_has_onepagescroll_dot&quot;:&quot;yes&quot;}\">\n\t\t<!-- dce invisible element 55a3bed6 -->\t\t<\/div>\n\t\t\t\t<div data-pp-template-widget-id=\"1dfd3973-29162\" class=\"elementor-pp-element-1dfd3973-29162 elementor-element elementor-element-1dfd3973 elementor-widget elementor-widget-spacer\" data-id=\"1dfd3973\" data-element_type=\"widget\" data-e-type=\"widget\" data-settings=\"{&quot;ekit_we_effect_on&quot;:&quot;none&quot;}\" data-widget_type=\"spacer.default\">\n\t\t\t\t<div class=\"elementor-widget-container\">\n\t\t\t\t\t\t\t<div class=\"elementor-spacer\">\n\t\t\t<div class=\"elementor-spacer-inner\"><\/div>\n\t\t<\/div>\n\t\t\t\t\t\t<\/div>\n\t\t\t\t<\/div>\n\t\t\t\t<\/div>\n\t\t\t\t<\/div>\n\t\t\t\t<\/div>\n\t\t\t\t<\/div>\n\t\t<\/div>\t\t\t<\/div>\n\t\t\t\t\t<\/div>\n\t\t\t\t<div class=\"pp-post-wrap pp-grid-item-wrap elementor-grid-item post-28840 angebote type-angebote status-publish has-post-thumbnail hentry category-angebot-40 category-angebot-ga category-angebot-ga-test category-angebote\">\n\t\t\t\t\t\t<div class=\"pp-post pp-grid-item\">\n\t\t\t\t<div class=\"elementor-template\"><style>.elementor-29315 .elementor-element.elementor-element-2e4ef9c4{--display:flex;--flex-direction:column;--container-widget-width:100%;--container-widget-height:initial;--container-widget-flex-grow:0;--container-widget-align-self:initial;--flex-wrap-mobile:wrap;--padding-top:0px;--padding-bottom:0px;--padding-left:0px;--padding-right:0px;overflow:visible;}.elementor-29315 .elementor-element.elementor-element-533d5516{--display:flex;--padding-top:0px;--padding-bottom:0px;--padding-left:25px;--padding-right:25px;overflow:visible;}.elementor-29315 .elementor-element.elementor-element-823b30f{--display:flex;--flex-direction:column;--container-widget-width:100%;--container-widget-height:initial;--container-widget-flex-grow:0;--container-widget-align-self:initial;--flex-wrap-mobile:wrap;--gap:0px 0px;--row-gap:0px;--column-gap:0px;--overflow:hidden;--padding-top:0px;--padding-bottom:0px;--padding-left:0px;--padding-right:0px;overflow:visible;}.elementor-29315 .elementor-element.elementor-element-1e20859c > .elementor-widget-container{padding:0px 0px 0px 0px;}.elementor-29315 .elementor-element.elementor-element-7ff390a4 > .elementor-widget-container{margin:20px 0px 0px 0px;}.elementor-29315 .elementor-element.elementor-element-40cbf979 .elementor-heading-title{line-height:21px;}.elementor-29315 .elementor-element.elementor-element-40cbf979 > .elementor-widget-container{margin:10px 0px 0px 0px;}.elementor-29315 .elementor-element.elementor-element-45896eda .dce-content{margin-bottom:0px;}.elementor-29315 .elementor-element.elementor-element-45896eda > .elementor-widget-container{margin:-20px 0px 0px 0px;}.elementor-29315 .elementor-element.elementor-element-5e3b2b16{font-size:13px;line-height:20px;}.elementor-29315 .elementor-element.elementor-element-5e3b2b16 > .elementor-widget-container{margin:-10px 0px 20px 0px;}.elementor-29315 .elementor-element.elementor-element-79e27243 .elementor-button{fill:var( --e-global-color-secondary );color:var( --e-global-color-secondary );}.elementor-29315 .elementor-element.elementor-element-79e27243 .elementor-button:hover, .elementor-29315 .elementor-element.elementor-element-79e27243 .elementor-button:focus{color:var( --e-global-color-accent );background-color:var( --e-global-color-41a27ae );}.elementor-29315 .elementor-element.elementor-element-79e27243 .elementor-button:hover svg, .elementor-29315 .elementor-element.elementor-element-79e27243 .elementor-button:focus svg{fill:var( --e-global-color-accent );}.elementor-29315 .elementor-element.elementor-element-79e27243 > .elementor-widget-container{margin:0px 0px 0px 0px;}.elementor-29315 .elementor-element.elementor-element-79e27243{width:auto;max-width:auto;}.elementor-29315 .elementor-element.elementor-element-355fc4bb .elementor-button{fill:var( --e-global-color-secondary );color:var( --e-global-color-secondary );}.elementor-29315 .elementor-element.elementor-element-355fc4bb .elementor-button:hover, .elementor-29315 .elementor-element.elementor-element-355fc4bb .elementor-button:focus{color:var( --e-global-color-accent );background-color:var( --e-global-color-41a27ae );}.elementor-29315 .elementor-element.elementor-element-355fc4bb .elementor-button:hover svg, .elementor-29315 .elementor-element.elementor-element-355fc4bb .elementor-button:focus svg{fill:var( --e-global-color-accent );}.elementor-29315 .elementor-element.elementor-element-355fc4bb > .elementor-widget-container{margin:0px 0px 0px 0px;}.elementor-29315 .elementor-element.elementor-element-355fc4bb{width:auto;max-width:auto;}.elementor-29315 .elementor-element.elementor-element-433560bc .elementor-button{fill:var( --e-global-color-secondary );color:var( --e-global-color-secondary );}.elementor-29315 .elementor-element.elementor-element-433560bc .elementor-button:hover, .elementor-29315 .elementor-element.elementor-element-433560bc .elementor-button:focus{color:var( --e-global-color-accent );background-color:var( --e-global-color-41a27ae );}.elementor-29315 .elementor-element.elementor-element-433560bc .elementor-button:hover svg, .elementor-29315 .elementor-element.elementor-element-433560bc .elementor-button:focus svg{fill:var( --e-global-color-accent );}.elementor-29315 .elementor-element.elementor-element-433560bc > .elementor-widget-container{margin:022px 0px 0px 0px;}.elementor-29315 .elementor-element.elementor-element-433560bc{width:auto;max-width:auto;}.elementor-29315 .elementor-element.elementor-element-f4295d9{--display:flex;--padding-top:0px;--padding-bottom:0px;--padding-left:0px;--padding-right:0px;overflow:visible;}.elementor-29315 .elementor-element.elementor-element-55a3bed6 .elementor-button{fill:var( --e-global-color-secondary );color:var( --e-global-color-secondary );}.elementor-29315 .elementor-element.elementor-element-55a3bed6 .elementor-button:hover, .elementor-29315 .elementor-element.elementor-element-55a3bed6 .elementor-button:focus{color:var( --e-global-color-accent );background-color:var( --e-global-color-41a27ae );}.elementor-29315 .elementor-element.elementor-element-55a3bed6 .elementor-button:hover svg, .elementor-29315 .elementor-element.elementor-element-55a3bed6 .elementor-button:focus svg{fill:var( --e-global-color-accent );}.elementor-29315 .elementor-element.elementor-element-55a3bed6 > .elementor-widget-container{margin:022px 0px 0px 0px;}.elementor-29315 .elementor-element.elementor-element-55a3bed6{width:auto;max-width:auto;}.elementor-29315 .elementor-element.elementor-element-1dfd3973{--spacer-size:50px;}@media(max-width:767px){.elementor-29315 .elementor-element.elementor-element-823b30f{--padding-top:0px;--padding-bottom:0px;--padding-left:0px;--padding-right:0px;}}@media(min-width:768px){.elementor-29315 .elementor-element.elementor-element-2e4ef9c4{--width:100%;}.elementor-29315 .elementor-element.elementor-element-823b30f{--width:100%;}}\/* Start custom CSS for heading, class: .elementor-element-40cbf979 *\/.hotelhl2 h3 {margin-top:-20px !important;}\/* End custom CSS *\/\n\/* Start custom CSS for dyncontel-content, class: .elementor-element-45896eda *\/.knappeliste li {margin-top:-20px;}\/* End custom CSS *\/<\/style>\t\t<div data-elementor-type=\"container\" data-elementor-id=\"29315\" class=\"elementor elementor-29315\" data-elementor-post-type=\"elementor_library\">\n\t\t\t\t<div data-pp-template-widget-id=\"2e4ef9c4-29162\" class=\"elementor-pp-element-2e4ef9c4-29162 elementor-element elementor-element-2e4ef9c4 e-con-full e-flex e-con e-child\" data-id=\"2e4ef9c4\" data-element_type=\"container\" data-e-type=\"container\" data-settings=\"{&quot;ekit_has_onepagescroll_dot&quot;:&quot;yes&quot;}\">\n\t\t<div data-pp-template-widget-id=\"533d5516-29162\" class=\"elementor-pp-element-533d5516-29162 elementor-element elementor-element-533d5516 e-con-full e-flex e-con e-child\" data-id=\"533d5516\" data-element_type=\"container\" data-e-type=\"container\" data-settings=\"{&quot;ekit_has_onepagescroll_dot&quot;:&quot;yes&quot;}\">\n\t\t<div data-pp-template-widget-id=\"823b30f-29162\" class=\"elementor-pp-element-823b30f-29162 elementor-element elementor-element-823b30f e-con-full e-flex e-con e-child\" data-id=\"823b30f\" data-element_type=\"container\" data-e-type=\"container\" data-settings=\"{&quot;ekit_has_onepagescroll_dot&quot;:&quot;yes&quot;}\">\n\t\t\t\t<div data-pp-template-widget-id=\"1e20859c-28840\" class=\"elementor-pp-element-1e20859c-28840 elementor-element elementor-element-1e20859c quadratbild elementor-widget elementor-widget-image\" data-id=\"1e20859c\" data-element_type=\"widget\" data-e-type=\"widget\" data-settings=\"{&quot;ekit_we_effect_on&quot;:&quot;none&quot;}\" data-widget_type=\"image.default\">\n\t\t\t\t<div class=\"elementor-widget-container\">\n\t\t\t\t\t\t\t\t\t\t\t\t<figure class=\"wp-caption\">\n\t\t\t\t\t\t\t\t\t\t<img loading=\"lazy\" decoding=\"async\" width=\"1024\" height=\"683\" src=\"https:\/\/giardinohotels.ch\/wp-content\/uploads\/2025\/08\/09_Meet-the-new-chef_EC_Reto-Braendli_RGB_Low_OLPU_2025_01-1024x683.jpg\" class=\"attachment-large size-large wp-image-22593\" alt=\"Portrait Gourmetchef Reto Br\u00e4ndli in der K\u00fcche\" srcset=\"https:\/\/giardinohotels.ch\/wp-content\/uploads\/2025\/08\/09_Meet-the-new-chef_EC_Reto-Braendli_RGB_Low_OLPU_2025_01-1024x683.jpg 1024w, https:\/\/giardinohotels.ch\/wp-content\/uploads\/2025\/08\/09_Meet-the-new-chef_EC_Reto-Braendli_RGB_Low_OLPU_2025_01-300x200.jpg 300w, https:\/\/giardinohotels.ch\/wp-content\/uploads\/2025\/08\/09_Meet-the-new-chef_EC_Reto-Braendli_RGB_Low_OLPU_2025_01-768x512.jpg 768w, https:\/\/giardinohotels.ch\/wp-content\/uploads\/2025\/08\/09_Meet-the-new-chef_EC_Reto-Braendli_RGB_Low_OLPU_2025_01-1536x1024.jpg 1536w, https:\/\/giardinohotels.ch\/wp-content\/uploads\/2025\/08\/09_Meet-the-new-chef_EC_Reto-Braendli_RGB_Low_OLPU_2025_01.jpg 1920w\" sizes=\"(max-width: 1024px) 100vw, 1024px\" title=\"\">\t\t\t\t\t\t\t\t\t\t\t<figcaption class=\"widget-image-caption wp-caption-text\"><\/figcaption>\n\t\t\t\t\t\t\t\t\t\t<\/figure>\n\t\t\t\t\t\t\t\t\t<\/div>\n\t\t\t\t<\/div>\n\t\t\t\t<div data-pp-template-widget-id=\"7ff390a4-28840\" class=\"elementor-pp-element-7ff390a4-28840 elementor-element elementor-element-7ff390a4 hotelhl elementor-widget elementor-widget-heading\" data-id=\"7ff390a4\" data-element_type=\"widget\" data-e-type=\"widget\" data-settings=\"{&quot;enabled_visibility&quot;:&quot;yes&quot;,&quot;dce_visibility_selected&quot;:&quot;hide&quot;,&quot;ekit_we_effect_on&quot;:&quot;none&quot;}\" data-widget_type=\"heading.default\">\n\t\t\t\t<div class=\"elementor-widget-container\">\n\t\t\t\t\t<h3 class=\"elementor-heading-title elementor-size-default\">Meet the Chef-Package<\/h3>\t\t\t\t<\/div>\n\t\t\t\t<\/div>\n\t\t<!-- dce invisible element 40cbf979 -->\t\t<div data-pp-template-widget-id=\"45896eda-28840\" class=\"elementor-pp-element-45896eda-28840 elementor-element elementor-element-45896eda knappeliste elementor-widget elementor-widget-dyncontel-content\" data-id=\"45896eda\" data-element_type=\"widget\" data-e-type=\"widget\" data-settings=\"{&quot;ekit_we_effect_on&quot;:&quot;none&quot;}\" data-widget_type=\"dyncontel-content.default\">\n\t\t\t\t<div class=\"elementor-widget-container\">\n\t\t\t\t\t<div class=\"dce-content \"><div class=\"dce-content-wrapper\"><p><\/p>\n<p>Feiern Sie mit uns den Erfolg von Reto Br\u00e4ndli! Unser K\u00fcchenchef Reto Br\u00e4ndli vom Fine Dining Restaurant ECCO Ascona wurde mit 2 Michelin-Sternen und 18 Gault Millau-Punkten ausgezeichnet und zum \u00abAufsteiger des Jahres 2026\u00bb gek\u00fcrt.<\/p>\n<p><\/p>\n<p><\/p>\n<p>Exklusives Spezialangebot bis 17. Oktober 2026 \u2013 Meet the Chef. Erleben Sie Fine Dining auf h\u00f6chstem Niveau mit unserem limitierten Meet the Chef-Package (g\u00fcltig bis 17. Oktober 2026, ausgenommen Montag und Dienstag):<\/p>\n<p><\/p>\n<p><\/p>\n<ul class=\"wp-block-list\"><\/p>\n<li>1 \u00dcbernachtung im sch\u00f6nen Doppelzimmer Morgensonne<\/li>\n<p><\/p>\n<p><\/p>\n<li>5-Gang-Men\u00fc im Restaurant ECCO Ascona&nbsp;pro Person<\/li>\n<p><\/p>\n<p><\/p>\n<li>Meet the Chef-Ap\u00e9ro \u2013 pers\u00f6nliche Begegnung mit Reto Br\u00e4ndli<\/li>\n<p><\/ul>\n<p><\/p>\n<\/div><\/div>\t\t\t\t<\/div>\n\t\t\t\t<\/div>\n\t\t\t\t<div data-pp-template-widget-id=\"5e3b2b16-28840\" class=\"elementor-pp-element-5e3b2b16-28840 elementor-element elementor-element-5e3b2b16 elementor-widget elementor-widget-text-editor\" data-id=\"5e3b2b16\" data-element_type=\"widget\" data-e-type=\"widget\" data-settings=\"{&quot;ekit_we_effect_on&quot;:&quot;none&quot;}\" data-widget_type=\"text-editor.default\">\n\t\t\t\t<div class=\"elementor-widget-container\">\n\t\t\t\t\t\t\t\t\tPackage-Gesamtpreis: ab CHF 1\u2019150 pro Zimmer (2 Personen)\t\t\t\t\t\t\t\t<\/div>\n\t\t\t\t<\/div>\n\t\t\t\t<div data-pp-template-widget-id=\"79e27243-28840\" class=\"elementor-pp-element-79e27243-28840 elementor-element elementor-element-79e27243 elementor-widget__width-auto elementor-widget elementor-widget-button\" data-id=\"79e27243\" data-element_type=\"widget\" data-e-type=\"widget\" data-settings=\"{&quot;enabled_visibility&quot;:&quot;yes&quot;,&quot;ekit_we_effect_on&quot;:&quot;none&quot;,&quot;dce_visibility_selected&quot;:&quot;yes&quot;}\" data-widget_type=\"button.default\">\n\t\t\t\t<div class=\"elementor-widget-container\">\n\t\t\t\t\t\t\t\t\t<div class=\"elementor-button-wrapper\">\n\t\t\t\t\t<a class=\"elementor-button elementor-button-link elementor-size-sm\" href=\"mailto:reservation@giardino.ch\">\n\t\t\t\t\t\t<span class=\"elementor-button-content-wrapper\">\n\t\t\t\t\t\t\t\t\t<span class=\"elementor-button-text\">buchen<\/span>\n\t\t\t\t\t<\/span>\n\t\t\t\t\t<\/a>\n\t\t\t\t<\/div>\n\t\t\t\t\t\t\t\t<\/div>\n\t\t\t\t<\/div>\n\t\t<!-- dce invisible element 355fc4bb --><!-- dce invisible element 433560bc --><div data-pp-template-widget-id=\"f4295d9-28840\" class=\"elementor-pp-element-f4295d9-28840 elementor-element elementor-element-f4295d9 e-con-full e-flex e-con e-child\" data-id=\"f4295d9\" data-element_type=\"container\" data-e-type=\"container\" data-settings=\"{&quot;enabled_visibility&quot;:&quot;yes&quot;,&quot;dce_visibility_selected&quot;:&quot;hide&quot;,&quot;ekit_has_onepagescroll_dot&quot;:&quot;yes&quot;}\">\n\t\t<!-- dce invisible element 55a3bed6 -->\t\t<\/div>\n\t\t\t\t<div data-pp-template-widget-id=\"1dfd3973-29162\" class=\"elementor-pp-element-1dfd3973-29162 elementor-element elementor-element-1dfd3973 elementor-widget elementor-widget-spacer\" data-id=\"1dfd3973\" data-element_type=\"widget\" data-e-type=\"widget\" data-settings=\"{&quot;ekit_we_effect_on&quot;:&quot;none&quot;}\" data-widget_type=\"spacer.default\">\n\t\t\t\t<div class=\"elementor-widget-container\">\n\t\t\t\t\t\t\t<div class=\"elementor-spacer\">\n\t\t\t<div class=\"elementor-spacer-inner\"><\/div>\n\t\t<\/div>\n\t\t\t\t\t\t<\/div>\n\t\t\t\t<\/div>\n\t\t\t\t<\/div>\n\t\t\t\t<\/div>\n\t\t\t\t<\/div>\n\t\t\t\t<\/div>\n\t\t<\/div>\t\t\t<\/div>\n\t\t\t\t\t<\/div>\n\t\t\t\t\t\t\t\t\t<\/div>\n\t\t\t<div class=\"pp-screen-only elementor-screen-only\" aria-live=\"polite\" id=\"pp-post-carousel-status\">Showing Slide 1 of 3<\/div>\n\t\t\t\n\t\t\t\t\t\t<div class=\"pp-posts-loader\"><\/div>\n\t\t\t\n\t\t\t\n\t\t\t\t\t\t\t\t\t\t\t<div class=\"pp-posts-pagination-wrap pp-posts-pagination-bottom\">\n\t\t\t\t\t\t\t\t<nav class=\"pp-posts-pagination pp-posts-pagination-ajax elementor-pagination\" role=\"navigation\" aria-label=\"Pagination\" data-total=\"5\">\n\t\t\t\t<span aria-current=\"page\" class=\"page-numbers current\">1<\/span>\n<a class=\"page-numbers\" href=\"https:\/\/giardinohotels.ch\/de\/wp-json\/wp\/v2\/pages\/2647\/page\/2\/\">2<\/a>\n<a class=\"page-numbers\" href=\"https:\/\/giardinohotels.ch\/de\/wp-json\/wp\/v2\/pages\/2647\/page\/3\/\">3<\/a>\n<a class=\"page-numbers\" href=\"https:\/\/giardinohotels.ch\/de\/wp-json\/wp\/v2\/pages\/2647\/page\/4\/\">4<\/a>\n<a class=\"page-numbers\" href=\"https:\/\/giardinohotels.ch\/de\/wp-json\/wp\/v2\/pages\/2647\/page\/5\/\">5<\/a>\t\t\t<\/nav>\n\t\t\t\t\t\t\t<\/div>\n\t\t\t\t\t\t\t\t\t<\/div>\n\n\t\t\n\t\t\t\t\t\t<\/div>\n\t\t\t\t<\/div>\n\t\t\t\t<\/div>\n\t\t\t\t\t<\/div>\n\t\t\t\t<\/div>\n\t\t<!-- dce invisible element 1831bad --><div class=\"elementor-element elementor-element-df24623 e-con-full e-flex e-con e-parent\" data-id=\"df24623\" data-element_type=\"container\" data-e-type=\"container\" data-settings=\"{&quot;ekit_has_onepagescroll_dot&quot;:&quot;yes&quot;}\">\n\t\t\t\t<div class=\"elementor-element elementor-element-8ceda8d elementor-widget elementor-widget-template\" data-id=\"8ceda8d\" data-element_type=\"widget\" data-e-type=\"widget\" data-settings=\"{&quot;ekit_we_effect_on&quot;:&quot;none&quot;}\" data-widget_type=\"template.default\">\n\t\t\t\t<div class=\"elementor-widget-container\">\n\t\t\t\t\t\t\t<div class=\"elementor-template\">\n\t\t\t\t\t<div data-elementor-type=\"container\" data-elementor-id=\"2572\" class=\"elementor elementor-2572\" data-elementor-post-type=\"elementor_library\">\n\t\t\t\t<div class=\"elementor-element elementor-element-34b71dfa e-flex e-con-boxed e-con e-parent\" data-id=\"34b71dfa\" data-element_type=\"container\" data-e-type=\"container\" data-settings=\"{&quot;background_background&quot;:&quot;classic&quot;,&quot;ekit_has_onepagescroll_dot&quot;:&quot;yes&quot;}\">\n\t\t\t\t\t<div class=\"e-con-inner\">\n\t\t\t\t<div class=\"elementor-element elementor-element-65049da7 elementor-widget__width-auto elementor-widget elementor-widget-image\" data-id=\"65049da7\" data-element_type=\"widget\" data-e-type=\"widget\" data-settings=\"{&quot;ekit_we_effect_on&quot;:&quot;none&quot;}\" data-widget_type=\"image.default\">\n\t\t\t\t<div class=\"elementor-widget-container\">\n\t\t\t\t\t\t\t\t\t\t\t\t\t\t\t\t<a href=\"https:\/\/giardinohotels.ch\/de\/ascona\/\">\n\t\t\t\t\t\t\t<img loading=\"lazy\" decoding=\"async\" width=\"1024\" height=\"350\" src=\"https:\/\/giardinohotels.ch\/wp-content\/uploads\/2024\/12\/GA_Logo_RGB_10cm_300dpi-1024x350.png\" class=\"attachment-large size-large wp-image-661\" alt=\"\" srcset=\"https:\/\/giardinohotels.ch\/wp-content\/uploads\/2024\/12\/GA_Logo_RGB_10cm_300dpi-1024x350.png 1024w, https:\/\/giardinohotels.ch\/wp-content\/uploads\/2024\/12\/GA_Logo_RGB_10cm_300dpi-300x103.png 300w, https:\/\/giardinohotels.ch\/wp-content\/uploads\/2024\/12\/GA_Logo_RGB_10cm_300dpi-768x263.png 768w, https:\/\/giardinohotels.ch\/wp-content\/uploads\/2024\/12\/GA_Logo_RGB_10cm_300dpi.png 1181w\" sizes=\"(max-width: 1024px) 100vw, 1024px\" title=\"\">\t\t\t\t\t\t\t\t<\/a>\n\t\t\t\t\t\t\t\t\t\t\t\t\t\t\t<\/div>\n\t\t\t\t<\/div>\n\t\t\t\t<div class=\"elementor-element elementor-element-5c526d82 adresse, fusszeile elementor-widget elementor-widget-text-editor\" data-id=\"5c526d82\" data-element_type=\"widget\" data-e-type=\"widget\" data-settings=\"{&quot;ekit_we_effect_on&quot;:&quot;none&quot;}\" data-widget_type=\"text-editor.default\">\n\t\t\t\t<div class=\"elementor-widget-container\">\n\t\t\t\t\t\t\t\t\t<p>Giardino Ascona<br \/><a href=\"https:\/\/maps.app.goo.gl\/jZDgPvY9mqTxzN7w7\" target=\"_blank\" rel=\"noopener noreferrer nofollow\">Via del Segnale 10<\/a><br \/>6612 Ascona<br \/>Telefon <a href=\"tel:+41917858888\">+41 91 785 88 88<\/a><\/p>\t\t\t\t\t\t\t\t<\/div>\n\t\t\t\t<\/div>\n\t\t\t\t<div class=\"elementor-element elementor-element-3def4ea7 elementor-widget elementor-widget-elementskit-social-media\" data-id=\"3def4ea7\" data-element_type=\"widget\" data-e-type=\"widget\" data-settings=\"{&quot;ekit_we_effect_on&quot;:&quot;none&quot;}\" data-widget_type=\"elementskit-social-media.default\">\n\t\t\t\t<div class=\"elementor-widget-container\">\n\t\t\t\t\t<div class=\"ekit-wid-con\" >\t\t\t <ul class=\"ekit_social_media\">\n\t\t\t\t\t\t\t\t\t\t\t\t\t\t<li class=\"elementor-repeater-item-0b64897\">\n\t\t\t\t\t    <a href=\"https:\/\/www.facebook.com\/giardino.ascona\/\" aria-label=\"Facebook\" class=\"facebook\" target=\"_blank\" rel=\"noopener noreferrer nofollow\">\n\t\t\t\t\t\t\t\n\t\t\t\t\t\t\t<i aria-hidden=\"true\" class=\"icon icon-facebook\"><\/i>\n                                                                                                            <\/a>\n                    <\/li>\n                    \t\t\t\t\t\t\t\t\t\t\t\t\t\t<li class=\"elementor-repeater-item-ccbd3bb\">\n\t\t\t\t\t    <a href=\"https:\/\/www.instagram.com\/giardino.ascona\/\" aria-label=\"Instagram\" class=\"instagram\" target=\"_blank\" rel=\"noopener noreferrer nofollow\">\n\t\t\t\t\t\t\t\n\t\t\t\t\t\t\t<i aria-hidden=\"true\" class=\"fab fa-instagram\"><\/i>\n                                                                                                            <\/a>\n                    <\/li>\n                    \t\t\t\t\t\t\t\t\t\t\t\t\t\t<li class=\"elementor-repeater-item-c13392f\">\n\t\t\t\t\t    <a href=\"https:\/\/www.linkedin.com\/company\/giardino-hotels\/\" aria-label=\"Linked-in\" class=\"linkedin\" target=\"_blank\" rel=\"noopener noreferrer nofollow\">\n\t\t\t\t\t\t\t\n\t\t\t\t\t\t\t<i aria-hidden=\"true\" class=\"icon icon-linkedin\"><\/i>\n                                                                                                            <\/a>\n                    <\/li>\n                    \t\t\t\t\t\t\t<\/ul>\n\t\t<\/div>\t\t\t\t<\/div>\n\t\t\t\t<\/div>\n\t\t\t\t<div class=\"elementor-element elementor-element-31b16978 elementor-widget__width-auto elementor-widget elementor-widget-button\" data-id=\"31b16978\" data-element_type=\"widget\" data-e-type=\"widget\" data-settings=\"{&quot;ekit_we_effect_on&quot;:&quot;none&quot;}\" data-widget_type=\"button.default\">\n\t\t\t\t<div class=\"elementor-widget-container\">\n\t\t\t\t\t\t\t\t\t<div class=\"elementor-button-wrapper\">\n\t\t\t\t\t<a class=\"elementor-button elementor-button-link elementor-size-sm\" href=\"https:\/\/giardinohotels.us7.list-manage.com\/subscribe?u=3f2fbc1098648a410ef17138d&#038;id=50a2d279a7\" target=\"_blank\" rel=\"noopener noreferrer nofollow\">\n\t\t\t\t\t\t<span class=\"elementor-button-content-wrapper\">\n\t\t\t\t\t\t\t\t\t<span class=\"elementor-button-text\">Newsletter abonnieren<\/span>\n\t\t\t\t\t<\/span>\n\t\t\t\t\t<\/a>\n\t\t\t\t<\/div>\n\t\t\t\t\t\t\t\t<\/div>\n\t\t\t\t<\/div>\n\t\t\t\t\t<\/div>\n\t\t\t\t<\/div>\n\t\t\t\t<\/div>\n\t\t\t\t<\/div>\n\t\t\t\t\t\t<\/div>\n\t\t\t\t<\/div>\n\t\t\t\t<\/div>\n\t\t\t\t<\/div>\n\t\t","protected":false},"excerpt":{"rendered":"<p>Zimmer &amp; Suiten Das Hotel Giardino Ascona bietet sieben Zimmerkategorien, von Doppelzimmern mit Blick auf den Golfplatz (Casa Rosa) oder Seerosenteich (S\u00fcdseite) bis hin zu Suiten mit Panoramablick auf die Tessiner Berge. Alle Zimmer sind klimatisiert, verf\u00fcgen \u00fcber einen Balkon oder Terrasse, kostenfreien Spa-Zugang und exklusive Pflegeprodukte der Eigenmarke dipi\u00f9. Doppelzimmer Casa Rosa Jeder Tag [&hellip;]<\/p>\n","protected":false},"author":1,"featured_media":0,"parent":2450,"menu_order":1,"comment_status":"closed","ping_status":"closed","template":"elementor_header_footer","meta":{"_acf_changed":false,"site-sidebar-layout":"no-sidebar","site-content-layout":"page-builder","ast-site-content-layout":"full-width-container","site-content-style":"default","site-sidebar-style":"default","ast-global-header-display":"","ast-banner-title-visibility":"","ast-main-header-display":"","ast-hfb-above-header-display":"","ast-hfb-below-header-display":"","ast-hfb-mobile-header-display":"","site-post-title":"disabled","ast-breadcrumbs-content":"","ast-featured-img":"disabled","footer-sml-layout":"","ast-disable-related-posts":"","theme-transparent-header-meta":"","adv-header-id-meta":"","stick-header-meta":"","header-above-stick-meta":"","header-main-stick-meta":"","header-below-stick-meta":"","astra-migrate-meta-layouts":"set","ast-page-background-enabled":"default","ast-page-background-meta":{"desktop":{"background-color":"","background-image":"","background-repeat":"repeat","background-position":"center center","background-size":"auto","background-attachment":"scroll","background-type":"","background-media":"","overlay-type":"","overlay-color":"","overlay-opacity":"","overlay-gradient":""},"tablet":{"background-color":"","background-image":"","background-repeat":"repeat","background-position":"center center","background-size":"auto","background-attachment":"scroll","background-type":"","background-media":"","overlay-type":"","overlay-color":"","overlay-opacity":"","overlay-gradient":""},"mobile":{"background-color":"","background-image":"","background-repeat":"repeat","background-position":"center center","background-size":"auto","background-attachment":"scroll","background-type":"","background-media":"","overlay-type":"","overlay-color":"","overlay-opacity":"","overlay-gradient":""}},"ast-content-background-meta":{"desktop":{"background-color":"var(--ast-global-color-5)","background-image":"","background-repeat":"repeat","background-position":"center center","background-size":"auto","background-attachment":"scroll","background-type":"","background-media":"","overlay-type":"","overlay-color":"","overlay-opacity":"","overlay-gradient":""},"tablet":{"background-color":"var(--ast-global-color-5)","background-image":"","background-repeat":"repeat","background-position":"center center","background-size":"auto","background-attachment":"scroll","background-type":"","background-media":"","overlay-type":"","overlay-color":"","overlay-opacity":"","overlay-gradient":""},"mobile":{"background-color":"var(--ast-global-color-5)","background-image":"","background-repeat":"repeat","background-position":"center center","background-size":"auto","background-attachment":"scroll","background-type":"","background-media":"","overlay-type":"","overlay-color":"","overlay-opacity":"","overlay-gradient":""}},"footnotes":""},"class_list":["post-2647","page","type-page","status-publish","hentry"],"acf":[],"publishpress_future_action":{"enabled":false,"date":"2026-05-08 06:31:49","action":"change-status","newStatus":"draft","terms":[],"taxonomy":"translation_priority","extraData":[]},"publishpress_future_workflow_manual_trigger":{"enabledWorkflows":[]},"ase":null,"_links":{"self":[{"href":"https:\/\/giardinohotels.ch\/de\/wp-json\/wp\/v2\/pages\/2647","targetHints":{"allow":["GET"]}}],"collection":[{"href":"https:\/\/giardinohotels.ch\/de\/wp-json\/wp\/v2\/pages"}],"about":[{"href":"https:\/\/giardinohotels.ch\/de\/wp-json\/wp\/v2\/types\/page"}],"author":[{"embeddable":true,"href":"https:\/\/giardinohotels.ch\/de\/wp-json\/wp\/v2\/users\/1"}],"replies":[{"embeddable":true,"href":"https:\/\/giardinohotels.ch\/de\/wp-json\/wp\/v2\/comments?post=2647"}],"version-history":[{"count":95,"href":"https:\/\/giardinohotels.ch\/de\/wp-json\/wp\/v2\/pages\/2647\/revisions"}],"predecessor-version":[{"id":32097,"href":"https:\/\/giardinohotels.ch\/de\/wp-json\/wp\/v2\/pages\/2647\/revisions\/32097"}],"up":[{"embeddable":true,"href":"https:\/\/giardinohotels.ch\/de\/wp-json\/wp\/v2\/pages\/2450"}],"wp:attachment":[{"href":"https:\/\/giardinohotels.ch\/de\/wp-json\/wp\/v2\/media?parent=2647"}],"curies":[{"name":"wp","href":"https:\/\/api.w.org\/{rel}","templated":true}]}}