{"id":26152,"date":"2025-10-22T11:43:45","date_gmt":"2025-10-22T09:43:45","guid":{"rendered":"https:\/\/giardinohotels.ch\/?page_id=26152"},"modified":"2026-02-24T08:34:31","modified_gmt":"2026-02-24T07:34:31","slug":"extras-specials","status":"publish","type":"page","link":"https:\/\/giardinohotels.ch\/de\/hotel-in-locarno-giardino-bed-breakfast-lago\/extras-specials\/","title":{"rendered":"Extras &amp; Specials"},"content":{"rendered":"\t\t<div data-elementor-type=\"wp-page\" data-elementor-id=\"26152\" class=\"elementor elementor-26152\" data-elementor-post-type=\"page\">\n\t\t\t\t<div class=\"elementor-element elementor-element-53dcb65 e-con-full e-flex e-con e-parent\" data-id=\"53dcb65\" data-element_type=\"container\" data-e-type=\"container\" data-settings=\"{&quot;ekit_has_onepagescroll_dot&quot;:&quot;yes&quot;}\">\n\t\t\t\t<\/div>\n\t\t<div class=\"elementor-element elementor-element-e751262 e-con-full e-flex e-con e-parent\" data-id=\"e751262\" data-element_type=\"container\" data-e-type=\"container\" data-settings=\"{&quot;ekit_has_onepagescroll_dot&quot;:&quot;yes&quot;}\">\n\t\t\t\t<div class=\"elementor-element elementor-element-a9ce44b slider elementor-widget elementor-widget-image-carousel\" data-id=\"a9ce44b\" data-element_type=\"widget\" data-e-type=\"widget\" data-settings=\"{&quot;navigation&quot;:&quot;none&quot;,&quot;image_spacing_custom&quot;:{&quot;unit&quot;:&quot;px&quot;,&quot;size&quot;:5,&quot;sizes&quot;:[]},&quot;slides_to_show&quot;:&quot;2&quot;,&quot;autoplay&quot;:&quot;yes&quot;,&quot;autoplay_speed&quot;:5000,&quot;infinite&quot;:&quot;yes&quot;,&quot;speed&quot;:500,&quot;image_spacing_custom_tablet&quot;:{&quot;unit&quot;:&quot;px&quot;,&quot;size&quot;:&quot;&quot;,&quot;sizes&quot;:[]},&quot;image_spacing_custom_mobile&quot;:{&quot;unit&quot;:&quot;px&quot;,&quot;size&quot;:&quot;&quot;,&quot;sizes&quot;:[]},&quot;ekit_we_effect_on&quot;:&quot;none&quot;}\" data-widget_type=\"image-carousel.default\">\n\t\t\t\t<div class=\"elementor-widget-container\">\n\t\t\t\t\t\t\t<div class=\"elementor-image-carousel-wrapper swiper\" role=\"region\" aria-roledescription=\"carousel\" aria-label=\"Bild Karussell\" dir=\"ltr\">\n\t\t\t<div class=\"elementor-image-carousel swiper-wrapper swiper-image-stretch\" aria-live=\"off\">\n\t\t\t\t\t\t\t\t<div class=\"swiper-slide\" role=\"group\" aria-roledescription=\"slide\" aria-label=\"1 von 9\"><figure class=\"swiper-slide-inner\"><img decoding=\"async\" class=\"swiper-slide-image\" src=\"https:\/\/giardinohotels.ch\/wp-content\/uploads\/2026\/02\/GA-GL_Surrounding-Summer_Madonna-del-Sasso_RGB_Low_GMA_01.jpg\" alt=\"GA-GL_Surrounding Summer_Madonna del Sasso_RGB_Low_GMA_01\" title=\"\"><\/figure><\/div><div class=\"swiper-slide\" role=\"group\" aria-roledescription=\"slide\" aria-label=\"2 von 9\"><figure class=\"swiper-slide-inner\"><img decoding=\"async\" class=\"swiper-slide-image\" src=\"https:\/\/giardinohotels.ch\/wp-content\/uploads\/2025\/12\/GL-BB_Breakfast_RGB_Low_\u00a9roguecreationsagency_Nur-interne-Verwendung_01.jpg\" alt=\"\u00a9roguecreationsagency\" title=\"\"><\/figure><\/div><div class=\"swiper-slide\" role=\"group\" aria-roledescription=\"slide\" aria-label=\"3 von 9\"><figure class=\"swiper-slide-inner\"><img decoding=\"async\" class=\"swiper-slide-image\" src=\"https:\/\/giardinohotels.ch\/wp-content\/uploads\/2025\/10\/MTB_iStock-652367162.jpg\" alt=\"Biker couple riding mountain bike in the forest at countryside\" title=\"\"><\/figure><\/div><div class=\"swiper-slide\" role=\"group\" aria-roledescription=\"slide\" aria-label=\"4 von 9\"><figure class=\"swiper-slide-inner\"><img decoding=\"async\" class=\"swiper-slide-image\" src=\"https:\/\/giardinohotels.ch\/wp-content\/uploads\/2026\/02\/GL_Lake-Winter_RGB_Low_GMA_05_Bearb_Gruen.jpg\" alt=\"GL_Lake Winter_RGB_Low_GMA_05_Bearb_Gr\u00fcn\" title=\"\"><\/figure><\/div><div class=\"swiper-slide\" role=\"group\" aria-roledescription=\"slide\" aria-label=\"5 von 9\"><figure class=\"swiper-slide-inner\"><img decoding=\"async\" class=\"swiper-slide-image\" src=\"https:\/\/giardinohotels.ch\/wp-content\/uploads\/2026\/02\/GL-BB_Building_RGB_High_\u00a9roguecreationsagency_Nur-interne-Verwendung_05_bearb_Gruen-scaled.jpg\" alt=\"GL-BB_Building_RGB_High_\u00a9roguecreationsagency_Nur interne Verwendung_05_bearb_Gr\u00fcn\" title=\"\"><\/figure><\/div><div class=\"swiper-slide\" role=\"group\" aria-roledescription=\"slide\" aria-label=\"6 von 9\"><figure class=\"swiper-slide-inner\"><img decoding=\"async\" class=\"swiper-slide-image\" src=\"https:\/\/giardinohotels.ch\/wp-content\/uploads\/2025\/10\/Hiking_iStock-637189976.jpg\" alt=\"Young woman hiking celebrates at mountain top\" title=\"\"><\/figure><\/div><div class=\"swiper-slide\" role=\"group\" aria-roledescription=\"slide\" aria-label=\"7 von 9\"><figure class=\"swiper-slide-inner\"><img decoding=\"async\" class=\"swiper-slide-image\" src=\"https:\/\/giardinohotels.ch\/wp-content\/uploads\/2025\/10\/GA_Influencer_Motoryacht_RGB_Low_@cvlager_06.jpg\" alt=\"GA_Influencer_Motoryacht_RGB_Low_@cvlager_06\" title=\"\"><\/figure><\/div><div class=\"swiper-slide\" role=\"group\" aria-roledescription=\"slide\" aria-label=\"8 von 9\"><figure class=\"swiper-slide-inner\"><img decoding=\"async\" class=\"swiper-slide-image\" src=\"https:\/\/giardinohotels.ch\/wp-content\/uploads\/2026\/02\/GA_Golf_RGB_Low_GUPF_01.jpg\" alt=\"GA_Golf_RGB_Low_GUPF_01\" title=\"\"><\/figure><\/div><div class=\"swiper-slide\" role=\"group\" aria-roledescription=\"slide\" aria-label=\"9 von 9\"><figure class=\"swiper-slide-inner\"><img decoding=\"async\" class=\"swiper-slide-image\" src=\"https:\/\/giardinohotels.ch\/wp-content\/uploads\/2026\/02\/GL-BB_Roof-Lounge_RGB_Low_\u00a9roguecreationsagency_Nur-interne-Verwendung_01_Bearb_Gruen.jpg\" alt=\"\u00a9roguecreationsagency\" title=\"\"><\/figure><\/div>\t\t\t<\/div>\n\t\t\t\t\t\t\t\n\t\t\t\t\t\t\t\t\t<\/div>\n\t\t\t\t\t\t<\/div>\n\t\t\t\t<\/div>\n\t\t\t\t<div class=\"elementor-element elementor-element-32b540a elementor-widget elementor-widget-global elementor-global-25231 elementor-widget-image\" data-id=\"32b540a\" data-element_type=\"widget\" data-e-type=\"widget\" data-settings=\"{&quot;ekit_we_effect_on&quot;:&quot;none&quot;}\" data-widget_type=\"image.default\">\n\t\t\t\t<div class=\"elementor-widget-container\">\n\t\t\t\t\t\t\t\t\t\t\t\t\t\t\t<img fetchpriority=\"high\" decoding=\"async\" width=\"472\" height=\"472\" src=\"https:\/\/giardinohotels.ch\/wp-content\/uploads\/2025\/10\/Giardino-Bed-and-Breakfast-Stoerer-DE-Lago-Ab-24.10.2025.png\" class=\"attachment-large size-large wp-image-25225\" alt=\"\" srcset=\"https:\/\/giardinohotels.ch\/wp-content\/uploads\/2025\/10\/Giardino-Bed-and-Breakfast-Stoerer-DE-Lago-Ab-24.10.2025.png 472w, https:\/\/giardinohotels.ch\/wp-content\/uploads\/2025\/10\/Giardino-Bed-and-Breakfast-Stoerer-DE-Lago-Ab-24.10.2025-300x300.png 300w, https:\/\/giardinohotels.ch\/wp-content\/uploads\/2025\/10\/Giardino-Bed-and-Breakfast-Stoerer-DE-Lago-Ab-24.10.2025-150x150.png 150w\" sizes=\"(max-width: 472px) 100vw, 472px\" title=\"\">\t\t\t\t\t\t\t\t\t\t\t\t\t\t\t<\/div>\n\t\t\t\t<\/div>\n\t\t\t\t<\/div>\n\t\t<div class=\"elementor-element elementor-element-a89faf8 bbts nospaceP e-flex e-con-boxed e-con e-parent\" data-id=\"a89faf8\" data-element_type=\"container\" data-e-type=\"container\" data-settings=\"{&quot;ekit_has_onepagescroll_dot&quot;:&quot;yes&quot;}\">\n\t\t\t\t\t<div class=\"e-con-inner\">\n\t\t<div class=\"elementor-element elementor-element-8cc6cc1 e-con-full e-flex e-con e-child\" data-id=\"8cc6cc1\" data-element_type=\"container\" data-e-type=\"container\" data-settings=\"{&quot;ekit_has_onepagescroll_dot&quot;:&quot;yes&quot;}\">\n\t\t\t\t<div class=\"elementor-element elementor-element-ad3e2c5 elementor-widget elementor-widget-heading\" data-id=\"ad3e2c5\" data-element_type=\"widget\" data-e-type=\"widget\" data-settings=\"{&quot;ekit_we_effect_on&quot;:&quot;none&quot;}\" data-widget_type=\"heading.default\">\n\t\t\t\t<div class=\"elementor-widget-container\">\n\t\t\t\t\t<h3 class=\"elementor-heading-title elementor-size-default\">Extras &amp; Specials<\/h3>\t\t\t\t<\/div>\n\t\t\t\t<\/div>\n\t\t\t\t<\/div>\n\t\t\t\t\t<\/div>\n\t\t\t\t<\/div>\n\t\t<div class=\"elementor-element elementor-element-7e4949b e-flex e-con-boxed e-con e-parent\" data-id=\"7e4949b\" data-element_type=\"container\" data-e-type=\"container\" data-settings=\"{&quot;ekit_has_onepagescroll_dot&quot;:&quot;yes&quot;}\">\n\t\t\t\t\t<div class=\"e-con-inner\">\n\t\t<div class=\"elementor-element elementor-element-cb7cc7b  nospaceP e-con-full e-flex e-con e-child\" data-id=\"cb7cc7b\" data-element_type=\"container\" data-e-type=\"container\" data-settings=\"{&quot;ekit_has_onepagescroll_dot&quot;:&quot;yes&quot;}\">\n\t\t<div class=\"elementor-element elementor-element-2ec8632 e-con-full e-flex e-con e-child\" data-id=\"2ec8632\" data-element_type=\"container\" data-e-type=\"container\" data-settings=\"{&quot;ekit_has_onepagescroll_dot&quot;:&quot;yes&quot;}\">\n\t\t\t\t<\/div>\n\t\t<div class=\"elementor-element elementor-element-ae04504 sbs nospaceP e-con-full e-flex e-con e-child\" data-id=\"ae04504\" data-element_type=\"container\" data-e-type=\"container\" data-settings=\"{&quot;ekit_has_onepagescroll_dot&quot;:&quot;yes&quot;}\">\n\t\t<div class=\"elementor-element elementor-element-ac9c38f e-con-full e-flex e-con e-child\" data-id=\"ac9c38f\" data-element_type=\"container\" data-e-type=\"container\" data-settings=\"{&quot;ekit_has_onepagescroll_dot&quot;:&quot;yes&quot;}\">\n\t\t<div class=\"elementor-element elementor-element-614789c e-con-full e-flex e-con e-child\" data-id=\"614789c\" data-element_type=\"container\" data-e-type=\"container\" data-settings=\"{&quot;ekit_has_onepagescroll_dot&quot;:&quot;yes&quot;}\">\n\t\t\t\t<div class=\"elementor-element elementor-element-43a315f elementor-widget elementor-widget-heading\" data-id=\"43a315f\" data-element_type=\"widget\" data-e-type=\"widget\" data-settings=\"{&quot;ekit_we_effect_on&quot;:&quot;none&quot;}\" data-widget_type=\"heading.default\">\n\t\t\t\t<div class=\"elementor-widget-container\">\n\t\t\t\t\t<h3 class=\"elementor-heading-title elementor-size-default\">Giardino Fahrr\u00e4der<\/h3>\t\t\t\t<\/div>\n\t\t\t\t<\/div>\n\t\t\t\t<div class=\"elementor-element elementor-element-4176a49 linkspacer elementor-widget elementor-widget-text-editor\" data-id=\"4176a49\" data-element_type=\"widget\" data-e-type=\"widget\" data-settings=\"{&quot;ekit_we_effect_on&quot;:&quot;none&quot;}\" data-widget_type=\"text-editor.default\">\n\t\t\t\t<div class=\"elementor-widget-container\">\n\t\t\t\t\t\t\t\t\t<p>F\u00fcr Ausfl\u00fcge in die Region stehen sechs E-Bikes sowie neun City- und Mountainbikes kostenfrei zur Verf\u00fcgung.<\/p>\t\t\t\t\t\t\t\t<\/div>\n\t\t\t\t<\/div>\n\t\t\t\t<div class=\"elementor-element elementor-element-d91b15a elementor-widget elementor-widget-heading\" data-id=\"d91b15a\" data-element_type=\"widget\" data-e-type=\"widget\" data-settings=\"{&quot;ekit_we_effect_on&quot;:&quot;none&quot;}\" data-widget_type=\"heading.default\">\n\t\t\t\t<div class=\"elementor-widget-container\">\n\t\t\t\t\t<h3 class=\"elementor-heading-title elementor-size-default\">Liegest\u00fchle<\/h3>\t\t\t\t<\/div>\n\t\t\t\t<\/div>\n\t\t\t\t<div class=\"elementor-element elementor-element-b3ad854 linkspacer elementor-widget elementor-widget-text-editor\" data-id=\"b3ad854\" data-element_type=\"widget\" data-e-type=\"widget\" data-settings=\"{&quot;ekit_we_effect_on&quot;:&quot;none&quot;}\" data-widget_type=\"text-editor.default\">\n\t\t\t\t<div class=\"elementor-widget-container\">\n\t\t\t\t\t\t\t\t\t<p>Auf Nachfrage k\u00f6nnen Liegest\u00fchle f\u00fcr die Rooflounge kostenfrei bereitgestellt werden.<\/p>\t\t\t\t\t\t\t\t<\/div>\n\t\t\t\t<\/div>\n\t\t\t\t<div class=\"elementor-element elementor-element-f2fd3c7 elementor-widget elementor-widget-heading\" data-id=\"f2fd3c7\" data-element_type=\"widget\" data-e-type=\"widget\" data-settings=\"{&quot;ekit_we_effect_on&quot;:&quot;none&quot;}\" data-widget_type=\"heading.default\">\n\t\t\t\t<div class=\"elementor-widget-container\">\n\t\t\t\t\t<h3 class=\"elementor-heading-title elementor-size-default\">Parkplatz &amp; Ladestation<\/h3>\t\t\t\t<\/div>\n\t\t\t\t<\/div>\n\t\t\t\t<div class=\"elementor-element elementor-element-d77ad89 linkspacer elementor-widget elementor-widget-text-editor\" data-id=\"d77ad89\" data-element_type=\"widget\" data-e-type=\"widget\" data-settings=\"{&quot;ekit_we_effect_on&quot;:&quot;none&quot;}\" data-widget_type=\"text-editor.default\">\n\t\t\t\t<div class=\"elementor-widget-container\">\n\t\t\t\t\t\t\t\t\t<p>G\u00e4ste profitieren von einem Gratis-Parkplatz am Hotel. Zudem steht eine Ladestation f\u00fcr Elektrofahrzeuge (nach Verf\u00fcgbarkeit) bereit.<\/p>\t\t\t\t\t\t\t\t<\/div>\n\t\t\t\t<\/div>\n\t\t\t\t<div class=\"elementor-element elementor-element-f607c85 elementor-widget elementor-widget-spacer\" data-id=\"f607c85\" data-element_type=\"widget\" data-e-type=\"widget\" data-settings=\"{&quot;ekit_we_effect_on&quot;:&quot;none&quot;}\" data-widget_type=\"spacer.default\">\n\t\t\t\t<div class=\"elementor-widget-container\">\n\t\t\t\t\t\t\t<div class=\"elementor-spacer\">\n\t\t\t<div class=\"elementor-spacer-inner\"><\/div>\n\t\t<\/div>\n\t\t\t\t\t\t<\/div>\n\t\t\t\t<\/div>\n\t\t\t\t<\/div>\n\t\t<div class=\"elementor-element elementor-element-29f8ec3 e-con-full e-flex e-con e-child\" data-id=\"29f8ec3\" data-element_type=\"container\" data-e-type=\"container\" data-settings=\"{&quot;ekit_has_onepagescroll_dot&quot;:&quot;yes&quot;}\">\n\t\t\t\t<div class=\"elementor-element elementor-element-0dea54c quadratbild elementor-widget elementor-widget-image\" data-id=\"0dea54c\" data-element_type=\"widget\" data-e-type=\"widget\" data-settings=\"{&quot;ekit_we_effect_on&quot;:&quot;none&quot;}\" data-widget_type=\"image.default\">\n\t\t\t\t<div class=\"elementor-widget-container\">\n\t\t\t\t\t\t\t\t\t\t\t\t<figure class=\"wp-caption\">\n\t\t\t\t\t\t\t\t\t\t<img decoding=\"async\" width=\"1024\" height=\"682\" src=\"https:\/\/giardinohotels.ch\/wp-content\/uploads\/2026\/02\/GL-BB_Roof-Lounge-Models_RGB_Low_\u00a9roguecreationsagency_Nur-interne-Verwendung_02_bearb_Gruen-1024x682.jpg\" class=\"attachment-large size-large wp-image-29408\" alt=\"\" srcset=\"https:\/\/giardinohotels.ch\/wp-content\/uploads\/2026\/02\/GL-BB_Roof-Lounge-Models_RGB_Low_\u00a9roguecreationsagency_Nur-interne-Verwendung_02_bearb_Gruen-1024x682.jpg 1024w, https:\/\/giardinohotels.ch\/wp-content\/uploads\/2026\/02\/GL-BB_Roof-Lounge-Models_RGB_Low_\u00a9roguecreationsagency_Nur-interne-Verwendung_02_bearb_Gruen-300x200.jpg 300w, https:\/\/giardinohotels.ch\/wp-content\/uploads\/2026\/02\/GL-BB_Roof-Lounge-Models_RGB_Low_\u00a9roguecreationsagency_Nur-interne-Verwendung_02_bearb_Gruen-768x512.jpg 768w, https:\/\/giardinohotels.ch\/wp-content\/uploads\/2026\/02\/GL-BB_Roof-Lounge-Models_RGB_Low_\u00a9roguecreationsagency_Nur-interne-Verwendung_02_bearb_Gruen-1536x1024.jpg 1536w, https:\/\/giardinohotels.ch\/wp-content\/uploads\/2026\/02\/GL-BB_Roof-Lounge-Models_RGB_Low_\u00a9roguecreationsagency_Nur-interne-Verwendung_02_bearb_Gruen.jpg 2000w\" sizes=\"(max-width: 1024px) 100vw, 1024px\" title=\"\">\t\t\t\t\t\t\t\t\t\t\t<figcaption class=\"widget-image-caption wp-caption-text\">\u00a9roguecreationsagency<\/figcaption>\n\t\t\t\t\t\t\t\t\t\t<\/figure>\n\t\t\t\t\t\t\t\t\t<\/div>\n\t\t\t\t<\/div>\n\t\t\t\t<\/div>\n\t\t\t\t<\/div>\n\t\t\t\t<\/div>\n\t\t\t\t<\/div>\n\t\t<div class=\"elementor-element elementor-element-2c1ae26 sbs nospaceP e-con-full e-flex e-con e-child\" data-id=\"2c1ae26\" data-element_type=\"container\" data-e-type=\"container\" data-settings=\"{&quot;ekit_has_onepagescroll_dot&quot;:&quot;yes&quot;}\">\n\t\t<div class=\"elementor-element elementor-element-e1a1b4a e-con-full e-flex e-con e-child\" data-id=\"e1a1b4a\" data-element_type=\"container\" data-e-type=\"container\" data-settings=\"{&quot;ekit_has_onepagescroll_dot&quot;:&quot;yes&quot;}\">\n\t\t<div class=\"elementor-element elementor-element-8abb7fa e-con-full e-flex e-con e-child\" data-id=\"8abb7fa\" data-element_type=\"container\" data-e-type=\"container\" data-settings=\"{&quot;ekit_has_onepagescroll_dot&quot;:&quot;yes&quot;}\">\n\t\t\t\t<div class=\"elementor-element elementor-element-3dffd41 elementor-widget elementor-widget-heading\" data-id=\"3dffd41\" data-element_type=\"widget\" data-e-type=\"widget\" data-settings=\"{&quot;ekit_we_effect_on&quot;:&quot;none&quot;}\" data-widget_type=\"heading.default\">\n\t\t\t\t<div class=\"elementor-widget-container\">\n\t\t\t\t\t<h3 class=\"elementor-heading-title elementor-size-default\"><span style=\"font-size: 2.25rem;font-style: normal;margin-bottom: 20px;clear: both;line-height: 1.3em;letter-spacing: 0.55px;white-space: normal\">Ticino Ticket<\/span><\/h3>\t\t\t\t<\/div>\n\t\t\t\t<\/div>\n\t\t\t\t<div class=\"elementor-element elementor-element-7dccfad linkspacer elementor-widget elementor-widget-text-editor\" data-id=\"7dccfad\" data-element_type=\"widget\" data-e-type=\"widget\" data-settings=\"{&quot;ekit_we_effect_on&quot;:&quot;none&quot;}\" data-widget_type=\"text-editor.default\">\n\t\t\t\t<div class=\"elementor-widget-container\">\n\t\t\t\t\t\t\t\t\t<p>Das ganze Jahr \u00fcber fahren unsere G\u00e4ste kostenlos mit allen \u00f6ffentlichen Verkehrsmitteln im Kanton Tessin. Zus\u00e4tzlich profitieren sie von Erm\u00e4ssigungen bei Bergbahnen und weiteren Freizeitangeboten.<\/p>\t\t\t\t\t\t\t\t<\/div>\n\t\t\t\t<\/div>\n\t\t\t\t<div class=\"elementor-element elementor-element-2751805 elementor-widget elementor-widget-spacer\" data-id=\"2751805\" data-element_type=\"widget\" data-e-type=\"widget\" data-settings=\"{&quot;ekit_we_effect_on&quot;:&quot;none&quot;}\" data-widget_type=\"spacer.default\">\n\t\t\t\t<div class=\"elementor-widget-container\">\n\t\t\t\t\t\t\t<div class=\"elementor-spacer\">\n\t\t\t<div class=\"elementor-spacer-inner\"><\/div>\n\t\t<\/div>\n\t\t\t\t\t\t<\/div>\n\t\t\t\t<\/div>\n\t\t\t\t<\/div>\n\t\t<div class=\"elementor-element elementor-element-b61f904 e-con-full e-flex e-con e-child\" data-id=\"b61f904\" data-element_type=\"container\" data-e-type=\"container\" data-settings=\"{&quot;ekit_has_onepagescroll_dot&quot;:&quot;yes&quot;}\">\n\t\t\t\t<div class=\"elementor-element elementor-element-378b6ad quadratbild elementor-widget elementor-widget-image\" data-id=\"378b6ad\" data-element_type=\"widget\" data-e-type=\"widget\" data-settings=\"{&quot;ekit_we_effect_on&quot;:&quot;none&quot;}\" data-widget_type=\"image.default\">\n\t\t\t\t<div class=\"elementor-widget-container\">\n\t\t\t\t\t\t\t\t\t\t\t\t<figure class=\"wp-caption\">\n\t\t\t\t\t\t\t\t\t\t<img decoding=\"async\" width=\"1024\" height=\"683\" src=\"https:\/\/giardinohotels.ch\/wp-content\/uploads\/2025\/10\/Hiking_iStock-637189976-1024x683.jpg\" class=\"attachment-large size-large wp-image-25417\" alt=\"\" srcset=\"https:\/\/giardinohotels.ch\/wp-content\/uploads\/2025\/10\/Hiking_iStock-637189976-1024x683.jpg 1024w, https:\/\/giardinohotels.ch\/wp-content\/uploads\/2025\/10\/Hiking_iStock-637189976-300x200.jpg 300w, https:\/\/giardinohotels.ch\/wp-content\/uploads\/2025\/10\/Hiking_iStock-637189976-768x512.jpg 768w, https:\/\/giardinohotels.ch\/wp-content\/uploads\/2025\/10\/Hiking_iStock-637189976-1536x1024.jpg 1536w, https:\/\/giardinohotels.ch\/wp-content\/uploads\/2025\/10\/Hiking_iStock-637189976.jpg 1980w\" sizes=\"(max-width: 1024px) 100vw, 1024px\" title=\"\">\t\t\t\t\t\t\t\t\t\t\t<figcaption class=\"widget-image-caption wp-caption-text\"><\/figcaption>\n\t\t\t\t\t\t\t\t\t\t<\/figure>\n\t\t\t\t\t\t\t\t\t<\/div>\n\t\t\t\t<\/div>\n\t\t\t\t<\/div>\n\t\t\t\t<\/div>\n\t\t\t\t<\/div>\n\t\t<div class=\"elementor-element elementor-element-d669a29 sbs nospaceP e-con-full e-flex e-con e-child\" data-id=\"d669a29\" data-element_type=\"container\" data-e-type=\"container\" data-settings=\"{&quot;ekit_has_onepagescroll_dot&quot;:&quot;yes&quot;}\">\n\t\t<div class=\"elementor-element elementor-element-26ee5e5 e-con-full e-flex e-con e-child\" data-id=\"26ee5e5\" data-element_type=\"container\" data-e-type=\"container\" data-settings=\"{&quot;ekit_has_onepagescroll_dot&quot;:&quot;yes&quot;}\">\n\t\t<div class=\"elementor-element elementor-element-bf5d3cb e-con-full e-flex e-con e-child\" data-id=\"bf5d3cb\" data-element_type=\"container\" data-e-type=\"container\" data-settings=\"{&quot;ekit_has_onepagescroll_dot&quot;:&quot;yes&quot;}\">\n\t\t\t\t<div class=\"elementor-element elementor-element-f8bf2ae quadratbild elementor-widget elementor-widget-image\" data-id=\"f8bf2ae\" data-element_type=\"widget\" data-e-type=\"widget\" data-settings=\"{&quot;ekit_we_effect_on&quot;:&quot;none&quot;}\" data-widget_type=\"image.default\">\n\t\t\t\t<div class=\"elementor-widget-container\">\n\t\t\t\t\t\t\t\t\t\t\t\t<figure class=\"wp-caption\">\n\t\t\t\t\t\t\t\t\t\t<img loading=\"lazy\" decoding=\"async\" width=\"1024\" height=\"682\" src=\"https:\/\/giardinohotels.ch\/wp-content\/uploads\/2025\/08\/GA_Golf_RGB_Low_GUPF_01-2-1024x682.jpg\" class=\"attachment-large size-large wp-image-23027\" alt=\"\" srcset=\"https:\/\/giardinohotels.ch\/wp-content\/uploads\/2025\/08\/GA_Golf_RGB_Low_GUPF_01-2-1024x682.jpg 1024w, https:\/\/giardinohotels.ch\/wp-content\/uploads\/2025\/08\/GA_Golf_RGB_Low_GUPF_01-2-300x200.jpg 300w, https:\/\/giardinohotels.ch\/wp-content\/uploads\/2025\/08\/GA_Golf_RGB_Low_GUPF_01-2-768x512.jpg 768w, https:\/\/giardinohotels.ch\/wp-content\/uploads\/2025\/08\/GA_Golf_RGB_Low_GUPF_01-2-1536x1023.jpg 1536w, https:\/\/giardinohotels.ch\/wp-content\/uploads\/2025\/08\/GA_Golf_RGB_Low_GUPF_01-2.jpg 1920w\" sizes=\"(max-width: 1024px) 100vw, 1024px\" title=\"\">\t\t\t\t\t\t\t\t\t\t\t<figcaption class=\"widget-image-caption wp-caption-text\"><\/figcaption>\n\t\t\t\t\t\t\t\t\t\t<\/figure>\n\t\t\t\t\t\t\t\t\t<\/div>\n\t\t\t\t<\/div>\n\t\t\t\t<\/div>\n\t\t<div class=\"elementor-element elementor-element-67c6123 e-con-full e-flex e-con e-child\" data-id=\"67c6123\" data-element_type=\"container\" data-e-type=\"container\" data-settings=\"{&quot;ekit_has_onepagescroll_dot&quot;:&quot;yes&quot;}\">\n\t\t\t\t<div class=\"elementor-element elementor-element-d8715ac elementor-widget elementor-widget-heading\" data-id=\"d8715ac\" data-element_type=\"widget\" data-e-type=\"widget\" data-settings=\"{&quot;ekit_we_effect_on&quot;:&quot;none&quot;}\" data-widget_type=\"heading.default\">\n\t\t\t\t<div class=\"elementor-widget-container\">\n\t\t\t\t\t<h3 class=\"elementor-heading-title elementor-size-default\">Golf Ascona und Losone<\/h3>\t\t\t\t<\/div>\n\t\t\t\t<\/div>\n\t\t\t\t<div class=\"elementor-element elementor-element-532fc6f linkspacer elementor-widget elementor-widget-text-editor\" data-id=\"532fc6f\" data-element_type=\"widget\" data-e-type=\"widget\" data-settings=\"{&quot;ekit_we_effect_on&quot;:&quot;none&quot;}\" data-widget_type=\"text-editor.default\">\n\t\t\t\t<div class=\"elementor-widget-container\">\n\t\t\t\t\t\t\t\t\t<p style=\"font-weight: 400;\">Neben dem Golf Club Patriziale Ascona erhalten unsere G\u00e4ste auch im Golf Club Losone 10 % Verg\u00fcnstigung auf die Green Fee. Die entsprechenden Vouchers sind an der Reception erh\u00e4ltlich.<\/p>\t\t\t\t\t\t\t\t<\/div>\n\t\t\t\t<\/div>\n\t\t\t\t<div class=\"elementor-element elementor-element-7cd8899 elementor-widget elementor-widget-spacer\" data-id=\"7cd8899\" data-element_type=\"widget\" data-e-type=\"widget\" data-settings=\"{&quot;ekit_we_effect_on&quot;:&quot;none&quot;}\" data-widget_type=\"spacer.default\">\n\t\t\t\t<div class=\"elementor-widget-container\">\n\t\t\t\t\t\t\t<div class=\"elementor-spacer\">\n\t\t\t<div class=\"elementor-spacer-inner\"><\/div>\n\t\t<\/div>\n\t\t\t\t\t\t<\/div>\n\t\t\t\t<\/div>\n\t\t\t\t<\/div>\n\t\t\t\t<\/div>\n\t\t\t\t<\/div>\n\t\t<div class=\"elementor-element elementor-element-102cb24 sbs nospaceP e-con-full e-flex e-con e-child\" data-id=\"102cb24\" data-element_type=\"container\" data-e-type=\"container\" data-settings=\"{&quot;ekit_has_onepagescroll_dot&quot;:&quot;yes&quot;}\">\n\t\t<div class=\"elementor-element elementor-element-f261a50 e-con-full e-flex e-con e-child\" data-id=\"f261a50\" data-element_type=\"container\" data-e-type=\"container\" data-settings=\"{&quot;ekit_has_onepagescroll_dot&quot;:&quot;yes&quot;}\">\n\t\t<div class=\"elementor-element elementor-element-f9b47ea e-con-full e-flex e-con e-child\" data-id=\"f9b47ea\" data-element_type=\"container\" data-e-type=\"container\" data-settings=\"{&quot;ekit_has_onepagescroll_dot&quot;:&quot;yes&quot;}\">\n\t\t\t\t<div class=\"elementor-element elementor-element-1a72db8 elementor-widget elementor-widget-heading\" data-id=\"1a72db8\" data-element_type=\"widget\" data-e-type=\"widget\" data-settings=\"{&quot;ekit_we_effect_on&quot;:&quot;none&quot;}\" data-widget_type=\"heading.default\">\n\t\t\t\t<div class=\"elementor-widget-container\">\n\t\t\t\t\t<h3 class=\"elementor-heading-title elementor-size-default\"><span style=\"font-size: 2.25rem;font-style: normal;margin-bottom: 20px;clear: both;line-height: 1.3em;letter-spacing: 0.55px;white-space: normal\">Lido Locarno<\/span><\/h3>\t\t\t\t<\/div>\n\t\t\t\t<\/div>\n\t\t\t\t<div class=\"elementor-element elementor-element-87d6c32 linkspacer elementor-widget elementor-widget-text-editor\" data-id=\"87d6c32\" data-element_type=\"widget\" data-e-type=\"widget\" data-settings=\"{&quot;ekit_we_effect_on&quot;:&quot;none&quot;}\" data-widget_type=\"text-editor.default\">\n\t\t\t\t<div class=\"elementor-widget-container\">\n\t\t\t\t\t\t\t\t\t<p>Spezialpreis f\u00fcr unsere G\u00e4ste: Eintritt ins Lido \/ Hallenbad Locarno nur <strong data-start=\"376\" data-end=\"398\">CHF 9.\u2013 statt 13.\u2013<\/strong>.<br data-start=\"399\" data-end=\"402\" \/>Oder als Kombi-Ticket Fitness + Hallenbad f\u00fcr <strong data-start=\"448\" data-end=\"471\">CHF 27.\u2013 statt 34.\u2013<\/strong><\/p>\t\t\t\t\t\t\t\t<\/div>\n\t\t\t\t<\/div>\n\t\t\t\t<div class=\"elementor-element elementor-element-a952c08 elementor-widget elementor-widget-text-editor\" data-id=\"a952c08\" data-element_type=\"widget\" data-e-type=\"widget\" data-settings=\"{&quot;ekit_we_effect_on&quot;:&quot;none&quot;}\" data-widget_type=\"text-editor.default\">\n\t\t\t\t<div class=\"elementor-widget-container\">\n\t\t\t\t\t\t\t\t\t<p><a href=\"https:\/\/www.lidolocarno.ch\/de\" data-wplink-edit=\"true\" target=\"_blank\" rel=\"noopener noreferrer nofollow\"><strong>Mehr erfahren<\/strong><\/a><\/p>\t\t\t\t\t\t\t\t<\/div>\n\t\t\t\t<\/div>\n\t\t\t\t<div class=\"elementor-element elementor-element-8e6d87c elementor-widget elementor-widget-spacer\" data-id=\"8e6d87c\" data-element_type=\"widget\" data-e-type=\"widget\" data-settings=\"{&quot;ekit_we_effect_on&quot;:&quot;none&quot;}\" data-widget_type=\"spacer.default\">\n\t\t\t\t<div class=\"elementor-widget-container\">\n\t\t\t\t\t\t\t<div class=\"elementor-spacer\">\n\t\t\t<div class=\"elementor-spacer-inner\"><\/div>\n\t\t<\/div>\n\t\t\t\t\t\t<\/div>\n\t\t\t\t<\/div>\n\t\t\t\t<\/div>\n\t\t<div class=\"elementor-element elementor-element-c696574 e-con-full e-flex e-con e-child\" data-id=\"c696574\" data-element_type=\"container\" data-e-type=\"container\" data-settings=\"{&quot;ekit_has_onepagescroll_dot&quot;:&quot;yes&quot;}\">\n\t\t\t\t<div class=\"elementor-element elementor-element-ed527e9 quadratbild elementor-widget elementor-widget-image\" data-id=\"ed527e9\" data-element_type=\"widget\" data-e-type=\"widget\" data-settings=\"{&quot;ekit_we_effect_on&quot;:&quot;none&quot;}\" data-widget_type=\"image.default\">\n\t\t\t\t<div class=\"elementor-widget-container\">\n\t\t\t\t\t\t\t\t\t\t\t\t<figure class=\"wp-caption\">\n\t\t\t\t\t\t\t\t\t\t\t<a href=\"https:\/\/www.lidolocarno.ch\/de\" target=\"_blank\" rel=\"noopener noreferrer nofollow\">\n\t\t\t\t\t\t\t<img loading=\"lazy\" decoding=\"async\" width=\"1024\" height=\"489\" src=\"https:\/\/giardinohotels.ch\/wp-content\/uploads\/2025\/10\/Lido-Locarno-1817-full-HD-1024x489.jpg\" class=\"attachment-large size-large wp-image-26168\" alt=\"\" srcset=\"https:\/\/giardinohotels.ch\/wp-content\/uploads\/2025\/10\/Lido-Locarno-1817-full-HD-1024x489.jpg 1024w, https:\/\/giardinohotels.ch\/wp-content\/uploads\/2025\/10\/Lido-Locarno-1817-full-HD-300x143.jpg 300w, https:\/\/giardinohotels.ch\/wp-content\/uploads\/2025\/10\/Lido-Locarno-1817-full-HD-768x366.jpg 768w, https:\/\/giardinohotels.ch\/wp-content\/uploads\/2025\/10\/Lido-Locarno-1817-full-HD.jpg 1400w\" sizes=\"(max-width: 1024px) 100vw, 1024px\" title=\"\">\t\t\t\t\t\t\t\t<\/a>\n\t\t\t\t\t\t\t\t\t\t\t<figcaption class=\"widget-image-caption wp-caption-text\"><\/figcaption>\n\t\t\t\t\t\t\t\t\t\t<\/figure>\n\t\t\t\t\t\t\t\t\t<\/div>\n\t\t\t\t<\/div>\n\t\t\t\t<\/div>\n\t\t\t\t<\/div>\n\t\t\t\t<\/div>\n\t\t<div class=\"elementor-element elementor-element-77adbcb sbs nospaceP e-con-full e-flex e-con e-child\" data-id=\"77adbcb\" data-element_type=\"container\" data-e-type=\"container\" data-settings=\"{&quot;ekit_has_onepagescroll_dot&quot;:&quot;yes&quot;}\">\n\t\t<div class=\"elementor-element elementor-element-4100c88 e-con-full e-flex e-con e-child\" data-id=\"4100c88\" data-element_type=\"container\" data-e-type=\"container\" data-settings=\"{&quot;ekit_has_onepagescroll_dot&quot;:&quot;yes&quot;}\">\n\t\t<div class=\"elementor-element elementor-element-2226e4d e-con-full e-flex e-con e-child\" data-id=\"2226e4d\" data-element_type=\"container\" data-e-type=\"container\" data-settings=\"{&quot;ekit_has_onepagescroll_dot&quot;:&quot;yes&quot;}\">\n\t\t\t\t<div class=\"elementor-element elementor-element-1600447 quadratbild elementor-widget elementor-widget-image\" data-id=\"1600447\" data-element_type=\"widget\" data-e-type=\"widget\" data-settings=\"{&quot;ekit_we_effect_on&quot;:&quot;none&quot;}\" data-widget_type=\"image.default\">\n\t\t\t\t<div class=\"elementor-widget-container\">\n\t\t\t\t\t\t\t\t\t\t\t\t<figure class=\"wp-caption\">\n\t\t\t\t\t\t\t\t\t\t<img loading=\"lazy\" decoding=\"async\" width=\"683\" height=\"1024\" src=\"https:\/\/giardinohotels.ch\/wp-content\/uploads\/2025\/02\/Firmen_I_GEKAUFT_GL_Terrace_RGB_High_\u00a9Jennifer-Cicort_Nur-interne-Verwendung_03-GD-Filter_Low-683x1024.jpg\" class=\"attachment-large size-large wp-image-15711\" alt=\"\" srcset=\"https:\/\/giardinohotels.ch\/wp-content\/uploads\/2025\/02\/Firmen_I_GEKAUFT_GL_Terrace_RGB_High_\u00a9Jennifer-Cicort_Nur-interne-Verwendung_03-GD-Filter_Low-683x1024.jpg 683w, https:\/\/giardinohotels.ch\/wp-content\/uploads\/2025\/02\/Firmen_I_GEKAUFT_GL_Terrace_RGB_High_\u00a9Jennifer-Cicort_Nur-interne-Verwendung_03-GD-Filter_Low-200x300.jpg 200w, https:\/\/giardinohotels.ch\/wp-content\/uploads\/2025\/02\/Firmen_I_GEKAUFT_GL_Terrace_RGB_High_\u00a9Jennifer-Cicort_Nur-interne-Verwendung_03-GD-Filter_Low-768x1152.jpg 768w, https:\/\/giardinohotels.ch\/wp-content\/uploads\/2025\/02\/Firmen_I_GEKAUFT_GL_Terrace_RGB_High_\u00a9Jennifer-Cicort_Nur-interne-Verwendung_03-GD-Filter_Low-1024x1536.jpg 1024w, https:\/\/giardinohotels.ch\/wp-content\/uploads\/2025\/02\/Firmen_I_GEKAUFT_GL_Terrace_RGB_High_\u00a9Jennifer-Cicort_Nur-interne-Verwendung_03-GD-Filter_Low.jpg 1320w\" sizes=\"(max-width: 683px) 100vw, 683px\" title=\"\">\t\t\t\t\t\t\t\t\t\t\t<figcaption class=\"widget-image-caption wp-caption-text\">\u00a9Jennifer Cicort<\/figcaption>\n\t\t\t\t\t\t\t\t\t\t<\/figure>\n\t\t\t\t\t\t\t\t\t<\/div>\n\t\t\t\t<\/div>\n\t\t\t\t<\/div>\n\t\t<div class=\"elementor-element elementor-element-63b5889 e-con-full e-flex e-con e-child\" data-id=\"63b5889\" data-element_type=\"container\" data-e-type=\"container\" data-settings=\"{&quot;ekit_has_onepagescroll_dot&quot;:&quot;yes&quot;}\">\n\t\t\t\t<div class=\"elementor-element elementor-element-c2f0fa2 elementor-widget elementor-widget-heading\" data-id=\"c2f0fa2\" data-element_type=\"widget\" data-e-type=\"widget\" data-settings=\"{&quot;ekit_we_effect_on&quot;:&quot;none&quot;}\" data-widget_type=\"heading.default\">\n\t\t\t\t<div class=\"elementor-widget-container\">\n\t\t\t\t\t<h3 class=\"elementor-heading-title elementor-size-default\"><span style=\"font-size: 2.25rem;font-style: normal;margin-bottom: 20px;clear: both;line-height: 1.3em;letter-spacing: 0.55px;white-space: normal\">Bottega del Vino \u2013 Weinkellerei Delea<\/span><\/h3>\t\t\t\t<\/div>\n\t\t\t\t<\/div>\n\t\t\t\t<div class=\"elementor-element elementor-element-fbdfdb3 linkspacer elementor-widget elementor-widget-text-editor\" data-id=\"fbdfdb3\" data-element_type=\"widget\" data-e-type=\"widget\" data-settings=\"{&quot;ekit_we_effect_on&quot;:&quot;none&quot;}\" data-widget_type=\"text-editor.default\">\n\t\t\t\t<div class=\"elementor-widget-container\">\n\t\t\t\t\t\t\t\t\t<p style=\"font-weight: 400;\">Genuss mit Vorteil: Unsere G\u00e4ste erhalten <strong data-start=\"605\" data-end=\"620\">10 % Rabatt<\/strong> auf Essen und Getr\u00e4nke im Partnerrestaurant <em data-start=\"665\" data-end=\"683\">Bottega del Vino<\/em>der renommierten Weinkellerei Delea.<\/p>\t\t\t\t\t\t\t\t<\/div>\n\t\t\t\t<\/div>\n\t\t\t\t<div class=\"elementor-element elementor-element-a3e2cf7 elementor-widget elementor-widget-text-editor\" data-id=\"a3e2cf7\" data-element_type=\"widget\" data-e-type=\"widget\" data-settings=\"{&quot;ekit_we_effect_on&quot;:&quot;none&quot;}\" data-widget_type=\"text-editor.default\">\n\t\t\t\t<div class=\"elementor-widget-container\">\n\t\t\t\t\t\t\t\t\t<p><a href=\"https:\/\/www.bottegavino.ch\" target=\"_blank\" rel=\"noopener noreferrer nofollow\"><strong>Mehr erfahren<\/strong><\/a><\/p>\t\t\t\t\t\t\t\t<\/div>\n\t\t\t\t<\/div>\n\t\t\t\t<div class=\"elementor-element elementor-element-be47b55 elementor-widget elementor-widget-heading\" data-id=\"be47b55\" data-element_type=\"widget\" data-e-type=\"widget\" data-settings=\"{&quot;ekit_we_effect_on&quot;:&quot;none&quot;}\" data-widget_type=\"heading.default\">\n\t\t\t\t<div class=\"elementor-widget-container\">\n\t\t\t\t\t<h3 class=\"elementor-heading-title elementor-size-default\">Seven Group Restaurants<\/h3>\t\t\t\t<\/div>\n\t\t\t\t<\/div>\n\t\t\t\t<div class=\"elementor-element elementor-element-24df36f linkspacer elementor-widget elementor-widget-text-editor\" data-id=\"24df36f\" data-element_type=\"widget\" data-e-type=\"widget\" data-settings=\"{&quot;ekit_we_effect_on&quot;:&quot;none&quot;}\" data-widget_type=\"text-editor.default\">\n\t\t\t\t<div class=\"elementor-widget-container\">\n\t\t\t\t\t\t\t\t\t<p data-start=\"221\" data-end=\"462\">Vielfalt mit Vorteil: Unsere G\u00e4ste erhalten in allen Restaurants und Bars der Seven Group in Ascona und Umgebung 10 % Rabatt auf Speisen und Getr\u00e4nke.<br data-start=\"401\" data-end=\"404\" \/>Ausgenommen sind die Tage am 31. Dezember und 1. Januar.<\/p><p data-start=\"464\" data-end=\"684\">Die Verg\u00fcnstigung gilt vom 1. November bis 30. Dezember sowie vom 2. Januar bis 28. Februar.<br data-start=\"556\" data-end=\"559\" \/>Bitte beachten Sie: Eine Tischreservation ist empfehlenswert. Die Identifikation erfolgt mit Ihrem Zimmerschl\u00fcssel (Batch).<\/p>\t\t\t\t\t\t\t\t<\/div>\n\t\t\t\t<\/div>\n\t\t\t\t<div class=\"elementor-element elementor-element-f19e1cf elementor-widget elementor-widget-text-editor\" data-id=\"f19e1cf\" data-element_type=\"widget\" data-e-type=\"widget\" data-settings=\"{&quot;ekit_we_effect_on&quot;:&quot;none&quot;}\" data-widget_type=\"text-editor.default\">\n\t\t\t\t<div class=\"elementor-widget-container\">\n\t\t\t\t\t\t\t\t\t<p><a href=\"https:\/\/seven.ch\" target=\"_blank\" rel=\"noopener noreferrer nofollow\"><strong>Mehr erfahren<\/strong><\/a><\/p>\t\t\t\t\t\t\t\t<\/div>\n\t\t\t\t<\/div>\n\t\t\t\t<div class=\"elementor-element elementor-element-c38755e elementor-widget elementor-widget-heading\" data-id=\"c38755e\" data-element_type=\"widget\" data-e-type=\"widget\" data-settings=\"{&quot;ekit_we_effect_on&quot;:&quot;none&quot;}\" data-widget_type=\"heading.default\">\n\t\t\t\t<div class=\"elementor-widget-container\">\n\t\t\t\t\t<h3 class=\"elementor-heading-title elementor-size-default\">Ristorante La Riva<\/h3>\t\t\t\t<\/div>\n\t\t\t\t<\/div>\n\t\t\t\t<div class=\"elementor-element elementor-element-ba55ea4 linkspacer elementor-widget elementor-widget-text-editor\" data-id=\"ba55ea4\" data-element_type=\"widget\" data-e-type=\"widget\" data-settings=\"{&quot;ekit_we_effect_on&quot;:&quot;none&quot;}\" data-widget_type=\"text-editor.default\">\n\t\t\t\t<div class=\"elementor-widget-container\">\n\t\t\t\t\t\t\t\t\t<p data-start=\"221\" data-end=\"462\">Nur wenige Schritte vom Hotel entfernt: Im Ristorante <em data-start=\"867\" data-end=\"876\">La Riva<\/em>geniessen unsere G\u00e4ste <strong data-start=\"900\" data-end=\"927\">10 % Rabatt auf Speisen<\/strong>(ge\u00f6ffnet bis und mit <strong data-start=\"950\" data-end=\"966\">13. Dezember<\/strong>).<\/p>\t\t\t\t\t\t\t\t<\/div>\n\t\t\t\t<\/div>\n\t\t\t\t<div class=\"elementor-element elementor-element-b9a3801 elementor-widget elementor-widget-spacer\" data-id=\"b9a3801\" data-element_type=\"widget\" data-e-type=\"widget\" data-settings=\"{&quot;ekit_we_effect_on&quot;:&quot;none&quot;}\" data-widget_type=\"spacer.default\">\n\t\t\t\t<div class=\"elementor-widget-container\">\n\t\t\t\t\t\t\t<div class=\"elementor-spacer\">\n\t\t\t<div class=\"elementor-spacer-inner\"><\/div>\n\t\t<\/div>\n\t\t\t\t\t\t<\/div>\n\t\t\t\t<\/div>\n\t\t\t\t<\/div>\n\t\t\t\t<\/div>\n\t\t\t\t<\/div>\n\t\t\t\t\t<\/div>\n\t\t\t\t<\/div>\n\t\t<div class=\"elementor-element elementor-element-df24623 e-con-full e-flex e-con e-parent\" data-id=\"df24623\" data-element_type=\"container\" data-e-type=\"container\" data-settings=\"{&quot;ekit_has_onepagescroll_dot&quot;:&quot;yes&quot;}\">\n\t\t\t\t<div class=\"elementor-element elementor-element-8ceda8d elementor-widget elementor-widget-template\" data-id=\"8ceda8d\" data-element_type=\"widget\" data-e-type=\"widget\" data-settings=\"{&quot;ekit_we_effect_on&quot;:&quot;none&quot;}\" data-widget_type=\"template.default\">\n\t\t\t\t<div class=\"elementor-widget-container\">\n\t\t\t\t\t\t\t<div class=\"elementor-template\">\n\t\t\t\t\t<div data-elementor-type=\"container\" data-elementor-id=\"24648\" class=\"elementor elementor-24648\" data-elementor-post-type=\"elementor_library\">\n\t\t\t\t<div class=\"elementor-element elementor-element-103e9eca e-flex e-con-boxed e-con e-parent\" data-id=\"103e9eca\" data-element_type=\"container\" data-e-type=\"container\" data-settings=\"{&quot;background_background&quot;:&quot;classic&quot;,&quot;ekit_has_onepagescroll_dot&quot;:&quot;yes&quot;}\">\n\t\t\t\t\t<div class=\"e-con-inner\">\n\t\t\t\t<div class=\"elementor-element elementor-element-5fcdd45 elementor-widget__width-auto elementor-widget elementor-widget-image\" data-id=\"5fcdd45\" data-element_type=\"widget\" data-e-type=\"widget\" data-settings=\"{&quot;ekit_we_effect_on&quot;:&quot;none&quot;}\" data-widget_type=\"image.default\">\n\t\t\t\t<div class=\"elementor-widget-container\">\n\t\t\t\t\t\t\t\t\t\t\t\t\t\t\t\t<a href=\"https:\/\/giardinohotels.ch\/de\/lago\/\">\n\t\t\t\t\t\t\t<img loading=\"lazy\" decoding=\"async\" width=\"297\" height=\"131\" src=\"https:\/\/giardinohotels.ch\/wp-content\/uploads\/2025\/09\/GL-BB-Lago_Logo_RGB.svg\" class=\"attachment-large size-large wp-image-26004\" alt=\"\" title=\"\">\t\t\t\t\t\t\t\t<\/a>\n\t\t\t\t\t\t\t\t\t\t\t\t\t\t\t<\/div>\n\t\t\t\t<\/div>\n\t\t\t\t<div class=\"elementor-element elementor-element-1fe14071 adresse, fusszeile elementor-widget elementor-widget-text-editor\" data-id=\"1fe14071\" data-element_type=\"widget\" data-e-type=\"widget\" data-settings=\"{&quot;ekit_we_effect_on&quot;:&quot;none&quot;}\" data-widget_type=\"text-editor.default\">\n\t\t\t\t<div class=\"elementor-widget-container\">\n\t\t\t\t\t\t\t\t\t<p>Giardino Lago<br \/><a href=\"https:\/\/maps.app.goo.gl\/YNc55xVyRHiRMPdLA\" target=\"_blank\" rel=\"noopener noreferrer nofollow\">Via alla Riva 83a<\/a><br \/>6648 Minusio-Locarno<br \/>Telefon <a href=\"tel:+41917858888\">+41 91 786 95 95<\/a><\/p>\t\t\t\t\t\t\t\t<\/div>\n\t\t\t\t<\/div>\n\t\t\t\t<div class=\"elementor-element elementor-element-1c9d06b6 elementor-widget elementor-widget-elementskit-social-media\" data-id=\"1c9d06b6\" data-element_type=\"widget\" data-e-type=\"widget\" data-settings=\"{&quot;ekit_we_effect_on&quot;:&quot;none&quot;}\" data-widget_type=\"elementskit-social-media.default\">\n\t\t\t\t<div class=\"elementor-widget-container\">\n\t\t\t\t\t<div class=\"ekit-wid-con\" >\t\t\t <ul class=\"ekit_social_media\">\n\t\t\t\t\t\t\t\t\t\t\t\t\t\t<li class=\"elementor-repeater-item-0b64897\">\n\t\t\t\t\t    <a href=\"https:\/\/www.facebook.com\/giardino.lago\" aria-label=\"Facebook\" class=\"facebook\" target=\"_blank\" rel=\"noopener noreferrer nofollow\">\n\t\t\t\t\t\t\t\n\t\t\t\t\t\t\t<i aria-hidden=\"true\" class=\"icon icon-facebook\"><\/i>\n                                                                                                            <\/a>\n                    <\/li>\n                    \t\t\t\t\t\t\t\t\t\t\t\t\t\t<li class=\"elementor-repeater-item-ccbd3bb\">\n\t\t\t\t\t    <a href=\"https:\/\/www.instagram.com\/giardino.lago\" aria-label=\"Instagram\" class=\"instagram\" target=\"_blank\" rel=\"noopener noreferrer nofollow\">\n\t\t\t\t\t\t\t\n\t\t\t\t\t\t\t<i aria-hidden=\"true\" class=\"fab fa-instagram\"><\/i>\n                                                                                                            <\/a>\n                    <\/li>\n                    \t\t\t\t\t\t\t<\/ul>\n\t\t<\/div>\t\t\t\t<\/div>\n\t\t\t\t<\/div>\n\t\t\t\t<div class=\"elementor-element elementor-element-6883a15b elementor-widget__width-auto elementor-widget elementor-widget-button\" data-id=\"6883a15b\" data-element_type=\"widget\" data-e-type=\"widget\" data-settings=\"{&quot;ekit_we_effect_on&quot;:&quot;none&quot;}\" data-widget_type=\"button.default\">\n\t\t\t\t<div class=\"elementor-widget-container\">\n\t\t\t\t\t\t\t\t\t<div class=\"elementor-button-wrapper\">\n\t\t\t\t\t<a class=\"elementor-button elementor-button-link elementor-size-sm\" href=\"https:\/\/giardinohotels.us7.list-manage.com\/subscribe?u=3f2fbc1098648a410ef17138d&#038;id=50a2d279a7\" target=\"_blank\" rel=\"noopener noreferrer nofollow\">\n\t\t\t\t\t\t<span class=\"elementor-button-content-wrapper\">\n\t\t\t\t\t\t\t\t\t<span class=\"elementor-button-text\">Newsletter abonnieren<\/span>\n\t\t\t\t\t<\/span>\n\t\t\t\t\t<\/a>\n\t\t\t\t<\/div>\n\t\t\t\t\t\t\t\t<\/div>\n\t\t\t\t<\/div>\n\t\t\t\t\t<\/div>\n\t\t\t\t<\/div>\n\t\t\t\t<\/div>\n\t\t\t\t<\/div>\n\t\t\t\t\t\t<\/div>\n\t\t\t\t<\/div>\n\t\t\t\t<\/div>\n\t\t\t\t<\/div>\n\t\t","protected":false},"excerpt":{"rendered":"<p>Extras &amp; Specials Giardino Fahrr\u00e4der F\u00fcr Ausfl\u00fcge in die Region stehen sechs E-Bikes sowie neun City- und Mountainbikes kostenfrei zur Verf\u00fcgung. Liegest\u00fchle Auf Nachfrage k\u00f6nnen Liegest\u00fchle f\u00fcr die Rooflounge kostenfrei bereitgestellt werden. Parkplatz &amp; Ladestation G\u00e4ste profitieren von einem Gratis-Parkplatz am Hotel. Zudem steht eine Ladestation f\u00fcr Elektrofahrzeuge (nach Verf\u00fcgbarkeit) bereit. \u00a9roguecreationsagency Ticino Ticket Das [&hellip;]<\/p>\n","protected":false},"author":1,"featured_media":0,"parent":24580,"menu_order":2,"comment_status":"closed","ping_status":"closed","template":"","meta":{"_acf_changed":false,"site-sidebar-layout":"no-sidebar","site-content-layout":"page-builder","ast-site-content-layout":"full-width-container","site-content-style":"unboxed","site-sidebar-style":"default","ast-global-header-display":"disabled","ast-banner-title-visibility":"disabled","ast-main-header-display":"","ast-hfb-above-header-display":"","ast-hfb-below-header-display":"","ast-hfb-mobile-header-display":"","site-post-title":"disabled","ast-breadcrumbs-content":"","ast-featured-img":"disabled","footer-sml-layout":"disabled","ast-disable-related-posts":"","theme-transparent-header-meta":"","adv-header-id-meta":"","stick-header-meta":"","header-above-stick-meta":"","header-main-stick-meta":"","header-below-stick-meta":"","astra-migrate-meta-layouts":"set","ast-page-background-enabled":"default","ast-page-background-meta":{"desktop":{"background-color":"","background-image":"","background-repeat":"repeat","background-position":"center center","background-size":"auto","background-attachment":"scroll","background-type":"","background-media":"","overlay-type":"","overlay-color":"","overlay-opacity":"","overlay-gradient":""},"tablet":{"background-color":"","background-image":"","background-repeat":"repeat","background-position":"center center","background-size":"auto","background-attachment":"scroll","background-type":"","background-media":"","overlay-type":"","overlay-color":"","overlay-opacity":"","overlay-gradient":""},"mobile":{"background-color":"","background-image":"","background-repeat":"repeat","background-position":"center center","background-size":"auto","background-attachment":"scroll","background-type":"","background-media":"","overlay-type":"","overlay-color":"","overlay-opacity":"","overlay-gradient":""}},"ast-content-background-meta":{"desktop":{"background-color":"var(--ast-global-color-5)","background-image":"","background-repeat":"repeat","background-position":"center center","background-size":"auto","background-attachment":"scroll","background-type":"","background-media":"","overlay-type":"","overlay-color":"","overlay-opacity":"","overlay-gradient":""},"tablet":{"background-color":"var(--ast-global-color-5)","background-image":"","background-repeat":"repeat","background-position":"center center","background-size":"auto","background-attachment":"scroll","background-type":"","background-media":"","overlay-type":"","overlay-color":"","overlay-opacity":"","overlay-gradient":""},"mobile":{"background-color":"var(--ast-global-color-5)","background-image":"","background-repeat":"repeat","background-position":"center center","background-size":"auto","background-attachment":"scroll","background-type":"","background-media":"","overlay-type":"","overlay-color":"","overlay-opacity":"","overlay-gradient":""}},"footnotes":""},"class_list":["post-26152","page","type-page","status-publish","hentry"],"acf":[],"publishpress_future_action":{"enabled":false,"date":"2026-05-06 21:33:01","action":"change-status","newStatus":"draft","terms":[],"taxonomy":"translation_priority","extraData":[]},"publishpress_future_workflow_manual_trigger":{"enabledWorkflows":[]},"ase":null,"_links":{"self":[{"href":"https:\/\/giardinohotels.ch\/de\/wp-json\/wp\/v2\/pages\/26152","targetHints":{"allow":["GET"]}}],"collection":[{"href":"https:\/\/giardinohotels.ch\/de\/wp-json\/wp\/v2\/pages"}],"about":[{"href":"https:\/\/giardinohotels.ch\/de\/wp-json\/wp\/v2\/types\/page"}],"author":[{"embeddable":true,"href":"https:\/\/giardinohotels.ch\/de\/wp-json\/wp\/v2\/users\/1"}],"replies":[{"embeddable":true,"href":"https:\/\/giardinohotels.ch\/de\/wp-json\/wp\/v2\/comments?post=26152"}],"version-history":[{"count":35,"href":"https:\/\/giardinohotels.ch\/de\/wp-json\/wp\/v2\/pages\/26152\/revisions"}],"predecessor-version":[{"id":29481,"href":"https:\/\/giardinohotels.ch\/de\/wp-json\/wp\/v2\/pages\/26152\/revisions\/29481"}],"up":[{"embeddable":true,"href":"https:\/\/giardinohotels.ch\/de\/wp-json\/wp\/v2\/pages\/24580"}],"wp:attachment":[{"href":"https:\/\/giardinohotels.ch\/de\/wp-json\/wp\/v2\/media?parent=26152"}],"curies":[{"name":"wp","href":"https:\/\/api.w.org\/{rel}","templated":true}]}}