{"id":24100,"date":"2025-09-11T10:23:25","date_gmt":"2025-09-11T08:23:25","guid":{"rendered":"https:\/\/giardinohotels.ch\/?page_id=24100"},"modified":"2026-04-16T13:58:55","modified_gmt":"2026-04-16T11:58:55","slug":"extras-specials","status":"publish","type":"page","link":"https:\/\/giardinohotels.ch\/de\/hotel-st-moritz-giardino-bed-breakfast-mountain\/extras-specials\/","title":{"rendered":"Extras &amp; Specials"},"content":{"rendered":"\t\t<div data-elementor-type=\"wp-page\" data-elementor-id=\"24100\" class=\"elementor elementor-24100\" data-elementor-post-type=\"page\">\n\t\t\t\t<div class=\"elementor-element elementor-element-53dcb65 e-con-full e-flex e-con e-parent\" data-id=\"53dcb65\" data-element_type=\"container\" data-e-type=\"container\" data-settings=\"{&quot;ekit_has_onepagescroll_dot&quot;:&quot;yes&quot;}\">\n\t\t\t\t<\/div>\n\t\t<div class=\"elementor-element elementor-element-e751262 e-con-full e-flex e-con e-parent\" data-id=\"e751262\" data-element_type=\"container\" data-e-type=\"container\" data-settings=\"{&quot;ekit_has_onepagescroll_dot&quot;:&quot;yes&quot;}\">\n\t\t\t\t<div class=\"elementor-element elementor-element-a9ce44b slider elementor-widget elementor-widget-image-carousel\" data-id=\"a9ce44b\" data-element_type=\"widget\" data-e-type=\"widget\" data-settings=\"{&quot;navigation&quot;:&quot;none&quot;,&quot;image_spacing_custom&quot;:{&quot;unit&quot;:&quot;px&quot;,&quot;size&quot;:5,&quot;sizes&quot;:[]},&quot;slides_to_show&quot;:&quot;2&quot;,&quot;autoplay&quot;:&quot;yes&quot;,&quot;autoplay_speed&quot;:5000,&quot;infinite&quot;:&quot;yes&quot;,&quot;speed&quot;:500,&quot;image_spacing_custom_tablet&quot;:{&quot;unit&quot;:&quot;px&quot;,&quot;size&quot;:&quot;&quot;,&quot;sizes&quot;:[]},&quot;image_spacing_custom_mobile&quot;:{&quot;unit&quot;:&quot;px&quot;,&quot;size&quot;:&quot;&quot;,&quot;sizes&quot;:[]},&quot;ekit_we_effect_on&quot;:&quot;none&quot;}\" data-widget_type=\"image-carousel.default\">\n\t\t\t\t<div class=\"elementor-widget-container\">\n\t\t\t\t\t\t\t<div class=\"elementor-image-carousel-wrapper swiper\" role=\"region\" aria-roledescription=\"carousel\" aria-label=\"Bild Karussell\" dir=\"ltr\">\n\t\t\t<div class=\"elementor-image-carousel swiper-wrapper swiper-image-stretch\" aria-live=\"off\">\n\t\t\t\t\t\t\t\t<div class=\"swiper-slide\" role=\"group\" aria-roledescription=\"slide\" aria-label=\"1 von 12\"><figure class=\"swiper-slide-inner\"><img decoding=\"async\" class=\"swiper-slide-image\" src=\"https:\/\/giardinohotels.ch\/wp-content\/uploads\/2026\/04\/GM_Wanderung-Segantini-Huette_RGB_Low_SAE_01bearb.jpg\" alt=\"GM_Wanderung Segantini-H\u00fctte_RGB_Low_SAE_01bearb\" title=\"\"><\/figure><\/div><div class=\"swiper-slide\" role=\"group\" aria-roledescription=\"slide\" aria-label=\"2 von 12\"><figure class=\"swiper-slide-inner\"><img decoding=\"async\" class=\"swiper-slide-image\" src=\"https:\/\/giardinohotels.ch\/wp-content\/uploads\/2026\/04\/Kite_iStock-842991948.jpg\" alt=\"\" title=\"\"><\/figure><\/div><div class=\"swiper-slide\" role=\"group\" aria-roledescription=\"slide\" aria-label=\"3 von 12\"><figure class=\"swiper-slide-inner\"><img decoding=\"async\" class=\"swiper-slide-image\" src=\"https:\/\/giardinohotels.ch\/wp-content\/uploads\/2026\/04\/GM_Sport-Mountainbike_RGB_Low_SAR_01.jpg\" alt=\"GM_Sport Mountainbike_RGB_Low_SAR_01\" title=\"\"><\/figure><\/div><div class=\"swiper-slide\" role=\"group\" aria-roledescription=\"slide\" aria-label=\"4 von 12\"><figure class=\"swiper-slide-inner\"><img decoding=\"async\" class=\"swiper-slide-image\" src=\"https:\/\/giardinohotels.ch\/wp-content\/uploads\/2026\/04\/GM_Sport_Windsurf_RGB_Low_\u00a9windsurfing-silvaplana_Nur-interne-Verwendung_20.jpg\" alt=\"\u00a9windsurfing-silvaplana\" title=\"\"><figcaption class=\"elementor-image-carousel-caption\">\u00a9windsurfing-silvaplana<\/figcaption><\/figure><\/div><div class=\"swiper-slide\" role=\"group\" aria-roledescription=\"slide\" aria-label=\"5 von 12\"><figure class=\"swiper-slide-inner\"><img decoding=\"async\" class=\"swiper-slide-image\" src=\"https:\/\/giardinohotels.ch\/wp-content\/uploads\/2026\/04\/GM_Sport-Trekking_RGB_Low_SAR_02.jpg\" alt=\"GM_Sport Trekking_RGB_Low_SAR_02\" title=\"\"><\/figure><\/div><div class=\"swiper-slide\" role=\"group\" aria-roledescription=\"slide\" aria-label=\"6 von 12\"><figure class=\"swiper-slide-inner\"><img decoding=\"async\" class=\"swiper-slide-image\" src=\"https:\/\/giardinohotels.ch\/wp-content\/uploads\/2026\/04\/GBB_Sport_SUP_RGB_Low_FESE_03.jpg\" alt=\"GBB_Sport_SUP_RGB_Low_FESE_03\" title=\"\"><\/figure><\/div><div class=\"swiper-slide\" role=\"group\" aria-roledescription=\"slide\" aria-label=\"7 von 12\"><figure class=\"swiper-slide-inner\"><img decoding=\"async\" class=\"swiper-slide-image\" src=\"https:\/\/giardinohotels.ch\/wp-content\/uploads\/2026\/04\/Wanderung-Samia_Arvenwald-6-scaled.jpg\" alt=\"OLYMPUS DIGITAL CAMERA\" title=\"\"><figcaption class=\"elementor-image-carousel-caption\">OLYMPUS DIGITAL CAMERA<\/figcaption><\/figure><\/div><div class=\"swiper-slide\" role=\"group\" aria-roledescription=\"slide\" aria-label=\"8 von 12\"><figure class=\"swiper-slide-inner\"><img decoding=\"async\" class=\"swiper-slide-image\" src=\"https:\/\/giardinohotels.ch\/wp-content\/uploads\/2026\/04\/GM_Sport_SUP_RGB_Low_\u00a9windsurfing-silvaplana_Nur-interne-Verwendung_01.jpg\" alt=\"GM_Sport_SUP_RGB_Low_\u00a9windsurfing-silvaplana_Nur interne Verwendung_01\" title=\"\"><\/figure><\/div><div class=\"swiper-slide\" role=\"group\" aria-roledescription=\"slide\" aria-label=\"9 von 12\"><figure class=\"swiper-slide-inner\"><img decoding=\"async\" class=\"swiper-slide-image\" src=\"https:\/\/giardinohotels.ch\/wp-content\/uploads\/2026\/04\/GM_Influencer_RGB_Low_\u00a9Samuel-Weber_Nur-interne-Verwendung_02.jpg\" alt=\"\u00a9Samuel Weber\" title=\"\"><figcaption class=\"elementor-image-carousel-caption\">\u00a9Samuel Weber<\/figcaption><\/figure><\/div><div class=\"swiper-slide\" role=\"group\" aria-roledescription=\"slide\" aria-label=\"10 von 12\"><figure class=\"swiper-slide-inner\"><img decoding=\"async\" class=\"swiper-slide-image\" src=\"https:\/\/giardinohotels.ch\/wp-content\/uploads\/2026\/04\/GM_Sport-Seiling_RGB_Low_XXX_02.jpg\" alt=\"GM_Sport Seiling_RGB_Low_XXX_02\" title=\"\"><\/figure><\/div><div class=\"swiper-slide\" role=\"group\" aria-roledescription=\"slide\" aria-label=\"11 von 12\"><figure class=\"swiper-slide-inner\"><img decoding=\"async\" class=\"swiper-slide-image\" src=\"https:\/\/giardinohotels.ch\/wp-content\/uploads\/2026\/04\/GM_Hund_RGB_Low_2026_JAK_01.jpg\" alt=\"GM_Hund_RGB_Low_2026_JAK_01\" title=\"\"><\/figure><\/div><div class=\"swiper-slide\" role=\"group\" aria-roledescription=\"slide\" aria-label=\"12 von 12\"><figure class=\"swiper-slide-inner\"><img decoding=\"async\" class=\"swiper-slide-image\" src=\"https:\/\/giardinohotels.ch\/wp-content\/uploads\/2025\/09\/DP_GM_Fitness_RGB_Low_HAB_01-SH-Filter.jpg\" alt=\"DP_GM_Fitness_RGB_Low_HAB_01-SH-Filter\" title=\"\"><\/figure><\/div>\t\t\t<\/div>\n\t\t\t\t\t\t\t\n\t\t\t\t\t\t\t\t\t<\/div>\n\t\t\t\t\t\t<\/div>\n\t\t\t\t<\/div>\n\t\t\t\t<div class=\"elementor-element elementor-element-d7d467a elementor-widget elementor-widget-global elementor-global-26228 elementor-widget-image\" data-id=\"d7d467a\" data-element_type=\"widget\" data-e-type=\"widget\" data-settings=\"{&quot;ekit_we_effect_on&quot;:&quot;none&quot;}\" data-widget_type=\"image.default\">\n\t\t\t\t<div class=\"elementor-widget-container\">\n\t\t\t\t\t\t\t\t\t\t\t\t\t\t\t<img fetchpriority=\"high\" decoding=\"async\" width=\"472\" height=\"472\" src=\"https:\/\/giardinohotels.ch\/wp-content\/uploads\/2025\/09\/Giardino-Bed-and-Breakfast-Stoerer-DE-Lago-3.png\" class=\"attachment-large size-large wp-image-24639\" alt=\"\" srcset=\"https:\/\/giardinohotels.ch\/wp-content\/uploads\/2025\/09\/Giardino-Bed-and-Breakfast-Stoerer-DE-Lago-3.png 472w, https:\/\/giardinohotels.ch\/wp-content\/uploads\/2025\/09\/Giardino-Bed-and-Breakfast-Stoerer-DE-Lago-3-300x300.png 300w, https:\/\/giardinohotels.ch\/wp-content\/uploads\/2025\/09\/Giardino-Bed-and-Breakfast-Stoerer-DE-Lago-3-150x150.png 150w\" sizes=\"(max-width: 472px) 100vw, 472px\" title=\"\">\t\t\t\t\t\t\t\t\t\t\t\t\t\t\t<\/div>\n\t\t\t\t<\/div>\n\t\t\t\t<\/div>\n\t\t<div class=\"elementor-element elementor-element-b983a23 bbts nospaceP e-flex e-con-boxed e-con e-parent\" data-id=\"b983a23\" data-element_type=\"container\" data-e-type=\"container\" data-settings=\"{&quot;ekit_has_onepagescroll_dot&quot;:&quot;yes&quot;}\">\n\t\t\t\t\t<div class=\"e-con-inner\">\n\t\t<div class=\"elementor-element elementor-element-873dedb e-con-full e-flex e-con e-child\" data-id=\"873dedb\" data-element_type=\"container\" data-e-type=\"container\" data-settings=\"{&quot;ekit_has_onepagescroll_dot&quot;:&quot;yes&quot;}\">\n\t\t<div class=\"elementor-element elementor-element-44dad57 e-con-full e-flex e-con e-child\" data-id=\"44dad57\" data-element_type=\"container\" data-e-type=\"container\" data-settings=\"{&quot;ekit_has_onepagescroll_dot&quot;:&quot;yes&quot;}\">\n\t\t\t\t<\/div>\n\t\t<div class=\"elementor-element elementor-element-9f796ac e-con-full e-flex e-con e-child\" data-id=\"9f796ac\" data-element_type=\"container\" data-e-type=\"container\" data-settings=\"{&quot;ekit_has_onepagescroll_dot&quot;:&quot;yes&quot;}\">\n\t\t<div class=\"elementor-element elementor-element-50cfd83 e-con-full elementor-hidden-mobile e-flex e-con e-child\" data-id=\"50cfd83\" data-element_type=\"container\" data-e-type=\"container\" data-settings=\"{&quot;ekit_has_onepagescroll_dot&quot;:&quot;yes&quot;}\">\n\t\t\t\t<\/div>\n\t\t<div class=\"elementor-element elementor-element-52524f2 e-con-full e-flex e-con e-child\" data-id=\"52524f2\" data-element_type=\"container\" data-e-type=\"container\" data-settings=\"{&quot;ekit_has_onepagescroll_dot&quot;:&quot;yes&quot;}\">\n\t\t\t\t<div class=\"elementor-element elementor-element-5058220 elementor-widget elementor-widget-heading\" data-id=\"5058220\" data-element_type=\"widget\" data-e-type=\"widget\" data-settings=\"{&quot;ekit_we_effect_on&quot;:&quot;none&quot;}\" data-widget_type=\"heading.default\">\n\t\t\t\t<div class=\"elementor-widget-container\">\n\t\t\t\t\t<h3 class=\"elementor-heading-title elementor-size-default\">Extras &amp; Specials<\/h3>\t\t\t\t<\/div>\n\t\t\t\t<\/div>\n\t\t\t\t<div class=\"elementor-element elementor-element-749769b elementor-widget elementor-widget-text-editor\" data-id=\"749769b\" data-element_type=\"widget\" data-e-type=\"widget\" data-settings=\"{&quot;ekit_we_effect_on&quot;:&quot;none&quot;}\" data-widget_type=\"text-editor.default\">\n\t\t\t\t<div class=\"elementor-widget-container\">\n\t\t\t\t\t\t\t\t\t<p style=\"font-weight: 400;\"><strong>Giardino Erlebnisse<\/strong><br \/>Wir suchen alle das perfekte Erlebnis. Das perfekte Hotel, den perfekten Ort oder den perfekten Moment. F\u00fcr Ferien, die diesen Namen wirklich verdient haben.<\/p>\t\t\t\t\t\t\t\t<\/div>\n\t\t\t\t<\/div>\n\t\t\t\t<\/div>\n\t\t<div class=\"elementor-element elementor-element-7e43a20 e-con-full elementor-hidden-mobile e-flex e-con e-child\" data-id=\"7e43a20\" data-element_type=\"container\" data-e-type=\"container\" data-settings=\"{&quot;ekit_has_onepagescroll_dot&quot;:&quot;yes&quot;}\">\n\t\t\t\t<\/div>\n\t\t\t\t<\/div>\n\t\t\t\t<\/div>\n\t\t\t\t\t<\/div>\n\t\t\t\t<\/div>\n\t\t<div class=\"elementor-element elementor-element-ef9320f bbts nospaceP e-flex e-con-boxed e-con e-parent\" data-id=\"ef9320f\" data-element_type=\"container\" data-e-type=\"container\" data-settings=\"{&quot;ekit_has_onepagescroll_dot&quot;:&quot;yes&quot;}\">\n\t\t\t\t\t<div class=\"e-con-inner\">\n\t\t<div class=\"elementor-element elementor-element-e51b0e2 e-con-full e-flex e-con e-child\" data-id=\"e51b0e2\" data-element_type=\"container\" data-e-type=\"container\" data-settings=\"{&quot;ekit_has_onepagescroll_dot&quot;:&quot;yes&quot;}\">\n\t\t<div class=\"elementor-element elementor-element-37d38a7 e-con-full e-flex e-con e-child\" data-id=\"37d38a7\" data-element_type=\"container\" data-e-type=\"container\" data-settings=\"{&quot;ekit_has_onepagescroll_dot&quot;:&quot;yes&quot;}\">\n\t\t\t\t<div class=\"elementor-element elementor-element-910e528 faq elementor-widget elementor-widget-heading\" data-id=\"910e528\" data-element_type=\"widget\" data-e-type=\"widget\" data-settings=\"{&quot;ekit_we_effect_on&quot;:&quot;none&quot;}\" data-widget_type=\"heading.default\">\n\t\t\t\t<div class=\"elementor-widget-container\">\n\t\t\t\t\t<h3 class=\"elementor-heading-title elementor-size-default\"><h3>Unsere Extras: <br><\/h3><\/h3>\t\t\t\t<\/div>\n\t\t\t\t<\/div>\n\t\t\t\t<div class=\"elementor-element elementor-element-54b98ae linkspacer elementor-widget elementor-widget-text-editor\" data-id=\"54b98ae\" data-element_type=\"widget\" data-e-type=\"widget\" data-settings=\"{&quot;ekit_we_effect_on&quot;:&quot;none&quot;}\" data-widget_type=\"text-editor.default\">\n\t\t\t\t<div class=\"elementor-widget-container\">\n\t\t\t\t\t\t\t\t\t<ul><li style=\"font-style: normal; letter-spacing: normal; caret-color: #000000; color: #000000;\" data-start=\"1032\" data-end=\"1085\"><p data-start=\"1034\" data-end=\"1085\">Sommer: Bergbahntickets ab zwei N\u00e4chten inklusive<\/p><\/li><li style=\"font-style: normal; letter-spacing: normal; caret-color: #000000; color: #000000;\" data-start=\"1086\" data-end=\"1174\"><p data-start=\"1088\" data-end=\"1174\">Winter: Giardino Skipass CHF 47\/Tag und Person (nur f\u00fcr gesamten Aufenthalt buchbar)<\/p><\/li><li style=\"font-style: normal; letter-spacing: normal; caret-color: #000000; color: #000000;\" data-start=\"1175\" data-end=\"1198\"><p data-start=\"1177\" data-end=\"1198\">Zustellbett: CHF 60<\/p><\/li><li style=\"font-style: normal; letter-spacing: normal; caret-color: #000000; color: #000000;\" data-start=\"1199\" data-end=\"1301\"><p data-start=\"1201\" data-end=\"1301\">Hunde willkommen: CHF 30 pro Hund\/Nacht (ohne Futter; nicht erlaubt im Fr\u00fchst\u00fccks- und Spabereich)<\/p><\/li><li style=\"font-style: normal; letter-spacing: normal; caret-color: #000000; color: #000000;\" data-start=\"1302\" data-end=\"1368\"><p data-start=\"1304\" data-end=\"1368\">Parkplatz inkl. Elektroladestation (gegen Aufpreis): CHF 15\u201320<\/p><\/li><li style=\"font-style: normal; letter-spacing: normal; caret-color: #000000; color: #000000;\" data-start=\"1369\" data-end=\"1430\"><p data-start=\"1371\" data-end=\"1430\">Snacks und Drinks im Selfservice (gegen Aufpreis vor Ort)<\/p><\/li><li style=\"font-style: normal; letter-spacing: normal; caret-color: #000000; color: #000000;\" data-start=\"1431\" data-end=\"1483\"><p data-start=\"1433\" data-end=\"1483\">E-Bike-Miete mit 10% Rabatt bei Ivo\u2019s Sport-Shop<\/p><\/li><\/ul>\t\t\t\t\t\t\t\t<\/div>\n\t\t\t\t<\/div>\n\t\t\t\t<div class=\"elementor-element elementor-element-60f719e elementor-hidden-mobile elementor-widget elementor-widget-spacer\" data-id=\"60f719e\" data-element_type=\"widget\" data-e-type=\"widget\" data-settings=\"{&quot;ekit_we_effect_on&quot;:&quot;none&quot;}\" data-widget_type=\"spacer.default\">\n\t\t\t\t<div class=\"elementor-widget-container\">\n\t\t\t\t\t\t\t<div class=\"elementor-spacer\">\n\t\t\t<div class=\"elementor-spacer-inner\"><\/div>\n\t\t<\/div>\n\t\t\t\t\t\t<\/div>\n\t\t\t\t<\/div>\n\t\t\t\t<\/div>\n\t\t<div class=\"elementor-element elementor-element-08648a0 e-con-full e-flex e-con e-child\" data-id=\"08648a0\" data-element_type=\"container\" data-e-type=\"container\" data-settings=\"{&quot;ekit_has_onepagescroll_dot&quot;:&quot;yes&quot;}\">\n\t\t\t\t<div class=\"elementor-element elementor-element-1bcd5b6 quadratbild elementor-widget elementor-widget-image\" data-id=\"1bcd5b6\" data-element_type=\"widget\" data-e-type=\"widget\" data-settings=\"{&quot;ekit_we_effect_on&quot;:&quot;none&quot;}\" data-widget_type=\"image.default\">\n\t\t\t\t<div class=\"elementor-widget-container\">\n\t\t\t\t\t\t\t\t\t\t\t\t\t\t\t\t<a href=\"https:\/\/giardinohotels.ch\/de\/mountain\/erlebnisse\/winter-ski-ferien\/\">\n\t\t\t\t\t\t\t<img decoding=\"async\" width=\"1024\" height=\"712\" src=\"https:\/\/giardinohotels.ch\/wp-content\/uploads\/2026\/04\/MTB_iStock-1308074992-1024x712.jpg\" class=\"attachment-large size-large wp-image-32912\" alt=\"\" srcset=\"https:\/\/giardinohotels.ch\/wp-content\/uploads\/2026\/04\/MTB_iStock-1308074992-1024x712.jpg 1024w, https:\/\/giardinohotels.ch\/wp-content\/uploads\/2026\/04\/MTB_iStock-1308074992-300x209.jpg 300w, https:\/\/giardinohotels.ch\/wp-content\/uploads\/2026\/04\/MTB_iStock-1308074992-768x534.jpg 768w, https:\/\/giardinohotels.ch\/wp-content\/uploads\/2026\/04\/MTB_iStock-1308074992.jpg 1228w\" sizes=\"(max-width: 1024px) 100vw, 1024px\" title=\"\">\t\t\t\t\t\t\t\t<\/a>\n\t\t\t\t\t\t\t\t\t\t\t\t\t\t\t<\/div>\n\t\t\t\t<\/div>\n\t\t\t\t<\/div>\n\t\t\t\t<\/div>\n\t\t\t\t\t<\/div>\n\t\t\t\t<\/div>\n\t\t<div class=\"elementor-element elementor-element-e67b072 bbts nospaceP e-flex e-con-boxed e-con e-parent\" data-id=\"e67b072\" data-element_type=\"container\" data-e-type=\"container\" data-settings=\"{&quot;ekit_has_onepagescroll_dot&quot;:&quot;yes&quot;}\">\n\t\t\t\t\t<div class=\"e-con-inner\">\n\t\t<div class=\"elementor-element elementor-element-3cdfbdd e-con-full e-flex e-con e-child\" data-id=\"3cdfbdd\" data-element_type=\"container\" data-e-type=\"container\" data-settings=\"{&quot;ekit_has_onepagescroll_dot&quot;:&quot;yes&quot;}\">\n\t\t<div class=\"elementor-element elementor-element-630452f e-con-full e-flex e-con e-child\" data-id=\"630452f\" data-element_type=\"container\" data-e-type=\"container\" data-settings=\"{&quot;ekit_has_onepagescroll_dot&quot;:&quot;yes&quot;}\">\n\t\t\t\t<div class=\"elementor-element elementor-element-f59435e quadratbild elementor-widget elementor-widget-image\" data-id=\"f59435e\" data-element_type=\"widget\" data-e-type=\"widget\" data-settings=\"{&quot;ekit_we_effect_on&quot;:&quot;none&quot;}\" data-widget_type=\"image.default\">\n\t\t\t\t<div class=\"elementor-widget-container\">\n\t\t\t\t\t\t\t\t\t\t\t\t\t\t\t\t<a href=\"https:\/\/giardinohotels.ch\/de\/mountain\/erlebnisse\/winterferien-familien\/\">\n\t\t\t\t\t\t\t<img decoding=\"async\" width=\"1024\" height=\"716\" src=\"https:\/\/giardinohotels.ch\/wp-content\/uploads\/2025\/09\/2_Zugang-zum-Wellnessbereich-1024x716.jpg\" class=\"attachment-large size-large wp-image-24529\" alt=\"\" srcset=\"https:\/\/giardinohotels.ch\/wp-content\/uploads\/2025\/09\/2_Zugang-zum-Wellnessbereich-1024x716.jpg 1024w, https:\/\/giardinohotels.ch\/wp-content\/uploads\/2025\/09\/2_Zugang-zum-Wellnessbereich-300x210.jpg 300w, https:\/\/giardinohotels.ch\/wp-content\/uploads\/2025\/09\/2_Zugang-zum-Wellnessbereich-768x537.jpg 768w, https:\/\/giardinohotels.ch\/wp-content\/uploads\/2025\/09\/2_Zugang-zum-Wellnessbereich-1536x1074.jpg 1536w, https:\/\/giardinohotels.ch\/wp-content\/uploads\/2025\/09\/2_Zugang-zum-Wellnessbereich.jpg 1920w\" sizes=\"(max-width: 1024px) 100vw, 1024px\" title=\"\">\t\t\t\t\t\t\t\t<\/a>\n\t\t\t\t\t\t\t\t\t\t\t\t\t\t\t<\/div>\n\t\t\t\t<\/div>\n\t\t\t\t<\/div>\n\t\t<div class=\"elementor-element elementor-element-d7d52c7 e-con-full e-flex e-con e-child\" data-id=\"d7d52c7\" data-element_type=\"container\" data-e-type=\"container\" data-settings=\"{&quot;ekit_has_onepagescroll_dot&quot;:&quot;yes&quot;}\">\n\t\t\t\t<div class=\"elementor-element elementor-element-a368a56 faq elementor-widget elementor-widget-heading\" data-id=\"a368a56\" data-element_type=\"widget\" data-e-type=\"widget\" data-settings=\"{&quot;ekit_we_effect_on&quot;:&quot;none&quot;}\" data-widget_type=\"heading.default\">\n\t\t\t\t<div class=\"elementor-widget-container\">\n\t\t\t\t\t<h3 class=\"elementor-heading-title elementor-size-default\">\n<h3>Zugang zum Wellnessbereich \n<\/h3>\t\t\t\t<\/div>\n\t\t\t\t<\/div>\n\t\t\t\t<div class=\"elementor-element elementor-element-f7a87fd linkspacer elementor-widget elementor-widget-text-editor\" data-id=\"f7a87fd\" data-element_type=\"widget\" data-e-type=\"widget\" data-settings=\"{&quot;ekit_we_effect_on&quot;:&quot;none&quot;}\" data-widget_type=\"text-editor.default\">\n\t\t\t\t<div class=\"elementor-widget-container\">\n\t\t\t\t\t\t\t\t\t<p style=\"font-style: normal; letter-spacing: normal; caret-color: #000000; color: #000000;\" data-start=\"303\" data-end=\"655\">Der Wellnessbereich des Giardino Bed &amp; Breakfast ist im Zimmerpreis bereits inbegriffen. Nach einem aktiven Tag in den Engadiner Bergen wartet hier pure Entspannung. Zur Ausstattung geh\u00f6ren ein\u00a0<strong data-start=\"497\" data-end=\"511\">Indoorpool<\/strong>, eine\u00a0<strong data-start=\"518\" data-end=\"537\">finnische Sauna<\/strong>, ein\u00a0<strong data-start=\"543\" data-end=\"555\">Dampfbad<\/strong>\u00a0sowie ein moderner\u00a0<strong data-start=\"575\" data-end=\"612\">Fitnessraum mit Technogym-Ger\u00e4ten<\/strong>\u00a0\u2013 perfekt f\u00fcr Erholung und neue Energie.<\/p><p style=\"font-style: normal; letter-spacing: normal; caret-color: #000000; color: #000000;\" data-start=\"657\" data-end=\"678\"><strong data-start=\"657\" data-end=\"676\">\u00d6ffnungszeiten:<\/strong><\/p><ul style=\"font-style: normal; letter-spacing: normal; caret-color: #000000; color: #000000;\" data-start=\"679\" data-end=\"779\"><li data-start=\"679\" data-end=\"727\"><p data-start=\"681\" data-end=\"727\"><strong data-start=\"681\" data-end=\"700\">Pool &amp; Fitness:<\/strong>\u00a0t\u00e4glich von 9 bis 19 Uhr<\/p><\/li><li data-start=\"728\" data-end=\"779\"><p data-start=\"730\" data-end=\"779\"><strong data-start=\"730\" data-end=\"751\">Sauna &amp; Dampfbad:<\/strong>\u00a0t\u00e4glich von 16 bis 19 Uhr<\/p><\/li><\/ul><p style=\"font-style: normal; letter-spacing: normal; caret-color: #000000; color: #000000;\" data-start=\"781\" data-end=\"898\">Egal ob Winter oder Sommer \u2013 der Wellnessbereich ist die ideale Erg\u00e4nzung zu sportlichen Erlebnissen in den Bergen.<\/p>\t\t\t\t\t\t\t\t<\/div>\n\t\t\t\t<\/div>\n\t\t\t\t<div class=\"elementor-element elementor-element-aa31f79 elementor-hidden-mobile elementor-widget elementor-widget-spacer\" data-id=\"aa31f79\" data-element_type=\"widget\" data-e-type=\"widget\" data-settings=\"{&quot;ekit_we_effect_on&quot;:&quot;none&quot;}\" data-widget_type=\"spacer.default\">\n\t\t\t\t<div class=\"elementor-widget-container\">\n\t\t\t\t\t\t\t<div class=\"elementor-spacer\">\n\t\t\t<div class=\"elementor-spacer-inner\"><\/div>\n\t\t<\/div>\n\t\t\t\t\t\t<\/div>\n\t\t\t\t<\/div>\n\t\t\t\t<\/div>\n\t\t\t\t<\/div>\n\t\t\t\t\t<\/div>\n\t\t\t\t<\/div>\n\t\t<div class=\"elementor-element elementor-element-cdfdf11 bbts nospaceP e-flex e-con-boxed e-con e-parent\" data-id=\"cdfdf11\" data-element_type=\"container\" data-e-type=\"container\" data-settings=\"{&quot;ekit_has_onepagescroll_dot&quot;:&quot;yes&quot;}\">\n\t\t\t\t\t<div class=\"e-con-inner\">\n\t\t<div class=\"elementor-element elementor-element-4126389 e-con-full e-flex e-con e-child\" data-id=\"4126389\" data-element_type=\"container\" data-e-type=\"container\" data-settings=\"{&quot;ekit_has_onepagescroll_dot&quot;:&quot;yes&quot;}\">\n\t\t<div class=\"elementor-element elementor-element-c2b9c29 e-con-full e-flex e-con e-child\" data-id=\"c2b9c29\" data-element_type=\"container\" data-e-type=\"container\" data-settings=\"{&quot;ekit_has_onepagescroll_dot&quot;:&quot;yes&quot;}\">\n\t\t\t\t<div class=\"elementor-element elementor-element-8e225bf faq elementor-widget elementor-widget-heading\" data-id=\"8e225bf\" data-element_type=\"widget\" data-e-type=\"widget\" data-settings=\"{&quot;ekit_we_effect_on&quot;:&quot;none&quot;}\" data-widget_type=\"heading.default\">\n\t\t\t\t<div class=\"elementor-widget-container\">\n\t\t\t\t\t<h3 class=\"elementor-heading-title elementor-size-default\"><h3>Die Lounge<\/h3><\/h3>\t\t\t\t<\/div>\n\t\t\t\t<\/div>\n\t\t\t\t<div class=\"elementor-element elementor-element-13fc219 linkspacer elementor-widget elementor-widget-text-editor\" data-id=\"13fc219\" data-element_type=\"widget\" data-e-type=\"widget\" data-settings=\"{&quot;ekit_we_effect_on&quot;:&quot;none&quot;}\" data-widget_type=\"text-editor.default\">\n\t\t\t\t<div class=\"elementor-widget-container\">\n\t\t\t\t\t\t\t\t\t<p style=\"font-weight: 400;\">Die Lounge ist der soziale Mittelpunkt des Giardino Bed &amp; Breakfast \u2013 ein Ort zum Ankommen, Wohlf\u00fchlen und Begegnen. Morgens dient sie als Treffpunkt vor der Piste oder einem Ausflug, nachmittags als entspannter R\u00fcckzugsort zum Lesen oder Plaudern und abends als gem\u00fctlicher Platz am Kamin. Hohe Decken, kr\u00e4ftige Farben und bequeme Sessel schaffen eine einladende Atmosph\u00e4re, w\u00e4hrend die Selfservice-Bar f\u00fcr zus\u00e4tzliche Ungezwungenheit sorgt. Bei Sonnenschein l\u00e4dt die grosse Terrasse mit ihrem Blick auf die Engadiner Bergwelt zum Verweilen ein.<\/p>\t\t\t\t\t\t\t\t<\/div>\n\t\t\t\t<\/div>\n\t\t\t\t<div class=\"elementor-element elementor-element-591b165 elementor-hidden-mobile elementor-widget elementor-widget-spacer\" data-id=\"591b165\" data-element_type=\"widget\" data-e-type=\"widget\" data-settings=\"{&quot;ekit_we_effect_on&quot;:&quot;none&quot;}\" data-widget_type=\"spacer.default\">\n\t\t\t\t<div class=\"elementor-widget-container\">\n\t\t\t\t\t\t\t<div class=\"elementor-spacer\">\n\t\t\t<div class=\"elementor-spacer-inner\"><\/div>\n\t\t<\/div>\n\t\t\t\t\t\t<\/div>\n\t\t\t\t<\/div>\n\t\t\t\t<\/div>\n\t\t<div class=\"elementor-element elementor-element-3ddb8d6 e-con-full e-flex e-con e-child\" data-id=\"3ddb8d6\" data-element_type=\"container\" data-e-type=\"container\" data-settings=\"{&quot;ekit_has_onepagescroll_dot&quot;:&quot;yes&quot;}\">\n\t\t\t\t<div class=\"elementor-element elementor-element-b75d2b9 quadratbild elementor-widget elementor-widget-image\" data-id=\"b75d2b9\" data-element_type=\"widget\" data-e-type=\"widget\" data-settings=\"{&quot;ekit_we_effect_on&quot;:&quot;none&quot;}\" data-widget_type=\"image.default\">\n\t\t\t\t<div class=\"elementor-widget-container\">\n\t\t\t\t\t\t\t\t\t\t\t\t\t\t\t\t<a href=\"https:\/\/giardinohotels.ch\/de\/mountain\/erlebnisse\/paarferien\/\">\n\t\t\t\t\t\t\t<img loading=\"lazy\" decoding=\"async\" width=\"881\" height=\"1024\" src=\"https:\/\/giardinohotels.ch\/wp-content\/uploads\/2025\/09\/3_Die-Lounge_GM_Bar-Lounge_RGB_Low_GBA_02-881x1024.jpg\" class=\"attachment-large size-large wp-image-24531\" alt=\"\" srcset=\"https:\/\/giardinohotels.ch\/wp-content\/uploads\/2025\/09\/3_Die-Lounge_GM_Bar-Lounge_RGB_Low_GBA_02-881x1024.jpg 881w, https:\/\/giardinohotels.ch\/wp-content\/uploads\/2025\/09\/3_Die-Lounge_GM_Bar-Lounge_RGB_Low_GBA_02-258x300.jpg 258w, https:\/\/giardinohotels.ch\/wp-content\/uploads\/2025\/09\/3_Die-Lounge_GM_Bar-Lounge_RGB_Low_GBA_02-768x893.jpg 768w, https:\/\/giardinohotels.ch\/wp-content\/uploads\/2025\/09\/3_Die-Lounge_GM_Bar-Lounge_RGB_Low_GBA_02-1322x1536.jpg 1322w, https:\/\/giardinohotels.ch\/wp-content\/uploads\/2025\/09\/3_Die-Lounge_GM_Bar-Lounge_RGB_Low_GBA_02.jpg 1652w\" sizes=\"(max-width: 881px) 100vw, 881px\" title=\"\">\t\t\t\t\t\t\t\t<\/a>\n\t\t\t\t\t\t\t\t\t\t\t\t\t\t\t<\/div>\n\t\t\t\t<\/div>\n\t\t\t\t<\/div>\n\t\t\t\t<\/div>\n\t\t\t\t\t<\/div>\n\t\t\t\t<\/div>\n\t\t<div class=\"elementor-element elementor-element-df24623 e-con-full e-flex e-con e-parent\" data-id=\"df24623\" data-element_type=\"container\" data-e-type=\"container\" data-settings=\"{&quot;ekit_has_onepagescroll_dot&quot;:&quot;yes&quot;}\">\n\t\t\t\t<div class=\"elementor-element elementor-element-8ceda8d elementor-widget elementor-widget-template\" data-id=\"8ceda8d\" data-element_type=\"widget\" data-e-type=\"widget\" data-settings=\"{&quot;ekit_we_effect_on&quot;:&quot;none&quot;}\" data-widget_type=\"template.default\">\n\t\t\t\t<div class=\"elementor-widget-container\">\n\t\t\t\t\t\t\t<div class=\"elementor-template\">\n\t\t\t\t\t<div data-elementor-type=\"container\" data-elementor-id=\"23985\" class=\"elementor elementor-23985\" data-elementor-post-type=\"elementor_library\">\n\t\t\t\t<div class=\"elementor-element elementor-element-de377cd e-flex e-con-boxed e-con e-parent\" data-id=\"de377cd\" data-element_type=\"container\" data-e-type=\"container\" data-settings=\"{&quot;background_background&quot;:&quot;classic&quot;,&quot;ekit_has_onepagescroll_dot&quot;:&quot;yes&quot;}\">\n\t\t\t\t\t<div class=\"e-con-inner\">\n\t\t\t\t<div class=\"elementor-element elementor-element-4c0c9c19 elementor-widget__width-auto elementor-widget elementor-widget-image\" data-id=\"4c0c9c19\" data-element_type=\"widget\" data-e-type=\"widget\" data-settings=\"{&quot;ekit_we_effect_on&quot;:&quot;none&quot;}\" data-widget_type=\"image.default\">\n\t\t\t\t<div class=\"elementor-widget-container\">\n\t\t\t\t\t\t\t\t\t\t\t\t\t\t\t\t<a href=\"https:\/\/giardinohotels.ch\/de\/mountain\/\">\n\t\t\t\t\t\t\t<img loading=\"lazy\" decoding=\"async\" width=\"297\" height=\"131\" src=\"https:\/\/giardinohotels.ch\/wp-content\/uploads\/2025\/10\/GM-BB-Mountain_Logo_RGB.svg\" class=\"attachment-large size-large wp-image-26019\" alt=\"\" title=\"\">\t\t\t\t\t\t\t\t<\/a>\n\t\t\t\t\t\t\t\t\t\t\t\t\t\t\t<\/div>\n\t\t\t\t<\/div>\n\t\t\t\t<div class=\"elementor-element elementor-element-1f9f0bdf adresse, fusszeile elementor-widget elementor-widget-text-editor\" data-id=\"1f9f0bdf\" data-element_type=\"widget\" data-e-type=\"widget\" data-settings=\"{&quot;ekit_we_effect_on&quot;:&quot;none&quot;}\" data-widget_type=\"text-editor.default\">\n\t\t\t\t<div class=\"elementor-widget-container\">\n\t\t\t\t\t\t\t\t\t<p>Giardino Mountain<br \/><a href=\"https:\/\/maps.app.goo.gl\/5rK73dFWXWAsATHM8\" target=\"_blank\" rel=\"noopener noreferrer nofollow\">Via Maistra 3<\/a><br \/>7512 Champf\u00e8r-St. Moritz<br \/>Telefon <a href=\"tel:+41818366300\">+41 81 836 63 00<\/a><\/p>\t\t\t\t\t\t\t\t<\/div>\n\t\t\t\t<\/div>\n\t\t\t\t<div class=\"elementor-element elementor-element-1ac82a58 elementor-widget elementor-widget-elementskit-social-media\" data-id=\"1ac82a58\" data-element_type=\"widget\" data-e-type=\"widget\" data-settings=\"{&quot;ekit_we_effect_on&quot;:&quot;none&quot;}\" data-widget_type=\"elementskit-social-media.default\">\n\t\t\t\t<div class=\"elementor-widget-container\">\n\t\t\t\t\t<div class=\"ekit-wid-con\" >\t\t\t <ul class=\"ekit_social_media\">\n\t\t\t\t\t\t\t\t\t\t\t\t\t\t<li class=\"elementor-repeater-item-0b64897\">\n\t\t\t\t\t    <a href=\"https:\/\/www.facebook.com\/giardino.mountain\" aria-label=\"Facebook\" class=\"facebook\" target=\"_blank\" rel=\"noopener noreferrer nofollow\">\n\t\t\t\t\t\t\t\n\t\t\t\t\t\t\t<i aria-hidden=\"true\" class=\"icon icon-facebook\"><\/i>\n                                                                                                            <\/a>\n                    <\/li>\n                    \t\t\t\t\t\t\t\t\t\t\t\t\t\t<li class=\"elementor-repeater-item-ccbd3bb\">\n\t\t\t\t\t    <a href=\"https:\/\/www.instagram.com\/giardino.mountain\/\" aria-label=\"Instagram\" class=\"instagram\" target=\"_blank\" rel=\"noopener noreferrer nofollow\">\n\t\t\t\t\t\t\t\n\t\t\t\t\t\t\t<i aria-hidden=\"true\" class=\"fab fa-instagram\"><\/i>\n                                                                                                            <\/a>\n                    <\/li>\n                    \t\t\t\t\t\t\t<\/ul>\n\t\t<\/div>\t\t\t\t<\/div>\n\t\t\t\t<\/div>\n\t\t\t\t<div class=\"elementor-element elementor-element-1ab75ada elementor-widget__width-auto elementor-widget elementor-widget-button\" data-id=\"1ab75ada\" data-element_type=\"widget\" data-e-type=\"widget\" data-settings=\"{&quot;ekit_we_effect_on&quot;:&quot;none&quot;}\" data-widget_type=\"button.default\">\n\t\t\t\t<div class=\"elementor-widget-container\">\n\t\t\t\t\t\t\t\t\t<div class=\"elementor-button-wrapper\">\n\t\t\t\t\t<a class=\"elementor-button elementor-button-link elementor-size-sm\" href=\"https:\/\/giardinohotels.us7.list-manage.com\/subscribe?u=3f2fbc1098648a410ef17138d&#038;id=50a2d279a7\" target=\"_blank\" rel=\"noopener noreferrer nofollow\">\n\t\t\t\t\t\t<span class=\"elementor-button-content-wrapper\">\n\t\t\t\t\t\t\t\t\t<span class=\"elementor-button-text\">Newsletter abonnieren<\/span>\n\t\t\t\t\t<\/span>\n\t\t\t\t\t<\/a>\n\t\t\t\t<\/div>\n\t\t\t\t\t\t\t\t<\/div>\n\t\t\t\t<\/div>\n\t\t\t\t\t<\/div>\n\t\t\t\t<\/div>\n\t\t\t\t<\/div>\n\t\t\t\t<\/div>\n\t\t\t\t\t\t<\/div>\n\t\t\t\t<\/div>\n\t\t\t\t<\/div>\n\t\t\t\t<\/div>\n\t\t","protected":false},"excerpt":{"rendered":"<p>Extras &amp; Specials Giardino ErlebnisseWir suchen alle das perfekte Erlebnis. Das perfekte Hotel, den perfekten Ort oder den perfekten Moment. F\u00fcr Ferien, die diesen Namen wirklich verdient haben. Unsere Extras: Sommer: Bergbahntickets ab zwei N\u00e4chten inklusive Winter: Giardino Skipass CHF 47\/Tag und Person (nur f\u00fcr gesamten Aufenthalt buchbar) Zustellbett: CHF 60 Hunde willkommen: CHF 30 [&hellip;]<\/p>\n","protected":false},"author":1,"featured_media":0,"parent":25052,"menu_order":1,"comment_status":"closed","ping_status":"closed","template":"","meta":{"_acf_changed":false,"site-sidebar-layout":"no-sidebar","site-content-layout":"page-builder","ast-site-content-layout":"full-width-container","site-content-style":"unboxed","site-sidebar-style":"default","ast-global-header-display":"disabled","ast-banner-title-visibility":"disabled","ast-main-header-display":"","ast-hfb-above-header-display":"","ast-hfb-below-header-display":"","ast-hfb-mobile-header-display":"","site-post-title":"disabled","ast-breadcrumbs-content":"","ast-featured-img":"disabled","footer-sml-layout":"disabled","ast-disable-related-posts":"","theme-transparent-header-meta":"","adv-header-id-meta":"","stick-header-meta":"","header-above-stick-meta":"","header-main-stick-meta":"","header-below-stick-meta":"","astra-migrate-meta-layouts":"set","ast-page-background-enabled":"default","ast-page-background-meta":{"desktop":{"background-color":"","background-image":"","background-repeat":"repeat","background-position":"center center","background-size":"auto","background-attachment":"scroll","background-type":"","background-media":"","overlay-type":"","overlay-color":"","overlay-opacity":"","overlay-gradient":""},"tablet":{"background-color":"","background-image":"","background-repeat":"repeat","background-position":"center center","background-size":"auto","background-attachment":"scroll","background-type":"","background-media":"","overlay-type":"","overlay-color":"","overlay-opacity":"","overlay-gradient":""},"mobile":{"background-color":"","background-image":"","background-repeat":"repeat","background-position":"center center","background-size":"auto","background-attachment":"scroll","background-type":"","background-media":"","overlay-type":"","overlay-color":"","overlay-opacity":"","overlay-gradient":""}},"ast-content-background-meta":{"desktop":{"background-color":"var(--ast-global-color-5)","background-image":"","background-repeat":"repeat","background-position":"center center","background-size":"auto","background-attachment":"scroll","background-type":"","background-media":"","overlay-type":"","overlay-color":"","overlay-opacity":"","overlay-gradient":""},"tablet":{"background-color":"var(--ast-global-color-5)","background-image":"","background-repeat":"repeat","background-position":"center center","background-size":"auto","background-attachment":"scroll","background-type":"","background-media":"","overlay-type":"","overlay-color":"","overlay-opacity":"","overlay-gradient":""},"mobile":{"background-color":"var(--ast-global-color-5)","background-image":"","background-repeat":"repeat","background-position":"center center","background-size":"auto","background-attachment":"scroll","background-type":"","background-media":"","overlay-type":"","overlay-color":"","overlay-opacity":"","overlay-gradient":""}},"footnotes":""},"class_list":["post-24100","page","type-page","status-publish","hentry"],"acf":[],"publishpress_future_action":{"enabled":false,"date":"2026-05-06 02:56:10","action":"change-status","newStatus":"draft","terms":[],"taxonomy":"translation_priority","extraData":[]},"publishpress_future_workflow_manual_trigger":{"enabledWorkflows":[]},"ase":null,"_links":{"self":[{"href":"https:\/\/giardinohotels.ch\/de\/wp-json\/wp\/v2\/pages\/24100","targetHints":{"allow":["GET"]}}],"collection":[{"href":"https:\/\/giardinohotels.ch\/de\/wp-json\/wp\/v2\/pages"}],"about":[{"href":"https:\/\/giardinohotels.ch\/de\/wp-json\/wp\/v2\/types\/page"}],"author":[{"embeddable":true,"href":"https:\/\/giardinohotels.ch\/de\/wp-json\/wp\/v2\/users\/1"}],"replies":[{"embeddable":true,"href":"https:\/\/giardinohotels.ch\/de\/wp-json\/wp\/v2\/comments?post=24100"}],"version-history":[{"count":52,"href":"https:\/\/giardinohotels.ch\/de\/wp-json\/wp\/v2\/pages\/24100\/revisions"}],"predecessor-version":[{"id":32923,"href":"https:\/\/giardinohotels.ch\/de\/wp-json\/wp\/v2\/pages\/24100\/revisions\/32923"}],"up":[{"embeddable":true,"href":"https:\/\/giardinohotels.ch\/de\/wp-json\/wp\/v2\/pages\/25052"}],"wp:attachment":[{"href":"https:\/\/giardinohotels.ch\/de\/wp-json\/wp\/v2\/media?parent=24100"}],"curies":[{"name":"wp","href":"https:\/\/api.w.org\/{rel}","templated":true}]}}