{"id":23920,"date":"2025-09-10T13:02:43","date_gmt":"2025-09-10T11:02:43","guid":{"rendered":"https:\/\/giardinohotels.ch\/?page_id=23920"},"modified":"2026-02-03T20:01:02","modified_gmt":"2026-02-03T19:01:02","slug":"alpine-suite","status":"publish","type":"page","link":"https:\/\/giardinohotels.ch\/de\/hotel-st-moritz-giardino-bed-breakfast-mountain\/zimmer-und-suiten\/alpine-suite\/","title":{"rendered":"Alpine Suite"},"content":{"rendered":"\t\t<div data-elementor-type=\"wp-page\" data-elementor-id=\"23920\" class=\"elementor elementor-23920\" data-elementor-post-type=\"page\">\n\t\t\t\t<div class=\"elementor-element elementor-element-d5e8a7d e-con-full e-flex e-con e-parent\" data-id=\"d5e8a7d\" data-element_type=\"container\" data-e-type=\"container\" data-settings=\"{&quot;ekit_has_onepagescroll_dot&quot;:&quot;yes&quot;}\">\n\t\t\t\t<div class=\"elementor-element elementor-element-68593f8 roomslider elementor-widget elementor-widget-image-carousel\" data-id=\"68593f8\" data-element_type=\"widget\" data-e-type=\"widget\" data-settings=\"{&quot;navigation&quot;:&quot;none&quot;,&quot;image_spacing_custom&quot;:{&quot;unit&quot;:&quot;px&quot;,&quot;size&quot;:5,&quot;sizes&quot;:[]},&quot;autoplay&quot;:&quot;yes&quot;,&quot;pause_on_hover&quot;:&quot;yes&quot;,&quot;pause_on_interaction&quot;:&quot;yes&quot;,&quot;autoplay_speed&quot;:5000,&quot;infinite&quot;:&quot;yes&quot;,&quot;speed&quot;:500,&quot;image_spacing_custom_tablet&quot;:{&quot;unit&quot;:&quot;px&quot;,&quot;size&quot;:&quot;&quot;,&quot;sizes&quot;:[]},&quot;image_spacing_custom_mobile&quot;:{&quot;unit&quot;:&quot;px&quot;,&quot;size&quot;:&quot;&quot;,&quot;sizes&quot;:[]},&quot;ekit_we_effect_on&quot;:&quot;none&quot;}\" data-widget_type=\"image-carousel.default\">\n\t\t\t\t<div class=\"elementor-widget-container\">\n\t\t\t\t\t\t\t<div class=\"elementor-image-carousel-wrapper swiper\" role=\"region\" aria-roledescription=\"carousel\" aria-label=\"Bild Karussell\" dir=\"ltr\">\n\t\t\t<div class=\"elementor-image-carousel swiper-wrapper swiper-image-stretch\" aria-live=\"off\">\n\t\t\t\t\t\t\t\t<div class=\"swiper-slide\" role=\"group\" aria-roledescription=\"slide\" aria-label=\"1 von 6\"><figure class=\"swiper-slide-inner\"><img decoding=\"async\" class=\"swiper-slide-image\" src=\"https:\/\/giardinohotels.ch\/wp-content\/uploads\/2025\/09\/GM_Alpin-Suite_RGB_Low_HAB_01-2-1536x912.jpg\" alt=\"GM_Alpin Suite_RGB_Low_HAB_01\" title=\"\"><\/figure><\/div><div class=\"swiper-slide\" role=\"group\" aria-roledescription=\"slide\" aria-label=\"2 von 6\"><figure class=\"swiper-slide-inner\"><img decoding=\"async\" class=\"swiper-slide-image\" src=\"https:\/\/giardinohotels.ch\/wp-content\/uploads\/2025\/09\/GM_Alpin-Suite_RGB_Low_HAB_02-1536x912.jpg\" alt=\"GM_Alpin Suite_RGB_Low_HAB_02\" title=\"\"><\/figure><\/div><div class=\"swiper-slide\" role=\"group\" aria-roledescription=\"slide\" aria-label=\"3 von 6\"><figure class=\"swiper-slide-inner\"><img decoding=\"async\" class=\"swiper-slide-image\" src=\"https:\/\/giardinohotels.ch\/wp-content\/uploads\/2025\/09\/GM_Alpin-Suite_RGB_Low_HAB_09-1-1536x912.jpg\" alt=\"GM_Alpin Suite_RGB_Low_HAB_09\" title=\"\"><\/figure><\/div><div class=\"swiper-slide\" role=\"group\" aria-roledescription=\"slide\" aria-label=\"4 von 6\"><figure class=\"swiper-slide-inner\"><img decoding=\"async\" class=\"swiper-slide-image\" src=\"https:\/\/giardinohotels.ch\/wp-content\/uploads\/2025\/09\/GM_Alpin-Suite_RGB_Low_HAB_03-1-1536x912.jpg\" alt=\"GM_Alpin Suite_RGB_Low_HAB_03\" title=\"\"><\/figure><\/div><div class=\"swiper-slide\" role=\"group\" aria-roledescription=\"slide\" aria-label=\"5 von 6\"><figure class=\"swiper-slide-inner\"><img decoding=\"async\" class=\"swiper-slide-image\" src=\"https:\/\/giardinohotels.ch\/wp-content\/uploads\/2025\/09\/GM_Alpin-Suite_RGB_Low_HAB_10-1536x912.jpg\" alt=\"GM_Alpin Suite_RGB_Low_HAB_10\" title=\"\"><\/figure><\/div><div class=\"swiper-slide\" role=\"group\" aria-roledescription=\"slide\" aria-label=\"6 von 6\"><figure class=\"swiper-slide-inner\"><img decoding=\"async\" class=\"swiper-slide-image\" src=\"https:\/\/giardinohotels.ch\/wp-content\/uploads\/2025\/09\/GM_Alpin-Suite_RGB_Low_HAB_11-1536x912.jpg\" alt=\"GM_Alpin Suite_RGB_Low_HAB_11\" title=\"\"><\/figure><\/div>\t\t\t<\/div>\n\t\t\t\t\t\t\t\n\t\t\t\t\t\t\t\t\t<\/div>\n\t\t\t\t\t\t<\/div>\n\t\t\t\t<\/div>\n\t\t\t\t<\/div>\n\t\t<div class=\"elementor-element elementor-element-a89faf8 e-flex e-con-boxed e-con e-parent\" data-id=\"a89faf8\" data-element_type=\"container\" data-e-type=\"container\" data-settings=\"{&quot;ekit_has_onepagescroll_dot&quot;:&quot;yes&quot;}\">\n\t\t\t\t\t<div class=\"e-con-inner\">\n\t\t\t\t<div class=\"elementor-element elementor-element-7ca7620 elementor-widget elementor-widget-global elementor-global-24037 elementor-widget-heading\" data-id=\"7ca7620\" data-element_type=\"widget\" data-e-type=\"widget\" data-settings=\"{&quot;ekit_we_effect_on&quot;:&quot;none&quot;}\" data-widget_type=\"heading.default\">\n\t\t\t\t<div class=\"elementor-widget-container\">\n\t\t\t\t\t<h6 class=\"elementor-heading-title elementor-size-default\"><a href=\"https:\/\/giardinohotels.ch\/de\/hotel-st-moritz-giardino-mountain-bed-breakfast\/zimmer-und-suiten\/\"><small>&lt;<\/small> Alle Zimmer und Suiten<\/a><\/h6>\t\t\t\t<\/div>\n\t\t\t\t<\/div>\n\t\t\t\t\t<\/div>\n\t\t\t\t<\/div>\n\t\t<div class=\"elementor-element elementor-element-d9d6016 e-flex e-con-boxed e-con e-parent\" data-id=\"d9d6016\" data-element_type=\"container\" data-e-type=\"container\" data-settings=\"{&quot;ekit_has_onepagescroll_dot&quot;:&quot;yes&quot;}\">\n\t\t\t\t\t<div class=\"e-con-inner\">\n\t\t<div class=\"elementor-element elementor-element-436377b e-con-full e-flex e-con e-child\" data-id=\"436377b\" data-element_type=\"container\" data-e-type=\"container\" data-settings=\"{&quot;ekit_has_onepagescroll_dot&quot;:&quot;yes&quot;}\">\n\t\t<div class=\"elementor-element elementor-element-193fecf e-con-full e-flex e-con e-child\" data-id=\"193fecf\" data-element_type=\"container\" data-e-type=\"container\" data-settings=\"{&quot;ekit_has_onepagescroll_dot&quot;:&quot;yes&quot;}\">\n\t\t\t\t<div class=\"elementor-element elementor-element-18fcad7 elementor-widget elementor-widget-global elementor-global-6300 elementor-widget-heading\" data-id=\"18fcad7\" data-element_type=\"widget\" data-e-type=\"widget\" data-settings=\"{&quot;ekit_we_effect_on&quot;:&quot;none&quot;}\" data-widget_type=\"heading.default\">\n\t\t\t\t<div class=\"elementor-widget-container\">\n\t\t\t\t\t<h1 class=\"elementor-heading-title elementor-size-default\">Alpine Suite <\/h1>\t\t\t\t<\/div>\n\t\t\t\t<\/div>\n\t\t\t\t<div class=\"elementor-element elementor-element-63c0008 lagocopy elementor-widget elementor-widget-global elementor-global-6303 elementor-widget-text-editor\" data-id=\"63c0008\" data-element_type=\"widget\" data-e-type=\"widget\" data-settings=\"{&quot;ekit_we_effect_on&quot;:&quot;none&quot;}\" data-widget_type=\"text-editor.default\">\n\t\t\t\t<div class=\"elementor-widget-container\">\n\t\t\t\t\t\t\t\t\t<p style=\"font-weight: 400;\">Die Alpine Suiten sind einfach Bergspitze. <strong>Chic und eher traditionell<\/strong>. Cremefarbenes Interieur, kunstvolle Holzvert\u00e4felungen und das wohlige Gef\u00fchl, eines alpinen Chalets. Auf durchschnittlich 55 behaglichen Quadratmetern findet man alles, was es f\u00fcr ein perfektes Winterwunderland-Erlebnis braucht.<\/p>\t\t\t\t\t\t\t\t<\/div>\n\t\t\t\t<\/div>\n\t\t\t\t<div class=\"elementor-element elementor-element-3771a09 elementor-widget__width-auto elementor-widget elementor-widget-global elementor-global-23942 elementor-widget-button\" data-id=\"3771a09\" data-element_type=\"widget\" data-e-type=\"widget\" data-settings=\"{&quot;ekit_we_effect_on&quot;:&quot;none&quot;}\" data-widget_type=\"button.default\">\n\t\t\t\t<div class=\"elementor-widget-container\">\n\t\t\t\t\t\t\t\t\t<div class=\"elementor-button-wrapper\">\n\t\t\t\t\t<a class=\"elementor-button elementor-button-link elementor-size-sm\" href=\"https:\/\/be.synxis.com\/?_adult=2&#038;adult=2&#038;arrive=2026-03-18&#038;chain=5154&#038;child=0&#038;config=SBE_Mountain_Summer&#038;currency=CHF&#038;depart=2026-03-19&#038;hotel=58545&#038;level=hotel&#038;locale=de-DE&#038;productcurrency=CHF&#038;rooms=1&#038;theme=SBE_Mountain_Summer_V1%20\" target=\"_blank\" rel=\"noopener noreferrer nofollow\">\n\t\t\t\t\t\t<span class=\"elementor-button-content-wrapper\">\n\t\t\t\t\t\t\t\t\t<span class=\"elementor-button-text\">buchen<\/span>\n\t\t\t\t\t<\/span>\n\t\t\t\t\t<\/a>\n\t\t\t\t<\/div>\n\t\t\t\t\t\t\t\t<\/div>\n\t\t\t\t<\/div>\n\t\t\t\t<\/div>\n\t\t\t\t<\/div>\n\t\t<div class=\"elementor-element elementor-element-4825a26 e-con-full e-flex e-con e-child\" data-id=\"4825a26\" data-element_type=\"container\" data-e-type=\"container\" data-settings=\"{&quot;ekit_has_onepagescroll_dot&quot;:&quot;yes&quot;}\">\n\t\t<div class=\"elementor-element elementor-element-f9498ae e-con-full e-flex e-con e-child\" data-id=\"f9498ae\" data-element_type=\"container\" data-e-type=\"container\" data-settings=\"{&quot;ekit_has_onepagescroll_dot&quot;:&quot;yes&quot;}\">\n\t\t<div class=\"elementor-element elementor-element-b7eb4d9 e-con-full e-flex e-con e-child\" data-id=\"b7eb4d9\" data-element_type=\"container\" data-e-type=\"container\" data-settings=\"{&quot;ekit_has_onepagescroll_dot&quot;:&quot;yes&quot;}\">\n\t\t\t\t<div class=\"elementor-element elementor-element-844e970 elementor-widget elementor-widget-heading\" data-id=\"844e970\" data-element_type=\"widget\" data-e-type=\"widget\" data-settings=\"{&quot;ekit_we_effect_on&quot;:&quot;none&quot;}\" data-widget_type=\"heading.default\">\n\t\t\t\t<div class=\"elementor-widget-container\">\n\t\t\t\t\t<h5 class=\"elementor-heading-title elementor-size-default\">Details<\/h5>\t\t\t\t<\/div>\n\t\t\t\t<\/div>\n\t\t\t\t<div class=\"elementor-element elementor-element-e335050 elementor-widget elementor-widget-shortcode\" data-id=\"e335050\" data-element_type=\"widget\" data-e-type=\"widget\" data-settings=\"{&quot;ekit_we_effect_on&quot;:&quot;none&quot;}\" data-widget_type=\"shortcode.default\">\n\t\t\t\t<div class=\"elementor-widget-container\">\n\t\t\t\t\t\t\t<div class=\"elementor-shortcode\"><div class=\"room-details\"><div class=\"room-detail-item\"><img decoding=\"async\" src=\"https:\/\/giardinohotels.ch\/wp-content\/uploads\/2025\/09\/GM_BB_Icon-Zimmer-Webseite_250710_Check-in-out.svg\" alt=\"\" class=\"room-detail-icon\" title=\"\"><span class=\"room-detail-text\">Check-in ab 15 Uhr \/ Check-out bis 11 Uhr<\/span><\/div><div class=\"room-detail-item\"><img decoding=\"async\" src=\"https:\/\/giardinohotels.ch\/wp-content\/uploads\/2025\/09\/GM_BB_Icon-Zimmer-Webseite_250710_Sicht-Berge.svg\" alt=\"\" class=\"room-detail-icon\" title=\"\"><span class=\"room-detail-text\">Meistens mit Blick auf die Berge<\/span><\/div><div class=\"room-detail-item\"><img decoding=\"async\" src=\"https:\/\/giardinohotels.ch\/wp-content\/uploads\/2025\/09\/GM_BB_Icon-Zimmer-Webseite_250710_Dusche.svg\" alt=\"\" class=\"room-detail-icon\" title=\"\"><span class=\"room-detail-text\">Badezimmer mit Dusche (und teilweise Badewanne)<\/span><\/div><div class=\"room-detail-item\"><img decoding=\"async\" src=\"https:\/\/giardinohotels.ch\/wp-content\/uploads\/2025\/09\/GM_BB_Icon-Zimmer-Webseite_250710_Pflegeprodukte.svg\" alt=\"\" class=\"room-detail-icon\" title=\"\"><span class=\"room-detail-text\">Pflegeprodukte der hauseigenen Linie dipi\u00f9 mit nat\u00fcrlichen Inhaltsstoffen aus dem Tessin<\/span><\/div><div class=\"room-detail-item\"><img decoding=\"async\" src=\"https:\/\/giardinohotels.ch\/wp-content\/uploads\/2025\/09\/GM_BB_Icon-Zimmer-Webseite_250710_Minibar.svg\" alt=\"\" class=\"room-detail-icon\" title=\"\"><span class=\"room-detail-text\">Minibar (nicht best\u00fcckt)<\/span><\/div><div class=\"room-detail-item\"><img decoding=\"async\" src=\"https:\/\/giardinohotels.ch\/wp-content\/uploads\/2025\/09\/GM_BB_Icon-Zimmer-Webseite_250903_Zimmersafe.svg\" alt=\"\" class=\"room-detail-icon\" title=\"\"><span class=\"room-detail-text\">Zimmersafe<\/span><\/div><div class=\"room-detail-item\"><img decoding=\"async\" src=\"https:\/\/giardinohotels.ch\/wp-content\/uploads\/2025\/09\/GM_BB_Icon-Zimmer-Webseite_250710_Kaffeemaschine.svg\" alt=\"\" class=\"room-detail-icon\" title=\"\"><span class=\"room-detail-text\">Kaffeemaschine<\/span><\/div><\/div><\/div>\n\t\t\t\t\t\t<\/div>\n\t\t\t\t<\/div>\n\t\t\t\t<div class=\"elementor-element elementor-element-9e2eae7 elementor-icon-list--layout-traditional elementor-list-item-link-full_width elementor-widget elementor-widget-global elementor-global-24703 elementor-widget-icon-list\" data-id=\"9e2eae7\" data-element_type=\"widget\" data-e-type=\"widget\" data-settings=\"{&quot;ekit_we_effect_on&quot;:&quot;none&quot;}\" data-widget_type=\"icon-list.default\">\n\t\t\t\t<div class=\"elementor-widget-container\">\n\t\t\t\t\t\t\t<ul class=\"elementor-icon-list-items\">\n\t\t\t\t\t\t\t<li class=\"elementor-icon-list-item\">\n\t\t\t\t\t\t\t\t\t\t\t<span class=\"elementor-icon-list-icon\">\n\t\t\t\t\t\t\t<i aria-hidden=\"true\" class=\"fas fa-circle\"><\/i>\t\t\t\t\t\t<\/span>\n\t\t\t\t\t\t\t\t\t\t<span class=\"elementor-icon-list-text\">Kinder im Alter von 0-12: kostenfrei im Zimmer der Eltern<\/span>\n\t\t\t\t\t\t\t\t\t<\/li>\n\t\t\t\t\t\t\t\t<li class=\"elementor-icon-list-item\">\n\t\t\t\t\t\t\t\t\t\t\t<span class=\"elementor-icon-list-icon\">\n\t\t\t\t\t\t\t<i aria-hidden=\"true\" class=\"fas fa-circle\"><\/i>\t\t\t\t\t\t<\/span>\n\t\t\t\t\t\t\t\t\t\t<span class=\"elementor-icon-list-text\">Zustellbett ab CHF 60.-<\/span>\n\t\t\t\t\t\t\t\t\t<\/li>\n\t\t\t\t\t\t<\/ul>\n\t\t\t\t\t\t<\/div>\n\t\t\t\t<\/div>\n\t\t\t\t<\/div>\n\t\t\t\t<\/div>\n\t\t\t\t<\/div>\n\t\t\t\t\t<\/div>\n\t\t\t\t<\/div>\n\t\t<div class=\"elementor-element elementor-element-df24623 e-con-full e-flex e-con e-parent\" data-id=\"df24623\" data-element_type=\"container\" data-e-type=\"container\" data-settings=\"{&quot;ekit_has_onepagescroll_dot&quot;:&quot;yes&quot;}\">\n\t\t\t\t<div class=\"elementor-element elementor-element-8ceda8d elementor-widget elementor-widget-template\" data-id=\"8ceda8d\" data-element_type=\"widget\" data-e-type=\"widget\" data-settings=\"{&quot;ekit_we_effect_on&quot;:&quot;none&quot;}\" data-widget_type=\"template.default\">\n\t\t\t\t<div class=\"elementor-widget-container\">\n\t\t\t\t\t\t\t<div class=\"elementor-template\">\n\t\t\t\t\t<div data-elementor-type=\"container\" data-elementor-id=\"23985\" class=\"elementor elementor-23985\" data-elementor-post-type=\"elementor_library\">\n\t\t\t\t<div class=\"elementor-element elementor-element-de377cd e-flex e-con-boxed e-con e-parent\" data-id=\"de377cd\" data-element_type=\"container\" data-e-type=\"container\" data-settings=\"{&quot;background_background&quot;:&quot;classic&quot;,&quot;ekit_has_onepagescroll_dot&quot;:&quot;yes&quot;}\">\n\t\t\t\t\t<div class=\"e-con-inner\">\n\t\t\t\t<div class=\"elementor-element elementor-element-4c0c9c19 elementor-widget__width-auto elementor-widget elementor-widget-image\" data-id=\"4c0c9c19\" data-element_type=\"widget\" data-e-type=\"widget\" data-settings=\"{&quot;ekit_we_effect_on&quot;:&quot;none&quot;}\" data-widget_type=\"image.default\">\n\t\t\t\t<div class=\"elementor-widget-container\">\n\t\t\t\t\t\t\t\t\t\t\t\t\t\t\t\t<a href=\"https:\/\/giardinohotels.ch\/de\/mountain\/\">\n\t\t\t\t\t\t\t<img decoding=\"async\" width=\"297\" height=\"131\" src=\"https:\/\/giardinohotels.ch\/wp-content\/uploads\/2025\/10\/GM-BB-Mountain_Logo_RGB.svg\" class=\"attachment-large size-large wp-image-26019\" alt=\"\" title=\"\">\t\t\t\t\t\t\t\t<\/a>\n\t\t\t\t\t\t\t\t\t\t\t\t\t\t\t<\/div>\n\t\t\t\t<\/div>\n\t\t\t\t<div class=\"elementor-element elementor-element-1f9f0bdf adresse, fusszeile elementor-widget elementor-widget-text-editor\" data-id=\"1f9f0bdf\" data-element_type=\"widget\" data-e-type=\"widget\" data-settings=\"{&quot;ekit_we_effect_on&quot;:&quot;none&quot;}\" data-widget_type=\"text-editor.default\">\n\t\t\t\t<div class=\"elementor-widget-container\">\n\t\t\t\t\t\t\t\t\t<p>Giardino Mountain<br \/><a href=\"https:\/\/maps.app.goo.gl\/5rK73dFWXWAsATHM8\" target=\"_blank\" rel=\"noopener noreferrer nofollow\">Via Maistra 3<\/a><br \/>7512 Champf\u00e8r-St. Moritz<br \/>Telefon <a href=\"tel:+41818366300\">+41 81 836 63 00<\/a><\/p>\t\t\t\t\t\t\t\t<\/div>\n\t\t\t\t<\/div>\n\t\t\t\t<div class=\"elementor-element elementor-element-1ac82a58 elementor-widget elementor-widget-elementskit-social-media\" data-id=\"1ac82a58\" data-element_type=\"widget\" data-e-type=\"widget\" data-settings=\"{&quot;ekit_we_effect_on&quot;:&quot;none&quot;}\" data-widget_type=\"elementskit-social-media.default\">\n\t\t\t\t<div class=\"elementor-widget-container\">\n\t\t\t\t\t<div class=\"ekit-wid-con\" >\t\t\t <ul class=\"ekit_social_media\">\n\t\t\t\t\t\t\t\t\t\t\t\t\t\t<li class=\"elementor-repeater-item-0b64897\">\n\t\t\t\t\t    <a href=\"https:\/\/www.facebook.com\/giardino.mountain\" aria-label=\"Facebook\" class=\"facebook\" target=\"_blank\" rel=\"noopener noreferrer nofollow\">\n\t\t\t\t\t\t\t\n\t\t\t\t\t\t\t<i aria-hidden=\"true\" class=\"icon icon-facebook\"><\/i>\n                                                                                                            <\/a>\n                    <\/li>\n                    \t\t\t\t\t\t\t\t\t\t\t\t\t\t<li class=\"elementor-repeater-item-ccbd3bb\">\n\t\t\t\t\t    <a href=\"https:\/\/www.instagram.com\/giardino.mountain\/\" aria-label=\"Instagram\" class=\"instagram\" target=\"_blank\" rel=\"noopener noreferrer nofollow\">\n\t\t\t\t\t\t\t\n\t\t\t\t\t\t\t<i aria-hidden=\"true\" class=\"fab fa-instagram\"><\/i>\n                                                                                                            <\/a>\n                    <\/li>\n                    \t\t\t\t\t\t\t<\/ul>\n\t\t<\/div>\t\t\t\t<\/div>\n\t\t\t\t<\/div>\n\t\t\t\t<div class=\"elementor-element elementor-element-1ab75ada elementor-widget__width-auto elementor-widget elementor-widget-button\" data-id=\"1ab75ada\" data-element_type=\"widget\" data-e-type=\"widget\" data-settings=\"{&quot;ekit_we_effect_on&quot;:&quot;none&quot;}\" data-widget_type=\"button.default\">\n\t\t\t\t<div class=\"elementor-widget-container\">\n\t\t\t\t\t\t\t\t\t<div class=\"elementor-button-wrapper\">\n\t\t\t\t\t<a class=\"elementor-button elementor-button-link elementor-size-sm\" href=\"https:\/\/giardinohotels.us7.list-manage.com\/subscribe?u=3f2fbc1098648a410ef17138d&#038;id=50a2d279a7\" target=\"_blank\" rel=\"noopener noreferrer nofollow\">\n\t\t\t\t\t\t<span class=\"elementor-button-content-wrapper\">\n\t\t\t\t\t\t\t\t\t<span class=\"elementor-button-text\">Newsletter abonnieren<\/span>\n\t\t\t\t\t<\/span>\n\t\t\t\t\t<\/a>\n\t\t\t\t<\/div>\n\t\t\t\t\t\t\t\t<\/div>\n\t\t\t\t<\/div>\n\t\t\t\t\t<\/div>\n\t\t\t\t<\/div>\n\t\t\t\t<\/div>\n\t\t\t\t<\/div>\n\t\t\t\t\t\t<\/div>\n\t\t\t\t<\/div>\n\t\t\t\t<\/div>\n\t\t\t\t<\/div>\n\t\t","protected":false},"excerpt":{"rendered":"<p>&lt; Alle Zimmer und Suiten Alpine Suite Die Alpine Suiten sind einfach Bergspitze. Chic und eher traditionell. Cremefarbenes Interieur, kunstvolle Holzvert\u00e4felungen und das wohlige Gef\u00fchl, eines alpinen Chalets. Auf durchschnittlich 55 behaglichen Quadratmetern findet man alles, was es f\u00fcr ein perfektes Winterwunderland-Erlebnis braucht. buchen Details Kinder im Alter von 0-12: kostenfrei im Zimmer der Eltern [&hellip;]<\/p>\n","protected":false},"author":1,"featured_media":0,"parent":23899,"menu_order":5,"comment_status":"closed","ping_status":"closed","template":"elementor_header_footer","meta":{"_acf_changed":false,"site-sidebar-layout":"no-sidebar","site-content-layout":"page-builder","ast-site-content-layout":"full-width-container","site-content-style":"default","site-sidebar-style":"default","ast-global-header-display":"","ast-banner-title-visibility":"","ast-main-header-display":"","ast-hfb-above-header-display":"","ast-hfb-below-header-display":"","ast-hfb-mobile-header-display":"","site-post-title":"disabled","ast-breadcrumbs-content":"","ast-featured-img":"disabled","footer-sml-layout":"","ast-disable-related-posts":"","theme-transparent-header-meta":"","adv-header-id-meta":"","stick-header-meta":"","header-above-stick-meta":"","header-main-stick-meta":"","header-below-stick-meta":"","astra-migrate-meta-layouts":"set","ast-page-background-enabled":"default","ast-page-background-meta":{"desktop":{"background-color":"","background-image":"","background-repeat":"repeat","background-position":"center center","background-size":"auto","background-attachment":"scroll","background-type":"","background-media":"","overlay-type":"","overlay-color":"","overlay-opacity":"","overlay-gradient":""},"tablet":{"background-color":"","background-image":"","background-repeat":"repeat","background-position":"center center","background-size":"auto","background-attachment":"scroll","background-type":"","background-media":"","overlay-type":"","overlay-color":"","overlay-opacity":"","overlay-gradient":""},"mobile":{"background-color":"","background-image":"","background-repeat":"repeat","background-position":"center center","background-size":"auto","background-attachment":"scroll","background-type":"","background-media":"","overlay-type":"","overlay-color":"","overlay-opacity":"","overlay-gradient":""}},"ast-content-background-meta":{"desktop":{"background-color":"var(--ast-global-color-5)","background-image":"","background-repeat":"repeat","background-position":"center center","background-size":"auto","background-attachment":"scroll","background-type":"","background-media":"","overlay-type":"","overlay-color":"","overlay-opacity":"","overlay-gradient":""},"tablet":{"background-color":"var(--ast-global-color-5)","background-image":"","background-repeat":"repeat","background-position":"center center","background-size":"auto","background-attachment":"scroll","background-type":"","background-media":"","overlay-type":"","overlay-color":"","overlay-opacity":"","overlay-gradient":""},"mobile":{"background-color":"var(--ast-global-color-5)","background-image":"","background-repeat":"repeat","background-position":"center center","background-size":"auto","background-attachment":"scroll","background-type":"","background-media":"","overlay-type":"","overlay-color":"","overlay-opacity":"","overlay-gradient":""}},"footnotes":""},"class_list":["post-23920","page","type-page","status-publish","hentry"],"acf":[],"publishpress_future_action":{"enabled":false,"date":"2026-05-06 04:33:15","action":"change-status","newStatus":"draft","terms":[],"taxonomy":"translation_priority","extraData":[]},"publishpress_future_workflow_manual_trigger":{"enabledWorkflows":[]},"ase":null,"_links":{"self":[{"href":"https:\/\/giardinohotels.ch\/de\/wp-json\/wp\/v2\/pages\/23920","targetHints":{"allow":["GET"]}}],"collection":[{"href":"https:\/\/giardinohotels.ch\/de\/wp-json\/wp\/v2\/pages"}],"about":[{"href":"https:\/\/giardinohotels.ch\/de\/wp-json\/wp\/v2\/types\/page"}],"author":[{"embeddable":true,"href":"https:\/\/giardinohotels.ch\/de\/wp-json\/wp\/v2\/users\/1"}],"replies":[{"embeddable":true,"href":"https:\/\/giardinohotels.ch\/de\/wp-json\/wp\/v2\/comments?post=23920"}],"version-history":[{"count":14,"href":"https:\/\/giardinohotels.ch\/de\/wp-json\/wp\/v2\/pages\/23920\/revisions"}],"predecessor-version":[{"id":24954,"href":"https:\/\/giardinohotels.ch\/de\/wp-json\/wp\/v2\/pages\/23920\/revisions\/24954"}],"up":[{"embeddable":true,"href":"https:\/\/giardinohotels.ch\/de\/wp-json\/wp\/v2\/pages\/23899"}],"wp:attachment":[{"href":"https:\/\/giardinohotels.ch\/de\/wp-json\/wp\/v2\/media?parent=23920"}],"curies":[{"name":"wp","href":"https:\/\/api.w.org\/{rel}","templated":true}]}}